{"id":45150,"date":"2018-02-16T12:57:59","date_gmt":"2018-02-16T11:57:59","guid":{"rendered":"http:\/\/integratek.es\/?page_id=45150"},"modified":"2025-08-25T10:25:54","modified_gmt":"2025-08-25T08:25:54","slug":"curriculum-florencia-salvarezza","status":"publish","type":"page","link":"https:\/\/integratek.es\/ca\/curriculum-florencia-salvarezza\/","title":{"rendered":"Curr\u00edculum Florencia Salvarezza"},"content":{"rendered":"\n\t<div id=\"gap-1140176059\" class=\"gap-element clearfix\" style=\"display:block; height:auto;\">\n\t\t\n<style>\n#gap-1140176059 {\n  padding-top: 50px;\n}\n<\/style>\n\t<\/div>\n\t\n\n<div class=\"row\"  id=\"row-1054362143\">\n\n\n\t<div id=\"col-1784599308\" class=\"col medium-6 small-12 large-6\"  >\n\t\t\t\t<div class=\"col-inner\"  >\n\t\t\t\n\t\t\t\n\n<h1><span style=\"font-size: 160%;\">FLORENCIA <span style=\"color: #ff8300;\">SALVAREZZA<\/span><\/span><\/h1>\n\n\t\t<\/div>\n\t\t\t\t\t<\/div>\n\n\t\n\n\t<div id=\"col-1052315119\" class=\"col medium-6 small-12 large-6\"  >\n\t\t\t\t<div class=\"col-inner\"  >\n\t\t\t\n\t\t\t\n\n\n\t\t<\/div>\n\t\t\t\t\t<\/div>\n\n\t\n\n<\/div>\n<div class=\"row\"  id=\"row-128285669\">\n\n\n\t<div id=\"col-392387216\" class=\"col medium-6 small-12 large-6\"  >\n\t\t\t\t<div class=\"col-inner\"  >\n\t\t\t\n\t\t\t\n\n<p>Florencia Salvarezza \u00e9s Directora de l&#8217;Institut de Neuroci\u00e8ncies i Educaci\u00f3 de la Fundaci\u00f3 INECO (Institut de Neurologia Cognitiva. Argentina). La Fundaci\u00f3 INECO promou la investigaci\u00f3 cient\u00edfica en neuroci\u00e8ncies, la formaci\u00f3 acad\u00e8mica de professionals i l&#8217;educaci\u00f3 i conscienciaci\u00f3 a la comunitat sobre el funcionament cerebral i les malalties neurol\u00f2giques i psiqui\u00e0triques. Llicenciada en Lletres, amb especialitzaci\u00f3 en Ling\u00fc\u00edstica amb una llarga carrera com a docent en departaments de Ling\u00fc\u00edstica d&#8217;Universitats a Argentina i B\u00e8lgica, com a professora adjunta de c\u00e0tedra de Psicologia Evolutiva a Argentina i com a \u201cvisiting scholar\u201d al departament de ling\u00fc\u00edstica del Massachusetts Institute of Technology (MIT) a USA.  <\/p>\n<p>\u00c9s especialista cl\u00ednica en trastorns espec\u00edfics del llenguatge i la relaci\u00f3 amb els trastorns de l&#8217;espectre autista, la disl\u00e8xia i els trastorns cognitius at\u00edpics. Directora del Departament de Llenguatge d&#8217;INECO i coordinadora de la Cl\u00ednica de Disl\u00e8xia i del Programa de Tractament de la Tartamudesa al llarg de la vida. \u00c9s consultora per al govern d&#8217;Argentina en un moment en qu\u00e8 aquest analitza canvis de fons al Sistema Educatiu. Realitza formacions, xerrades i confer\u00e8ncies per a docents, directius escolars en f\u00f2rums nacionals i internacionals a les \u00e0rees de llenguatge i comunicaci\u00f3 infantil ia l&#8217;\u00e0rea de la neuroci\u00e8ncia aplicada a l&#8217;educaci\u00f3.   <\/p>\n\n\t\t<\/div>\n\t\t\t\t\t<\/div>\n\n\t\n\n\t<div id=\"col-972323850\" class=\"col medium-6 small-12 large-6\"  >\n\t\t\t\t<div class=\"col-inner\"  >\n\t\t\t\n\t\t\t\n\n\t<div class=\"img has-hover x md-x lg-x y md-y lg-y\" id=\"image_584225680\">\n\t\t\t\t\t\t\t\t<div class=\"img-inner dark\" style=\"margin:50px 0px 0px 0px;\">\n\t\t\t<img loading=\"lazy\" decoding=\"async\" width=\"532\" height=\"355\" src=\"https:\/\/integratek.es\/wp-content\/uploads\/2018\/02\/Florencia-Salvarezza.jpg\" class=\"attachment-large size-large\" alt=\"\" srcset=\"https:\/\/integratek.es\/wp-content\/uploads\/2018\/02\/Florencia-Salvarezza.jpg 532w, https:\/\/integratek.es\/wp-content\/uploads\/2018\/02\/Florencia-Salvarezza-510x340.jpg 510w\" sizes=\"auto, (max-width: 532px) 100vw, 532px\" \/>\t\t\t\t\t\t\n\t\t\t\t\t<\/div>\n\t\t\t\t\t\t\t\t\n<style>\n#image_584225680 {\n  width: 100%;\n}\n<\/style>\n\t<\/div>\n\t\n\n\n\t\t<\/div>\n\t\t\t\t\t<\/div>\n\n\t\n\n<\/div>\n<div class=\"row\"  id=\"row-1467882025\">\n\n\n\t<div id=\"col-773766206\" class=\"col small-12 large-12\"  >\n\t\t\t\t<div class=\"col-inner text-center\"  >\n\t\t\t\n\t\t\t\n\n<a href=\"https:\/\/academy.integratek.es\/formadores\" target=\"_blank\" class=\"button primary\" rel=\"noopener\" style=\"border-radius:99px;\">\n\t\t<span>Descobreix altres formadors<\/span>\n\t<\/a>\n\n\n\n\t\t<\/div>\n\t\t\t\t\t<\/div>\n\n\t\n\n<\/div>\n\n","protected":false},"excerpt":{"rendered":"","protected":false},"author":1,"featured_media":0,"parent":0,"menu_order":0,"comment_status":"closed","ping_status":"closed","template":"","meta":{"_acf_changed":false,"productId":0,"footnotes":""},"class_list":["post-45150","page","type-page","status-publish","hentry"],"acf":[],"_links":{"self":[{"href":"https:\/\/integratek.es\/ca\/wp-json\/wp\/v2\/pages\/45150","targetHints":{"allow":["GET"]}}],"collection":[{"href":"https:\/\/integratek.es\/ca\/wp-json\/wp\/v2\/pages"}],"about":[{"href":"https:\/\/integratek.es\/ca\/wp-json\/wp\/v2\/types\/page"}],"author":[{"embeddable":true,"href":"https:\/\/integratek.es\/ca\/wp-json\/wp\/v2\/users\/1"}],"replies":[{"embeddable":true,"href":"https:\/\/integratek.es\/ca\/wp-json\/wp\/v2\/comments?post=45150"}],"version-history":[{"count":3,"href":"https:\/\/integratek.es\/ca\/wp-json\/wp\/v2\/pages\/45150\/revisions"}],"predecessor-version":[{"id":207074,"href":"https:\/\/integratek.es\/ca\/wp-json\/wp\/v2\/pages\/45150\/revisions\/207074"}],"wp:attachment":[{"href":"https:\/\/integratek.es\/ca\/wp-json\/wp\/v2\/media?parent=45150"}],"curies":[{"name":"wp","href":"https:\/\/api.w.org\/{rel}","templated":true}]}}