{"id":203378,"date":"2018-06-06T13:59:34","date_gmt":"2018-06-06T11:59:34","guid":{"rendered":"https:\/\/integratek.es\/curriculum-roberto-aguado\/"},"modified":"2025-08-25T11:21:26","modified_gmt":"2025-08-25T09:21:26","slug":"curriculum-roberto-aguado","status":"publish","type":"page","link":"https:\/\/integratek.es\/ca\/curriculum-roberto-aguado\/","title":{"rendered":"Roberto Aguado | Equip de formadors d&#8217;Integratek"},"content":{"rendered":"\n\t<div id=\"gap-1977053746\" class=\"gap-element clearfix\" style=\"display:block; height:auto;\">\n\t\t\n<style>\n#gap-1977053746 {\n  padding-top: 50px;\n}\n<\/style>\n\t<\/div>\n\t\n\n<div class=\"row\"  id=\"row-1470240749\">\n\n\n\t<div id=\"col-929623612\" class=\"col medium-6 small-12 large-6\"  >\n\t\t\t\t<div class=\"col-inner\"  >\n\t\t\t\n\t\t\t\n\n<h1><span style=\"font-size: 160%;\">ROBERTO <span style=\"color: #ff8300;\">AGUADO<\/span><\/span><\/h1>\n<p>Professor i director de m\u00e0sters a universitats reconegudes. Especialista en Psicologia Cl\u00ednica, de la Salut i Psicoter\u00e0pia. Autor de diversos llibres sobre psicoter\u00e0pia i intel\u00b7lig\u00e8ncia VEC  <\/p>\n<ul>\n<li style=\"text-align: left;\">Especialista en Psicologia Cl\u00ednica, Psicologia de la Salut i Psicoter\u00e0pia.<\/li>\n<li>Professor i docent de m\u00e0sters i universitats reconegudes.<\/li>\n<li>Director dels Centres dAvaluaci\u00f3 i Psicoter\u00e0pia. President de l&#8217;Institut Europeu de Psicoter\u00e0pies de Temps Limitat. Director del M\u00e0ster en Vinculaci\u00f3 emocional conscient.  <\/li>\n<li>Membre fundador de l&#8217;Institut Europeu de Psicoter\u00e0pies de Temps Limitat;<\/li>\n<li>Escriptor de diversos llibres sobre psicoter\u00e0pia, intel\u00b7lig\u00e8ncia VEC i col\u00b7laborador en monogr\u00e0fics amb altres autors.  <\/li>\n<\/ul>\n\n\t\t<\/div>\n\t\t\t\t\t<\/div>\n\n\t\n\n\t<div id=\"col-515069144\" class=\"col medium-6 small-12 large-6\"  >\n\t\t\t\t<div class=\"col-inner\"  >\n\t\t\t\n\t\t\t\n\n\t<div class=\"img has-hover x md-x lg-x y md-y lg-y\" id=\"image_872780196\">\n\t\t\t\t\t\t\t\t<div class=\"img-inner dark\" style=\"margin:-0 0px 0px 0px;\">\n\t\t\t<img loading=\"lazy\" decoding=\"async\" width=\"1020\" height=\"680\" src=\"https:\/\/integratek.es\/wp-content\/uploads\/2018\/06\/Roberto-Aguado-2-jpg-1200x800.jpg\" class=\"attachment-large size-large\" alt=\"\" srcset=\"https:\/\/integratek.es\/wp-content\/uploads\/2018\/06\/Roberto-Aguado-2-jpg-1200x800.jpg 1200w, https:\/\/integratek.es\/wp-content\/uploads\/2018\/06\/Roberto-Aguado-2-jpg-510x340.jpg 510w, https:\/\/integratek.es\/wp-content\/uploads\/2018\/06\/Roberto-Aguado-2-jpg-600x400.jpg 600w, https:\/\/integratek.es\/wp-content\/uploads\/2018\/06\/Roberto-Aguado-2-jpg-768x512.jpg 768w, https:\/\/integratek.es\/wp-content\/uploads\/2018\/06\/Roberto-Aguado-2-jpg.jpg 1280w\" sizes=\"auto, (max-width: 1020px) 100vw, 1020px\" \/>\t\t\t\t\t\t\n\t\t\t\t\t<\/div>\n\t\t\t\t\t\t\t\t\n<style>\n#image_872780196 {\n  width: 100%;\n}\n<\/style>\n\t<\/div>\n\t\n\n\n\t\t<\/div>\n\t\t\t\t\t<\/div>\n\n\t\n\n<\/div>\n\n","protected":false},"excerpt":{"rendered":"","protected":false},"author":1,"featured_media":0,"parent":0,"menu_order":0,"comment_status":"closed","ping_status":"closed","template":"","meta":{"_acf_changed":false,"productId":0,"footnotes":""},"class_list":["post-203378","page","type-page","status-publish","hentry"],"acf":[],"_links":{"self":[{"href":"https:\/\/integratek.es\/ca\/wp-json\/wp\/v2\/pages\/203378","targetHints":{"allow":["GET"]}}],"collection":[{"href":"https:\/\/integratek.es\/ca\/wp-json\/wp\/v2\/pages"}],"about":[{"href":"https:\/\/integratek.es\/ca\/wp-json\/wp\/v2\/types\/page"}],"author":[{"embeddable":true,"href":"https:\/\/integratek.es\/ca\/wp-json\/wp\/v2\/users\/1"}],"replies":[{"embeddable":true,"href":"https:\/\/integratek.es\/ca\/wp-json\/wp\/v2\/comments?post=203378"}],"version-history":[{"count":4,"href":"https:\/\/integratek.es\/ca\/wp-json\/wp\/v2\/pages\/203378\/revisions"}],"predecessor-version":[{"id":207160,"href":"https:\/\/integratek.es\/ca\/wp-json\/wp\/v2\/pages\/203378\/revisions\/207160"}],"wp:attachment":[{"href":"https:\/\/integratek.es\/ca\/wp-json\/wp\/v2\/media?parent=203378"}],"curies":[{"name":"wp","href":"https:\/\/api.w.org\/{rel}","templated":true}]}}