{"id":203351,"date":"2023-01-04T12:41:22","date_gmt":"2023-01-04T11:41:22","guid":{"rendered":"https:\/\/integratek.es\/miquel-angel-prats-2\/"},"modified":"2025-08-29T16:31:36","modified_gmt":"2025-08-29T14:31:36","slug":"miquel-angel-prats","status":"publish","type":"page","link":"https:\/\/integratek.es\/ca\/miquel-angel-prats\/","title":{"rendered":"Miquel \u00c0ngel Prats |"},"content":{"rendered":"\n\n\t<section class=\"section\" id=\"section_1889941366\">\n\t\t<div class=\"section-bg fill\" >\n\t\t\t\t\t\t\t\t\t\n\t\t\t\n\n\t\t<\/div>\n\n\t\t\n\n\t\t<div class=\"section-content relative\">\n\t\t\t\n\n\t<div id=\"gap-2111947208\" class=\"gap-element clearfix\" style=\"display:block; height:auto;\">\n\t\t\n<style>\n#gap-2111947208 {\n  padding-top: 30px;\n}\n<\/style>\n\t<\/div>\n\t\n\n<div class=\"row align-middle\"  id=\"row-1017624073\">\n\n\n\t<div id=\"col-365550797\" class=\"col medium-12 small-12 large-6\"  >\n\t\t\t\t<div class=\"col-inner\"  >\n\t\t\t\n\t\t\t\n\n\t<div id=\"gap-1257834103\" class=\"gap-element clearfix hide-for-small\" style=\"display:block; height:auto;\">\n\t\t\n<style>\n#gap-1257834103 {\n  padding-top: 10px;\n}\n@media (min-width:850px) {\n  #gap-1257834103 {\n    padding-top: 30px;\n  }\n}\n<\/style>\n\t<\/div>\n\t\n\n\t<div id=\"text-4195518274\" class=\"text\">\n\t\t\n\n<h1>MIQUEL \u00c0NGEL <font color=\"#f99b1c\">PRATS<\/font><\/h1>\n\t\t\n<style>\n#text-4195518274 {\n  font-size: 1.75rem;\n  line-height: 1.5;\n}\n@media (min-width:550px) {\n  #text-4195518274 {\n    font-size: 2rem;\n  }\n}\n<\/style>\n\t<\/div>\n\t\n\t<div id=\"text-818078557\" class=\"text\">\n\t\t\n\n<p class=\"lead\"><span data-sheets-value=\"{\"1\":2,\"2\":\"Maestro, psicopedagogo y Doctor en Pedagog\u00eda.nMaestro, psicopedagogo y Doctor en Pedagog\u00eda por la Facultad de Psicolog\u00eda, Ciencias de la Educaci\u00f3n y del Deporte Blanquerna de la Universidad Ramon Llull de Barcelona.nActualmente, es profesor titular de Tecnolog\u00eda Educativa e investigador responsable de la l\u00ednea eduTIC del Grupo de investigaci\u00f3n consolidado PSiTIC (Pedagog\u00eda, Sociedad, Innovaci\u00f3n y TIC) de la FPCEE Blanquerna de la Universidad Ramon Llull. Durante su vida profesional, ha compaginado la actividad acad\u00e9mica universitaria con la actividad divulgativa en distintos medios de comunicaci\u00f3n. Ha sido director del CETEI de la Fundaci\u00f3n Joan XXIII (2008-2011) y de las cinco primeras ediciones del ITworldEdu Summit (2008-2012), as\u00ed como vocal de Comunicaci\u00f3n del Colegio de Pedagogos de Catalu\u00f1a (2006-2008).nEn 2020 fue galardonado con el XXX Premio Joan Profit\u00f3s de Ensayo Pedag\u00f3gico con la obra: 10 lecciones para un uso \u00e9tico, saludable y responsable de las tecnolog\u00edas digitales.\"}\" data-sheets-userformat=\"{\"2\":897,\"3\":{\"1\":0},\"10\":1,\"11\":4,\"12\":0}\" data-sheets-textstyleruns=\"{\"1\":0,\"2\":{\"5\":1}}\uee10{\"1\":45}\">Miguel \u00c0ngel Prats \u00e9s mestre, psicopedagog i doctor en pedagogia per la Facultat de Psicologia, Ci\u00e8ncies de l&#8217;Educaci\u00f3 i de l&#8217;Esport Blanquerna de la Universitat Ramon Llull de Barcelona.<\/span><\/p>\n<p class=\"lead\"><span data-sheets-value=\"{\"1\":2,\"2\":\"Maestro, psicopedagogo y Doctor en Pedagog\u00eda.nMaestro, psicopedagogo y Doctor en Pedagog\u00eda por la Facultad de Psicolog\u00eda, Ciencias de la Educaci\u00f3n y del Deporte Blanquerna de la Universidad Ramon Llull de Barcelona.nActualmente, es profesor titular de Tecnolog\u00eda Educativa e investigador responsable de la l\u00ednea eduTIC del Grupo de investigaci\u00f3n consolidado PSiTIC (Pedagog\u00eda, Sociedad, Innovaci\u00f3n y TIC) de la FPCEE Blanquerna de la Universidad Ramon Llull. Durante su vida profesional, ha compaginado la actividad acad\u00e9mica universitaria con la actividad divulgativa en distintos medios de comunicaci\u00f3n. Ha sido director del CETEI de la Fundaci\u00f3n Joan XXIII (2008-2011) y de las cinco primeras ediciones del ITworldEdu Summit (2008-2012), as\u00ed como vocal de Comunicaci\u00f3n del Colegio de Pedagogos de Catalu\u00f1a (2006-2008).nEn 2020 fue galardonado con el XXX Premio Joan Profit\u00f3s de Ensayo Pedag\u00f3gico con la obra: 10 lecciones para un uso \u00e9tico, saludable y responsable de las tecnolog\u00edas digitales.\"}\" data-sheets-userformat=\"{\"2\":897,\"3\":{\"1\":0},\"10\":1,\"11\":4,\"12\":0}\" data-sheets-textstyleruns=\"{\"1\":0,\"2\":{\"5\":1}}\uee10{\"1\":45}\"><br>Actualment \u00e9s professor titular de Tecnologia Educativa i investigador responsable de la l\u00ednia eduTIC del Grup de recerca consolidat PSiTIC (Pedagogia, Societat, Innovaci\u00f3 i TIC) de la <a href=\"https:\/\/www.blanquerna.edu\/es\/facultad-de-psicologia-ciencias-de-la-educacion-y-del-deporte\" target=\"_blank\" rel=\"noopener\">FPCEE Blanquerna de la Universitat Ramon Llull.<\/a><\/span><\/p>\n<p class=\"lead\"><span data-sheets-value=\"{\"1\":2,\"2\":\"Maestro, psicopedagogo y Doctor en Pedagog\u00eda.nMaestro, psicopedagogo y Doctor en Pedagog\u00eda por la Facultad de Psicolog\u00eda, Ciencias de la Educaci\u00f3n y del Deporte Blanquerna de la Universidad Ramon Llull de Barcelona.nActualmente, es profesor titular de Tecnolog\u00eda Educativa e investigador responsable de la l\u00ednea eduTIC del Grupo de investigaci\u00f3n consolidado PSiTIC (Pedagog\u00eda, Sociedad, Innovaci\u00f3n y TIC) de la FPCEE Blanquerna de la Universidad Ramon Llull. Durante su vida profesional, ha compaginado la actividad acad\u00e9mica universitaria con la actividad divulgativa en distintos medios de comunicaci\u00f3n. Ha sido director del CETEI de la Fundaci\u00f3n Joan XXIII (2008-2011) y de las cinco primeras ediciones del ITworldEdu Summit (2008-2012), as\u00ed como vocal de Comunicaci\u00f3n del Colegio de Pedagogos de Catalu\u00f1a (2006-2008).nEn 2020 fue galardonado con el XXX Premio Joan Profit\u00f3s de Ensayo Pedag\u00f3gico con la obra: 10 lecciones para un uso \u00e9tico, saludable y responsable de las tecnolog\u00edas digitales.\"}\" data-sheets-userformat=\"{\"2\":897,\"3\":{\"1\":0},\"10\":1,\"11\":4,\"12\":0}\" data-sheets-textstyleruns=\"{\"1\":0,\"2\":{\"5\":1}}\uee10{\"1\":45}\">Durant la seva vida professional, ha compaginat l&#8217;activitat acad\u00e8mica universit\u00e0ria amb l&#8217;activitat divulgativa a diferents mitjans de comunicaci\u00f3.  <\/span><\/p>\n<p class=\"lead\"><span data-sheets-value=\"{\"1\":2,\"2\":\"Maestro, psicopedagogo y Doctor en Pedagog\u00eda.nMaestro, psicopedagogo y Doctor en Pedagog\u00eda por la Facultad de Psicolog\u00eda, Ciencias de la Educaci\u00f3n y del Deporte Blanquerna de la Universidad Ramon Llull de Barcelona.nActualmente, es profesor titular de Tecnolog\u00eda Educativa e investigador responsable de la l\u00ednea eduTIC del Grupo de investigaci\u00f3n consolidado PSiTIC (Pedagog\u00eda, Sociedad, Innovaci\u00f3n y TIC) de la FPCEE Blanquerna de la Universidad Ramon Llull. Durante su vida profesional, ha compaginado la actividad acad\u00e9mica universitaria con la actividad divulgativa en distintos medios de comunicaci\u00f3n. Ha sido director del CETEI de la Fundaci\u00f3n Joan XXIII (2008-2011) y de las cinco primeras ediciones del ITworldEdu Summit (2008-2012), as\u00ed como vocal de Comunicaci\u00f3n del Colegio de Pedagogos de Catalu\u00f1a (2006-2008).nEn 2020 fue galardonado con el XXX Premio Joan Profit\u00f3s de Ensayo Pedag\u00f3gico con la obra: 10 lecciones para un uso \u00e9tico, saludable y responsable de las tecnolog\u00edas digitales.\"}\" data-sheets-userformat=\"{\"2\":897,\"3\":{\"1\":0},\"10\":1,\"11\":4,\"12\":0}\" data-sheets-textstyleruns=\"{\"1\":0,\"2\":{\"5\":1}}\uee10{\"1\":45}\">Ha estat director del CETEI de la Fundaci\u00f3 Joan XXIII (2008-2011) i de les cinc primeres edicions de l&#8217;ITworldEdu Summit (2008-2012) aix\u00ed com vocal de Comunicaci\u00f3 del Col\u00b7legi de Pedagogs de Catalunya (2006-2008).<\/span><\/p>\n<p class=\"lead\"><span data-sheets-value=\"{\"1\":2,\"2\":\"Maestro, psicopedagogo y Doctor en Pedagog\u00eda.nMaestro, psicopedagogo y Doctor en Pedagog\u00eda por la Facultad de Psicolog\u00eda, Ciencias de la Educaci\u00f3n y del Deporte Blanquerna de la Universidad Ramon Llull de Barcelona.nActualmente, es profesor titular de Tecnolog\u00eda Educativa e investigador responsable de la l\u00ednea eduTIC del Grupo de investigaci\u00f3n consolidado PSiTIC (Pedagog\u00eda, Sociedad, Innovaci\u00f3n y TIC) de la FPCEE Blanquerna de la Universidad Ramon Llull. Durante su vida profesional, ha compaginado la actividad acad\u00e9mica universitaria con la actividad divulgativa en distintos medios de comunicaci\u00f3n. Ha sido director del CETEI de la Fundaci\u00f3n Joan XXIII (2008-2011) y de las cinco primeras ediciones del ITworldEdu Summit (2008-2012), as\u00ed como vocal de Comunicaci\u00f3n del Colegio de Pedagogos de Catalu\u00f1a (2006-2008).nEn 2020 fue galardonado con el XXX Premio Joan Profit\u00f3s de Ensayo Pedag\u00f3gico con la obra: 10 lecciones para un uso \u00e9tico, saludable y responsable de las tecnolog\u00edas digitales.\"}\" data-sheets-userformat=\"{\"2\":897,\"3\":{\"1\":0},\"10\":1,\"11\":4,\"12\":0}\" data-sheets-textstyleruns=\"{\"1\":0,\"2\":{\"5\":1}}\uee10{\"1\":45}\">L&#8217;any 2020 va ser guardonat amb el XXX Premi Joan Profit\u00f3s d&#8217;Assaig Pedag\u00f2gic amb l&#8217;obra: 10 lli\u00e7ons per a un \u00fas \u00e8tic, saludable i responsable de les tecnologies digitals.<\/span><\/p>\n\t\t\n<style>\n#text-818078557 {\n  font-size: 1rem;\n}\n<\/style>\n\t<\/div>\n\t\n\t<div id=\"gap-65649050\" class=\"gap-element clearfix\" style=\"display:block; height:auto;\">\n\t\t\n<style>\n#gap-65649050 {\n  padding-top: 10px;\n}\n<\/style>\n\t<\/div>\n\t\n\n\n\t\t<\/div>\n\t\t\t\t\t<\/div>\n\n\t\n\n\t<div id=\"col-545006241\" class=\"col medium-12 small-12 large-6 medium-col-first\"  >\n\t\t\t\t<div class=\"col-inner\"  >\n\t\t\t\n\t\t\t\n\n\t<div class=\"img has-hover circle x md-x lg-x y md-y lg-y\" id=\"image_1267033623\">\n\t\t\t\t\t\t\t\t<div class=\"img-inner dark\" >\n\t\t\t<img loading=\"lazy\" decoding=\"async\" width=\"800\" height=\"800\" src=\"https:\/\/integratek.es\/wp-content\/uploads\/2022\/11\/Miquel-Angel-Prats-copia-800x800.png\" class=\"attachment-large size-large\" alt=\"\" srcset=\"https:\/\/integratek.es\/wp-content\/uploads\/2022\/11\/Miquel-Angel-Prats-copia-800x800.png 800w, https:\/\/integratek.es\/wp-content\/uploads\/2022\/11\/Miquel-Angel-Prats-copia-400x400.png 400w, https:\/\/integratek.es\/wp-content\/uploads\/2022\/11\/Miquel-Angel-Prats-copia-280x280.png 280w, https:\/\/integratek.es\/wp-content\/uploads\/2022\/11\/Miquel-Angel-Prats-copia-768x768.png 768w, https:\/\/integratek.es\/wp-content\/uploads\/2022\/11\/Miquel-Angel-Prats-copia-510x510.png 510w, https:\/\/integratek.es\/wp-content\/uploads\/2022\/11\/Miquel-Angel-Prats-copia-100x100.png 100w, https:\/\/integratek.es\/wp-content\/uploads\/2022\/11\/Miquel-Angel-Prats-copia.png 984w\" sizes=\"auto, (max-width: 800px) 100vw, 800px\" \/>\t\t\t\t\t\t\n\t\t\t\t\t<\/div>\n\t\t\t\t\t\t\t\t\n<style>\n#image_1267033623 {\n  width: 100%;\n}\n@media (min-width:850px) {\n  #image_1267033623 {\n    width: 100%;\n  }\n}\n<\/style>\n\t<\/div>\n\t\n\n\n\t\t<\/div>\n\t\t\t\t\t<\/div>\n\n\t\n\n<\/div>\n<div class=\"row\"  id=\"row-1261612218\">\n\n\n\t<div id=\"col-1486159864\" class=\"col small-12 large-12\"  >\n\t\t\t\t<div class=\"col-inner\"  >\n\t\t\t\n\t\t\t\n\n<h2>Formacions de Miquel \u00c0ngel Prats<\/h2>\n\t<div class=\"img has-hover x md-x lg-x y md-y lg-y\" id=\"image_376887468\">\n\t\t<a class=\"\" href=\"https:\/\/integratek.es\/tienda\/cursos-online\/educacion-escuela\/tecnologia-educativa-herramientas-y-estrategias-tecnologicas-para-usar-en-el-aula\/\" >\t\t\t\t\t\t<div class=\"img-inner dark\" >\n\t\t\t<img loading=\"lazy\" decoding=\"async\" width=\"1020\" height=\"574\" src=\"https:\/\/integratek.es\/wp-content\/uploads\/2025\/08\/TECNOEDU_Banner-CAT-web-1400x788.jpg\" class=\"attachment-large size-large\" alt=\"\" srcset=\"https:\/\/integratek.es\/wp-content\/uploads\/2025\/08\/TECNOEDU_Banner-CAT-web-1400x788.jpg 1400w, https:\/\/integratek.es\/wp-content\/uploads\/2025\/08\/TECNOEDU_Banner-CAT-web-711x400.jpg 711w, https:\/\/integratek.es\/wp-content\/uploads\/2025\/08\/TECNOEDU_Banner-CAT-web-768x432.jpg 768w, https:\/\/integratek.es\/wp-content\/uploads\/2025\/08\/TECNOEDU_Banner-CAT-web-1536x864.jpg 1536w, https:\/\/integratek.es\/wp-content\/uploads\/2025\/08\/TECNOEDU_Banner-CAT-web-510x287.jpg 510w, https:\/\/integratek.es\/wp-content\/uploads\/2025\/08\/TECNOEDU_Banner-CAT-web.jpg 1920w\" sizes=\"auto, (max-width: 1020px) 100vw, 1020px\" \/>\t\t\t\t\t\t\n\t\t\t\t\t<\/div>\n\t\t\t\t\t\t<\/a>\t\t\n<style>\n#image_376887468 {\n  width: 100%;\n}\n<\/style>\n\t<\/div>\n\t\n\n\n\t\t<\/div>\n\t\t\t\t\t<\/div>\n\n\t\n\n<\/div>\n<div class=\"row\"  id=\"row-468993666\">\n\n\n\t<div id=\"col-529917608\" class=\"col medium-3 small-12 large-3\"  >\n\t\t\t\t<div class=\"col-inner\"  >\n\t\t\t\n\t\t\t\n\n\n\t\t<\/div>\n\t\t\t\t\t<\/div>\n\n\t\n\n\t<div id=\"col-545129448\" class=\"col medium-6 small-12 large-6\"  >\n\t\t\t\t<div class=\"col-inner\"  >\n\t\t\t\n\t\t\t\n\n<a href=\"https:\/\/integratek.es\/cursos-online\/\" class=\"button primary is-large expand\" style=\"border-radius:99px;\">\n\t\t<span>Totes les formacions<\/span>\n\t<\/a>\n\n\n\n\t\t<\/div>\n\t\t\t\t\t<\/div>\n\n\t\n\n\t<div id=\"col-1461310641\" class=\"col medium-3 small-12 large-3\"  >\n\t\t\t\t<div class=\"col-inner\"  >\n\t\t\t\n\t\t\t\n\n\n\t\t<\/div>\n\t\t\t\t\t<\/div>\n\n\t\n\n<\/div>\n<div class=\"row\"  id=\"row-205805463\">\n\n\n\t<div id=\"col-775650903\" class=\"col small-12 large-12\"  >\n\t\t\t\t<div class=\"col-inner\"  >\n\t\t\t\n\t\t\t\n\n<h2>Enregistraments de Miquel \u00c0ngel Prats<\/h2>\n\n\t\t<\/div>\n\t\t\t\t\t<\/div>\n\n\t\n\n<\/div>\n<div class=\"row\"  id=\"row-621353006\">\n\n\n\t<div id=\"col-930628253\" class=\"col small-12 large-12\"  >\n\t\t\t\t<div class=\"col-inner\"  >\n\t\t\t\n\t\t\t\n\n\t<div id=\"text-3898829333\" class=\"text\">\n\t\t\n\n<p>Tecnologia Educativa | ITK Academy | Miquel \u00c0ngel Prats | Tr\u00e0iler<\/p>\n\t\t\n<style>\n#text-3898829333 {\n  text-align: center;\n}\n<\/style>\n\t<\/div>\n\t\n<div class=\"row\"  id=\"row-1791366291\">\n\n\n\t<div id=\"col-722217895\" class=\"col small-12 large-12\"  >\n\t\t\t\t<div class=\"col-inner\"  >\n\t\t\t\n\t\t\t\n\n<div class=\"video video-fit mb\" style=\"padding-top:56.25%;\"><iframe loading=\"lazy\" title=\"Tecnolog\u00eda Educativa | Miquel \u00c0ngel Prats | Integratek\" width=\"1020\" height=\"574\" src=\"https:\/\/www.youtube.com\/embed\/grCcosKPAjA?feature=oembed\" frameborder=\"0\" allow=\"accelerometer; autoplay; clipboard-write; encrypted-media; gyroscope; picture-in-picture; web-share\" referrerpolicy=\"strict-origin-when-cross-origin\" allowfullscreen><\/iframe><\/div>\n\n\n\t\t<\/div>\n\t\t\t\t\t<\/div>\n\n\t\n\n<\/div>\n<div class=\"row\"  id=\"row-45288453\">\n\n\n\t<div id=\"col-1720374400\" class=\"col small-12 large-12\"  >\n\t\t\t\t<div class=\"col-inner\"  >\n\t\t\t\n\t\t\t\n\n<h2>Entrevistes i articles de Miquel \u00c0ngel Prats<\/h2>\n\n\t\t<\/div>\n\t\t\t\t\t<\/div>\n\n\t\n\n<\/div>\n<div class=\"row\"  id=\"row-1330696899\">\n\n\n\t<div id=\"col-301145908\" class=\"col small-12 large-12\"  >\n\t\t\t\t<div class=\"col-inner\"  >\n\t\t\t\n\t\t\t\n\n<p>https:\/\/dialnet.unirioja.es\/servlet\/autor?codigo=185789<\/p>\n<p>&nbsp;<\/p>\n<div class=\"row\"  id=\"row-1050203623\">\n\n\n\t<div id=\"col-564350700\" class=\"col medium-3 small-12 large-3\"  >\n\t\t\t\t<div class=\"col-inner\"  >\n\t\t\t\n\t\t\t\n\n\n\t\t<\/div>\n\t\t\t\t\t<\/div>\n\n\t\n\n\t<div id=\"col-659452290\" class=\"col medium-6 small-12 large-6\"  >\n\t\t\t\t<div class=\"col-inner\"  >\n\t\t\t\n\t\t\t\n\n<a href=\"https:\/\/integratek.es\/ca\/equip-formadors-integratek\/\" class=\"button primary is-large expand\" style=\"border-radius:99px;\">\n\t\t<span>Altres formadors<\/span>\n\t<\/a>\n\n\n\n\t\t<\/div>\n\t\t\t\t\t<\/div>\n\n\t\n\n\t<div id=\"col-1106344565\" class=\"col medium-3 small-12 large-3\"  >\n\t\t\t\t<div class=\"col-inner\"  >\n\t\t\t\n\t\t\t\n\n\n\t\t<\/div>\n\t\t\t\t\t<\/div>\n\n\t\n\n<\/div>\n\n\t\t<\/div>\n\t\t\t\t\t<\/div>\n\n\t\n\n<\/div>\n\n\t\t<\/div>\n\t\t\t\t\t<\/div>\n\n\t\n\n<\/div>\n\n\t\t<\/div>\n\n\t\t\n<style>\n#section_1889941366 {\n  padding-top: 20px;\n  padding-bottom: 20px;\n  background-color: rgb(255, 255, 255);\n}\n@media (min-width:550px) {\n  #section_1889941366 {\n    padding-top: 50px;\n    padding-bottom: 50px;\n  }\n}\n@media (min-width:850px) {\n  #section_1889941366 {\n    padding-top: 70px;\n    padding-bottom: 70px;\n  }\n}\n<\/style>\n\t<\/section>\n\t\n\n","protected":false},"excerpt":{"rendered":"","protected":false},"author":5845,"featured_media":0,"parent":0,"menu_order":0,"comment_status":"closed","ping_status":"closed","template":"","meta":{"_acf_changed":false,"productId":0,"footnotes":""},"class_list":["post-203351","page","type-page","status-publish","hentry"],"acf":[],"_links":{"self":[{"href":"https:\/\/integratek.es\/ca\/wp-json\/wp\/v2\/pages\/203351","targetHints":{"allow":["GET"]}}],"collection":[{"href":"https:\/\/integratek.es\/ca\/wp-json\/wp\/v2\/pages"}],"about":[{"href":"https:\/\/integratek.es\/ca\/wp-json\/wp\/v2\/types\/page"}],"author":[{"embeddable":true,"href":"https:\/\/integratek.es\/ca\/wp-json\/wp\/v2\/users\/5845"}],"replies":[{"embeddable":true,"href":"https:\/\/integratek.es\/ca\/wp-json\/wp\/v2\/comments?post=203351"}],"version-history":[{"count":4,"href":"https:\/\/integratek.es\/ca\/wp-json\/wp\/v2\/pages\/203351\/revisions"}],"predecessor-version":[{"id":207408,"href":"https:\/\/integratek.es\/ca\/wp-json\/wp\/v2\/pages\/203351\/revisions\/207408"}],"wp:attachment":[{"href":"https:\/\/integratek.es\/ca\/wp-json\/wp\/v2\/media?parent=203351"}],"curies":[{"name":"wp","href":"https:\/\/api.w.org\/{rel}","templated":true}]}}