{"id":203175,"date":"2018-04-17T14:21:06","date_gmt":"2018-04-17T12:21:06","guid":{"rendered":"https:\/\/integratek.es\/curriculum-francesco-tonucci\/"},"modified":"2025-08-25T10:05:27","modified_gmt":"2025-08-25T08:05:27","slug":"curriculum-francesco-tonucci","status":"publish","type":"page","link":"https:\/\/integratek.es\/ca\/curriculum-francesco-tonucci\/","title":{"rendered":"Curr\u00edculum Francesco Tonucci"},"content":{"rendered":"\n\t<div id=\"gap-364761989\" class=\"gap-element clearfix\" style=\"display:block; height:auto;\">\n\t\t\n<style>\n#gap-364761989 {\n  padding-top: 50px;\n}\n<\/style>\n\t<\/div>\n\t\n\n<div class=\"row\"  id=\"row-919472336\">\n\n\n\t<div id=\"col-57429896\" class=\"col medium-6 small-12 large-6\"  >\n\t\t\t\t<div class=\"col-inner\"  >\n\t\t\t\n\t\t\t\n\n<h1><span style=\"font-size: 160%;\">FRANCESCO <span style=\"color: #ff8300;\">TONUCCI<\/span><\/span><\/h1>\n<p>Pedagog. Mestre d&#8217;escola prim\u00e0ria i investigador de l&#8217;lnstitut Psicol\u00f2gic del Consell Nacional d&#8217;Investigaci\u00f3. Dibuixant, pensador i autor de nombrosos llibres.  <\/p>\n<ul>\n<li>Pensador, psicopedagog i dibuixant itali\u00e0.<\/li>\n<li class=\"m_-1217652134078672015m_8355027272428713319s7\"><span class=\"m_-1217652134078672015m_8355027272428713319s5\"><span class=\"m_-1217652134078672015m_8355027272428713319bumpedFont15\">Autor de nombrosos llibres sobre el paper dels nens a l&#8217;ecosistema urb\u00e0 i d&#8217;articles a revistes italians i estrangers.  <\/span><\/span><\/li>\n<li class=\"m_-1217652134078672015m_8355027272428713319s24\">Estudis de pedagogia a la Universitat Cat\u00f2lica del Sagrat Cor de Mil\u00e0.<\/li>\n<li class=\"m_-1217652134078672015m_8355027272428713319s24\">Mestre i investigador a l&#8217;Institut Psicol\u00f2gic del Consell Nacional de Recerca.<\/li>\n<li class=\"m_-1217652134078672015m_8355027272428713319s24\">President del Departament de Psicopedagogia (1966).<\/li>\n<li class=\"m_-1217652134078672015m_8355027272428713319s24\">Fundador del projecte Ciutat dels Nens.<\/li>\n<li class=\"m_-1217652134078672015m_8355027272428713319s24\">President del Comit\u00e8 itali\u00e0 de Televisi\u00f3 i Menors (1991).<\/li>\n<li class=\"m_-1217652134078672015m_8355027272428713319s24\">Col\u00b7laborador de la Ciutat de la Ci\u00e8ncia de N\u00e0pols per \u201cEl taller dels petits\u201d i del projecte \u201cEl museu dels nens\u201d de Roma (1991).<\/li>\n<li class=\"m_-1217652134078672015m_8355027272428713319s24\">Nomenat professor honoris causa de la Facultat de Ci\u00e8ncies de l&#8217;Educaci\u00f3 de la Pontif\u00edcia Universitat Cat\u00f2lica de Lima (Per\u00fa).<\/li>\n<\/ul>\n\n\t\t<\/div>\n\t\t\t\t\t<\/div>\n\n\t\n\n\t<div id=\"col-286156800\" class=\"col medium-6 small-12 large-6\"  >\n\t\t\t\t<div class=\"col-inner\"  >\n\t\t\t\n\t\t\t\n\n\t<div class=\"img has-hover x md-x lg-x y md-y lg-y\" id=\"image_1570120853\">\n\t\t\t\t\t\t\t\t<div class=\"img-inner dark\" style=\"margin:35px 0px 0px 0px;\">\n\t\t\t<img loading=\"lazy\" decoding=\"async\" width=\"695\" height=\"563\" src=\"https:\/\/integratek.es\/wp-content\/uploads\/2018\/02\/Tonucci3.jpg\" class=\"attachment-large size-large\" alt=\"\" srcset=\"https:\/\/integratek.es\/wp-content\/uploads\/2018\/02\/Tonucci3.jpg 695w, https:\/\/integratek.es\/wp-content\/uploads\/2018\/02\/Tonucci3-510x413.jpg 510w, https:\/\/integratek.es\/wp-content\/uploads\/2018\/02\/Tonucci3-494x400.jpg 494w\" sizes=\"auto, (max-width: 695px) 100vw, 695px\" \/>\t\t\t\t\t\t\n\t\t\t\t\t<\/div>\n\t\t\t\t\t\t\t\t\n<style>\n#image_1570120853 {\n  width: 100%;\n}\n<\/style>\n\t<\/div>\n\t\n\n\n\t\t<\/div>\n\t\t\t\t\t<\/div>\n\n\t\n\n<\/div>\n\n","protected":false},"excerpt":{"rendered":"","protected":false},"author":1,"featured_media":0,"parent":0,"menu_order":0,"comment_status":"closed","ping_status":"closed","template":"","meta":{"_acf_changed":false,"productId":0,"footnotes":""},"class_list":["post-203175","page","type-page","status-publish","hentry"],"acf":[],"_links":{"self":[{"href":"https:\/\/integratek.es\/ca\/wp-json\/wp\/v2\/pages\/203175","targetHints":{"allow":["GET"]}}],"collection":[{"href":"https:\/\/integratek.es\/ca\/wp-json\/wp\/v2\/pages"}],"about":[{"href":"https:\/\/integratek.es\/ca\/wp-json\/wp\/v2\/types\/page"}],"author":[{"embeddable":true,"href":"https:\/\/integratek.es\/ca\/wp-json\/wp\/v2\/users\/1"}],"replies":[{"embeddable":true,"href":"https:\/\/integratek.es\/ca\/wp-json\/wp\/v2\/comments?post=203175"}],"version-history":[{"count":5,"href":"https:\/\/integratek.es\/ca\/wp-json\/wp\/v2\/pages\/203175\/revisions"}],"predecessor-version":[{"id":207029,"href":"https:\/\/integratek.es\/ca\/wp-json\/wp\/v2\/pages\/203175\/revisions\/207029"}],"wp:attachment":[{"href":"https:\/\/integratek.es\/ca\/wp-json\/wp\/v2\/media?parent=203175"}],"curies":[{"name":"wp","href":"https:\/\/api.w.org\/{rel}","templated":true}]}}