{"id":203166,"date":"2018-04-25T09:57:47","date_gmt":"2018-04-25T07:57:47","guid":{"rendered":"https:\/\/integratek.es\/curriculum-alberto-lopez-2\/"},"modified":"2025-08-25T10:11:11","modified_gmt":"2025-08-25T08:11:11","slug":"curriculum-alberto-lopez","status":"publish","type":"page","link":"https:\/\/integratek.es\/ca\/curriculum-alberto-lopez\/","title":{"rendered":"Curr\u00edculum Alberto L\u00f3pez"},"content":{"rendered":"\n\t<div id=\"gap-2052719017\" class=\"gap-element clearfix\" style=\"display:block; height:auto;\">\n\t\t\n<style>\n#gap-2052719017 {\n  padding-top: 50px;\n}\n<\/style>\n\t<\/div>\n\t\n\n<div class=\"row\"  id=\"row-50757088\">\n\n\n\t<div id=\"col-441600746\" class=\"col medium-6 small-12 large-6\"  >\n\t\t\t\t<div class=\"col-inner\"  >\n\t\t\t\n\t\t\t\n\n<h1><span style=\"font-size: 160%;\">ALBERTO <span style=\"color: #ff8300;\">L\u00d3PEZ<\/span><\/span><\/h1>\n<p>Mestre deducaci\u00f3 prim\u00e0ria i de m\u00fasica. M\u00e0ster en Intel\u00b7lig\u00e8ncies m\u00faltiples i did\u00e0ctiques de la innovaci\u00f3. Especialista en educaci\u00f3 art\u00edstica, interculturalitat i metodologies alternatives.  <\/p>\n<div class=\"wpb_text_column wpb_content_element vc_custom_1516366974312\">\n<div class=\"wpb_wrapper\">\n<div class=\"wpb_text_column-text-style\">\n<ul>\n<li><span class=\"m_-1217652134078672015m_8355027272428713319s5\"><span class=\"m_-1217652134078672015m_8355027272428713319bumpedFont15\">Mestre d&#8217;educaci\u00f3  <\/span><\/span><span class=\"m_-1217652134078672015m_8355027272428713319s5\"><span class=\"m_-1217652134078672015m_8355027272428713319bumpedFont15\">prim\u00e0ria i de m\u00fasica. Actualment, director del CEIP Joan Pau I, de la localitat granadina de Valderrubio. <\/span><\/span><\/li>\n<li class=\"m_-1217652134078672015m_8355027272428713319s7\"><span class=\"m_-1217652134078672015m_8355027272428713319s5\"><span class=\"m_-1217652134078672015m_8355027272428713319bumpedFont15\">Especialista en Educaci\u00f3 Art\u00edstica, Interculturalitat i metodologia alternatives.<\/span><\/span><\/li>\n<li class=\"m_-1217652134078672015m_8355027272428713319s24\"><span class=\"m_-1217652134078672015m_8355027272428713319s5\"><span class=\"m_-1217652134078672015m_8355027272428713319bumpedFont15\">M\u00e0ster en intel\u00b7lig\u00e8ncies m\u00faltiples i did\u00e0ctiques per a la innovaci\u00f3.  <\/span><\/span><\/li>\n<li class=\"m_-1217652134078672015m_8355027272428713319s7\"><span class=\"m_-1217652134078672015m_8355027272428713319s5\"><span class=\"m_-1217652134078672015m_8355027272428713319bumpedFont15\">Junta directiva de l\u00b4Associaci\u00f3 Pedag\u00f2gica Francesco Tonucci.<\/span><\/span><\/li>\n<li class=\"m_-1217652134078672015m_8355027272428713319s7\">Membre del consell assessor de les revistes de prim\u00e0ria Aula dInnovaci\u00f3 educativa. Elements d&#8217;Acci\u00f3 Educativa <\/li>\n<li class=\"m_-1217652134078672015m_8355027272428713319s7\"><span class=\"m_-1217652134078672015m_8355027272428713319s5\"><span class=\"m_-1217652134078672015m_8355027272428713319bumpedFont15\">Ponent en cursos i jornades a centres de formaci\u00f3 del professorat<\/span><\/span><\/li>\n<li class=\"m_-1217652134078672015m_8355027272428713319s7\"><span class=\"m_-1217652134078672015m_8355027272428713319s5\"><span class=\"m_-1217652134078672015m_8355027272428713319bumpedFont15\">Col\u00b7laborador i ponent en el desenvolupament del M\u00e0ster d&#8217;intel\u00b7lig\u00e8ncies m\u00faltiples i innovaci\u00f3 educativa organitzat per Associaci\u00f3 pedag\u00f2gica Francesco Tonucci, La Florida Universitat i la Universitat Rey Juan Carlos I.<\/span><\/span><\/li>\n<li class=\"m_-1217652134078672015m_8355027272428713319s7\"><span class=\"m_-1217652134078672015m_8355027272428713319s5\"><span class=\"m_-1217652134078672015m_8355027272428713319bumpedFont15\">Col\u00b7laborador de la Universitat de Granada, l&#8217;Escola<\/span><\/span> Internacional de Postgrau i del grup de recerca: \u201cInvestigaci\u00f3, Innovaci\u00f3 i Avaluaci\u00f3 a l&#8217;educaci\u00f3\u201d.<\/li>\n<li class=\"m_-1217652134078672015m_8355027272428713319s7\"><span class=\"m_-1217652134078672015m_8355027272428713319s5\"><span class=\"m_-1217652134078672015m_8355027272428713319bumpedFont15\">Organitzador de jornades, cursos i congressos educatius.<\/span><\/span><\/li>\n<li class=\"m_-1217652134078672015m_8355027272428713319s7\"><span class=\"m_-1217652134078672015m_8355027272428713319s5\"><span class=\"m_-1217652134078672015m_8355027272428713319bumpedFont15\">Col\u00b7laborador i participant en projectes de cooperaci\u00f3 i integraci\u00f3 nacionals i internacionals.<\/span><\/span><\/li>\n<li class=\"m_-1217652134078672015m_8355027272428713319s7\"><span class=\"m_-1217652134078672015m_8355027272428713319s5\"><span class=\"m_-1217652134078672015m_8355027272428713319bumpedFont15\">Membre honor\u00edfic de l&#8217;associaci\u00f3 juvenil gitano cultural \u201cCamar\u00f3n\u201d on ha desenvolupat projectes de mediaci\u00f3 sociocultural durant m\u00e9s de vint anys.<\/span><\/span><\/li>\n<li class=\"m_-1217652134078672015m_8355027272428713319s7\"><span class=\"m_-1217652134078672015m_8355027272428713319s5\"><span class=\"m_-1217652134078672015m_8355027272428713319bumpedFont15\">Assessor pedag\u00f2gic de projectes d&#8217;interculturalitat a diferents pa\u00efsos del m\u00f3n (Hondures i Espanya).  <\/span><\/span><\/li>\n<\/ul>\n<\/div>\n<\/div>\n<\/div>\n\n\t\t<\/div>\n\t\t\t\t\t<\/div>\n\n\t\n\n\t<div id=\"col-856710930\" class=\"col medium-6 small-12 large-6\"  >\n\t\t\t\t<div class=\"col-inner\"  >\n\t\t\t\n\t\t\t\n\n\t<div class=\"img has-hover x md-x lg-x y md-y lg-y\" id=\"image_1991162838\">\n\t\t\t\t\t\t\t\t<div class=\"img-inner dark\" style=\"margin:-0 0px 0px 0px;\">\n\t\t\t<img loading=\"lazy\" decoding=\"async\" width=\"924\" height=\"800\" src=\"https:\/\/integratek.es\/wp-content\/uploads\/2018\/02\/Alberto-924x800.jpg\" class=\"attachment-large size-large\" alt=\"\" srcset=\"https:\/\/integratek.es\/wp-content\/uploads\/2018\/02\/Alberto-924x800.jpg 924w, https:\/\/integratek.es\/wp-content\/uploads\/2018\/02\/Alberto-510x441.jpg 510w, https:\/\/integratek.es\/wp-content\/uploads\/2018\/02\/Alberto-462x400.jpg 462w, https:\/\/integratek.es\/wp-content\/uploads\/2018\/02\/Alberto-768x665.jpg 768w, https:\/\/integratek.es\/wp-content\/uploads\/2018\/02\/Alberto.jpg 1144w\" sizes=\"auto, (max-width: 924px) 100vw, 924px\" \/>\t\t\t\t\t\t\n\t\t\t\t\t<\/div>\n\t\t\t\t\t\t\t\t\n<style>\n#image_1991162838 {\n  width: 100%;\n}\n<\/style>\n\t<\/div>\n\t\n\n\n\t\t<\/div>\n\t\t\t\t\t<\/div>\n\n\t\n\n<\/div>\n\n","protected":false},"excerpt":{"rendered":"","protected":false},"author":1,"featured_media":0,"parent":0,"menu_order":0,"comment_status":"closed","ping_status":"closed","template":"","meta":{"_acf_changed":false,"productId":0,"footnotes":""},"class_list":["post-203166","page","type-page","status-publish","hentry"],"acf":[],"_links":{"self":[{"href":"https:\/\/integratek.es\/ca\/wp-json\/wp\/v2\/pages\/203166","targetHints":{"allow":["GET"]}}],"collection":[{"href":"https:\/\/integratek.es\/ca\/wp-json\/wp\/v2\/pages"}],"about":[{"href":"https:\/\/integratek.es\/ca\/wp-json\/wp\/v2\/types\/page"}],"author":[{"embeddable":true,"href":"https:\/\/integratek.es\/ca\/wp-json\/wp\/v2\/users\/1"}],"replies":[{"embeddable":true,"href":"https:\/\/integratek.es\/ca\/wp-json\/wp\/v2\/comments?post=203166"}],"version-history":[{"count":4,"href":"https:\/\/integratek.es\/ca\/wp-json\/wp\/v2\/pages\/203166\/revisions"}],"predecessor-version":[{"id":207042,"href":"https:\/\/integratek.es\/ca\/wp-json\/wp\/v2\/pages\/203166\/revisions\/207042"}],"wp:attachment":[{"href":"https:\/\/integratek.es\/ca\/wp-json\/wp\/v2\/media?parent=203166"}],"curies":[{"name":"wp","href":"https:\/\/api.w.org\/{rel}","templated":true}]}}