{"id":203156,"date":"2023-01-04T18:47:35","date_gmt":"2023-01-04T17:47:35","guid":{"rendered":"https:\/\/integratek.es\/coral-regi-2\/"},"modified":"2025-09-04T11:05:34","modified_gmt":"2025-09-04T09:05:34","slug":"curriculum-coral-regi","status":"publish","type":"page","link":"https:\/\/integratek.es\/ca\/curriculum-coral-regi\/","title":{"rendered":"Coral Reg\u00ed | Formadors Integratek"},"content":{"rendered":"\n\n\t<section class=\"section\" id=\"section_1280055263\">\n\t\t<div class=\"section-bg fill\" >\n\t\t\t\t\t\t\t\t\t\n\t\t\t\n\n\t\t<\/div>\n\n\t\t\n\n\t\t<div class=\"section-content relative\">\n\t\t\t\n\n\t<div id=\"gap-2030363219\" class=\"gap-element clearfix\" style=\"display:block; height:auto;\">\n\t\t\n<style>\n#gap-2030363219 {\n  padding-top: 30px;\n}\n<\/style>\n\t<\/div>\n\t\n\n<div class=\"row align-middle\"  id=\"row-2126240568\">\n\n\n\t<div id=\"col-1125600520\" class=\"col medium-12 small-12 large-6\"  >\n\t\t\t\t<div class=\"col-inner\"  >\n\t\t\t\n\t\t\t\n\n\t<div id=\"gap-490131583\" class=\"gap-element clearfix hide-for-small\" style=\"display:block; height:auto;\">\n\t\t\n<style>\n#gap-490131583 {\n  padding-top: 10px;\n}\n@media (min-width:850px) {\n  #gap-490131583 {\n    padding-top: 30px;\n  }\n}\n<\/style>\n\t<\/div>\n\t\n\n\t<div id=\"text-1287293245\" class=\"text\">\n\t\t\n\n<h1>Coral <font color=\"#f99b1c\">Reg\u00ed<\/font><\/h1>\n\t\t\n<style>\n#text-1287293245 {\n  font-size: 1.75rem;\n  line-height: 1.5;\n}\n@media (min-width:550px) {\n  #text-1287293245 {\n    font-size: 2rem;\n  }\n}\n<\/style>\n\t<\/div>\n\t\n\t<div id=\"text-4135369104\" class=\"text\">\n\t\t\n\n<p class=\"lead\"><span data-sheets-value=\"{\"1\":2,\"2\":\"LICENCIADA EN BIOLOGIA. MAESTRA Y DOCENTE. ESPECIALISTA EN LIDERAZGO DE EQUIPOS DIRECTIVOS Directora de l'Escola Virolai, en Barcelona. Bi\u00f3loga de formaci\u00f3n y educadora por vocaci\u00f3n. Miembro del comit\u00e9 cient\u00edfico del proyecto Educaci\u00f3 Dem\u00e0. Tal y como describe en Las 3 cosas que he aprendido: \"Como parte fundamental del modelo educativo es necesario reforzar la educaci\u00f3n de los valores que necesitamos para afrontar los momentos actuales de incertidumbre. Hay que reforzar de una manera vivencial, aplicada al d\u00eda a d\u00eda de las escuelas: la creatividad, la resiliencia, la empat\u00eda, la perseverancia, la esperanza en el futuro para hacer j\u00f3venes resistentes, con capacidad de adaptarse, de emprender, de dar respuestas nuevas, de volver a empezar, con el deseo de ir m\u00e1s all\u00e1. Con capacidad de observar su mundo como un campo lleno de oportunidades\".\"}\" data-sheets-userformat=\"{\"2\":897,\"3\":{\"1\":0},\"10\":1,\"11\":4,\"12\":0}\">Coral Reg\u00ed \u00e9s Llicenciada en Biologia. Mestra i docent. Especialista en <a href=\"https:\/\/integratek.es\/?post_type=product&#038;p=126410\" target=\"_blank\" rel=\"noopener\">lideratge d&#8217;equips directius.<\/a>  &nbsp;<\/span><\/p>\n<p class=\"lead\"><span data-sheets-value=\"{\"1\":2,\"2\":\"LICENCIADA EN BIOLOGIA. MAESTRA Y DOCENTE. ESPECIALISTA EN LIDERAZGO DE EQUIPOS DIRECTIVOS Directora de l'Escola Virolai, en Barcelona. Bi\u00f3loga de formaci\u00f3n y educadora por vocaci\u00f3n. Miembro del comit\u00e9 cient\u00edfico del proyecto Educaci\u00f3 Dem\u00e0. Tal y como describe en Las 3 cosas que he aprendido: \"Como parte fundamental del modelo educativo es necesario reforzar la educaci\u00f3n de los valores que necesitamos para afrontar los momentos actuales de incertidumbre. Hay que reforzar de una manera vivencial, aplicada al d\u00eda a d\u00eda de las escuelas: la creatividad, la resiliencia, la empat\u00eda, la perseverancia, la esperanza en el futuro para hacer j\u00f3venes resistentes, con capacidad de adaptarse, de emprender, de dar respuestas nuevas, de volver a empezar, con el deseo de ir m\u00e1s all\u00e1. Con capacidad de observar su mundo como un campo lleno de oportunidades\".\"}\" data-sheets-userformat=\"{\"2\":897,\"3\":{\"1\":0},\"10\":1,\"11\":4,\"12\":0}\">Directora de l&#8217; <a href=\"https:\/\/www.virolai.com\/\" target=\"_blank\" rel=\"noopener\">Escola Virolai<\/a> , a Barcelona. Bi\u00f2loga de formaci\u00f3 i educadora per vocaci\u00f3. Membre del comit\u00e8 cient\u00edfic del projecte Educaci\u00f3 Dem\u00e0.    <\/span><\/p>\n<p class=\"lead\"><span data-sheets-value=\"{\"1\":2,\"2\":\"LICENCIADA EN BIOLOGIA. MAESTRA Y DOCENTE. ESPECIALISTA EN LIDERAZGO DE EQUIPOS DIRECTIVOS Directora de l'Escola Virolai, en Barcelona. Bi\u00f3loga de formaci\u00f3n y educadora por vocaci\u00f3n. Miembro del comit\u00e9 cient\u00edfico del proyecto Educaci\u00f3 Dem\u00e0. Tal y como describe en Las 3 cosas que he aprendido: \"Como parte fundamental del modelo educativo es necesario reforzar la educaci\u00f3n de los valores que necesitamos para afrontar los momentos actuales de incertidumbre. Hay que reforzar de una manera vivencial, aplicada al d\u00eda a d\u00eda de las escuelas: la creatividad, la resiliencia, la empat\u00eda, la perseverancia, la esperanza en el futuro para hacer j\u00f3venes resistentes, con capacidad de adaptarse, de emprender, de dar respuestas nuevas, de volver a empezar, con el deseo de ir m\u00e1s all\u00e1. Con capacidad de observar su mundo como un campo lleno de oportunidades\".\"}\" data-sheets-userformat=\"{\"2\":897,\"3\":{\"1\":0},\"10\":1,\"11\":4,\"12\":0}\">Tal com descriu a Les 3 coses que he apr\u00e8s: \u201cCom a part fonamental del model educatiu cal refor\u00e7ar l&#8217;educaci\u00f3 dels valors que necessitem per afrontar els moments actuals d&#8217;incertesa.  <\/span><\/p>\n<p class=\"lead\"><span data-sheets-value=\"{\"1\":2,\"2\":\"LICENCIADA EN BIOLOGIA. MAESTRA Y DOCENTE. ESPECIALISTA EN LIDERAZGO DE EQUIPOS DIRECTIVOS Directora de l'Escola Virolai, en Barcelona. Bi\u00f3loga de formaci\u00f3n y educadora por vocaci\u00f3n. Miembro del comit\u00e9 cient\u00edfico del proyecto Educaci\u00f3 Dem\u00e0. Tal y como describe en Las 3 cosas que he aprendido: \"Como parte fundamental del modelo educativo es necesario reforzar la educaci\u00f3n de los valores que necesitamos para afrontar los momentos actuales de incertidumbre. Hay que reforzar de una manera vivencial, aplicada al d\u00eda a d\u00eda de las escuelas: la creatividad, la resiliencia, la empat\u00eda, la perseverancia, la esperanza en el futuro para hacer j\u00f3venes resistentes, con capacidad de adaptarse, de emprender, de dar respuestas nuevas, de volver a empezar, con el deseo de ir m\u00e1s all\u00e1. Con capacidad de observar su mundo como un campo lleno de oportunidades\".\"}\" data-sheets-userformat=\"{\"2\":897,\"3\":{\"1\":0},\"10\":1,\"11\":4,\"12\":0}\">Cal refor\u00e7ar d&#8217;una manera vivencial, aplicada al dia a dia de les escoles: la creativitat, la resili\u00e8ncia, l&#8217;empatia, la perseveran\u00e7a, l&#8217;esperan\u00e7a en el futur per fer joves resistents, amb capacitat d&#8217;adaptar-se, emprendre, donar respostes noves, tornar a comen\u00e7ar, amb el desig d&#8217;anar m\u00e9s enll\u00e0.  <\/span><\/p>\n<p class=\"lead\"><span data-sheets-value=\"{\"1\":2,\"2\":\"LICENCIADA EN BIOLOGIA. MAESTRA Y DOCENTE. ESPECIALISTA EN LIDERAZGO DE EQUIPOS DIRECTIVOS Directora de l'Escola Virolai, en Barcelona. Bi\u00f3loga de formaci\u00f3n y educadora por vocaci\u00f3n. Miembro del comit\u00e9 cient\u00edfico del proyecto Educaci\u00f3 Dem\u00e0. Tal y como describe en Las 3 cosas que he aprendido: \"Como parte fundamental del modelo educativo es necesario reforzar la educaci\u00f3n de los valores que necesitamos para afrontar los momentos actuales de incertidumbre. Hay que reforzar de una manera vivencial, aplicada al d\u00eda a d\u00eda de las escuelas: la creatividad, la resiliencia, la empat\u00eda, la perseverancia, la esperanza en el futuro para hacer j\u00f3venes resistentes, con capacidad de adaptarse, de emprender, de dar respuestas nuevas, de volver a empezar, con el deseo de ir m\u00e1s all\u00e1. Con capacidad de observar su mundo como un campo lleno de oportunidades\".\"}\" data-sheets-userformat=\"{\"2\":897,\"3\":{\"1\":0},\"10\":1,\"11\":4,\"12\":0}\">Amb capacitat d&#8217;observar el m\u00f3n com un camp ple d&#8217;oportunitats&#8221;.<\/span><\/p>\n\t\t\n<style>\n#text-4135369104 {\n  font-size: 1rem;\n}\n<\/style>\n\t<\/div>\n\t\n\n\t\t<\/div>\n\t\t\t\t\t<\/div>\n\n\t\n\n\t<div id=\"col-327902123\" class=\"col medium-12 small-12 large-6 medium-col-first\"  >\n\t\t\t\t<div class=\"col-inner\"  >\n\t\t\t\n\t\t\t\n\n\t<div class=\"img has-hover circle x md-x lg-x y md-y lg-y\" id=\"image_1343497975\">\n\t\t\t\t\t\t\t\t<div class=\"img-inner dark\" >\n\t\t\t<img loading=\"lazy\" decoding=\"async\" width=\"800\" height=\"800\" src=\"https:\/\/integratek.es\/wp-content\/uploads\/2022\/08\/Coral-Regi-formadora-800x800.jpg\" class=\"attachment-large size-large\" alt=\"\" srcset=\"https:\/\/integratek.es\/wp-content\/uploads\/2022\/08\/Coral-Regi-formadora-800x800.jpg 800w, https:\/\/integratek.es\/wp-content\/uploads\/2022\/08\/Coral-Regi-formadora-400x400.jpg 400w, https:\/\/integratek.es\/wp-content\/uploads\/2022\/08\/Coral-Regi-formadora-280x280.jpg 280w, https:\/\/integratek.es\/wp-content\/uploads\/2022\/08\/Coral-Regi-formadora-768x768.jpg 768w, https:\/\/integratek.es\/wp-content\/uploads\/2022\/08\/Coral-Regi-formadora-510x510.jpg 510w, https:\/\/integratek.es\/wp-content\/uploads\/2022\/08\/Coral-Regi-formadora-100x100.jpg 100w, https:\/\/integratek.es\/wp-content\/uploads\/2022\/08\/Coral-Regi-formadora.jpg 853w\" sizes=\"auto, (max-width: 800px) 100vw, 800px\" \/>\t\t\t\t\t\t\n\t\t\t\t\t<\/div>\n\t\t\t\t\t\t\t\t\n<style>\n#image_1343497975 {\n  width: 100%;\n}\n@media (min-width:850px) {\n  #image_1343497975 {\n    width: 100%;\n  }\n}\n<\/style>\n\t<\/div>\n\t\n\n\n\t\t<\/div>\n\t\t\t\t\t<\/div>\n\n\t\n\n<\/div>\n<div class=\"row\"  id=\"row-1636095112\">\n\n\n\t<div id=\"col-726872401\" class=\"col small-12 large-12\"  >\n\t\t\t\t<div class=\"col-inner\"  >\n\t\t\t\n\t\t\t\n\n<h2>Formacions de Coral Reg\u00ed<\/h2>\n<div class=\"row\"  id=\"row-2057215443\">\n\n\n\t<div id=\"col-1716268044\" class=\"col small-12 large-12\"  >\n\t\t\t\t<div class=\"col-inner\"  >\n\t\t\t\n\t\t\t\n\n\t<div class=\"img has-hover x md-x lg-x y md-y lg-y\" id=\"image_559691208\">\n\t\t<a class=\"\" href=\"https:\/\/integratek.es\/ca\/botiga\/cursos-online-ca\/educacio-i-escola\/vocacion-docente\/\" target=\"_blank\" rel=\"noopener\" >\t\t\t\t\t\t<div class=\"img-inner dark\" >\n\t\t\t<img loading=\"lazy\" decoding=\"async\" width=\"1020\" height=\"574\" src=\"https:\/\/integratek.es\/wp-content\/uploads\/2022\/12\/CURS-CORAL-Vocacion-docente-CAT-1400x788.png\" class=\"attachment-large size-large\" alt=\"\" srcset=\"https:\/\/integratek.es\/wp-content\/uploads\/2022\/12\/CURS-CORAL-Vocacion-docente-CAT-1400x788.png 1400w, https:\/\/integratek.es\/wp-content\/uploads\/2022\/12\/CURS-CORAL-Vocacion-docente-CAT-711x400.png 711w, https:\/\/integratek.es\/wp-content\/uploads\/2022\/12\/CURS-CORAL-Vocacion-docente-CAT-768x432.png 768w, https:\/\/integratek.es\/wp-content\/uploads\/2022\/12\/CURS-CORAL-Vocacion-docente-CAT-1536x864.png 1536w, https:\/\/integratek.es\/wp-content\/uploads\/2022\/12\/CURS-CORAL-Vocacion-docente-CAT-510x287.png 510w, https:\/\/integratek.es\/wp-content\/uploads\/2022\/12\/CURS-CORAL-Vocacion-docente-CAT.png 1920w\" sizes=\"auto, (max-width: 1020px) 100vw, 1020px\" \/>\t\t\t\t\t\t\n\t\t\t\t\t<\/div>\n\t\t\t\t\t\t<\/a>\t\t\n<style>\n#image_559691208 {\n  width: 100%;\n}\n<\/style>\n\t<\/div>\n\t\n\n\n\t\t<\/div>\n\t\t\t\t\t<\/div>\n\n\t\n\n<\/div>\n\n\t\t<\/div>\n\t\t\t\t\t<\/div>\n\n\t\n\n<\/div>\n<div class=\"row\"  id=\"row-2005557008\">\n\n\n\t<div id=\"col-289608954\" class=\"col medium-3 small-12 large-3\"  >\n\t\t\t\t<div class=\"col-inner\"  >\n\t\t\t\n\t\t\t\n\n\n\t\t<\/div>\n\t\t\t\t\t<\/div>\n\n\t\n\n\t<div id=\"col-490906956\" class=\"col medium-6 small-12 large-6\"  >\n\t\t\t\t<div class=\"col-inner\"  >\n\t\t\t\n\t\t\t\n\n<a href=\"https:\/\/integratek.es\/ca\/cursos-online-homologats\/\" target=\"_blank\" class=\"button primary expand\" rel=\"noopener\" style=\"border-radius:99px;\">\n\t\t<span>Totes les formacions<\/span>\n\t<\/a>\n\n\n\n\t\t<\/div>\n\t\t\t\t\t<\/div>\n\n\t\n\n\t<div id=\"col-2003474928\" class=\"col medium-3 small-12 large-3\"  >\n\t\t\t\t<div class=\"col-inner\"  >\n\t\t\t\n\t\t\t\n\n\n\t\t<\/div>\n\t\t\t\t\t<\/div>\n\n\t\n\n<\/div>\n<div class=\"row\"  id=\"row-1530524358\">\n\n\n\t<div id=\"col-2037355139\" class=\"col small-12 large-12\"  >\n\t\t\t\t<div class=\"col-inner\"  >\n\t\t\t\n\t\t\t\n\n<h2>Enregistraments de Coral Reg\u00ed<\/h2>\n<div class=\"row\"  id=\"row-2048079343\">\n\n\n\t<div id=\"col-458440451\" class=\"col medium-6 small-12 large-6\"  >\n\t\t\t\t<div class=\"col-inner\"  >\n\t\t\t\n\t\t\t\n\n<p>Lideratge i transformaci\u00f3 educativa | Coral Reg\u00ed | Tr\u00e0iler<\/p>\n<div class=\"video video-fit mb\" style=\"padding-top:56.25%;\"><iframe loading=\"lazy\" title=\"Liderazgo y Transformaci\u00f3n Educativa | Coral Reg\u00ed | Integratek\" width=\"1020\" height=\"574\" src=\"https:\/\/www.youtube.com\/embed\/tXpDHjfzFZY?feature=oembed\" frameborder=\"0\" allow=\"accelerometer; autoplay; clipboard-write; encrypted-media; gyroscope; picture-in-picture; web-share\" referrerpolicy=\"strict-origin-when-cross-origin\" allowfullscreen><\/iframe><\/div>\n\n\n\t\t<\/div>\n\t\t\t\t\t<\/div>\n\n\t\n\n\t<div id=\"col-115566006\" class=\"col medium-6 small-12 large-6\"  >\n\t\t\t\t<div class=\"col-inner\"  >\n\t\t\t\n\t\t\t\n\n<p>Transformaci\u00f3 Educativa | Coral Reg\u00ed | Cursos Integratek<\/p>\n<div class=\"video video-fit mb\" style=\"padding-top:56.25%;\"><p><iframe loading=\"lazy\" title=\"\ud83d\udc68\u200d\ud83c\udfeb Vocaci\u00f3n docente | Coral Reg\u00ed | Cursos Integratek\" width=\"1020\" height=\"574\" src=\"https:\/\/www.youtube.com\/embed\/CTJkJqGXmww?feature=oembed\" frameborder=\"0\" allow=\"accelerometer; autoplay; clipboard-write; encrypted-media; gyroscope; picture-in-picture; web-share\" referrerpolicy=\"strict-origin-when-cross-origin\" allowfullscreen><\/iframe><\/p>\n<\/div>\n\n\n\t\t<\/div>\n\t\t\t\t\t<\/div>\n\n\t\n\n<\/div>\n<div class=\"row\"  id=\"row-2071615190\">\n\n\n\t<div id=\"col-333296189\" class=\"col small-12 large-12\"  >\n\t\t\t\t<div class=\"col-inner\"  >\n\t\t\t\n\t\t\t\n\n<h2>Entrevistes i articles de Coral Reg\u00ed<\/h2>\n\n\t\t<\/div>\n\t\t\t\t\t<\/div>\n\n\t\n\n<\/div>\n<div class=\"row\"  id=\"row-848418141\">\n\n\n\t<div id=\"col-708399167\" class=\"col small-12 large-12\"  >\n\t\t\t\t<div class=\"col-inner\"  >\n\t\t\t\n\t\t\t\n\n<div class=\"row\"  id=\"row-1191868082\">\n\n\n\t<div id=\"col-2114261544\" class=\"col small-12 large-12\"  >\n\t\t\t\t<div class=\"col-inner\"  >\n\t\t\t\n\t\t\t\n\n<p><b>Educaci\u00f3 3.0<\/b> : Coral Reg\u00ed: \u201cHem de formar persones que es q\u00fcestionin la realitat\u201d https:\/\/www.educaciontrespuntocero.com\/entrevistas\/entrevista-coral-regi\/<\/p>\n<p><b>Tiching Blog: Coral Reg\u00ed:<\/b> \u201cEl que s&#8217;apr\u00e8n a l&#8217;escola serveix per a la vida de manera que la vida ha d&#8217;entrar a l&#8217;escola\u201d: http:\/\/blog.tiching.com\/coral-regi\/<\/p>\n<p><b>Fundaci\u00f3 Ibercaja<\/b> : Converses amb Coral Reg\u00ed i Linda Casta\u00f1eda: reptes de l&#8217;avaluaci\u00f3 en l\u00ednia, la pand\u00e8mia com a catalitzador de pr\u00e0ctiques: https:\/\/www.fundacionibercaja.es\/actividades\/conferencias-y-mesas-redondas\/conversaciones-con-coral-regi-y-linda-castaneda-pandemia<\/p>\n\n\t\t<\/div>\n\t\t\t\t\t<\/div>\n\n\t\n\n<\/div>\n<div class=\"row\"  id=\"row-853757696\">\n\n\n\t<div id=\"col-433090223\" class=\"col medium-3 small-12 large-3\"  >\n\t\t\t\t<div class=\"col-inner\"  >\n\t\t\t\n\t\t\t\n\n\n\t\t<\/div>\n\t\t\t\t\t<\/div>\n\n\t\n\n\t<div id=\"col-138661379\" class=\"col medium-6 small-12 large-6\"  >\n\t\t\t\t<div class=\"col-inner\"  >\n\t\t\t\n\t\t\t\n\n<a href=\"https:\/\/integratek.es\/ca\/equip-formadors-integratek\/\" class=\"button primary expand\" style=\"border-radius:99px;\">\n\t\t<span>Altres formadors<\/span>\n\t<\/a>\n\n\n\n\t\t<\/div>\n\t\t\t\t\t<\/div>\n\n\t\n\n\t<div id=\"col-1770697646\" class=\"col medium-3 small-12 large-3\"  >\n\t\t\t\t<div class=\"col-inner\"  >\n\t\t\t\n\t\t\t\n\n\n\t\t<\/div>\n\t\t\t\t\t<\/div>\n\n\t\n\n<\/div>\n\n\t\t<\/div>\n\t\t\t\t\t<\/div>\n\n\t\n\n<\/div>\n\n\t\t<\/div>\n\t\t\t\t\t<\/div>\n\n\t\n\n<\/div>\n\n\t\t<\/div>\n\n\t\t\n<style>\n#section_1280055263 {\n  padding-top: 20px;\n  padding-bottom: 20px;\n  background-color: rgb(255, 255, 255);\n}\n@media (min-width:550px) {\n  #section_1280055263 {\n    padding-top: 50px;\n    padding-bottom: 50px;\n  }\n}\n@media (min-width:850px) {\n  #section_1280055263 {\n    padding-top: 70px;\n    padding-bottom: 70px;\n  }\n}\n<\/style>\n\t<\/section>\n\t\n\n","protected":false},"excerpt":{"rendered":"","protected":false},"author":5845,"featured_media":0,"parent":0,"menu_order":0,"comment_status":"closed","ping_status":"closed","template":"","meta":{"_acf_changed":false,"productId":0,"footnotes":""},"class_list":["post-203156","page","type-page","status-publish","hentry"],"acf":[],"_links":{"self":[{"href":"https:\/\/integratek.es\/ca\/wp-json\/wp\/v2\/pages\/203156","targetHints":{"allow":["GET"]}}],"collection":[{"href":"https:\/\/integratek.es\/ca\/wp-json\/wp\/v2\/pages"}],"about":[{"href":"https:\/\/integratek.es\/ca\/wp-json\/wp\/v2\/types\/page"}],"author":[{"embeddable":true,"href":"https:\/\/integratek.es\/ca\/wp-json\/wp\/v2\/users\/5845"}],"replies":[{"embeddable":true,"href":"https:\/\/integratek.es\/ca\/wp-json\/wp\/v2\/comments?post=203156"}],"version-history":[{"count":5,"href":"https:\/\/integratek.es\/ca\/wp-json\/wp\/v2\/pages\/203156\/revisions"}],"predecessor-version":[{"id":207598,"href":"https:\/\/integratek.es\/ca\/wp-json\/wp\/v2\/pages\/203156\/revisions\/207598"}],"wp:attachment":[{"href":"https:\/\/integratek.es\/ca\/wp-json\/wp\/v2\/media?parent=203156"}],"curies":[{"name":"wp","href":"https:\/\/api.w.org\/{rel}","templated":true}]}}