{"id":203133,"date":"2025-07-22T07:30:06","date_gmt":"2025-07-22T05:30:06","guid":{"rendered":"https:\/\/integratek.es\/altes-capacitats\/"},"modified":"2025-07-22T07:30:07","modified_gmt":"2025-07-22T05:30:07","slug":"altes-capacitats","status":"publish","type":"page","link":"https:\/\/integratek.es\/ca\/altes-capacitats\/","title":{"rendered":"Altes capacitats"},"content":{"rendered":"<div class=\"row\"  id=\"row-1879614083\">\n\n\t<div id=\"col-169588993\" class=\"col small-12 large-12\"  >\n\t\t\t\t<div class=\"col-inner\"  >\n\t\t\t\n\t\t\t\n<p>La recerca de la igualtat i la individualitzaci\u00f3 de l&#8217;ensenyament comporta la necessitat que l&#8217;escola reconegui les difer\u00e8ncies individuals de l&#8217;alumnat i, en funci\u00f3 de la diversitat, planifiqui la resposta educativa d&#8217;acord amb les caracter\u00edstiques, les possibilitats i les capacitats de cadascun dels estudiants.<\/p>\n<p>Una escola de qualitat \u00e9s aquella capa\u00e7 d&#8217;atendre la diversitat, aquella capa\u00e7 d&#8217;oferir a cada alumne el curr\u00edculum que necessita pel seu progr\u00e9s. En definitiva, es tracta d&#8217;una escola inclusiva que atengui la diversitat treballant amb cadascun en funci\u00f3 de les seves necessitats i possibilitats, \u00e9s a dir, una escola que at\u00e9n tot tipus d&#8217;alumnat i on els estudiants amb altes capacitats intel\u00b7lectuals representen una variant m\u00e9s. <\/p>\n\t\t<\/div>\n\t\t\t\t\n<style>\n#col-169588993 > .col-inner {\n  margin: 0px 0px -39px 0px;\n}\n<\/style>\n\t<\/div>\n\n\t\n<\/div>\n<div class=\"text-center\"><div class=\"is-divider divider clearfix\" ><\/div><\/div>\n<div class=\"row\"  id=\"row-1191403560\">\n\n\t<div id=\"col-1567526916\" class=\"col small-12 large-12\"  >\n\t\t\t\t<div class=\"col-inner\"  >\n\t\t\t\n\t\t\t\n<div class=\"video video-fit mb\" style=\"padding-top:56.25%;\"><p><iframe loading=\"lazy\" src=\"https:\/\/player.vimeo.com\/video\/185443619?dnt=1&amp;app_id=122963\" width=\"1020\" height=\"574\" frameborder=\"0\" allow=\"autoplay; fullscreen; picture-in-picture; clipboard-write; encrypted-media; web-share\" referrerpolicy=\"strict-origin-when-cross-origin\"><\/iframe><\/p>\n<\/div>\n\t\t<\/div>\n\t\t\t\t\n<style>\n#col-1567526916 > .col-inner {\n  margin: 0px 0px -0 0px;\n}\n<\/style>\n\t<\/div>\n\n\t\n<\/div>\n<div class=\"row row-large\"  id=\"row-533331400\">\n\n\t<div id=\"col-1998826477\" class=\"col small-12 large-12\"  >\n\t\t\t\t<div class=\"col-inner text-left\"  >\n\t\t\t\n\t\t\t\n<div class=\"wpb_text_column wpb_content_element \">\n<div class=\"wpb_wrapper\">\n<div class=\"wpb_text_column-text-style\">\n<div class=\"wpb_text_column wpb_content_element \">\n<div class=\"wpb_wrapper\">\n<div class=\"wpb_text_column-text-style\">\n<h2><span data-text-color=\"primary\"><img loading=\"lazy\" decoding=\"async\" class=\" wp-image-40671 alignnone\" src=\"https:\/\/integratek.es\/wp-content\/uploads\/2018\/02\/target.png\" alt=\"\" width=\"40\" height=\"40\" srcset=\"https:\/\/integratek.es\/wp-content\/uploads\/2018\/02\/target.png 256w, https:\/\/integratek.es\/wp-content\/uploads\/2018\/02\/target-247x256.png 247w, https:\/\/integratek.es\/wp-content\/uploads\/2018\/02\/target-100x100.png 100w, https:\/\/integratek.es\/wp-content\/uploads\/2018\/02\/target-180x180.png 180w\" sizes=\"auto, (max-width: 40px) 100vw, 40px\" \/>  Objectius del curs<\/span><\/h2>\n<\/div>\n<\/div>\n<\/div>\n<div class=\"wpb_text_column wpb_content_element \">\n<div class=\"wpb_wrapper\">\n<div class=\"wpb_text_column-text-style\">\n<ul>\n<li style=\"text-align: left;\">\n<p><strong>Con\u00e9ixer<\/strong> i distingir els diferents termes relacionats amb les altes capacitats intel\u00b7lectuals.<\/p>\n<\/li>\n<li style=\"text-align: left;\">\n<p><strong>Aprofundir<\/strong> les caracter\u00edstiques que presenta lalumnat amb altes capacitats.<\/p>\n<\/li>\n<li style=\"text-align: left;\">\n<p><strong>Estudiar<\/strong> el proc\u00e9s didentificaci\u00f3 i els instruments utilitzats per con\u00e8ixer la configuraci\u00f3 cognitivoemocional daquest alumnat.<\/p>\n<\/li>\n<li style=\"text-align: left;\">\n<p><strong>Presentar<\/strong> un protocol d&#8217;identificaci\u00f3 general per a tota una comunitat educativa que garanteixi una homogene\u00eftat m\u00e9s gran i minimitzi els errors que es deriven del desenvolupament del proc\u00e9s d&#8217;identificaci\u00f3.<\/p>\n<\/li>\n<li style=\"text-align: left;\">\n<p><strong>Con\u00e8ixer<\/strong> les mesures datenci\u00f3 a la diversitat existents per a aquest alumnat.<\/p>\n<\/li>\n<\/ul>\n<\/div>\n<\/div>\n<\/div>\n<\/div>\n<\/div>\n<\/div>\n\t\t<\/div>\n\t\t\t\t\t<\/div>\n\n\t\n\n<style>\n#row-533331400 > .col > .col-inner {\n  padding: 0px 0px 0px 0px;\n}\n<\/style>\n<\/div>\n<div class=\"row\"  id=\"row-2114227411\">\n\n\t<div id=\"col-196143334\" class=\"col small-12 large-12\"  >\n\t\t\t\t<div class=\"col-inner\"  >\n\t\t\t\n\t\t\t\n<div class=\"slider-wrapper relative\" id=\"slider-306282130\" >\n    <div class=\"slider slider-nav-circle slider-nav-large slider-nav-light slider-style-normal\"\n        data-flickity-options='{\n            \"cellAlign\": \"center\",\n            \"imagesLoaded\": true,\n            \"lazyLoad\": 1,\n            \"freeScroll\": false,\n            \"wrapAround\": true,\n            \"autoPlay\": 6000,\n            \"pauseAutoPlayOnHover\" : true,\n            \"prevNextButtons\": true,\n            \"contain\" : true,\n            \"adaptiveHeight\" : true,\n            \"dragThreshold\" : 10,\n            \"percentPosition\": true,\n            \"pageDots\": true,\n            \"rightToLeft\": false,\n            \"draggable\": true,\n            \"selectedAttraction\": 0.1,\n            \"parallax\" : 0,\n            \"friction\": 0.6        }'\n        >\n        \n\t<div class=\"img has-hover x md-x lg-x y md-y lg-y\" id=\"image_248395063\">\n\t\t\t\t\t\t\t\t<div class=\"img-inner dark\" >\n\t\t\t<img loading=\"lazy\" decoding=\"async\" width=\"1000\" height=\"525\" src=\"https:\/\/integratek.es\/wp-content\/uploads\/2018\/04\/12.png\" class=\"attachment-large size-large\" alt=\"\" srcset=\"https:\/\/integratek.es\/wp-content\/uploads\/2018\/04\/12.png 1000w, https:\/\/integratek.es\/wp-content\/uploads\/2018\/04\/12-510x268.png 510w, https:\/\/integratek.es\/wp-content\/uploads\/2018\/04\/12-762x400.png 762w, https:\/\/integratek.es\/wp-content\/uploads\/2018\/04\/12-768x403.png 768w\" sizes=\"auto, (max-width: 1000px) 100vw, 1000px\" \/>\t\t\t\t\t\t\n\t\t\t\t\t<\/div>\n\t\t\t\t\t\t\t\t\n<style>\n#image_248395063 {\n  width: 100%;\n}\n<\/style>\n\t<\/div>\n\t\n\t<div class=\"img has-hover x md-x lg-x y md-y lg-y\" id=\"image_91999556\">\n\t\t\t\t\t\t\t\t<div class=\"img-inner dark\" >\n\t\t\t<img loading=\"lazy\" decoding=\"async\" width=\"1020\" height=\"568\" src=\"https:\/\/integratek.es\/wp-content\/uploads\/2018\/04\/Captura-de-pantalla-2018-04-27-a-las-12.32.43-copy-1.jpg\" class=\"attachment-large size-large\" alt=\"\" srcset=\"https:\/\/integratek.es\/wp-content\/uploads\/2018\/04\/Captura-de-pantalla-2018-04-27-a-las-12.32.43-copy-1.jpg 1032w, https:\/\/integratek.es\/wp-content\/uploads\/2018\/04\/Captura-de-pantalla-2018-04-27-a-las-12.32.43-copy-510x284-4.jpg 510w, https:\/\/integratek.es\/wp-content\/uploads\/2018\/04\/Captura-de-pantalla-2018-04-27-a-las-12.32.43-copy-718x400-2.jpg 718w, https:\/\/integratek.es\/wp-content\/uploads\/2018\/04\/Captura-de-pantalla-2018-04-27-a-las-12.32.43-copy-768x428-2.jpg 768w\" sizes=\"auto, (max-width: 1020px) 100vw, 1020px\" \/>\t\t\t\t\t\t\n\t\t\t\t\t<\/div>\n\t\t\t\t\t\t\t\t\n<style>\n#image_91999556 {\n  width: 100%;\n}\n<\/style>\n\t<\/div>\n\t\n     <\/div>\n\n     <div class=\"loading-spin dark large centered\"><\/div>\n\n\t<\/div>\n\n\n\t\t<\/div>\n\t\t\t\t\t<\/div>\n\n\t\n<\/div>\n<div class=\"row row-large\"  id=\"row-1328037716\">\n\n\t<div id=\"col-2114774803\" class=\"col small-12 large-12\"  >\n\t\t\t\t<div class=\"col-inner text-left\"  >\n\t\t\t\n\t\t\t\n<div class=\"wpb_text_column wpb_content_element \">\n<div class=\"wpb_wrapper\">\n<div class=\"wpb_text_column-text-style\">\n<h2><span data-text-color=\"primary\"> <img loading=\"lazy\" decoding=\"async\" class=\" wp-image-40668 alignnone\" src=\"https:\/\/integratek.es\/wp-content\/uploads\/2018\/02\/online-course.png\" alt=\"\" width=\"40\" height=\"40\" srcset=\"https:\/\/integratek.es\/wp-content\/uploads\/2018\/02\/online-course.png 256w, https:\/\/integratek.es\/wp-content\/uploads\/2018\/02\/online-course-247x256.png 247w, https:\/\/integratek.es\/wp-content\/uploads\/2018\/02\/online-course-100x100.png 100w, https:\/\/integratek.es\/wp-content\/uploads\/2018\/02\/online-course-180x180.png 180w\" sizes=\"auto, (max-width: 40px) 100vw, 40px\" \/>  El curs<\/span><\/h2>\n<p>Els mestres i professors sense preparaci\u00f3 per a la formaci\u00f3 d&#8217;estudiants amb altes capacitats intel\u00b7lectuals sovint es mostren desinteressats i manifesten actituds de sorpresa, rebuig, confusi\u00f3, inseguretat o fins i tot hostilitat cap a un tipus d&#8217;alumnat que perceben com una c\u00e0rrega afegida, com una feina extra i, de vegades, com una amena\u00e7a. Per contra, els professors que tenen formaci\u00f3 i experi\u00e8ncia amb aquest tipus d&#8217;estudiants tendeixen a ser entusiastes i es mostren interessats per treballar-hi, plantejant-se la seva educaci\u00f3 com un nou repte a la seva professi\u00f3 <\/p>\n<p>Actualment s\u00f3n cada cop m\u00e9s els mestres i professors a qui els preocupa el m\u00f3n dels alumnes amb altes capacitats intel\u00b7lectuals ja que veuen que la realitat educativa dels centres i aules no solen donar resposta als seus interessos i aptituds. Parlem d\u00b4uns professionals que advoquen per la necessitat d\u00b4una formaci\u00f3 o preparaci\u00f3 espec\u00edfica, que els permeti satisfer de forma adequada les necessitats dels alumnes amb talent, superdotats i\/o creatius. <\/p>\n<\/div>\n<\/div>\n<\/div>\n\t\t<\/div>\n\t\t\t\t\t<\/div>\n\n\t\n\n<style>\n#row-1328037716 > .col > .col-inner {\n  padding: 0px 0px 0px 0px;\n}\n<\/style>\n<\/div>\n<div class=\"row\"  id=\"row-945361826\">\n\n\t<div id=\"col-1478402630\" class=\"col medium-6 small-12 large-6\"  >\n\t\t\t\t<div class=\"col-inner\"  >\n\t\t\t\n\t\t\t\n<div class=\"wpb_text_column wpb_content_element \">\n<div class=\"wpb_wrapper\">\n<div class=\"wpb_text_column-text-style\">\n<div class=\"wpb_text_column wpb_content_element \">\n<div class=\"wpb_wrapper\">\n<div class=\"wpb_text_column-text-style\">\n<h2 style=\"text-align: left;\"><span data-text-color=\"primary\"><img loading=\"lazy\" decoding=\"async\" class=\" wp-image-40661 alignnone\" src=\"https:\/\/integratek.es\/wp-content\/uploads\/2018\/02\/speak.png\" alt=\"\" width=\"41\" height=\"41\" srcset=\"https:\/\/integratek.es\/wp-content\/uploads\/2018\/02\/speak.png 256w, https:\/\/integratek.es\/wp-content\/uploads\/2018\/02\/speak-247x256.png 247w, https:\/\/integratek.es\/wp-content\/uploads\/2018\/02\/speak-100x100.png 100w, https:\/\/integratek.es\/wp-content\/uploads\/2018\/02\/speak-180x180.png 180w\" sizes=\"auto, (max-width: 41px) 100vw, 41px\" \/>  La Ponent<\/span><\/h2>\n<p><strong><span style=\"font-size: 115%;\">Rosabel Rodr\u00edguez<\/span><br \/><\/strong> Llicenciada en psicologia, doctora en psicopedagogia i logopeda. Membre del Grup de Recerca a Altes Capacitats. Coautora del &#8220;Protocol d&#8217;identificaci\u00f3 de l&#8217;alumnat d&#8217;altes capacitats intel\u00b7lectuals a centres escolars&#8221;. <a href=\"https:\/\/integratek.es\/ca\/mar-romera\/\" target=\"_blank\" rel=\"noopener\">Veure el CV complet<\/a> .  <span style=\"color: #333333; font-size: 14.4px;\"> <\/span><\/p>\n<\/div>\n<\/div>\n<\/div>\n<\/div>\n<\/div>\n<\/div>\n\t<div class=\"img has-hover x md-x lg-x y md-y lg-y\" id=\"image_1407749530\">\n\t\t\t\t\t\t\t\t<div class=\"img-inner dark\" >\n\t\t\t<img loading=\"lazy\" decoding=\"async\" width=\"1020\" height=\"567\" src=\"https:\/\/integratek.es\/wp-content\/uploads\/2018\/04\/Captura-de-pantalla-2016-11-03-a-les-0.20.44-1.jpg\" class=\"attachment-large size-large\" alt=\"\" \/>\t\t\t\t\t\t\n\t\t\t\t\t<\/div>\n\t\t\t\t\t\t\t\t\n<style>\n#image_1407749530 {\n  width: 100%;\n}\n<\/style>\n\t<\/div>\n\t\n\t\t<\/div>\n\t\t\t\t\t<\/div>\n\n\t\n\n\t<div id=\"col-1812632249\" class=\"col medium-6 small-12 large-6\"  >\n\t\t\t\t<div class=\"col-inner\"  >\n\t\t\t\n\t\t\t\n<div class=\"wpb_text_column wpb_content_element \">\n<div class=\"wpb_wrapper\">\n<div class=\"wpb_text_column-text-style\">\n<div class=\"wpb_text_column wpb_content_element \">\n<div class=\"wpb_wrapper\">\n<div class=\"wpb_text_column-text-style\">\n<h2><span data-text-color=\"primary\"><img loading=\"lazy\" decoding=\"async\" class=\" wp-image-40658 alignnone\" src=\"https:\/\/integratek.es\/wp-content\/uploads\/2018\/02\/clock-circular-outline.png\" alt=\"\" width=\"40\" height=\"40\" srcset=\"https:\/\/integratek.es\/wp-content\/uploads\/2018\/02\/clock-circular-outline.png 256w, https:\/\/integratek.es\/wp-content\/uploads\/2018\/02\/clock-circular-outline-247x256.png 247w, https:\/\/integratek.es\/wp-content\/uploads\/2018\/02\/clock-circular-outline-100x100.png 100w, https:\/\/integratek.es\/wp-content\/uploads\/2018\/02\/clock-circular-outline-180x180.png 180w\" sizes=\"auto, (max-width: 40px) 100vw, 40px\" \/>  Horari<\/span><\/h2>\n<p><strong><span style=\"font-size: 115%;\">Durada completa de la formaci\u00f3: 8 hores<br \/><\/span><\/strong> L\u00b4entrada del curs es far\u00e0 a les 9:00h. T&#8217;aconsellem que no esperis a l&#8217;\u00faltim moment per entrar-hi. <\/p>\n<ul>\n<li>9:00h: Recollida dacreditacions.<\/li>\n<li>9:30h: Inici del curs.<\/li>\n<li>14:00h: Pausa per menjar.<\/li>\n<li>15:30h: Inici curs tard.<\/li>\n<li>19:30h: Finalitzaci\u00f3 del curs.<\/li>\n<\/ul>\n<\/div>\n<\/div>\n<\/div>\n<\/div>\n<\/div>\n<\/div>\n\t\t<\/div>\n\t\t\t\t\t<\/div>\n\n\t\n\n\t<div id=\"col-722312218\" class=\"col small-12 large-12\"  >\n\t\t\t\t<div class=\"col-inner\"  >\n\t\t\t\n\t\t\t\n<div class=\"wpb_text_column wpb_content_element \">\n<div class=\"wpb_wrapper\">\n<div class=\"wpb_text_column-text-style\">\n<h2><span data-text-color=\"primary\"><img loading=\"lazy\" decoding=\"async\" class=\" wp-image-40654 alignnone\" src=\"https:\/\/integratek.es\/wp-content\/uploads\/2018\/02\/maps-and-flags.png\" alt=\"\" width=\"40\" height=\"40\" srcset=\"https:\/\/integratek.es\/wp-content\/uploads\/2018\/02\/maps-and-flags.png 256w, https:\/\/integratek.es\/wp-content\/uploads\/2018\/02\/maps-and-flags-247x256.png 247w, https:\/\/integratek.es\/wp-content\/uploads\/2018\/02\/maps-and-flags-100x100.png 100w, https:\/\/integratek.es\/wp-content\/uploads\/2018\/02\/maps-and-flags-180x180.png 180w\" sizes=\"auto, (max-width: 40px) 100vw, 40px\" \/>Localitzaci\u00f3 del curs<br \/> <\/span><\/h2>\n<p><span style=\"font-size: 115%;\"><strong>Col\u00b7legi La Salle Meravelles<br \/><\/strong><\/span> Carrer Guadalquivir, 9<br \/> 28002. Madrid <\/p>\n<\/div>\n<\/div>\n<\/div>\n\n\t<script type=\"text\/javascript\">\n  jQuery( document ).ready(function() {\n    function initialize() {\n        var styles = {\n            'flatsome':  [{\n            \"featureType\": \"administrative\",\n            \"stylers\": [\n              { \"visibility\": \"on\" }\n            ]\n          },\n          {\n            \"featureType\": \"road\",\n            \"stylers\": [\n              { \"visibility\": \"on\" },\n              { \"hue\": \"#8a6c58\" }\n            ]\n          },\n          {\n            \"stylers\": [\n\t\t\t  { \"visibility\": \"on\" },\n\t\t\t  { \"hue\": \"#8a6c58\" },\n\t\t\t  { \"saturation\": -58 }\n            ]\n          }\n        ]};\n\n        var myLatlng = new google.maps.LatLng(40.446798, -3.689403);\n        var myOptions = {\n            zoom: 17,\n            center: myLatlng,\n            mapTypeId: google.maps.MapTypeId.ROADMAP,\n            disableDefaultUI: true,\n            mapTypeId: 'flatsome',\n            draggable: true,\n            zoomControl: true,\n            zoomControlOptions: {\n              position: google.maps.ControlPosition.TOP_LEFT\n            },\n      \t\t\tmapTypeControl: true,\n            mapTypeControlOptions: {\n              position: google.maps.ControlPosition.TOP_LEFT\n            },\n      \t\t\tstreetViewControl: true,\n            streetViewControlOptions: {\n              position: google.maps.ControlPosition.TOP_LEFT\n            },\n            scrollwheel: false,\n            disableDoubleClickZoom: true\n        }\n        var map = new google.maps.Map(document.getElementById(\"map-2115288306-inner\"), myOptions);\n        var styledMapType = new google.maps.StyledMapType(styles['flatsome'], {name: 'flatsome'});\n        map.mapTypes.set('flatsome', styledMapType);\n\n        var marker = new google.maps.Marker({\n            position: myLatlng,\n            map: map,\n            title:\"\"\n        });\n    }\n\n    \/\/ Required to proceed\n    if (!(typeof google === 'object' && typeof google.maps === 'object')) {\n      return\n    }\n\n    initialize()\n    google.maps.event.addDomListener(window, 'resize', initialize);\n    });\n    <\/script>\n\n    <div class=\"google-map relative mb\" id=\"map-2115288306\">\n        <div class=\"map-height\" id=\"map-2115288306-inner\"><\/div>\n        <div id=\"map_overlay_top\"><\/div>\n        <div id=\"map_overlay_bottom\"><\/div>\n         \n       \n<style>\n#map-2115288306 .map-inner {\n  background-color: #fff;\n  max-width: 100%;\n}\n#map-2115288306 .map-height {\n  height: 400px;\n}\n@media (min-width:550px) {\n  #map-2115288306 .map-inner {\n    max-width: 40%;\n  }\n}\n@media (min-width:850px) {\n  #map-2115288306 .map-inner {\n    max-width: 30%;\n  }\n}\n<\/style>\n    <\/div>\n\n\t\n\t\t<\/div>\n\t\t\t\t\t<\/div>\n\n\t\n<\/div>\n<div class=\"row\"  id=\"row-589041502\">\n\n\t<div id=\"col-179092521\" class=\"col medium-3 small-6 large-3\"  >\n\t\t\t\t<div class=\"col-inner\"  >\n\t\t\t\n\t\t\t\n\n\t\t<div class=\"icon-box featured-box icon-box-center text-center\"  >\n\t\t\t\t\t<div class=\"icon-box-img\" style=\"width: 60px\">\n\t\t\t\t<div class=\"icon\">\n\t\t\t\t\t<div class=\"icon-inner\" >\n\t\t\t\t\t\t<img loading=\"lazy\" decoding=\"async\" width=\"256\" height=\"256\" src=\"https:\/\/integratek.es\/wp-content\/uploads\/2018\/02\/multiple-users-silhouette.png\" class=\"attachment-medium size-medium\" alt=\"\" srcset=\"https:\/\/integratek.es\/wp-content\/uploads\/2018\/02\/multiple-users-silhouette.png 256w, https:\/\/integratek.es\/wp-content\/uploads\/2018\/02\/multiple-users-silhouette-100x100.png 100w, https:\/\/integratek.es\/wp-content\/uploads\/2018\/02\/multiple-users-silhouette-180x180.png 180w\" sizes=\"auto, (max-width: 256px) 100vw, 256px\" \/>\t\t\t\t\t<\/div>\n\t\t\t\t<\/div>\n\t\t\t<\/div>\n\t\t\t\t<div class=\"icon-box-text last-reset\">\n\t\t\t<h5 class=\"uppercase\">A qui s&#039;adre\u00e7a?<\/h5>\t\t\t\t\t\t\n<p style=\"text-align: left;\">Mestres i professors, pedagogs i psicopedagogs, psic\u00f2legs, logopedes i orientadors amb inter\u00e8s en el tema. Fam\u00edlies i particulars interessats en leducaci\u00f3. <\/p>\n\t\t<\/div>\n\t<\/div>\n\t\n\t\n\t\t<\/div>\n\t\t\t\t\t<\/div>\n\n\t\n\n\t<div id=\"col-2126869359\" class=\"col medium-3 small-6 large-3\"  >\n\t\t\t\t<div class=\"col-inner\"  >\n\t\t\t\n\t\t\t\n\n\t\t<div class=\"icon-box featured-box icon-box-center text-center\"  >\n\t\t\t\t\t<div class=\"icon-box-img\" style=\"width: 60px\">\n\t\t\t\t<div class=\"icon\">\n\t\t\t\t\t<div class=\"icon-inner\" >\n\t\t\t\t\t\t<img loading=\"lazy\" decoding=\"async\" width=\"256\" height=\"256\" src=\"https:\/\/integratek.es\/wp-content\/uploads\/2018\/02\/medal.png\" class=\"attachment-medium size-medium\" alt=\"\" srcset=\"https:\/\/integratek.es\/wp-content\/uploads\/2018\/02\/medal.png 256w, https:\/\/integratek.es\/wp-content\/uploads\/2018\/02\/medal-100x100.png 100w, https:\/\/integratek.es\/wp-content\/uploads\/2018\/02\/medal-180x180.png 180w\" sizes=\"auto, (max-width: 256px) 100vw, 256px\" \/>\t\t\t\t\t<\/div>\n\t\t\t\t<\/div>\n\t\t\t<\/div>\n\t\t\t\t<div class=\"icon-box-text last-reset\">\n\t\t\t<h5 class=\"uppercase\">LLIURAMENT CERTIFICAT<\/h5>\t\t\t\t\t\t\n<p style=\"text-align: left;\">La setmana seg\u00fcent despr\u00e9s de finalitzar el curs es lliurar\u00e0 per correu electr\u00f2nic el certificat oficial de la formaci\u00f3.<\/p>\n\t\t<\/div>\n\t<\/div>\n\t\n\t\n\t\t<\/div>\n\t\t\t\t\t<\/div>\n\n\t\n\n\t<div id=\"col-180987204\" class=\"col medium-3 small-6 large-3\"  >\n\t\t\t\t<div class=\"col-inner\"  >\n\t\t\t\n\t\t\t\n\n\t\t<div class=\"icon-box featured-box icon-box-center text-center\"  >\n\t\t\t\t\t<div class=\"icon-box-img\" style=\"width: 60px\">\n\t\t\t\t<div class=\"icon\">\n\t\t\t\t\t<div class=\"icon-inner\" >\n\t\t\t\t\t\t<img loading=\"lazy\" decoding=\"async\" width=\"256\" height=\"256\" src=\"https:\/\/integratek.es\/wp-content\/uploads\/2018\/02\/question-mark.png\" class=\"attachment-medium size-medium\" alt=\"\" srcset=\"https:\/\/integratek.es\/wp-content\/uploads\/2018\/02\/question-mark.png 256w, https:\/\/integratek.es\/wp-content\/uploads\/2018\/02\/question-mark-100x100.png 100w, https:\/\/integratek.es\/wp-content\/uploads\/2018\/02\/question-mark-180x180.png 180w\" sizes=\"auto, (max-width: 256px) 100vw, 256px\" \/>\t\t\t\t\t<\/div>\n\t\t\t\t<\/div>\n\t\t\t<\/div>\n\t\t\t\t<div class=\"icon-box-text last-reset\">\n\t\t\t<h5 class=\"uppercase\">Preguntes Freq\u00fcents<\/h5>\t\t\t\t\t\t\n<p style=\"text-align: left;\">A qui s&#8217;adre\u00e7a el curs? Quan m&#8217;he d&#8217;inscriure? On es fa el curs? Doneu certificat d&#8217;assist\u00e8ncia?&#8230; <a href=\"\/?page_id=33977\" target=\"_blank\" rel=\"noopener\">Consulta totes les preguntes freq\u00fcents<\/a> .<\/p>\n\t\t<\/div>\n\t<\/div>\n\t\n\t\n\t\t<\/div>\n\t\t\t\t\t<\/div>\n\n\t\n\n\t<div id=\"col-1928247082\" class=\"col medium-3 small-6 large-3\"  >\n\t\t\t\t<div class=\"col-inner\"  >\n\t\t\t\n\t\t\t\n\n\t\t<div class=\"icon-box featured-box icon-box-center text-center\"  >\n\t\t\t\t\t<div class=\"icon-box-img\" style=\"width: 60px\">\n\t\t\t\t<div class=\"icon\">\n\t\t\t\t\t<div class=\"icon-inner\" >\n\t\t\t\t\t\t<img loading=\"lazy\" decoding=\"async\" width=\"256\" height=\"256\" src=\"https:\/\/integratek.es\/wp-content\/uploads\/2018\/02\/download.png\" class=\"attachment-medium size-medium\" alt=\"\" srcset=\"https:\/\/integratek.es\/wp-content\/uploads\/2018\/02\/download.png 256w, https:\/\/integratek.es\/wp-content\/uploads\/2018\/02\/download-100x100.png 100w, https:\/\/integratek.es\/wp-content\/uploads\/2018\/02\/download-180x180.png 180w\" sizes=\"auto, (max-width: 256px) 100vw, 256px\" \/>\t\t\t\t\t<\/div>\n\t\t\t\t<\/div>\n\t\t\t<\/div>\n\t\t\t\t<div class=\"icon-box-text last-reset\">\n\t\t\t<h5 class=\"uppercase\">DESCARREGA&#039;T EL PROGRAMA<\/h5>\t\t\t\t\t\t\n<p style=\"text-align: left;\">Fes clic <a href=\"https:\/\/drive.google.com\/uc?export=download&amp;id=1hOTB1e853uwb2PGpQQvdOecXfpHHY2Ec\" target=\"_blank\" rel=\"noopener\">aqu\u00ed<\/a> per descarregar-te i imprimir-te el programa del curs. Llegeix sempre que vulguis els objectius i els continguts de la formaci\u00f3. <\/p>\n\t\t<\/div>\n\t<\/div>\n\t\n\t\n\t\t<\/div>\n\t\t\t\t\t<\/div>\n\n\t\n<\/div>\n\n\t<section class=\"section contacta-con-nosotros\" id=\"section_2026830168\">\n\t\t<div class=\"section-bg fill\" >\n\t\t\t\t\t\t\t\t\t<div class=\"section-bg-overlay absolute fill\"><\/div>\n\t\t\t\n\t<div class=\"is-border\"\n\t\tstyle=\"border-width:0px 0 0px 0px;margin:0px 0 0px 0px;\">\n\t<\/div>\n\n\t\t<\/div>\n\n\t\t\n\n\t\t<div class=\"section-content relative\">\n\t\t\t\n<div class=\"row row-large align-middle\"  id=\"row-1318415182\">\n\n\t<div id=\"col-2088233560\" class=\"col medium-9 small-12 large-9\"  >\n\t\t\t\t<div class=\"col-inner\"  >\n\t\t\t\n\t\t\t\n<h2><span style=\"color: #ff8300; font-size: 115%;\"><img loading=\"lazy\" decoding=\"async\" class=\"wp-image-40633 alignnone\" src=\"https:\/\/integratek.es\/wp-content\/uploads\/2018\/02\/call-center-service-for-information.png\" alt=\"\" width=\"40\" height=\"40\" srcset=\"https:\/\/integratek.es\/wp-content\/uploads\/2018\/02\/call-center-service-for-information.png 256w, https:\/\/integratek.es\/wp-content\/uploads\/2018\/02\/call-center-service-for-information-247x256.png 247w, https:\/\/integratek.es\/wp-content\/uploads\/2018\/02\/call-center-service-for-information-100x100.png 100w, https:\/\/integratek.es\/wp-content\/uploads\/2018\/02\/call-center-service-for-information-180x180.png 180w\" sizes=\"auto, (max-width: 40px) 100vw, 40px\" \/>  Tens dubtes? Contacta amb nosaltres! <\/span><\/h2>\n<p>Recorda que pots contactar amb nosaltres trucant al 93.210.70.24, escrivint a cursos@integratek.es o emplenant el nostre formulari. <\/p>\n\t\t<\/div>\n\t\t\t\t\t<\/div>\n\n\t\n\n\t<div id=\"col-505745444\" class=\"col medium-3 small-12 large-3\"  >\n\t\t\t\t<div class=\"col-inner text-left\"  >\n\t\t\t\n\t\t\t\n<a href=\"\/contact\/\" target=\"_blank\" class=\"button primary is-outline\" rel=\"noopener\" style=\"border-radius:10px;\">\n\t\t<span>Contacta ara!<\/span>\n\t<\/a>\n\n\t\t<\/div>\n\t\t\t\t\t<\/div>\n\n\t\n<\/div>\n\t\t<\/div>\n\n\t\t\n<style>\n#section_2026830168 {\n  padding-top: 43px;\n  padding-bottom: 43px;\n  min-height: 0px;\n  background-color: rgb(193, 193, 193);\n}\n#section_2026830168 .section-bg-overlay {\n  background-color: rgba(255, 255, 255, 0.85);\n}\n<\/style>\n\t<\/section>\n\t\n","protected":false},"excerpt":{"rendered":"","protected":false},"author":1,"featured_media":0,"parent":0,"menu_order":0,"comment_status":"closed","ping_status":"closed","template":"","meta":{"_acf_changed":false,"productId":0,"footnotes":""},"class_list":["post-203133","page","type-page","status-publish","hentry"],"acf":[],"_links":{"self":[{"href":"https:\/\/integratek.es\/ca\/wp-json\/wp\/v2\/pages\/203133","targetHints":{"allow":["GET"]}}],"collection":[{"href":"https:\/\/integratek.es\/ca\/wp-json\/wp\/v2\/pages"}],"about":[{"href":"https:\/\/integratek.es\/ca\/wp-json\/wp\/v2\/types\/page"}],"author":[{"embeddable":true,"href":"https:\/\/integratek.es\/ca\/wp-json\/wp\/v2\/users\/1"}],"replies":[{"embeddable":true,"href":"https:\/\/integratek.es\/ca\/wp-json\/wp\/v2\/comments?post=203133"}],"version-history":[{"count":3,"href":"https:\/\/integratek.es\/ca\/wp-json\/wp\/v2\/pages\/203133\/revisions"}],"predecessor-version":[{"id":203136,"href":"https:\/\/integratek.es\/ca\/wp-json\/wp\/v2\/pages\/203133\/revisions\/203136"}],"wp:attachment":[{"href":"https:\/\/integratek.es\/ca\/wp-json\/wp\/v2\/media?parent=203133"}],"curies":[{"name":"wp","href":"https:\/\/api.w.org\/{rel}","templated":true}]}}