{"id":203083,"date":"2025-07-08T13:20:57","date_gmt":"2025-07-08T11:20:57","guid":{"rendered":"https:\/\/integratek.es\/?page_id=203083"},"modified":"2026-04-24T11:28:26","modified_gmt":"2026-04-24T09:28:26","slug":"calendari-de-novetats","status":"publish","type":"page","link":"https:\/\/integratek.es\/ca\/calendari-de-novetats\/","title":{"rendered":"Calendari de novetats"},"content":{"rendered":"\n\n\t<section class=\"section\" id=\"section_192648992\">\n\t\t<div class=\"section-bg fill\" >\n\t\t\t\t\t\t\t\t\t\n\t\t\t\n\n\t\t<\/div>\n\n\t\t\n\n\t\t<div class=\"section-content relative\">\n\t\t\t\n\n<div class=\"row row-collapse row-full-width\"  id=\"row-622897199\">\n\n\n\t<div id=\"col-1671112249\" class=\"col small-12 large-12\"  >\n\t\t\t\t<div class=\"col-inner\"  >\n\t\t\t\n\t\t\t\n\n\t<div id=\"text-2023223316\" class=\"text\">\n\t\t\n\n<h1><b>Calendari de novetats<\/b><\/h1>\n\t\t\n<style>\n#text-2023223316 {\n  font-size: 1.3rem;\n  text-align: left;\n  color: rgb(0, 0, 0);\n}\n#text-2023223316 > * {\n  color: rgb(0, 0, 0);\n}\n<\/style>\n\t<\/div>\n\t\n\t<div id=\"gap-1083480268\" class=\"gap-element clearfix\" style=\"display:block; height:auto;\">\n\t\t\n<style>\n#gap-1083480268 {\n  padding-top: 15px;\n}\n<\/style>\n\t<\/div>\n\t\n\n\t<div id=\"text-522149475\" class=\"text\">\n\t\t\n\n<p>Descobreix totes les novetats educatives que tenim preparades per a tu. Consulta el nostre calendari i no et perdis cap formaci\u00f3, cap recurs ni esdeveniment. <\/p>\n\t\t\n<style>\n#text-522149475 {\n  text-align: left;\n  color: rgb(0, 0, 0);\n}\n#text-522149475 > * {\n  color: rgb(0, 0, 0);\n}\n<\/style>\n\t<\/div>\n\t\n\t<div class=\"img has-hover show-for-small x md-x lg-x y md-y lg-y\" id=\"image_2067509973\">\n\t\t\t\t\t\t\t\t<div class=\"img-inner dark\" >\n\t\t\t<img loading=\"lazy\" decoding=\"async\" width=\"800\" height=\"800\" src=\"https:\/\/integratek.es\/wp-content\/uploads\/2025\/03\/PRIMAVERA15_mobile-CAT-800x800-1.jpg\" class=\"attachment-large size-large\" alt=\"\" srcset=\"https:\/\/integratek.es\/wp-content\/uploads\/2025\/03\/PRIMAVERA15_mobile-CAT-800x800-1.jpg 800w, https:\/\/integratek.es\/wp-content\/uploads\/2025\/03\/PRIMAVERA15_mobile-CAT-400x400-1.jpg 400w, https:\/\/integratek.es\/wp-content\/uploads\/2025\/03\/PRIMAVERA15_mobile-CAT-280x280-1.jpg 280w, https:\/\/integratek.es\/wp-content\/uploads\/2025\/03\/PRIMAVERA15_mobile-CAT-768x768-1.jpg 768w, https:\/\/integratek.es\/wp-content\/uploads\/2025\/03\/PRIMAVERA15_mobile-CAT-510x510-1.jpg 510w, https:\/\/integratek.es\/wp-content\/uploads\/2025\/03\/PRIMAVERA15_mobile-CAT-100x100-1.jpg 100w, https:\/\/integratek.es\/wp-content\/uploads\/2025\/03\/PRIMAVERA15_mobile-CAT.jpg 1080w\" sizes=\"auto, (max-width: 800px) 100vw, 800px\" \/>\t\t\t\t\t\t\n\t\t\t\t\t<\/div>\n\t\t\t\t\t\t\t\t\n<style>\n#image_2067509973 {\n  width: 100%;\n}\n<\/style>\n\t<\/div>\n\t\n\n\n\t\t<\/div>\n\t\t\t\t\n<style>\n#col-1671112249 > .col-inner {\n  padding: 0px 0px 0px 0px;\n  margin: 0px 0px 0px 0px;\n}\n<\/style>\n\t<\/div>\n\n\t\n\n\n<style>\n#row-622897199 > .col > .col-inner {\n  padding: 0px 15px 0px 15px;\n}\n@media (min-width:550px) {\n  #row-622897199 > .col > .col-inner {\n    padding: 0px 30px 0px 30px;\n  }\n}\n<\/style>\n<\/div>\n\n\t\t<\/div>\n\n\t\t\n<style>\n#section_192648992 {\n  padding-top: 30px;\n  padding-bottom: 30px;\n}\n<\/style>\n\t<\/section>\n\t\n\n\t<section class=\"section main-grid-cursos section-grid-cursos section-grid-cursos-cat section-grid-cursos-novedades\" id=\"section_1953681309\">\n\t\t<div class=\"section-bg fill\" >\n\t\t\t\t\t\t\t\t\t\n\t\t\t\n\n\t\t<\/div>\n\n\t\t\n\n\t\t<div class=\"section-content relative\">\n\t\t\t\n\n<div class=\"row section-grid-cursos-filtros\"  id=\"row-1613493907\">\n\n\n\t<div id=\"col-2032554080\" class=\"col filtros-cursos-mobile-opener small-12 large-12\"  >\n\t\t\t\t<div class=\"col-inner\"  >\n\t\t\t\n\t\t\t\n\n\n\n<div class=\"icon-filtros-wrap\">\n<div class=\"icon-filtros\">\n<span class=\"top\"><\/span>\n<span class=\"mid\"><\/span>\n<span class=\"bot\"><\/span>\n<\/div>\n<\/div>\n\n\t<div id=\"text-4104951963\" class=\"text filtros-cursos-mobile-toggle\">\n\t\t\n\n<p>Filtrar cursos<\/p>\n\t\t\t<\/div>\n\t\n\n\t\t<\/div>\n\t\t\t\t\t<\/div>\n\n\t\n\n\t<div id=\"col-158280242\" class=\"col filtros-cursos-wrap small-12 large-12\"  >\n\t\t\t\t<div class=\"col-inner\"  >\n\t\t\t\n\t\t\t\n\n\n\n<div class=\"filtros-titulo-mobile\">\n<p>Filtrar cursos<\/p>\n<span class=\"icon-close\"><\/span>\n<\/div>\n\n\t<div id=\"text-1185157400\" class=\"text filtros-cursos-all\">\n\t\t\n\n<ul>\n<li>Totes les novetats<\/li>\n<\/ul>\n<\/ul>\n\t\t\t<\/div>\n\t\n\t<div id=\"text-2711162592\" class=\"text filtros-cursos-categorias filtros-cursos-list\">\n\t\t\n\n<h3>Cercador<\/h3>\n<p><input type=\"search\" id=\"buscadorCursos\" name=\"buscador-cursos\" class=\"buscador-cursos\" placeholder=\"Buscar novedad...\"><\/p>\n\t\t\t<\/div>\n\t\n\t<div id=\"text-4121154290\" class=\"text filtros-cursos-fecha filtros-cursos-list\">\n\t\t\n\n<h3>NOVETATS<\/h3>\n<ul>\n<li>Aquest mes<\/li>\n<li>Properament<\/li>\n<li>\u00daltim mes<\/li>\n<\/ul>\n\t\t\t<\/div>\n\t\n\t<div id=\"text-3631950794\" class=\"text filtros-cursos-formato filtros-cursos-list\">\n\t\t\n\n<h3>Tipus de formaci\u00f3<\/h3>\n<ul>\n<li>Formaci\u00f3 online<\/li>\n<li>Webinars<\/li>\n<li>Classes formatives<\/li>\n<li>Articles o guies<\/li>\n<li>Recursos descarregables<\/li>\n<li>Esdeveniments<\/li>\n<\/ul>\n\t\t\t<\/div>\n\t\n<div class=\"row mobile-filters-btns\"  id=\"row-232131759\">\n\n\n\t<div id=\"col-1290021101\" class=\"col mobile-filters-btns-wrap small-12 large-12\"  >\n\t\t\t\t<div class=\"col-inner\"  >\n\t\t\t\n\t\t\t\n\n\t<div id=\"text-3425253569\" class=\"text reset-filters\">\n\t\t\n\n<p>Reiniciar filtres<\/p>\n\t\t\t<\/div>\n\t\n\t<div id=\"text-3646751029\" class=\"text apply-filters\">\n\t\t\n\n<p>Aplicar filtres<\/p>\n\t\t\t<\/div>\n\t\n\n\t\t<\/div>\n\t\t\t\t\t<\/div>\n\n\t\n\n<\/div>\n\n\t\t<\/div>\n\t\t\t\t\t<\/div>\n\n\t\n\n<\/div>\n<div class=\"row section-grid-cursos-no-results\"  id=\"row-1045230026\">\n\n\n\t<div id=\"col-275783733\" class=\"col medium-4 small-12 large-4\"  >\n\t\t\t\t<div class=\"col-inner\"  >\n\t\t\t\n\t\t\t\n\n\n\n<div id=\"it-datalayer-filtro\" data-filtro=\"filter-formato-webinars\"><\/div>\n    <div class=\"curso-has-filter\"\n        data-product-id=\"\"\n        data-filter-cat=\"\"\n        data-filter-formato=\"filter-formato-webinars\"\n        data-filter-duracion=\"\"\n        data-filter-titulacion=\"\"\n        data-filter-homologacion=\"\" \n        data-filter-bonificable=\"\" \n        data-filter-academy=\"\" \n        data-filter-modalidad=\"\"\n        data-filter-nivel=\"\"\n        data-filter-perfil=\"\"\n        data-filter-idioma=\"\"\n        data-filter-fecha=\"06\/11\/2025\"\n    ><\/div>\n\n\n\t\t<\/div>\n\t\t\t\t\t<\/div>\n\n\t\n\n\t<div id=\"col-179536750\" class=\"col small-12 large-12\"  >\n\t\t\t\t<div class=\"col-inner\"  >\n\t\t\t\n\t\t\t\n\n\n\n<div id=\"it-datalayer-filtro\" data-filtro=\"filter-formato-classes-formatives\"><\/div>\n    <div class=\"curso-has-filter\"\n        data-product-id=\"\"\n        data-filter-cat=\"\"\n        data-filter-formato=\"filter-formato-classes-formatives\"\n        data-filter-duracion=\"\"\n        data-filter-titulacion=\"\"\n        data-filter-homologacion=\"\" \n        data-filter-bonificable=\"\" \n        data-filter-academy=\"\" \n        data-filter-modalidad=\"\"\n        data-filter-nivel=\"\"\n        data-filter-perfil=\"\"\n        data-filter-idioma=\"\"\n        data-filter-fecha=\"04\/12\/2025\"\n    ><\/div>\n\n\t<div id=\"text-3746948955\" class=\"text text\">\n\t\t\n\n<h4>Cerca sense resultats.<\/h4>\n<p>No hem trobat cap coincid\u00e8ncia. Prova modificant la cerca <\/p>\n\t\t\t<\/div>\n\t\n\n\t\t<\/div>\n\t\t\t\t\t<\/div>\n\n\t\n\n<\/div>\n<div class=\"row align-equal main-grid-cursos-wrap section-grid-cursos-wrap\"  id=\"row-1528865079\">\n\n\n\t<div id=\"col-102885949\" class=\"col medium-6 small-12 large-2\"  >\n\t\t\t\t<div class=\"col-inner\" style=\"background-color:rgba(255, 255, 255, 0);\" >\n\t\t\t\n\t\t\t\n\n\t<div id=\"text-3376451742\" class=\"text\">\n\t\t\n\n<h3>ABRIL<br \/>______________________________<\/h3>\n\t\t\n<style>\n#text-3376451742 {\n  color: rgb(0,0,0);\n}\n#text-3376451742 > * {\n  color: rgb(0,0,0);\n}\n<\/style>\n\t<\/div>\n\t\n\n\t\t<\/div>\n\t\t\t\t\t<\/div>\n\n\t\n\n\t<div id=\"col-1104126616\" class=\"col medium-6 small-12 large-2\"  >\n\t\t\t\t<div class=\"col-inner\" style=\"background-color:rgb(255, 255, 255);\" >\n\t\t\t\n\t\t\t\n\n\n\n<div id=\"it-datalayer-filtro\" data-filtro=\"filter-formato-classes-formatives\"><\/div>\n    <div class=\"curso-has-filter\"\n        data-product-id=\"\"\n        data-filter-cat=\"\"\n        data-filter-formato=\"filter-formato-classes-formatives\"\n        data-filter-duracion=\"\"\n        data-filter-titulacion=\"\"\n        data-filter-homologacion=\"\" \n        data-filter-bonificable=\"\" \n        data-filter-academy=\"\" \n        data-filter-modalidad=\"\"\n        data-filter-nivel=\"\"\n        data-filter-perfil=\"\"\n        data-filter-idioma=\"\"\n        data-filter-fecha=\"09\/04\/2026\"\n    ><\/div>\n\n\t<div class=\"box has-hover   has-hover box-text-bottom\" >\n\n\t\t<div class=\"box-image\" >\n\t\t\t<a href=\"https:\/\/integratek.es\/plus\/cursos\/estrategias-para-reducir-la-impulsividad-y-mejorar-la-autorregulacion\" target=\"_blank\" rel=\"noopener\" >\t\t\t<div class=\"image-cover\" style=\"padding-top:63%;\">\n\t\t\t\t<img loading=\"lazy\" decoding=\"async\" width=\"1920\" height=\"1080\" src=\"https:\/\/integratek.es\/wp-content\/uploads\/2026\/03\/estrategies-per-reduir.jpg\" class=\"attachment- size-\" alt=\"\" srcset=\"https:\/\/integratek.es\/wp-content\/uploads\/2026\/03\/estrategies-per-reduir.jpg 1920w, https:\/\/integratek.es\/wp-content\/uploads\/2026\/03\/estrategies-per-reduir-711x400.png 711w, https:\/\/integratek.es\/wp-content\/uploads\/2026\/03\/estrategies-per-reduir-1400x788.png 1400w, https:\/\/integratek.es\/wp-content\/uploads\/2026\/03\/estrategies-per-reduir-768x432.png 768w, https:\/\/integratek.es\/wp-content\/uploads\/2026\/03\/estrategies-per-reduir-1536x864.png 1536w, https:\/\/integratek.es\/wp-content\/uploads\/2026\/03\/estrategies-per-reduir-510x287-1.jpg 510w\" sizes=\"auto, (max-width: 1920px) 100vw, 1920px\" \/>\t\t\t\t\t\t\t\t\t\t\t<\/div>\n\t\t\t<\/a>\t\t<\/div>\n\n\t\t<div class=\"box-text text-left\" >\n\t\t\t<div class=\"box-text-inner\">\n\t\t\t\t\n\n<div class=\"row archive-row-wrap\"  id=\"row-1718900230\">\n\n\n\t<div id=\"col-298049703\" class=\"col archive-col-content medium-9 small-12 large-9\"  >\n\t\t\t\t<div class=\"col-inner\"  >\n\t\t\t\n\t\t\t\n\n\t<div id=\"text-313976204\" class=\"text\">\n\t\t\n\n<h3 class=\"thin-font\"><a href=\"https:\/\/integratek.es\/plus\/cursos\/estrategias-para-reducir-la-impulsividad-y-mejorar-la-autorregulacion\"><b><font size=\"4\">Classe | Estrat\u00e8gies per reduir la impulsivitat i millorar l\u2019autoregulaci\u00f3 (TEA i TDAH)<br \/><\/font><\/b><\/a><\/h3>\n\t\t\n<style>\n#text-313976204 {\n  font-size: 0.75rem;\n}\n<\/style>\n\t<\/div>\n\t\n\t<div id=\"gap-1736275814\" class=\"gap-element clearfix\" style=\"display:block; height:auto;\">\n\t\t\n<style>\n#gap-1736275814 {\n  padding-top: 11px;\n}\n<\/style>\n\t<\/div>\n\t\n\n\t<div id=\"text-3437670748\" class=\"text\">\n\t\t\n\n<p><font size=\"2\"><span style=\"font-weight: 400;\">Aquesta formaci\u00f3 ofereix un marc clar i pr\u00e0ctic per a comprendre la impulsivitat i desenvolupar l&#8217;autoregulaci\u00f3 en nens i adolescents des d&#8217;una perspectiva neuroeducativa.<\/span><\/font><\/p>\n\t\t\n<style>\n#text-3437670748 {\n  font-size: 0.75rem;\n  line-height: 1.25;\n  text-align: left;\n  color: rgb(129, 129, 129);\n}\n#text-3437670748 > * {\n  color: rgb(129, 129, 129);\n}\n<\/style>\n\t<\/div>\n\t\n\t<div id=\"gap-982407756\" class=\"gap-element clearfix\" style=\"display:block; height:auto;\">\n\t\t\n<style>\n#gap-982407756 {\n  padding-top: 25px;\n}\n<\/style>\n\t<\/div>\n\t\n\n<div class=\"row archive-meta\"  id=\"row-1489868356\">\n\n\n\t<div id=\"col-320463991\" class=\"col archive-meta-wrap medium-6 small-12 large-6\"  >\n\t\t\t\t<div class=\"col-inner\"  >\n\t\t\t\n\t\t\t\n\n\t<div id=\"text-1638635322\" class=\"text duracion\">\n\t\t\n\n<p><font size=\"4\">9 d&#8217;abril de 2026<\/font><\/p>\n\t\t\n<style>\n#text-1638635322 {\n  font-size: 4rem;\n  text-align: left;\n  color: rgb(0,0,0);\n}\n#text-1638635322 > * {\n  color: rgb(0,0,0);\n}\n@media (min-width:550px) {\n  #text-1638635322 {\n    font-size: 4rem;\n    text-align: center;\n  }\n}\n<\/style>\n\t<\/div>\n\t\n\n\t\t<\/div>\n\t\t\t\t\t<\/div>\n\n\t\n\n<\/div>\n\n\t\t<\/div>\n\t\t\t\t\n<style>\n#col-298049703 > .col-inner {\n  padding: 0px 0px 0px 0px;\n}\n<\/style>\n\t<\/div>\n\n\t\n\n\t<div id=\"col-2039989741\" class=\"col archive-col-content medium-3 small-12 large-3\"  >\n\t\t\t\t<div class=\"col-inner\"  >\n\t\t\t\n\t\t\t\n\n<div class=\"row archive-meta\"  id=\"row-1926144419\">\n\n\n\t<div id=\"col-270231371\" class=\"col archive-meta-wrap small-12 large-12\"  >\n\t\t\t\t<div class=\"col-inner\"  >\n\t\t\t\n\t\t\t\n\n<a href=\"https:\/\/integratek.es\/plus\/cursos\/estrategias-para-reducir-la-impulsividad-y-mejorar-la-autorregulacion\" target=\"_blank\" class=\"button primary is-shade box-shadow-1 box-shadow-1-hover expand\" rel=\"noopener\" >\n\t\t<span>veure classe<\/span>\n\t<\/a>\n\n\n\n\t\t<\/div>\n\t\t\t\t\t<\/div>\n\n\t\n\n<\/div>\n\n\t\t<\/div>\n\t\t\t\t\n<style>\n#col-2039989741 > .col-inner {\n  padding: 0px 0px 0px 0px;\n  margin: 15px 0px 0px 0px;\n}\n<\/style>\n\t<\/div>\n\n\t\n\n<\/div>\n\n\t\t\t<\/div>\n\t\t<\/div>\n\t<\/div>\n\t\n\n\t\t<\/div>\n\t\t\t\t\t<\/div>\n\n\t\n\n\t<div id=\"col-954552009\" class=\"col medium-6 small-12 large-2\"  >\n\t\t\t\t<div class=\"col-inner\" style=\"background-color:rgb(255, 255, 255);\" >\n\t\t\t\n\t\t\t\n\n\n\n<div id=\"it-datalayer-filtro\" data-filtro=\"filter-formato-webinars\"><\/div>\n    <div class=\"curso-has-filter\"\n        data-product-id=\"\"\n        data-filter-cat=\"\"\n        data-filter-formato=\"filter-formato-webinars\"\n        data-filter-duracion=\"\"\n        data-filter-titulacion=\"\"\n        data-filter-homologacion=\"\" \n        data-filter-bonificable=\"\" \n        data-filter-academy=\"\" \n        data-filter-modalidad=\"\"\n        data-filter-nivel=\"\"\n        data-filter-perfil=\"\"\n        data-filter-idioma=\"\"\n        data-filter-fecha=\"16\/04\/2026\"\n    ><\/div>\n\n\t<div class=\"box has-hover   has-hover box-text-bottom\" >\n\n\t\t<div class=\"box-image\" >\n\t\t\t<a href=\"https:\/\/integratek.es\/plus\/webinars\/gamificar-para-motivar-estrategias-y-recursos-para-transformar\" target=\"_blank\" rel=\"noopener\" >\t\t\t<div class=\"image-cover\" style=\"padding-top:63%;\">\n\t\t\t\t<img loading=\"lazy\" decoding=\"async\" width=\"1300\" height=\"731\" src=\"https:\/\/integratek.es\/wp-content\/uploads\/2026\/03\/260416_WEB_GAMMOT__-Banner-web-1300.jpg\" class=\"attachment- size-\" alt=\"\" srcset=\"https:\/\/integratek.es\/wp-content\/uploads\/2026\/03\/260416_WEB_GAMMOT__-Banner-web-1300.jpg 1300w, https:\/\/integratek.es\/wp-content\/uploads\/2026\/03\/260416_WEB_GAMMOT__-Banner-web-1300-711x400-1.jpg 711w, https:\/\/integratek.es\/wp-content\/uploads\/2026\/03\/260416_WEB_GAMMOT__-Banner-web-1300-768x432-1.jpg 768w, https:\/\/integratek.es\/wp-content\/uploads\/2026\/03\/260416_WEB_GAMMOT__-Banner-web-1300-510x287-1.jpg 510w\" sizes=\"auto, (max-width: 1300px) 100vw, 1300px\" \/>\t\t\t\t\t\t\t\t\t\t\t<\/div>\n\t\t\t<\/a>\t\t<\/div>\n\n\t\t<div class=\"box-text text-left\" >\n\t\t\t<div class=\"box-text-inner\">\n\t\t\t\t\n\n<div class=\"row archive-row-wrap\"  id=\"row-29721963\">\n\n\n\t<div id=\"col-1530816848\" class=\"col archive-col-content medium-9 small-12 large-9\"  >\n\t\t\t\t<div class=\"col-inner\"  >\n\t\t\t\n\t\t\t\n\n\t<div id=\"text-3792144066\" class=\"text\">\n\t\t\n\n<h3 class=\"thin-font\"><a href=\"https:\/\/integratek.es\/plus\/webinars\/gamificar-para-motivar-estrategias-y-recursos-para-transformar\"><b><font size=\"4\">Webinar gratu\u00eft | Gamificar per motivar: estrat\u00e8gies i recursos per transformar<\/font><\/b><\/a><\/h3>\n\t\t\n<style>\n#text-3792144066 {\n  font-size: 0.75rem;\n}\n<\/style>\n\t<\/div>\n\t\n\t<div id=\"gap-166838187\" class=\"gap-element clearfix\" style=\"display:block; height:auto;\">\n\t\t\n<style>\n#gap-166838187 {\n  padding-top: 11px;\n}\n<\/style>\n\t<\/div>\n\t\n\n\t<div id=\"text-296867489\" class=\"text\">\n\t\t\n\n<p><font size=\"2\">La gamificaci\u00f3 s&#8217;ha convertit en una potent estrat\u00e8gia pedag\u00f2gica per a transformar la manera en qu\u00e8 els alumnes aprenen i participen. En aquest seminari web descobrirem qu\u00e8 \u00e9s i qu\u00e8 no \u00e9s la gamificaci\u00f3, i com es diferencia d&#8217;altres metodologies com l&#8217;aprenentatge basat en jocs.<\/font><\/p>\n\t\t\n<style>\n#text-296867489 {\n  font-size: 0.75rem;\n  line-height: 1.25;\n  text-align: left;\n  color: rgb(129, 129, 129);\n}\n#text-296867489 > * {\n  color: rgb(129, 129, 129);\n}\n<\/style>\n\t<\/div>\n\t\n\t<div id=\"gap-205199490\" class=\"gap-element clearfix\" style=\"display:block; height:auto;\">\n\t\t\n<style>\n#gap-205199490 {\n  padding-top: 25px;\n}\n<\/style>\n\t<\/div>\n\t\n\n<div class=\"row archive-meta\"  id=\"row-1036357303\">\n\n\n\t<div id=\"col-1443381694\" class=\"col archive-meta-wrap medium-6 small-12 large-6\"  >\n\t\t\t\t<div class=\"col-inner\"  >\n\t\t\t\n\t\t\t\n\n\t<div id=\"text-3881099774\" class=\"text duracion\">\n\t\t\n\n<p><font size=\"4\">16 d&#8217;abril de 2026<\/font><\/p>\n\t\t\n<style>\n#text-3881099774 {\n  font-size: 4rem;\n  text-align: left;\n  color: rgb(0,0,0);\n}\n#text-3881099774 > * {\n  color: rgb(0,0,0);\n}\n@media (min-width:550px) {\n  #text-3881099774 {\n    font-size: 4rem;\n    text-align: center;\n  }\n}\n<\/style>\n\t<\/div>\n\t\n\n\t\t<\/div>\n\t\t\t\t\t<\/div>\n\n\t\n\n<\/div>\n\n\t\t<\/div>\n\t\t\t\t\n<style>\n#col-1530816848 > .col-inner {\n  padding: 0px 0px 0px 0px;\n}\n<\/style>\n\t<\/div>\n\n\t\n\n\t<div id=\"col-779837727\" class=\"col archive-col-content medium-3 small-12 large-3\"  >\n\t\t\t\t<div class=\"col-inner\"  >\n\t\t\t\n\t\t\t\n\n<div class=\"row archive-meta\"  id=\"row-645773574\">\n\n\n\t<div id=\"col-38748279\" class=\"col archive-meta-wrap small-12 large-12\"  >\n\t\t\t\t<div class=\"col-inner\"  >\n\t\t\t\n\t\t\t\n\n<a href=\"https:\/\/integratek.es\/plus\/webinars\/gamificar-para-motivar-estrategias-y-recursos-para-transformar\" class=\"button primary is-shade box-shadow-1 box-shadow-1-hover expand\" >\n\t\t<span>APUNTAR-ME<\/span>\n\t<\/a>\n\n\n\n\t\t<\/div>\n\t\t\t\t\t<\/div>\n\n\t\n\n<\/div>\n\n\t\t<\/div>\n\t\t\t\t\n<style>\n#col-779837727 > .col-inner {\n  padding: 0px 0px 0px 0px;\n  margin: 15px 0px 0px 0px;\n}\n<\/style>\n\t<\/div>\n\n\t\n\n<\/div>\n\n\t\t\t<\/div>\n\t\t<\/div>\n\t<\/div>\n\t\n\n\t\t<\/div>\n\t\t\t\t\t<\/div>\n\n\t\n\n\t<div id=\"col-431731700\" class=\"col medium-6 small-12 large-2\"  >\n\t\t\t\t<div class=\"col-inner\" style=\"background-color:rgb(255, 255, 255);\" >\n\t\t\t\n\t\t\t\n\n\n\n<div id=\"it-datalayer-filtro\" data-filtro=\"filter-formato-recursos-descarregables\"><\/div>\n    <div class=\"curso-has-filter\"\n        data-product-id=\"\"\n        data-filter-cat=\"\"\n        data-filter-formato=\"filter-formato-recursos-descarregables\"\n        data-filter-duracion=\"\"\n        data-filter-titulacion=\"\"\n        data-filter-homologacion=\"\" \n        data-filter-bonificable=\"\" \n        data-filter-academy=\"\" \n        data-filter-modalidad=\"\"\n        data-filter-nivel=\"\"\n        data-filter-perfil=\"\"\n        data-filter-idioma=\"\"\n        data-filter-fecha=\"20\/04\/2026\"\n    ><\/div>\n\n\t<div class=\"box has-hover   has-hover box-text-bottom\" >\n\n\t\t<div class=\"box-image\" >\n\t\t\t<a href=\"https:\/\/integratek.es\/plus\/recursos\/el-dia-del-libro-lectura-y-creacion\" >\t\t\t<div class=\"image-cover\" style=\"padding-top:63%;\">\n\t\t\t\t<img loading=\"lazy\" decoding=\"async\" width=\"1300\" height=\"730\" src=\"https:\/\/integratek.es\/wp-content\/uploads\/2026\/03\/dia-llibre.jpg\" class=\"attachment- size-\" alt=\"\" srcset=\"https:\/\/integratek.es\/wp-content\/uploads\/2026\/03\/dia-llibre.jpg 1300w, https:\/\/integratek.es\/wp-content\/uploads\/2026\/03\/dia-llibre-712x400-1.jpg 712w, https:\/\/integratek.es\/wp-content\/uploads\/2026\/03\/dia-llibre-768x431-1.jpg 768w, https:\/\/integratek.es\/wp-content\/uploads\/2026\/03\/dia-llibre-510x286-1.jpg 510w\" sizes=\"auto, (max-width: 1300px) 100vw, 1300px\" \/>\t\t\t\t\t\t\t\t\t\t\t<\/div>\n\t\t\t<\/a>\t\t<\/div>\n\n\t\t<div class=\"box-text text-left\" >\n\t\t\t<div class=\"box-text-inner\">\n\t\t\t\t\n\n<div class=\"row archive-row-wrap\"  id=\"row-706582161\">\n\n\n\t<div id=\"col-1618647985\" class=\"col archive-col-content medium-9 small-12 large-9\"  >\n\t\t\t\t<div class=\"col-inner\"  >\n\t\t\t\n\t\t\t\n\n\t<div id=\"text-2405165156\" class=\"text\">\n\t\t\n\n<h3 class=\"thin-font\"><a href=\"https:\/\/integratek.es\/plus\/recursos\/el-dia-del-libro-lectura-y-creacion\"><b><font size=\"4\">Pack de recursos | Llibres: els grans aliats<br \/><\/font><\/b><\/a><\/h3>\n\t\t\n<style>\n#text-2405165156 {\n  font-size: 0.75rem;\n}\n<\/style>\n\t<\/div>\n\t\n\t<div id=\"gap-1366999094\" class=\"gap-element clearfix\" style=\"display:block; height:auto;\">\n\t\t\n<style>\n#gap-1366999094 {\n  padding-top: 11px;\n}\n<\/style>\n\t<\/div>\n\t\n\n\t<div id=\"text-3917831525\" class=\"text\">\n\t\t\n\n<p><font size=\"2\"><span style=\"font-weight: 400;\"><span data-sheets-root=\"1\">Per a celebrar el dia del llibre us compartim uns recursos per a divertir-nos mentre aprenem.<\/p>\n<p>Trobareu exercicis per a potenciar i millorar la creativitat, comprensi\u00f3 lectora i escrita. Donem la import\u00e0ncia que tenen els llibres i aquests mons meravellosos on els nens\/as poden cr\u00e9ixer.<\/span><\/span><\/font><\/p>\n\t\t\n<style>\n#text-3917831525 {\n  font-size: 0.75rem;\n  line-height: 1.25;\n  text-align: left;\n  color: rgb(129, 129, 129);\n}\n#text-3917831525 > * {\n  color: rgb(129, 129, 129);\n}\n<\/style>\n\t<\/div>\n\t\n\t<div id=\"gap-1789192040\" class=\"gap-element clearfix\" style=\"display:block; height:auto;\">\n\t\t\n<style>\n#gap-1789192040 {\n  padding-top: 25px;\n}\n<\/style>\n\t<\/div>\n\t\n\n<div class=\"row archive-meta\"  id=\"row-1167858724\">\n\n\n\t<div id=\"col-2043155110\" class=\"col archive-meta-wrap medium-6 small-12 large-6\"  >\n\t\t\t\t<div class=\"col-inner\"  >\n\t\t\t\n\t\t\t\n\n\t<div id=\"text-911122958\" class=\"text duracion\">\n\t\t\n\n<p><font size=\"4\">20 d&#8217;abril de 2026<\/font><\/p>\n\t\t\n<style>\n#text-911122958 {\n  font-size: 4rem;\n  text-align: left;\n  color: rgb(0,0,0);\n}\n#text-911122958 > * {\n  color: rgb(0,0,0);\n}\n@media (min-width:550px) {\n  #text-911122958 {\n    font-size: 4rem;\n    text-align: center;\n  }\n}\n<\/style>\n\t<\/div>\n\t\n\n\t\t<\/div>\n\t\t\t\t\t<\/div>\n\n\t\n\n<\/div>\n\n\t\t<\/div>\n\t\t\t\t\n<style>\n#col-1618647985 > .col-inner {\n  padding: 0px 0px 0px 0px;\n}\n<\/style>\n\t<\/div>\n\n\t\n\n\t<div id=\"col-1867135976\" class=\"col archive-col-content medium-3 small-12 large-3\"  >\n\t\t\t\t<div class=\"col-inner\"  >\n\t\t\t\n\t\t\t\n\n<div class=\"row archive-meta\"  id=\"row-1963193059\">\n\n\n\t<div id=\"col-1186844667\" class=\"col archive-meta-wrap small-12 large-12\"  >\n\t\t\t\t<div class=\"col-inner\"  >\n\t\t\t\n\t\t\t\n\n<a href=\"https:\/\/integratek.es\/plus\/recursos\/el-dia-del-libro-lectura-y-creacion\" class=\"button primary is-shade box-shadow-1 box-shadow-1-hover expand\" >\n\t\t<span>Descarregar<\/span>\n\t<\/a>\n\n\n\n\t\t<\/div>\n\t\t\t\t\t<\/div>\n\n\t\n\n<\/div>\n\n\t\t<\/div>\n\t\t\t\t\n<style>\n#col-1867135976 > .col-inner {\n  padding: 0px 0px 0px 0px;\n  margin: 15px 0px 0px 0px;\n}\n<\/style>\n\t<\/div>\n\n\t\n\n<\/div>\n\n\t\t\t<\/div>\n\t\t<\/div>\n\t<\/div>\n\t\n\n\t\t<\/div>\n\t\t\t\t\t<\/div>\n\n\t\n\n\t<div id=\"col-152411737\" class=\"col medium-6 small-12 large-2\"  >\n\t\t\t\t<div class=\"col-inner\" style=\"background-color:rgb(255, 255, 255);\" >\n\t\t\t\n\t\t\t\n\n\n\n<div id=\"it-datalayer-filtro\" data-filtro=\"filter-formato-recursos-descarregables\"><\/div>\n    <div class=\"curso-has-filter\"\n        data-product-id=\"\"\n        data-filter-cat=\"\"\n        data-filter-formato=\"filter-formato-recursos-descarregables\"\n        data-filter-duracion=\"\"\n        data-filter-titulacion=\"\"\n        data-filter-homologacion=\"\" \n        data-filter-bonificable=\"\" \n        data-filter-academy=\"\" \n        data-filter-modalidad=\"\"\n        data-filter-nivel=\"\"\n        data-filter-perfil=\"\"\n        data-filter-idioma=\"\"\n        data-filter-fecha=\"24\/04\/2026\"\n    ><\/div>\n\n\t<div class=\"box has-hover   has-hover box-text-bottom\" >\n\n\t\t<div class=\"box-image\" >\n\t\t\t<a href=\"https:\/\/integratek.es\/plus\/recursos\/\" >\t\t\t<div class=\"image-cover\" style=\"padding-top:63%;\">\n\t\t\t\t<img loading=\"lazy\" decoding=\"async\" width=\"1300\" height=\"730\" src=\"https:\/\/integratek.es\/wp-content\/uploads\/2025\/10\/5-recursos-cat.jpg\" class=\"attachment- size-\" alt=\"\" srcset=\"https:\/\/integratek.es\/wp-content\/uploads\/2025\/10\/5-recursos-cat.jpg 1300w, https:\/\/integratek.es\/wp-content\/uploads\/2025\/10\/5-recursos-cat-712x400-1.jpg 712w, https:\/\/integratek.es\/wp-content\/uploads\/2025\/10\/5-recursos-cat-768x431-1.jpg 768w, https:\/\/integratek.es\/wp-content\/uploads\/2025\/10\/5-recursos-cat-510x286-1.jpg 510w\" sizes=\"auto, (max-width: 1300px) 100vw, 1300px\" \/>\t\t\t\t\t\t\t\t\t\t\t<\/div>\n\t\t\t<\/a>\t\t<\/div>\n\n\t\t<div class=\"box-text text-left\" >\n\t\t\t<div class=\"box-text-inner\">\n\t\t\t\t\n\n<div class=\"row archive-row-wrap\"  id=\"row-49256153\">\n\n\n\t<div id=\"col-1056365622\" class=\"col archive-col-content medium-9 small-12 large-9\"  >\n\t\t\t\t<div class=\"col-inner\"  >\n\t\t\t\n\t\t\t\n\n\t<div id=\"text-3280251276\" class=\"text\">\n\t\t\n\n<h3 class=\"thin-font\"><a href=\"https:\/\/integratek.es\/plus\/recursos\/\"><b><font size=\"4\">Recursos descarregables gratu\u00efts<\/font><\/b><\/a><\/h3>\n\t\t\n<style>\n#text-3280251276 {\n  font-size: 0.75rem;\n}\n<\/style>\n\t<\/div>\n\t\n\t<div id=\"gap-1063839142\" class=\"gap-element clearfix\" style=\"display:block; height:auto;\">\n\t\t\n<style>\n#gap-1063839142 {\n  padding-top: 11px;\n}\n<\/style>\n\t<\/div>\n\t\n\n\t<div id=\"text-2399466289\" class=\"text\">\n\t\t\n\n<p><font size=\"2\"><span style=\"font-weight: 400;\"><span data-sheets-root=\"1\">Aquests recursos ofereixen propostes variades per a estimular diferents \u00e0rees del desenvolupament infantil: des de l&#8217;atenci\u00f3 i la concepci\u00f3 espacial, fins al llenguatge en castell\u00e0 i catal\u00e0, la creativitat i la regulaci\u00f3 emocional. Cada activitat est\u00e0 pensada per a entrenar habilitats de manera l\u00fadica, pr\u00e0ctica i significativa.<\/span><\/span><\/font><\/p>\n\t\t\n<style>\n#text-2399466289 {\n  font-size: 0.75rem;\n  line-height: 1.25;\n  text-align: left;\n  color: rgb(129, 129, 129);\n}\n#text-2399466289 > * {\n  color: rgb(129, 129, 129);\n}\n<\/style>\n\t<\/div>\n\t\n\t<div id=\"gap-1229802191\" class=\"gap-element clearfix\" style=\"display:block; height:auto;\">\n\t\t\n<style>\n#gap-1229802191 {\n  padding-top: 25px;\n}\n<\/style>\n\t<\/div>\n\t\n\n<div class=\"row archive-meta\"  id=\"row-262906754\">\n\n\n\t<div id=\"col-963971752\" class=\"col archive-meta-wrap medium-6 small-12 large-6\"  >\n\t\t\t\t<div class=\"col-inner\"  >\n\t\t\t\n\t\t\t\n\n\t<div id=\"text-3170862396\" class=\"text duracion\">\n\t\t\n\n<p><font size=\"4\">24 d&#8217;abril de 2026<\/font><\/p>\n\t\t\n<style>\n#text-3170862396 {\n  font-size: 4rem;\n  text-align: left;\n  color: rgb(0,0,0);\n}\n#text-3170862396 > * {\n  color: rgb(0,0,0);\n}\n@media (min-width:550px) {\n  #text-3170862396 {\n    font-size: 4rem;\n    text-align: center;\n  }\n}\n<\/style>\n\t<\/div>\n\t\n\n\t\t<\/div>\n\t\t\t\t\t<\/div>\n\n\t\n\n<\/div>\n\n\t\t<\/div>\n\t\t\t\t\n<style>\n#col-1056365622 > .col-inner {\n  padding: 0px 0px 0px 0px;\n}\n<\/style>\n\t<\/div>\n\n\t\n\n\t<div id=\"col-569280287\" class=\"col archive-col-content medium-3 small-12 large-3\"  >\n\t\t\t\t<div class=\"col-inner\"  >\n\t\t\t\n\t\t\t\n\n<div class=\"row archive-meta\"  id=\"row-903057684\">\n\n\n\t<div id=\"col-1823408374\" class=\"col archive-meta-wrap small-12 large-12\"  >\n\t\t\t\t<div class=\"col-inner\"  >\n\t\t\t\n\t\t\t\n\n<a href=\"https:\/\/integratek.es\/plus\/recursos\/\" class=\"button primary is-shade box-shadow-1 box-shadow-1-hover expand\" >\n\t\t<span>descarregar<\/span>\n\t<\/a>\n\n\n\n\t\t<\/div>\n\t\t\t\t\t<\/div>\n\n\t\n\n<\/div>\n\n\t\t<\/div>\n\t\t\t\t\n<style>\n#col-569280287 > .col-inner {\n  padding: 0px 0px 0px 0px;\n  margin: 15px 0px 0px 0px;\n}\n<\/style>\n\t<\/div>\n\n\t\n\n<\/div>\n\n\t\t\t<\/div>\n\t\t<\/div>\n\t<\/div>\n\t\n\n\t\t<\/div>\n\t\t\t\t\t<\/div>\n\n\t\n\n\t<div id=\"col-684972739\" class=\"col medium-6 small-12 large-2\"  >\n\t\t\t\t<div class=\"col-inner\" style=\"background-color:rgb(255, 255, 255);\" >\n\t\t\t\n\t\t\t\n\n\n\n<div id=\"it-datalayer-filtro\" data-filtro=\"filter-formato-webinars\"><\/div>\n    <div class=\"curso-has-filter\"\n        data-product-id=\"\"\n        data-filter-cat=\"\"\n        data-filter-formato=\"filter-formato-webinars\"\n        data-filter-duracion=\"\"\n        data-filter-titulacion=\"\"\n        data-filter-homologacion=\"\" \n        data-filter-bonificable=\"\" \n        data-filter-academy=\"\" \n        data-filter-modalidad=\"\"\n        data-filter-nivel=\"\"\n        data-filter-perfil=\"\"\n        data-filter-idioma=\"\"\n        data-filter-fecha=\"30\/04\/2026\"\n    ><\/div>\n\n\t<div class=\"box has-hover   has-hover box-text-bottom\" >\n\n\t\t<div class=\"box-image\" >\n\t\t\t<a href=\"https:\/\/integratek.es\/plus\/webinars\/lo-que-no-se-ve-en-el-aula-prevencion-del-suicidio-autolesiones-y-tca\" target=\"_blank\" rel=\"noopener\" >\t\t\t<div class=\"image-cover\" style=\"padding-top:63%;\">\n\t\t\t\t<img loading=\"lazy\" decoding=\"async\" width=\"1920\" height=\"1080\" src=\"https:\/\/integratek.es\/wp-content\/uploads\/2026\/03\/260430_WEB_PREIN__-Banner-web-1300.jpg\" class=\"attachment- size-\" alt=\"\" srcset=\"https:\/\/integratek.es\/wp-content\/uploads\/2026\/03\/260430_WEB_PREIN__-Banner-web-1300.jpg 1920w, https:\/\/integratek.es\/wp-content\/uploads\/2026\/03\/260430_WEB_PREIN__-Banner-web-1300-711x400-1.jpg 711w, https:\/\/integratek.es\/wp-content\/uploads\/2026\/03\/260430_WEB_PREIN__-Banner-web-1300-1400x788-1.jpg 1400w, https:\/\/integratek.es\/wp-content\/uploads\/2026\/03\/260430_WEB_PREIN__-Banner-web-1300-768x432-1.jpg 768w, https:\/\/integratek.es\/wp-content\/uploads\/2026\/03\/260430_WEB_PREIN__-Banner-web-1300-1536x864-1.jpg 1536w, https:\/\/integratek.es\/wp-content\/uploads\/2026\/03\/260430_WEB_PREIN__-Banner-web-1300-510x287-1.jpg 510w\" sizes=\"auto, (max-width: 1920px) 100vw, 1920px\" \/>\t\t\t\t\t\t\t\t\t\t\t<\/div>\n\t\t\t<\/a>\t\t<\/div>\n\n\t\t<div class=\"box-text text-left\" >\n\t\t\t<div class=\"box-text-inner\">\n\t\t\t\t\n\n<div class=\"row archive-row-wrap\"  id=\"row-1726981880\">\n\n\n\t<div id=\"col-1990112218\" class=\"col archive-col-content medium-9 small-12 large-9\"  >\n\t\t\t\t<div class=\"col-inner\"  >\n\t\t\t\n\t\t\t\n\n\t<div id=\"text-1724720675\" class=\"text\">\n\t\t\n\n<h3 class=\"thin-font\"><a href=\"https:\/\/integratek.es\/plus\/webinars\/lo-que-no-se-ve-en-el-aula-prevencion-del-suicidio-autolesiones-y-tca\"><b><font size=\"4\">Webinar gratu\u00eft | Prevenci\u00f3 i intervenci\u00f3 en ideaci\u00f3 su\u00efcida, autolessions i TCA<\/font><\/b><\/a><\/h3>\n\t\t\n<style>\n#text-1724720675 {\n  font-size: 0.75rem;\n}\n<\/style>\n\t<\/div>\n\t\n\t<div id=\"gap-981658822\" class=\"gap-element clearfix\" style=\"display:block; height:auto;\">\n\t\t\n<style>\n#gap-981658822 {\n  padding-top: 11px;\n}\n<\/style>\n\t<\/div>\n\t\n\n\t<div id=\"text-2611113908\" class=\"text\">\n\t\t\n\n<p><font size=\"2\">Este webinar est\u00e1 dirigido a todas las personas interesadas en comprender y abordar la salud mental en el entorno educativo desde una perspectiva preventiva, humana y realista. Se ofrece una mirada clara sobre c\u00f3mo detectar y acompa\u00f1ar se\u00f1ales tempranas de malestar emocional en ni\u00f1os, ni\u00f1as y adolescentes, especialmente relacionadas con los Trastornos de la Conducta Alimentaria (TCA), la conducta autolesiva y el riesgo suicida.<\/font><\/p>\n\t\t\n<style>\n#text-2611113908 {\n  font-size: 0.75rem;\n  line-height: 1.25;\n  text-align: left;\n  color: rgb(129, 129, 129);\n}\n#text-2611113908 > * {\n  color: rgb(129, 129, 129);\n}\n<\/style>\n\t<\/div>\n\t\n\t<div id=\"gap-279924285\" class=\"gap-element clearfix\" style=\"display:block; height:auto;\">\n\t\t\n<style>\n#gap-279924285 {\n  padding-top: 25px;\n}\n<\/style>\n\t<\/div>\n\t\n\n<div class=\"row archive-meta\"  id=\"row-18846162\">\n\n\n\t<div id=\"col-318861321\" class=\"col archive-meta-wrap medium-6 small-12 large-6\"  >\n\t\t\t\t<div class=\"col-inner\"  >\n\t\t\t\n\t\t\t\n\n\t<div id=\"text-2151967727\" class=\"text duracion\">\n\t\t\n\n<p><font size=\"4\">30 d&#8217;abril de 2026<\/font><\/p>\n\t\t\n<style>\n#text-2151967727 {\n  font-size: 4rem;\n  text-align: left;\n  color: rgb(0,0,0);\n}\n#text-2151967727 > * {\n  color: rgb(0,0,0);\n}\n@media (min-width:550px) {\n  #text-2151967727 {\n    font-size: 4rem;\n    text-align: center;\n  }\n}\n<\/style>\n\t<\/div>\n\t\n\n\t\t<\/div>\n\t\t\t\t\t<\/div>\n\n\t\n\n<\/div>\n\n\t\t<\/div>\n\t\t\t\t\n<style>\n#col-1990112218 > .col-inner {\n  padding: 0px 0px 0px 0px;\n}\n<\/style>\n\t<\/div>\n\n\t\n\n\t<div id=\"col-417469436\" class=\"col archive-col-content medium-3 small-12 large-3\"  >\n\t\t\t\t<div class=\"col-inner\"  >\n\t\t\t\n\t\t\t\n\n<div class=\"row archive-meta\"  id=\"row-855759913\">\n\n\n\t<div id=\"col-1352435673\" class=\"col archive-meta-wrap small-12 large-12\"  >\n\t\t\t\t<div class=\"col-inner\"  >\n\t\t\t\n\t\t\t\n\n<a href=\"https:\/\/integratek.es\/plus\/webinars\/lo-que-no-se-ve-en-el-aula-prevencion-del-suicidio-autolesiones-y-tca\" class=\"button primary is-shade box-shadow-1 box-shadow-1-hover expand\" >\n\t\t<span>APUNTAR-ME<\/span>\n\t<\/a>\n\n\n\n\t\t<\/div>\n\t\t\t\t\t<\/div>\n\n\t\n\n<\/div>\n\n\t\t<\/div>\n\t\t\t\t\n<style>\n#col-417469436 > .col-inner {\n  padding: 0px 0px 0px 0px;\n  margin: 15px 0px 0px 0px;\n}\n<\/style>\n\t<\/div>\n\n\t\n\n<\/div>\n\n\t\t\t<\/div>\n\t\t<\/div>\n\t<\/div>\n\t\n\n\t\t<\/div>\n\t\t\t\t\t<\/div>\n\n\t\n\n\t<div id=\"col-1887118628\" class=\"col medium-6 small-12 large-2\"  >\n\t\t\t\t<div class=\"col-inner\"  >\n\t\t\t\n\t\t\t\n\n\t<div id=\"text-818933707\" class=\"text\">\n\t\t\n\n<h3>MAIG<br \/>______________________________<\/h3>\n\t\t\n<style>\n#text-818933707 {\n  color: rgb(0,0,0);\n}\n#text-818933707 > * {\n  color: rgb(0,0,0);\n}\n<\/style>\n\t<\/div>\n\t\n\n\t\t<\/div>\n\t\t\t\t\t<\/div>\n\n\t\n\n\t<div id=\"col-2006951681\" class=\"col medium-6 small-12 large-2\"  >\n\t\t\t\t<div class=\"col-inner\" style=\"background-color:rgb(255, 255, 255);\" >\n\t\t\t\n\t\t\t\n\n\n\n<div id=\"it-datalayer-filtro\" data-filtro=\"filter-formato-classes-formatives\"><\/div>\n    <div class=\"curso-has-filter\"\n        data-product-id=\"\"\n        data-filter-cat=\"\"\n        data-filter-formato=\"filter-formato-classes-formatives\"\n        data-filter-duracion=\"\"\n        data-filter-titulacion=\"\"\n        data-filter-homologacion=\"\" \n        data-filter-bonificable=\"\" \n        data-filter-academy=\"\" \n        data-filter-modalidad=\"\"\n        data-filter-nivel=\"\"\n        data-filter-perfil=\"\"\n        data-filter-idioma=\"\"\n        data-filter-fecha=\"07\/05\/2026\"\n    ><\/div>\n\n\t<div class=\"box has-hover   has-hover box-text-bottom\" >\n\n\t\t<div class=\"box-image\" >\n\t\t\t<a href=\"https:\/\/integratek.es\/plus\/cursos\/tipo\/clases\" target=\"_blank\" rel=\"noopener\" >\t\t\t<div class=\"image-cover\" style=\"padding-top:63%;\">\n\t\t\t\t<img loading=\"lazy\" decoding=\"async\" width=\"1920\" height=\"1080\" src=\"https:\/\/integratek.es\/wp-content\/uploads\/2026\/04\/Banner-El-juego-y-el-aprendizaje-aprender-y-divertirnos-CAT.jpg\" class=\"attachment- size-\" alt=\"\" srcset=\"https:\/\/integratek.es\/wp-content\/uploads\/2026\/04\/Banner-El-juego-y-el-aprendizaje-aprender-y-divertirnos-CAT.jpg 1920w, https:\/\/integratek.es\/wp-content\/uploads\/2026\/04\/Banner-El-juego-y-el-aprendizaje-aprender-y-divertirnos-CAT-711x400-1.jpg 711w, https:\/\/integratek.es\/wp-content\/uploads\/2026\/04\/Banner-El-juego-y-el-aprendizaje-aprender-y-divertirnos-CAT-1400x788-1.jpg 1400w, https:\/\/integratek.es\/wp-content\/uploads\/2026\/04\/Banner-El-juego-y-el-aprendizaje-aprender-y-divertirnos-CAT-768x432-1.jpg 768w, https:\/\/integratek.es\/wp-content\/uploads\/2026\/04\/Banner-El-juego-y-el-aprendizaje-aprender-y-divertirnos-CAT-1536x864-1.jpg 1536w, https:\/\/integratek.es\/wp-content\/uploads\/2026\/04\/Banner-El-juego-y-el-aprendizaje-aprender-y-divertirnos-CAT-510x287-1.jpg 510w\" sizes=\"auto, (max-width: 1920px) 100vw, 1920px\" \/>\t\t\t\t\t\t\t\t\t\t\t<\/div>\n\t\t\t<\/a>\t\t<\/div>\n\n\t\t<div class=\"box-text text-left\" >\n\t\t\t<div class=\"box-text-inner\">\n\t\t\t\t\n\n<div class=\"row archive-row-wrap\"  id=\"row-897696974\">\n\n\n\t<div id=\"col-1583154153\" class=\"col archive-col-content medium-9 small-12 large-9\"  >\n\t\t\t\t<div class=\"col-inner\"  >\n\t\t\t\n\t\t\t\n\n\t<div id=\"text-1586783256\" class=\"text\">\n\t\t\n\n<h3 class=\"thin-font\"><a href=\"https:\/\/integratek.es\/plus\/cursos\/tipo\/clases\"><b><font size=\"4\">Classe | El joc i l&#8217;aprenentatge: exemples de jocs de sempre<\/font><\/b><\/a><\/h3>\n\t\t\n<style>\n#text-1586783256 {\n  font-size: 0.75rem;\n}\n<\/style>\n\t<\/div>\n\t\n\t<div id=\"gap-284428305\" class=\"gap-element clearfix\" style=\"display:block; height:auto;\">\n\t\t\n<style>\n#gap-284428305 {\n  padding-top: 11px;\n}\n<\/style>\n\t<\/div>\n\t\n\n\t<div id=\"text-3926502382\" class=\"text\">\n\t\t\n\n<p><font size=\"2\"><span style=\"font-weight: 400;\">En aquesta classe s&#8217;aprofundeix en el paper fonamental que els jocs tradicionals tenen en el desenvolupament de les funcions executives dels nens. Les funcions executives \u2014com la planificaci\u00f3, l&#8217;organitzaci\u00f3, l&#8217;atenci\u00f3, el control d&#8217;impulsos i la flexibilitat cognitiva\u2014 s\u00f3n essencials perqu\u00e8 l&#8217;aprenentatge acad\u00e8mic sigui efectiu.<\/span><\/font><\/p>\n\t\t\n<style>\n#text-3926502382 {\n  font-size: 0.75rem;\n  line-height: 1.25;\n  text-align: left;\n  color: rgb(129, 129, 129);\n}\n#text-3926502382 > * {\n  color: rgb(129, 129, 129);\n}\n<\/style>\n\t<\/div>\n\t\n\t<div id=\"gap-918361801\" class=\"gap-element clearfix\" style=\"display:block; height:auto;\">\n\t\t\n<style>\n#gap-918361801 {\n  padding-top: 25px;\n}\n<\/style>\n\t<\/div>\n\t\n\n<div class=\"row archive-meta\"  id=\"row-1812917223\">\n\n\n\t<div id=\"col-2137938616\" class=\"col archive-meta-wrap medium-6 small-12 large-6\"  >\n\t\t\t\t<div class=\"col-inner\"  >\n\t\t\t\n\t\t\t\n\n\t<div id=\"text-251250849\" class=\"text duracion\">\n\t\t\n\n<p><font size=\"4\">7 de maig de 2026<\/font><\/p>\n\t\t\n<style>\n#text-251250849 {\n  font-size: 4rem;\n  text-align: left;\n  color: rgb(0,0,0);\n}\n#text-251250849 > * {\n  color: rgb(0,0,0);\n}\n@media (min-width:550px) {\n  #text-251250849 {\n    font-size: 4rem;\n    text-align: center;\n  }\n}\n<\/style>\n\t<\/div>\n\t\n\n\t\t<\/div>\n\t\t\t\t\t<\/div>\n\n\t\n\n<\/div>\n\n\t\t<\/div>\n\t\t\t\t\n<style>\n#col-1583154153 > .col-inner {\n  padding: 0px 0px 0px 0px;\n}\n<\/style>\n\t<\/div>\n\n\t\n\n\t<div id=\"col-1366411919\" class=\"col archive-col-content medium-3 small-12 large-3\"  >\n\t\t\t\t<div class=\"col-inner\"  >\n\t\t\t\n\t\t\t\n\n<div class=\"row archive-meta\"  id=\"row-270794449\">\n\n\n\t<div id=\"col-1081568809\" class=\"col archive-meta-wrap small-12 large-12\"  >\n\t\t\t\t<div class=\"col-inner\"  >\n\t\t\t\n\t\t\t\n\n<a href=\"https:\/\/integratek.es\/plus\/cursos\/tipo\/clases\" target=\"_blank\" class=\"button white is-shade box-shadow-1 box-shadow-1-hover expand\" rel=\"noopener\" >\n\t\t<span>properament<\/span>\n\t<\/a>\n\n\n\n\t\t<\/div>\n\t\t\t\t\t<\/div>\n\n\t\n\n<\/div>\n\n\t\t<\/div>\n\t\t\t\t\n<style>\n#col-1366411919 > .col-inner {\n  padding: 0px 0px 0px 0px;\n  margin: 15px 0px 0px 0px;\n}\n<\/style>\n\t<\/div>\n\n\t\n\n<\/div>\n\n\t\t\t<\/div>\n\t\t<\/div>\n\t<\/div>\n\t\n\n\t\t<\/div>\n\t\t\t\t\t<\/div>\n\n\t\n\n\t<div id=\"col-615047272\" class=\"col medium-6 small-12 large-2\"  >\n\t\t\t\t<div class=\"col-inner\" style=\"background-color:rgb(255, 255, 255);\" >\n\t\t\t\n\t\t\t\n\n\n\n<div id=\"it-datalayer-filtro\" data-filtro=\"filter-formato-formacio-online\"><\/div>\n    <div class=\"curso-has-filter\"\n        data-product-id=\"\"\n        data-filter-cat=\"\"\n        data-filter-formato=\"filter-formato-formacio-online\"\n        data-filter-duracion=\"\"\n        data-filter-titulacion=\"\"\n        data-filter-homologacion=\"\" \n        data-filter-bonificable=\"\" \n        data-filter-academy=\"\" \n        data-filter-modalidad=\"\"\n        data-filter-nivel=\"\"\n        data-filter-perfil=\"\"\n        data-filter-idioma=\"\"\n        data-filter-fecha=\"08\/05\/2026\"\n    ><\/div>\n\n\t<div class=\"box has-hover   has-hover box-text-bottom\" >\n\n\t\t<div class=\"box-image\" >\n\t\t\t<a href=\"https:\/\/integratek.es\/ca\/botiga\/cursos-online-ca\/atencio-a-la-diversitat\/2a-edicio-avaluacio-de-lautisme-taller-practic-online-8-de-maig-de-2026\/\" >\t\t\t<div class=\"image-cover\" style=\"padding-top:63%;\">\n\t\t\t\t<img loading=\"lazy\" decoding=\"async\" width=\"1920\" height=\"1080\" src=\"https:\/\/integratek.es\/wp-content\/uploads\/2026\/03\/260508_AUTISMO_Banner-CAT.png\" class=\"attachment- size-\" alt=\"\" srcset=\"https:\/\/integratek.es\/wp-content\/uploads\/2026\/03\/260508_AUTISMO_Banner-CAT.png 1920w, https:\/\/integratek.es\/wp-content\/uploads\/2026\/03\/260508_AUTISMO_Banner-CAT-711x400.png 711w, https:\/\/integratek.es\/wp-content\/uploads\/2026\/03\/260508_AUTISMO_Banner-CAT-1400x788.png 1400w, https:\/\/integratek.es\/wp-content\/uploads\/2026\/03\/260508_AUTISMO_Banner-CAT-768x432.png 768w, https:\/\/integratek.es\/wp-content\/uploads\/2026\/03\/260508_AUTISMO_Banner-CAT-1536x864.png 1536w, https:\/\/integratek.es\/wp-content\/uploads\/2026\/03\/260508_AUTISMO_Banner-CAT-510x287.png 510w\" sizes=\"auto, (max-width: 1920px) 100vw, 1920px\" \/>\t\t\t\t\t\t\t\t\t\t\t<\/div>\n\t\t\t<\/a>\t\t<\/div>\n\n\t\t<div class=\"box-text text-left\" >\n\t\t\t<div class=\"box-text-inner\">\n\t\t\t\t\n\n<div class=\"row archive-row-wrap\"  id=\"row-98239617\">\n\n\n\t<div id=\"col-1724490668\" class=\"col archive-col-content medium-9 small-12 large-9\"  >\n\t\t\t\t<div class=\"col-inner\"  >\n\t\t\t\n\t\t\t\n\n\t<div id=\"text-468747648\" class=\"text\">\n\t\t\n\n<h3 class=\"thin-font\"><a href=\"https:\/\/integratek.es\/ca\/botiga\/cursos-online-ca\/atencio-a-la-diversitat\/2a-edicio-avaluacio-de-lautisme-taller-practic-online-8-de-maig-de-2026\/\"><b><font size=\"4\">Taller online | 2\u00aa Edici\u00f3 &#8211; Avaluaci\u00f3 de l\u2019autisme<\/font><\/b><\/a><\/h3>\n\t\t\n<style>\n#text-468747648 {\n  font-size: 0.75rem;\n}\n<\/style>\n\t<\/div>\n\t\n\t<div id=\"gap-1677753393\" class=\"gap-element clearfix\" style=\"display:block; height:auto;\">\n\t\t\n<style>\n#gap-1677753393 {\n  padding-top: 11px;\n}\n<\/style>\n\t<\/div>\n\t\n\n\t<div id=\"text-1897259649\" class=\"text\">\n\t\t\n\n<p><font size=\"2\">Aquest taller en l\u00ednia abordar\u00e0 els principals reptes i enfocaments pr\u00e0ctics en l&#8217;avaluaci\u00f3 integral de l&#8217;autisme, considerant la seva manifestaci\u00f3 en diferents contextos i etapes del desenvolupament, i explorant els instruments i dilemes cl\u00ednics m\u00e9s rellevants.<\/font><\/p>\n\t\t\n<style>\n#text-1897259649 {\n  font-size: 0.75rem;\n  line-height: 1.25;\n  text-align: left;\n  color: rgb(129, 129, 129);\n}\n#text-1897259649 > * {\n  color: rgb(129, 129, 129);\n}\n<\/style>\n\t<\/div>\n\t\n\t<div id=\"gap-626837514\" class=\"gap-element clearfix\" style=\"display:block; height:auto;\">\n\t\t\n<style>\n#gap-626837514 {\n  padding-top: 25px;\n}\n<\/style>\n\t<\/div>\n\t\n\n<div class=\"row archive-meta\"  id=\"row-1156628850\">\n\n\n\t<div id=\"col-1854167691\" class=\"col archive-meta-wrap medium-6 small-12 large-6\"  >\n\t\t\t\t<div class=\"col-inner\"  >\n\t\t\t\n\t\t\t\n\n\t<div id=\"text-1200787859\" class=\"text duracion\">\n\t\t\n\n<p><font size=\"4  \">8 de maig de 2026<\/font><\/p>\n\t\t\n<style>\n#text-1200787859 {\n  font-size: 4rem;\n  text-align: left;\n  color: rgb(0,0,0);\n}\n#text-1200787859 > * {\n  color: rgb(0,0,0);\n}\n@media (min-width:550px) {\n  #text-1200787859 {\n    font-size: 4rem;\n    text-align: center;\n  }\n}\n<\/style>\n\t<\/div>\n\t\n\n\t\t<\/div>\n\t\t\t\t\t<\/div>\n\n\t\n\n<\/div>\n\n\t\t<\/div>\n\t\t\t\t\n<style>\n#col-1724490668 > .col-inner {\n  padding: 0px 0px 0px 0px;\n}\n<\/style>\n\t<\/div>\n\n\t\n\n\t<div id=\"col-1769916987\" class=\"col archive-col-content medium-3 small-12 large-3\"  >\n\t\t\t\t<div class=\"col-inner\"  >\n\t\t\t\n\t\t\t\n\n<div class=\"row archive-meta\"  id=\"row-403950084\">\n\n\n\t<div id=\"col-1741068627\" class=\"col archive-meta-wrap small-12 large-12\"  >\n\t\t\t\t<div class=\"col-inner\"  >\n\t\t\t\n\t\t\t\n\n<a href=\"https:\/\/integratek.es\/ca\/botiga\/cursos-online-ca\/atencio-a-la-diversitat\/2a-edicio-avaluacio-de-lautisme-taller-practic-online-8-de-maig-de-2026\/\" class=\"button primary is-shade box-shadow-1 box-shadow-1-hover expand\" >\n\t\t<span>reservar pla\u00e7a<\/span>\n\t<\/a>\n\n\n\n\t\t<\/div>\n\t\t\t\t\t<\/div>\n\n\t\n\n<\/div>\n\n\t\t<\/div>\n\t\t\t\t\n<style>\n#col-1769916987 > .col-inner {\n  padding: 0px 0px 0px 0px;\n  margin: 15px 0px 0px 0px;\n}\n<\/style>\n\t<\/div>\n\n\t\n\n<\/div>\n\n\t\t\t<\/div>\n\t\t<\/div>\n\t<\/div>\n\t\n\n\t\t<\/div>\n\t\t\t\t\t<\/div>\n\n\t\n\n\t<div id=\"col-1401976432\" class=\"col medium-6 small-12 large-2\"  >\n\t\t\t\t<div class=\"col-inner\" style=\"background-color:rgb(255, 255, 255);\" >\n\t\t\t\n\t\t\t\n\n\n\n<div id=\"it-datalayer-filtro\" data-filtro=\"filter-formato-webinars\"><\/div>\n    <div class=\"curso-has-filter\"\n        data-product-id=\"\"\n        data-filter-cat=\"\"\n        data-filter-formato=\"filter-formato-webinars\"\n        data-filter-duracion=\"\"\n        data-filter-titulacion=\"\"\n        data-filter-homologacion=\"\" \n        data-filter-bonificable=\"\" \n        data-filter-academy=\"\" \n        data-filter-modalidad=\"\"\n        data-filter-nivel=\"\"\n        data-filter-perfil=\"\"\n        data-filter-idioma=\"\"\n        data-filter-fecha=\"14\/05\/2026\"\n    ><\/div>\n\n\t<div class=\"box has-hover   has-hover box-text-bottom\" >\n\n\t\t<div class=\"box-image\" >\n\t\t\t<a href=\"https:\/\/integratek.es\/plus\/webinars\/intervencion-en-dislexia-segun-las-fases-del-aprendizaje-lector\" target=\"_blank\" rel=\"noopener\" >\t\t\t<div class=\"image-cover\" style=\"padding-top:63%;\">\n\t\t\t\t<img loading=\"lazy\" decoding=\"async\" width=\"1920\" height=\"1080\" src=\"https:\/\/integratek.es\/wp-content\/uploads\/2026\/04\/260514_WEB_INDISLEC__-Banner-web-CAT.jpg\" class=\"attachment- size-\" alt=\"\" srcset=\"https:\/\/integratek.es\/wp-content\/uploads\/2026\/04\/260514_WEB_INDISLEC__-Banner-web-CAT.jpg 1920w, https:\/\/integratek.es\/wp-content\/uploads\/2026\/04\/260514_WEB_INDISLEC__-Banner-web-CAT-711x400-1.jpg 711w, https:\/\/integratek.es\/wp-content\/uploads\/2026\/04\/260514_WEB_INDISLEC__-Banner-web-CAT-1400x788-1.jpg 1400w, https:\/\/integratek.es\/wp-content\/uploads\/2026\/04\/260514_WEB_INDISLEC__-Banner-web-CAT-768x432-1.jpg 768w, https:\/\/integratek.es\/wp-content\/uploads\/2026\/04\/260514_WEB_INDISLEC__-Banner-web-CAT-1536x864-1.jpg 1536w, https:\/\/integratek.es\/wp-content\/uploads\/2026\/04\/260514_WEB_INDISLEC__-Banner-web-CAT-510x287-1.jpg 510w\" sizes=\"auto, (max-width: 1920px) 100vw, 1920px\" \/>\t\t\t\t\t\t\t\t\t\t\t<\/div>\n\t\t\t<\/a>\t\t<\/div>\n\n\t\t<div class=\"box-text text-left\" >\n\t\t\t<div class=\"box-text-inner\">\n\t\t\t\t\n\n<div class=\"row archive-row-wrap\"  id=\"row-1792121656\">\n\n\n\t<div id=\"col-657507728\" class=\"col archive-col-content medium-9 small-12 large-9\"  >\n\t\t\t\t<div class=\"col-inner\"  >\n\t\t\t\n\t\t\t\n\n\t<div id=\"text-583360908\" class=\"text\">\n\t\t\n\n<h3 class=\"thin-font\"><a href=\"https:\/\/integratek.es\/plus\/webinars\/intervencion-en-dislexia-segun-las-fases-del-aprendizaje-lector\"><b><font size=\"4\">Webinar gratu\u00eft | Intervenci\u00f3 en disl\u00e8xia segons les fases de l&#8217;aprenentatge lector<\/font><\/b><\/a><\/h3>\n\t\t\n<style>\n#text-583360908 {\n  font-size: 0.75rem;\n}\n<\/style>\n\t<\/div>\n\t\n\t<div id=\"gap-760697452\" class=\"gap-element clearfix\" style=\"display:block; height:auto;\">\n\t\t\n<style>\n#gap-760697452 {\n  padding-top: 11px;\n}\n<\/style>\n\t<\/div>\n\t\n\n\t<div id=\"text-3180083532\" class=\"text\">\n\t\t\n\n<p><font size=\"2\">Entendre la disl\u00e8xia va molt m\u00e9s all\u00e0 de recon\u00e8ixer la inversi\u00f3 de lletres o les dificultats de flu\u00efdesa; requereix comprendre com es construeix l&#8217;engranatge de l&#8217;aprenentatge lector en el cervell hum\u00e0.<\/font><\/p>\n\t\t\n<style>\n#text-3180083532 {\n  font-size: 0.75rem;\n  line-height: 1.25;\n  text-align: left;\n  color: rgb(129, 129, 129);\n}\n#text-3180083532 > * {\n  color: rgb(129, 129, 129);\n}\n<\/style>\n\t<\/div>\n\t\n\t<div id=\"gap-736721477\" class=\"gap-element clearfix\" style=\"display:block; height:auto;\">\n\t\t\n<style>\n#gap-736721477 {\n  padding-top: 25px;\n}\n<\/style>\n\t<\/div>\n\t\n\n<div class=\"row archive-meta\"  id=\"row-643306424\">\n\n\n\t<div id=\"col-28129795\" class=\"col archive-meta-wrap medium-6 small-12 large-6\"  >\n\t\t\t\t<div class=\"col-inner\"  >\n\t\t\t\n\t\t\t\n\n\t<div id=\"text-4077127613\" class=\"text duracion\">\n\t\t\n\n<p><font size=\"4\">14 de maig de 2026<\/font><\/p>\n\t\t\n<style>\n#text-4077127613 {\n  font-size: 4rem;\n  text-align: left;\n  color: rgb(0,0,0);\n}\n#text-4077127613 > * {\n  color: rgb(0,0,0);\n}\n@media (min-width:550px) {\n  #text-4077127613 {\n    font-size: 4rem;\n    text-align: center;\n  }\n}\n<\/style>\n\t<\/div>\n\t\n\n\t\t<\/div>\n\t\t\t\t\t<\/div>\n\n\t\n\n<\/div>\n\n\t\t<\/div>\n\t\t\t\t\n<style>\n#col-657507728 > .col-inner {\n  padding: 0px 0px 0px 0px;\n}\n<\/style>\n\t<\/div>\n\n\t\n\n\t<div id=\"col-1323588107\" class=\"col archive-col-content medium-3 small-12 large-3\"  >\n\t\t\t\t<div class=\"col-inner\"  >\n\t\t\t\n\t\t\t\n\n<div class=\"row archive-meta\"  id=\"row-1520226672\">\n\n\n\t<div id=\"col-1755878663\" class=\"col archive-meta-wrap small-12 large-12\"  >\n\t\t\t\t<div class=\"col-inner\"  >\n\t\t\t\n\t\t\t\n\n<a href=\"https:\/\/integratek.es\/plus\/webinars\/intervencion-en-dislexia-segun-las-fases-del-aprendizaje-lector\" class=\"button primary is-shade box-shadow-1 box-shadow-1-hover expand\" >\n\t\t<span>APUNTAR-ME<\/span>\n\t<\/a>\n\n\n\n\t\t<\/div>\n\t\t\t\t\t<\/div>\n\n\t\n\n<\/div>\n\n\t\t<\/div>\n\t\t\t\t\n<style>\n#col-1323588107 > .col-inner {\n  padding: 0px 0px 0px 0px;\n  margin: 15px 0px 0px 0px;\n}\n<\/style>\n\t<\/div>\n\n\t\n\n<\/div>\n\n\t\t\t<\/div>\n\t\t<\/div>\n\t<\/div>\n\t\n\n\t\t<\/div>\n\t\t\t\t\t<\/div>\n\n\t\n\n\t<div id=\"col-1829364905\" class=\"col medium-6 small-12 large-2\"  >\n\t\t\t\t<div class=\"col-inner\" style=\"background-color:rgb(255, 255, 255);\" >\n\t\t\t\n\t\t\t\n\n\n\n<div id=\"it-datalayer-filtro\" data-filtro=\"filter-formato-recursos-descarregables\"><\/div>\n    <div class=\"curso-has-filter\"\n        data-product-id=\"\"\n        data-filter-cat=\"\"\n        data-filter-formato=\"filter-formato-recursos-descarregables\"\n        data-filter-duracion=\"\"\n        data-filter-titulacion=\"\"\n        data-filter-homologacion=\"\" \n        data-filter-bonificable=\"\" \n        data-filter-academy=\"\" \n        data-filter-modalidad=\"\"\n        data-filter-nivel=\"\"\n        data-filter-perfil=\"\"\n        data-filter-idioma=\"\"\n        data-filter-fecha=\"22\/05\/2026\"\n    ><\/div>\n\n\t<div class=\"box has-hover   has-hover box-text-bottom\" >\n\n\t\t<div class=\"box-image\" >\n\t\t\t<a href=\"https:\/\/integratek.es\/plus\/recursos\/\" >\t\t\t<div class=\"image-cover\" style=\"padding-top:63%;\">\n\t\t\t\t<img loading=\"lazy\" decoding=\"async\" width=\"1300\" height=\"730\" src=\"https:\/\/integratek.es\/wp-content\/uploads\/2025\/10\/5-recursos-cat.jpg\" class=\"attachment- size-\" alt=\"\" srcset=\"https:\/\/integratek.es\/wp-content\/uploads\/2025\/10\/5-recursos-cat.jpg 1300w, https:\/\/integratek.es\/wp-content\/uploads\/2025\/10\/5-recursos-cat-712x400-1.jpg 712w, https:\/\/integratek.es\/wp-content\/uploads\/2025\/10\/5-recursos-cat-768x431-1.jpg 768w, https:\/\/integratek.es\/wp-content\/uploads\/2025\/10\/5-recursos-cat-510x286-1.jpg 510w\" sizes=\"auto, (max-width: 1300px) 100vw, 1300px\" \/>\t\t\t\t\t\t\t\t\t\t\t<\/div>\n\t\t\t<\/a>\t\t<\/div>\n\n\t\t<div class=\"box-text text-left\" >\n\t\t\t<div class=\"box-text-inner\">\n\t\t\t\t\n\n<div class=\"row archive-row-wrap\"  id=\"row-1828738966\">\n\n\n\t<div id=\"col-268971896\" class=\"col archive-col-content medium-9 small-12 large-9\"  >\n\t\t\t\t<div class=\"col-inner\"  >\n\t\t\t\n\t\t\t\n\n\t<div id=\"text-3620592043\" class=\"text\">\n\t\t\n\n<h3 class=\"thin-font\"><a href=\"https:\/\/integratek.es\/plus\/recursos\/\"><b><font size=\"4\">Recursos descarregables gratu\u00efts<\/font><\/b><\/a><\/h3>\n\t\t\n<style>\n#text-3620592043 {\n  font-size: 0.75rem;\n}\n<\/style>\n\t<\/div>\n\t\n\t<div id=\"gap-2036853229\" class=\"gap-element clearfix\" style=\"display:block; height:auto;\">\n\t\t\n<style>\n#gap-2036853229 {\n  padding-top: 11px;\n}\n<\/style>\n\t<\/div>\n\t\n\n\t<div id=\"text-2650016203\" class=\"text\">\n\t\t\n\n<p><font size=\"2\"><span style=\"font-weight: 400;\"><span data-sheets-root=\"1\">Aquests recursos ofereixen propostes variades per a estimular diferents \u00e0rees del desenvolupament infantil: des de l&#8217;atenci\u00f3 i la concepci\u00f3 espacial, fins al llenguatge en castell\u00e0 i catal\u00e0, la creativitat i la regulaci\u00f3 emocional. Cada activitat est\u00e0 pensada per a entrenar habilitats de manera l\u00fadica, pr\u00e0ctica i significativa.<\/span><\/span><\/font><\/p>\n\t\t\n<style>\n#text-2650016203 {\n  font-size: 0.75rem;\n  line-height: 1.25;\n  text-align: left;\n  color: rgb(129, 129, 129);\n}\n#text-2650016203 > * {\n  color: rgb(129, 129, 129);\n}\n<\/style>\n\t<\/div>\n\t\n\t<div id=\"gap-263201462\" class=\"gap-element clearfix\" style=\"display:block; height:auto;\">\n\t\t\n<style>\n#gap-263201462 {\n  padding-top: 25px;\n}\n<\/style>\n\t<\/div>\n\t\n\n<div class=\"row archive-meta\"  id=\"row-60453706\">\n\n\n\t<div id=\"col-972307787\" class=\"col archive-meta-wrap medium-6 small-12 large-6\"  >\n\t\t\t\t<div class=\"col-inner\"  >\n\t\t\t\n\t\t\t\n\n\t<div id=\"text-181807174\" class=\"text duracion\">\n\t\t\n\n<p><font size=\"4\">22 de maig de 2026<\/font><\/p>\n\t\t\n<style>\n#text-181807174 {\n  font-size: 4rem;\n  text-align: left;\n  color: rgb(0,0,0);\n}\n#text-181807174 > * {\n  color: rgb(0,0,0);\n}\n@media (min-width:550px) {\n  #text-181807174 {\n    font-size: 4rem;\n    text-align: center;\n  }\n}\n<\/style>\n\t<\/div>\n\t\n\n\t\t<\/div>\n\t\t\t\t\t<\/div>\n\n\t\n\n<\/div>\n\n\t\t<\/div>\n\t\t\t\t\n<style>\n#col-268971896 > .col-inner {\n  padding: 0px 0px 0px 0px;\n}\n<\/style>\n\t<\/div>\n\n\t\n\n\t<div id=\"col-1172574502\" class=\"col archive-col-content medium-3 small-12 large-3\"  >\n\t\t\t\t<div class=\"col-inner\"  >\n\t\t\t\n\t\t\t\n\n<div class=\"row archive-meta\"  id=\"row-434226660\">\n\n\n\t<div id=\"col-1824135991\" class=\"col archive-meta-wrap small-12 large-12\"  >\n\t\t\t\t<div class=\"col-inner\"  >\n\t\t\t\n\t\t\t\n\n<a href=\"https:\/\/integratek.es\/plus\/recursos\/\" class=\"button white is-shade box-shadow-1 box-shadow-1-hover expand\" >\n\t\t<span>properament<\/span>\n\t<\/a>\n\n\n\n\t\t<\/div>\n\t\t\t\t\t<\/div>\n\n\t\n\n<\/div>\n\n\t\t<\/div>\n\t\t\t\t\n<style>\n#col-1172574502 > .col-inner {\n  padding: 0px 0px 0px 0px;\n  margin: 15px 0px 0px 0px;\n}\n<\/style>\n\t<\/div>\n\n\t\n\n<\/div>\n\n\t\t\t<\/div>\n\t\t<\/div>\n\t<\/div>\n\t\n\n\t\t<\/div>\n\t\t\t\t\t<\/div>\n\n\t\n\n\t<div id=\"col-1907269412\" class=\"col medium-6 small-12 large-2\"  >\n\t\t\t\t<div class=\"col-inner\" style=\"background-color:rgb(255, 255, 255);\" >\n\t\t\t\n\t\t\t\n\n\n\n<div id=\"it-datalayer-filtro\" data-filtro=\"filter-formato-recursos-descarregables\"><\/div>\n    <div class=\"curso-has-filter\"\n        data-product-id=\"\"\n        data-filter-cat=\"\"\n        data-filter-formato=\"filter-formato-recursos-descarregables\"\n        data-filter-duracion=\"\"\n        data-filter-titulacion=\"\"\n        data-filter-homologacion=\"\" \n        data-filter-bonificable=\"\" \n        data-filter-academy=\"\" \n        data-filter-modalidad=\"\"\n        data-filter-nivel=\"\"\n        data-filter-perfil=\"\"\n        data-filter-idioma=\"\"\n        data-filter-fecha=\"22\/05\/2026\"\n    ><\/div>\n\n\t<div class=\"box has-hover   has-hover box-text-bottom\" >\n\n\t\t<div class=\"box-image\" >\n\t\t\t<a href=\"https:\/\/integratek.es\/plus\/recursos\/\" >\t\t\t<div class=\"image-cover\" style=\"padding-top:63%;\">\n\t\t\t\t<img loading=\"lazy\" decoding=\"async\" width=\"1300\" height=\"730\" src=\"https:\/\/integratek.es\/wp-content\/uploads\/2026\/04\/aprendemos-jugando-CAT.jpg\" class=\"attachment- size-\" alt=\"\" srcset=\"https:\/\/integratek.es\/wp-content\/uploads\/2026\/04\/aprendemos-jugando-CAT.jpg 1300w, https:\/\/integratek.es\/wp-content\/uploads\/2026\/04\/aprendemos-jugando-CAT-712x400-1.jpg 712w, https:\/\/integratek.es\/wp-content\/uploads\/2026\/04\/aprendemos-jugando-CAT-768x431-1.jpg 768w, https:\/\/integratek.es\/wp-content\/uploads\/2026\/04\/aprendemos-jugando-CAT-510x286-1.jpg 510w\" sizes=\"auto, (max-width: 1300px) 100vw, 1300px\" \/>\t\t\t\t\t\t\t\t\t\t\t<\/div>\n\t\t\t<\/a>\t\t<\/div>\n\n\t\t<div class=\"box-text text-left\" >\n\t\t\t<div class=\"box-text-inner\">\n\t\t\t\t\n\n<div class=\"row archive-row-wrap\"  id=\"row-777618296\">\n\n\n\t<div id=\"col-443161031\" class=\"col archive-col-content medium-9 small-12 large-9\"  >\n\t\t\t\t<div class=\"col-inner\"  >\n\t\t\t\n\t\t\t\n\n\t<div id=\"text-4106256316\" class=\"text\">\n\t\t\n\n<h3 class=\"thin-font\"><a href=\"https:\/\/integratek.es\/plus\/recursos\/\"><b><font size=\"4\">Pack de recursos gratu\u00efts | Aprenem jugant<br \/><\/font><\/b><\/a><\/h3>\n\t\t\n<style>\n#text-4106256316 {\n  font-size: 0.75rem;\n}\n<\/style>\n\t<\/div>\n\t\n\t<div id=\"gap-1288382948\" class=\"gap-element clearfix\" style=\"display:block; height:auto;\">\n\t\t\n<style>\n#gap-1288382948 {\n  padding-top: 11px;\n}\n<\/style>\n\t<\/div>\n\t\n\n\t<div id=\"text-2648070362\" class=\"text\">\n\t\t\n\n<p><font size=\"2\"><span style=\"font-weight: 400;\"><span data-sheets-root=\"1\">Per a celebrar el dia del llibre us compartim uns recursos per a divertir-nos mentre aprenem.<\/p>\n<p>Trobareu exercicis per a potenciar i millorar la creativitat, comprensi\u00f3 lectora i escrita. Donem la import\u00e0ncia que tenen els llibres i aquests mons meravellosos on els nens\/as poden cr\u00e9ixer.<\/span><\/span><\/font><\/p>\n\t\t\n<style>\n#text-2648070362 {\n  font-size: 0.75rem;\n  line-height: 1.25;\n  text-align: left;\n  color: rgb(129, 129, 129);\n}\n#text-2648070362 > * {\n  color: rgb(129, 129, 129);\n}\n<\/style>\n\t<\/div>\n\t\n\t<div id=\"gap-1777652195\" class=\"gap-element clearfix\" style=\"display:block; height:auto;\">\n\t\t\n<style>\n#gap-1777652195 {\n  padding-top: 25px;\n}\n<\/style>\n\t<\/div>\n\t\n\n<div class=\"row archive-meta\"  id=\"row-182243509\">\n\n\n\t<div id=\"col-1213093494\" class=\"col archive-meta-wrap medium-6 small-12 large-6\"  >\n\t\t\t\t<div class=\"col-inner\"  >\n\t\t\t\n\t\t\t\n\n\t<div id=\"text-2698210726\" class=\"text duracion\">\n\t\t\n\n<p><font size=\"4\">22 de maig de 2026<\/font><\/p>\n\t\t\n<style>\n#text-2698210726 {\n  font-size: 4rem;\n  text-align: left;\n  color: rgb(0,0,0);\n}\n#text-2698210726 > * {\n  color: rgb(0,0,0);\n}\n@media (min-width:550px) {\n  #text-2698210726 {\n    font-size: 4rem;\n    text-align: center;\n  }\n}\n<\/style>\n\t<\/div>\n\t\n\n\t\t<\/div>\n\t\t\t\t\t<\/div>\n\n\t\n\n<\/div>\n\n\t\t<\/div>\n\t\t\t\t\n<style>\n#col-443161031 > .col-inner {\n  padding: 0px 0px 0px 0px;\n}\n<\/style>\n\t<\/div>\n\n\t\n\n\t<div id=\"col-688419997\" class=\"col archive-col-content medium-3 small-12 large-3\"  >\n\t\t\t\t<div class=\"col-inner\"  >\n\t\t\t\n\t\t\t\n\n<div class=\"row archive-meta\"  id=\"row-1166931073\">\n\n\n\t<div id=\"col-357798396\" class=\"col archive-meta-wrap small-12 large-12\"  >\n\t\t\t\t<div class=\"col-inner\"  >\n\t\t\t\n\t\t\t\n\n<a href=\"https:\/\/integratek.es\/plus\/recursos\/\" class=\"button white is-shade box-shadow-1 box-shadow-1-hover expand\" >\n\t\t<span>properament<\/span>\n\t<\/a>\n\n\n\n\t\t<\/div>\n\t\t\t\t\t<\/div>\n\n\t\n\n<\/div>\n\n\t\t<\/div>\n\t\t\t\t\n<style>\n#col-688419997 > .col-inner {\n  padding: 0px 0px 0px 0px;\n  margin: 15px 0px 0px 0px;\n}\n<\/style>\n\t<\/div>\n\n\t\n\n<\/div>\n\n\t\t\t<\/div>\n\t\t<\/div>\n\t<\/div>\n\t\n\n\t\t<\/div>\n\t\t\t\t\t<\/div>\n\n\t\n\n\t<div id=\"col-450690684\" class=\"col medium-6 small-12 large-2\"  >\n\t\t\t\t<div class=\"col-inner\" style=\"background-color:rgb(255, 255, 255);\" >\n\t\t\t\n\t\t\t\n\n\n\n<div id=\"it-datalayer-filtro\" data-filtro=\"filter-formato-formacio-online\"><\/div>\n    <div class=\"curso-has-filter\"\n        data-product-id=\"\"\n        data-filter-cat=\"\"\n        data-filter-formato=\"filter-formato-formacio-online\"\n        data-filter-duracion=\"\"\n        data-filter-titulacion=\"\"\n        data-filter-homologacion=\"\" \n        data-filter-bonificable=\"\" \n        data-filter-academy=\"\" \n        data-filter-modalidad=\"\"\n        data-filter-nivel=\"\"\n        data-filter-perfil=\"\"\n        data-filter-idioma=\"\"\n        data-filter-fecha=\"29\/05\/2026\"\n    ><\/div>\n\n\t<div class=\"box has-hover   has-hover box-text-bottom\" >\n\n\t\t<div class=\"box-image\" >\n\t\t\t<a href=\"https:\/\/integratek.es\/ca\/botiga\/cursos-online-ca\/atencio-a-la-diversitat\/avaluacio-psicopedagogica-aci-taller-practic-online\/\" >\t\t\t<div class=\"image-cover\" style=\"padding-top:63%;\">\n\t\t\t\t<img loading=\"lazy\" decoding=\"async\" width=\"1920\" height=\"1080\" src=\"https:\/\/integratek.es\/wp-content\/uploads\/2026\/02\/Rosabel-Rodriguez_ACI-29-mayo_Banner-CAT.png\" class=\"attachment- size-\" alt=\"\" srcset=\"https:\/\/integratek.es\/wp-content\/uploads\/2026\/02\/Rosabel-Rodriguez_ACI-29-mayo_Banner-CAT.png 1920w, https:\/\/integratek.es\/wp-content\/uploads\/2026\/02\/Rosabel-Rodriguez_ACI-29-mayo_Banner-CAT-711x400.png 711w, https:\/\/integratek.es\/wp-content\/uploads\/2026\/02\/Rosabel-Rodriguez_ACI-29-mayo_Banner-CAT-1400x788.png 1400w, https:\/\/integratek.es\/wp-content\/uploads\/2026\/02\/Rosabel-Rodriguez_ACI-29-mayo_Banner-CAT-768x432.png 768w, https:\/\/integratek.es\/wp-content\/uploads\/2026\/02\/Rosabel-Rodriguez_ACI-29-mayo_Banner-CAT-1536x864.png 1536w, https:\/\/integratek.es\/wp-content\/uploads\/2026\/02\/Rosabel-Rodriguez_ACI-29-mayo_Banner-CAT-510x287.png 510w\" sizes=\"auto, (max-width: 1920px) 100vw, 1920px\" \/>\t\t\t\t\t\t\t\t\t\t\t<\/div>\n\t\t\t<\/a>\t\t<\/div>\n\n\t\t<div class=\"box-text text-left\" >\n\t\t\t<div class=\"box-text-inner\">\n\t\t\t\t\n\n<div class=\"row archive-row-wrap\"  id=\"row-1790963785\">\n\n\n\t<div id=\"col-746675769\" class=\"col archive-col-content medium-9 small-12 large-9\"  >\n\t\t\t\t<div class=\"col-inner\"  >\n\t\t\t\n\t\t\t\n\n\t<div id=\"text-1071950155\" class=\"text\">\n\t\t\n\n<h3 class=\"thin-font\"><a href=\"https:\/\/integratek.es\/ca\/botiga\/cursos-online-ca\/atencio-a-la-diversitat\/avaluacio-psicopedagogica-aci-taller-practic-online\/\"><b><font size=\"4\">Taller online | Avaluaci\u00f3 psicopedag\u00f2gica de les ACI<\/font><\/b><\/a><\/h3>\n\t\t\n<style>\n#text-1071950155 {\n  font-size: 0.75rem;\n}\n<\/style>\n\t<\/div>\n\t\n\t<div id=\"gap-438279589\" class=\"gap-element clearfix\" style=\"display:block; height:auto;\">\n\t\t\n<style>\n#gap-438279589 {\n  padding-top: 11px;\n}\n<\/style>\n\t<\/div>\n\t\n\n\t<div id=\"text-2821793437\" class=\"text\">\n\t\t\n\n<p><font size=\"2\">Taller online, d&#8217;enfocament pr\u00e0ctic i intensiu, ofereix una visi\u00f3 actualitzada i cr\u00edtica sobre l&#8217;avaluaci\u00f3 de les altes capacitats intel\u00b7lectuals.<\/font><\/p>\n\t\t\n<style>\n#text-2821793437 {\n  font-size: 0.75rem;\n  line-height: 1.25;\n  text-align: left;\n  color: rgb(129, 129, 129);\n}\n#text-2821793437 > * {\n  color: rgb(129, 129, 129);\n}\n<\/style>\n\t<\/div>\n\t\n\t<div id=\"gap-2070385165\" class=\"gap-element clearfix\" style=\"display:block; height:auto;\">\n\t\t\n<style>\n#gap-2070385165 {\n  padding-top: 25px;\n}\n<\/style>\n\t<\/div>\n\t\n\n<div class=\"row archive-meta\"  id=\"row-396920960\">\n\n\n\t<div id=\"col-36902540\" class=\"col archive-meta-wrap medium-6 small-12 large-6\"  >\n\t\t\t\t<div class=\"col-inner\"  >\n\t\t\t\n\t\t\t\n\n\t<div id=\"text-3018149135\" class=\"text duracion\">\n\t\t\n\n<p><font size=\"4  \">29 de maig de 2026<\/font><\/p>\n\t\t\n<style>\n#text-3018149135 {\n  font-size: 4rem;\n  text-align: left;\n  color: rgb(0,0,0);\n}\n#text-3018149135 > * {\n  color: rgb(0,0,0);\n}\n@media (min-width:550px) {\n  #text-3018149135 {\n    font-size: 4rem;\n    text-align: center;\n  }\n}\n<\/style>\n\t<\/div>\n\t\n\n\t\t<\/div>\n\t\t\t\t\t<\/div>\n\n\t\n\n<\/div>\n\n\t\t<\/div>\n\t\t\t\t\n<style>\n#col-746675769 > .col-inner {\n  padding: 0px 0px 0px 0px;\n}\n<\/style>\n\t<\/div>\n\n\t\n\n\t<div id=\"col-1026074540\" class=\"col archive-col-content medium-3 small-12 large-3\"  >\n\t\t\t\t<div class=\"col-inner\"  >\n\t\t\t\n\t\t\t\n\n<div class=\"row archive-meta\"  id=\"row-2107964131\">\n\n\n\t<div id=\"col-1758590906\" class=\"col archive-meta-wrap small-12 large-12\"  >\n\t\t\t\t<div class=\"col-inner\"  >\n\t\t\t\n\t\t\t\n\n<a href=\"https:\/\/integratek.es\/ca\/botiga\/cursos-online-ca\/atencio-a-la-diversitat\/avaluacio-psicopedagogica-aci-taller-practic-online\/\" class=\"button primary is-shade box-shadow-1 box-shadow-1-hover expand\" >\n\t\t<span>reservar pla\u00e7a<\/span>\n\t<\/a>\n\n\n\n\t\t<\/div>\n\t\t\t\t\t<\/div>\n\n\t\n\n<\/div>\n\n\t\t<\/div>\n\t\t\t\t\n<style>\n#col-1026074540 > .col-inner {\n  padding: 0px 0px 0px 0px;\n  margin: 15px 0px 0px 0px;\n}\n<\/style>\n\t<\/div>\n\n\t\n\n<\/div>\n\n\t\t\t<\/div>\n\t\t<\/div>\n\t<\/div>\n\t\n\n\t\t<\/div>\n\t\t\t\t\t<\/div>\n\n\t\n\n\t<div id=\"col-835092613\" class=\"col medium-6 small-12 large-2\"  >\n\t\t\t\t<div class=\"col-inner\"  >\n\t\t\t\n\t\t\t\n\n\t<div id=\"text-4212753048\" class=\"text\">\n\t\t\n\n<h3>MES ANTERIOR<br \/>______________________________<\/h3>\n\t\t\n<style>\n#text-4212753048 {\n  color: rgb(0,0,0);\n}\n#text-4212753048 > * {\n  color: rgb(0,0,0);\n}\n<\/style>\n\t<\/div>\n\t\n\n\t\t<\/div>\n\t\t\t\t\t<\/div>\n\n\t\n\n\t<div id=\"col-338835891\" class=\"col medium-6 small-12 large-2\"  >\n\t\t\t\t<div class=\"col-inner\" style=\"background-color:rgb(255, 255, 255);\" >\n\t\t\t\n\t\t\t\n\n\n\n<div id=\"it-datalayer-filtro\" data-filtro=\"filter-formato-classes-formatives\"><\/div>\n    <div class=\"curso-has-filter\"\n        data-product-id=\"\"\n        data-filter-cat=\"\"\n        data-filter-formato=\"filter-formato-classes-formatives\"\n        data-filter-duracion=\"\"\n        data-filter-titulacion=\"\"\n        data-filter-homologacion=\"\" \n        data-filter-bonificable=\"\" \n        data-filter-academy=\"\" \n        data-filter-modalidad=\"\"\n        data-filter-nivel=\"\"\n        data-filter-perfil=\"\"\n        data-filter-idioma=\"\"\n        data-filter-fecha=\"05\/03\/2026\"\n    ><\/div>\n\n\t<div class=\"box has-hover   has-hover box-text-bottom\" >\n\n\t\t<div class=\"box-image\" >\n\t\t\t<a href=\"https:\/\/integratek.es\/plus\/cursos\/cuentos-que-educan-como-utilizar-la-literatura-infantil-para-trabajar-las-emociones\" target=\"_blank\" rel=\"noopener\" >\t\t\t<div class=\"image-cover\" style=\"padding-top:63%;\">\n\t\t\t\t<img loading=\"lazy\" decoding=\"async\" width=\"1920\" height=\"1080\" src=\"https:\/\/integratek.es\/wp-content\/uploads\/2026\/02\/contes-que-eduquen.png\" class=\"attachment- size-\" alt=\"\" srcset=\"https:\/\/integratek.es\/wp-content\/uploads\/2026\/02\/contes-que-eduquen.png 1920w, https:\/\/integratek.es\/wp-content\/uploads\/2026\/02\/contes-que-eduquen-711x400.png 711w, https:\/\/integratek.es\/wp-content\/uploads\/2026\/02\/contes-que-eduquen-1400x788.png 1400w, https:\/\/integratek.es\/wp-content\/uploads\/2026\/02\/contes-que-eduquen-768x432.png 768w, https:\/\/integratek.es\/wp-content\/uploads\/2026\/02\/contes-que-eduquen-1536x864.png 1536w, https:\/\/integratek.es\/wp-content\/uploads\/2026\/02\/contes-que-eduquen-510x287.png 510w\" sizes=\"auto, (max-width: 1920px) 100vw, 1920px\" \/>\t\t\t\t\t\t\t\t\t\t\t<\/div>\n\t\t\t<\/a>\t\t<\/div>\n\n\t\t<div class=\"box-text text-left\" >\n\t\t\t<div class=\"box-text-inner\">\n\t\t\t\t\n\n<div class=\"row archive-row-wrap\"  id=\"row-267610658\">\n\n\n\t<div id=\"col-1476631126\" class=\"col archive-col-content medium-9 small-12 large-9\"  >\n\t\t\t\t<div class=\"col-inner\"  >\n\t\t\t\n\t\t\t\n\n\t<div id=\"text-1057190458\" class=\"text\">\n\t\t\n\n<h3 class=\"thin-font\"><a href=\"https:\/\/integratek.es\/plus\/cursos\/cuentos-que-educan-como-utilizar-la-literatura-infantil-para-trabajar-las-emociones\"><b><font size=\"4\">Classe | Contes que eduquen: com utilitzar la literatura infantil per a treballar les emocions<\/font><\/b><\/a><\/h3>\n\t\t\n<style>\n#text-1057190458 {\n  font-size: 0.75rem;\n}\n<\/style>\n\t<\/div>\n\t\n\t<div id=\"gap-794163913\" class=\"gap-element clearfix\" style=\"display:block; height:auto;\">\n\t\t\n<style>\n#gap-794163913 {\n  padding-top: 11px;\n}\n<\/style>\n\t<\/div>\n\t\n\n\t<div id=\"text-3259564271\" class=\"text\">\n\t\t\n\n<p><font size=\"2\"><span style=\"font-weight: 400;\">En aquesta classe s&#8217;aborda l&#8217;\u00fas de la literatura infantil com una eina educativa fonamental per al desenvolupament emocional de l&#8217;alumnat.<\/span><\/font><\/p>\n\t\t\n<style>\n#text-3259564271 {\n  font-size: 0.75rem;\n  line-height: 1.25;\n  text-align: left;\n  color: rgb(129, 129, 129);\n}\n#text-3259564271 > * {\n  color: rgb(129, 129, 129);\n}\n<\/style>\n\t<\/div>\n\t\n\t<div id=\"gap-918049925\" class=\"gap-element clearfix\" style=\"display:block; height:auto;\">\n\t\t\n<style>\n#gap-918049925 {\n  padding-top: 25px;\n}\n<\/style>\n\t<\/div>\n\t\n\n<div class=\"row archive-meta\"  id=\"row-1064662151\">\n\n\n\t<div id=\"col-1905546087\" class=\"col archive-meta-wrap medium-6 small-12 large-6\"  >\n\t\t\t\t<div class=\"col-inner\"  >\n\t\t\t\n\t\t\t\n\n\t<div id=\"text-927427699\" class=\"text duracion\">\n\t\t\n\n<p><font size=\"4\">5 de mar\u00e7 de 2026<\/font><\/p>\n\t\t\n<style>\n#text-927427699 {\n  font-size: 4rem;\n  text-align: left;\n  color: rgb(0,0,0);\n}\n#text-927427699 > * {\n  color: rgb(0,0,0);\n}\n@media (min-width:550px) {\n  #text-927427699 {\n    font-size: 4rem;\n    text-align: center;\n  }\n}\n<\/style>\n\t<\/div>\n\t\n\n\t\t<\/div>\n\t\t\t\t\t<\/div>\n\n\t\n\n<\/div>\n\n\t\t<\/div>\n\t\t\t\t\n<style>\n#col-1476631126 > .col-inner {\n  padding: 0px 0px 0px 0px;\n}\n<\/style>\n\t<\/div>\n\n\t\n\n\t<div id=\"col-516803617\" class=\"col archive-col-content medium-3 small-12 large-3\"  >\n\t\t\t\t<div class=\"col-inner\"  >\n\t\t\t\n\t\t\t\n\n<div class=\"row archive-meta\"  id=\"row-2125876172\">\n\n\n\t<div id=\"col-728733478\" class=\"col archive-meta-wrap small-12 large-12\"  >\n\t\t\t\t<div class=\"col-inner\"  >\n\t\t\t\n\t\t\t\n\n<a href=\"https:\/\/integratek.es\/plus\/cursos\/cuentos-que-educan-como-utilizar-la-literatura-infantil-para-trabajar-las-emociones\" target=\"_blank\" class=\"button primary is-shade box-shadow-1 box-shadow-1-hover expand\" rel=\"noopener\" >\n\t\t<span>veure classe<\/span>\n\t<\/a>\n\n\n\n\t\t<\/div>\n\t\t\t\t\t<\/div>\n\n\t\n\n<\/div>\n\n\t\t<\/div>\n\t\t\t\t\n<style>\n#col-516803617 > .col-inner {\n  padding: 0px 0px 0px 0px;\n  margin: 15px 0px 0px 0px;\n}\n<\/style>\n\t<\/div>\n\n\t\n\n<\/div>\n\n\t\t\t<\/div>\n\t\t<\/div>\n\t<\/div>\n\t\n\n\t\t<\/div>\n\t\t\t\t\t<\/div>\n\n\t\n\n\t<div id=\"col-2095114164\" class=\"col medium-6 small-12 large-2\"  >\n\t\t\t\t<div class=\"col-inner\" style=\"background-color:rgb(255, 255, 255);\" >\n\t\t\t\n\t\t\t\n\n\n\n<div id=\"it-datalayer-filtro\" data-filtro=\"filter-formato-webinars\"><\/div>\n    <div class=\"curso-has-filter\"\n        data-product-id=\"\"\n        data-filter-cat=\"\"\n        data-filter-formato=\"filter-formato-webinars\"\n        data-filter-duracion=\"\"\n        data-filter-titulacion=\"\"\n        data-filter-homologacion=\"\" \n        data-filter-bonificable=\"\" \n        data-filter-academy=\"\" \n        data-filter-modalidad=\"\"\n        data-filter-nivel=\"\"\n        data-filter-perfil=\"\"\n        data-filter-idioma=\"\"\n        data-filter-fecha=\"12\/03\/2026\"\n    ><\/div>\n\n\t<div class=\"box has-hover   has-hover box-text-bottom\" >\n\n\t\t<div class=\"box-image\" >\n\t\t\t<a href=\"https:\/\/integratek.es\/plus\/cursos\/estilo-de-crianza-sobreprotector-que-es-y-porque-es-inadecuado-para-el-desarrollo-humano\" target=\"_blank\" rel=\"noopener\" >\t\t\t<div class=\"image-cover\" style=\"padding-top:63%;\">\n\t\t\t\t<img loading=\"lazy\" decoding=\"async\" width=\"1920\" height=\"1080\" src=\"https:\/\/integratek.es\/wp-content\/uploads\/2026\/02\/260312_WEB_SOBRENEGLI__-Banner-web-CAT.jpg\" class=\"attachment- size-\" alt=\"\" srcset=\"https:\/\/integratek.es\/wp-content\/uploads\/2026\/02\/260312_WEB_SOBRENEGLI__-Banner-web-CAT.jpg 1920w, https:\/\/integratek.es\/wp-content\/uploads\/2026\/02\/260312_WEB_SOBRENEGLI__-Banner-web-CAT-711x400-1.jpg 711w, https:\/\/integratek.es\/wp-content\/uploads\/2026\/02\/260312_WEB_SOBRENEGLI__-Banner-web-CAT-1400x788-1.jpg 1400w, https:\/\/integratek.es\/wp-content\/uploads\/2026\/02\/260312_WEB_SOBRENEGLI__-Banner-web-CAT-768x432-1.jpg 768w, https:\/\/integratek.es\/wp-content\/uploads\/2026\/02\/260312_WEB_SOBRENEGLI__-Banner-web-CAT-1536x864-1.jpg 1536w, https:\/\/integratek.es\/wp-content\/uploads\/2026\/02\/260312_WEB_SOBRENEGLI__-Banner-web-CAT-510x287-1.jpg 510w\" sizes=\"auto, (max-width: 1920px) 100vw, 1920px\" \/>\t\t\t\t\t\t\t\t\t\t\t<\/div>\n\t\t\t<\/a>\t\t<\/div>\n\n\t\t<div class=\"box-text text-left\" >\n\t\t\t<div class=\"box-text-inner\">\n\t\t\t\t\n\n<div class=\"row archive-row-wrap\"  id=\"row-1003000365\">\n\n\n\t<div id=\"col-2142330546\" class=\"col archive-col-content medium-9 small-12 large-9\"  >\n\t\t\t\t<div class=\"col-inner\"  >\n\t\t\t\n\t\t\t\n\n\t<div id=\"text-3365739164\" class=\"text\">\n\t\t\n\n<h3 class=\"thin-font\"><a href=\"https:\/\/integratek.es\/plus\/cursos\/estilo-de-crianza-sobreprotector-que-es-y-porque-es-inadecuado-para-el-desarrollo-humano\"><b><font size=\"4\">Webinar gratu\u00eft | Estil de crian\u00e7a\u00a0sobreprotector. Qu\u00e8 \u00e9s i perqu\u00e8 \u00e9s inadequat per al desenvolupament hum\u00e0?<\/font><\/b><\/a><\/h3>\n\t\t\n<style>\n#text-3365739164 {\n  font-size: 0.75rem;\n}\n<\/style>\n\t<\/div>\n\t\n\t<div id=\"gap-399642284\" class=\"gap-element clearfix\" style=\"display:block; height:auto;\">\n\t\t\n<style>\n#gap-399642284 {\n  padding-top: 11px;\n}\n<\/style>\n\t<\/div>\n\t\n\n\t<div id=\"text-3259468151\" class=\"text\">\n\t\t\n\n<p><font size=\"2\">En un m\u00f3n educatiu cada vegada m\u00e9s divers i global, la intel\u00b7lig\u00e8ncia artificial es presenta com una aliada clau per a promoure la inclusi\u00f3 i l&#8217;aprenentatge intercultural.<\/font><\/p>\n\t\t\n<style>\n#text-3259468151 {\n  font-size: 0.75rem;\n  line-height: 1.25;\n  text-align: left;\n  color: rgb(129, 129, 129);\n}\n#text-3259468151 > * {\n  color: rgb(129, 129, 129);\n}\n<\/style>\n\t<\/div>\n\t\n\t<div id=\"gap-169153147\" class=\"gap-element clearfix\" style=\"display:block; height:auto;\">\n\t\t\n<style>\n#gap-169153147 {\n  padding-top: 25px;\n}\n<\/style>\n\t<\/div>\n\t\n\n<div class=\"row archive-meta\"  id=\"row-1235736280\">\n\n\n\t<div id=\"col-1325967252\" class=\"col archive-meta-wrap medium-6 small-12 large-6\"  >\n\t\t\t\t<div class=\"col-inner\"  >\n\t\t\t\n\t\t\t\n\n\t<div id=\"text-198999744\" class=\"text duracion\">\n\t\t\n\n<p><font size=\"4\">12 de mar\u00e7 de 2026<\/font><\/p>\n\t\t\n<style>\n#text-198999744 {\n  font-size: 4rem;\n  text-align: left;\n  color: rgb(0,0,0);\n}\n#text-198999744 > * {\n  color: rgb(0,0,0);\n}\n@media (min-width:550px) {\n  #text-198999744 {\n    font-size: 4rem;\n    text-align: center;\n  }\n}\n<\/style>\n\t<\/div>\n\t\n\n\t\t<\/div>\n\t\t\t\t\t<\/div>\n\n\t\n\n<\/div>\n\n\t\t<\/div>\n\t\t\t\t\n<style>\n#col-2142330546 > .col-inner {\n  padding: 0px 0px 0px 0px;\n}\n<\/style>\n\t<\/div>\n\n\t\n\n\t<div id=\"col-1905236639\" class=\"col archive-col-content medium-3 small-12 large-3\"  >\n\t\t\t\t<div class=\"col-inner\"  >\n\t\t\t\n\t\t\t\n\n<div class=\"row archive-meta\"  id=\"row-19996959\">\n\n\n\t<div id=\"col-1569059097\" class=\"col archive-meta-wrap small-12 large-12\"  >\n\t\t\t\t<div class=\"col-inner\"  >\n\t\t\t\n\t\t\t\n\n<a href=\"https:\/\/integratek.es\/plus\/cursos\/estilo-de-crianza-sobreprotector-que-es-y-porque-es-inadecuado-para-el-desarrollo-humano\" class=\"button primary is-shade box-shadow-1 box-shadow-1-hover expand\" >\n\t\t<span>veure diferit<\/span>\n\t<\/a>\n\n\n\n\t\t<\/div>\n\t\t\t\t\t<\/div>\n\n\t\n\n<\/div>\n\n\t\t<\/div>\n\t\t\t\t\n<style>\n#col-1905236639 > .col-inner {\n  padding: 0px 0px 0px 0px;\n  margin: 15px 0px 0px 0px;\n}\n<\/style>\n\t<\/div>\n\n\t\n\n<\/div>\n\n\t\t\t<\/div>\n\t\t<\/div>\n\t<\/div>\n\t\n\n\t\t<\/div>\n\t\t\t\t\t<\/div>\n\n\t\n\n\t<div id=\"col-304242538\" class=\"col medium-6 small-12 large-2\"  >\n\t\t\t\t<div class=\"col-inner\" style=\"background-color:rgb(255, 255, 255);\" >\n\t\t\t\n\t\t\t\n\n\n\n<div id=\"it-datalayer-filtro\" data-filtro=\"filter-formato-recursos-descarregables\"><\/div>\n    <div class=\"curso-has-filter\"\n        data-product-id=\"\"\n        data-filter-cat=\"\"\n        data-filter-formato=\"filter-formato-recursos-descarregables\"\n        data-filter-duracion=\"\"\n        data-filter-titulacion=\"\"\n        data-filter-homologacion=\"\" \n        data-filter-bonificable=\"\" \n        data-filter-academy=\"\" \n        data-filter-modalidad=\"\"\n        data-filter-nivel=\"\"\n        data-filter-perfil=\"\"\n        data-filter-idioma=\"\"\n        data-filter-fecha=\"20\/03\/2026\"\n    ><\/div>\n\n\t<div class=\"box has-hover   has-hover box-text-bottom\" >\n\n\t\t<div class=\"box-image\" >\n\t\t\t<a href=\"https:\/\/integratek.es\/plus\/recursos\/recursos-mes-del-tea\" >\t\t\t<div class=\"image-cover\" style=\"padding-top:63%;\">\n\t\t\t\t<img loading=\"lazy\" decoding=\"async\" width=\"1300\" height=\"730\" src=\"https:\/\/integratek.es\/wp-content\/uploads\/2026\/02\/pack-tea-cat.jpg\" class=\"attachment- size-\" alt=\"\" srcset=\"https:\/\/integratek.es\/wp-content\/uploads\/2026\/02\/pack-tea-cat.jpg 1300w, https:\/\/integratek.es\/wp-content\/uploads\/2026\/02\/pack-tea-cat-712x400-1.jpg 712w, https:\/\/integratek.es\/wp-content\/uploads\/2026\/02\/pack-tea-cat-768x431-1.jpg 768w, https:\/\/integratek.es\/wp-content\/uploads\/2026\/02\/pack-tea-cat-510x286-1.jpg 510w\" sizes=\"auto, (max-width: 1300px) 100vw, 1300px\" \/>\t\t\t\t\t\t\t\t\t\t\t<\/div>\n\t\t\t<\/a>\t\t<\/div>\n\n\t\t<div class=\"box-text text-left\" >\n\t\t\t<div class=\"box-text-inner\">\n\t\t\t\t\n\n<div class=\"row archive-row-wrap\"  id=\"row-1387804305\">\n\n\n\t<div id=\"col-857140218\" class=\"col archive-col-content medium-9 small-12 large-9\"  >\n\t\t\t\t<div class=\"col-inner\"  >\n\t\t\t\n\t\t\t\n\n\t<div id=\"text-2764455199\" class=\"text\">\n\t\t\n\n<h3 class=\"thin-font\"><a href=\"https:\/\/integratek.es\/plus\/recursos\/recursos-mes-del-tea\"><b><font size=\"4\">Pack de recursos gratu\u00efts | Autisme<br \/><\/font><\/b><\/a><\/h3>\n\t\t\n<style>\n#text-2764455199 {\n  font-size: 0.75rem;\n}\n<\/style>\n\t<\/div>\n\t\n\t<div id=\"gap-1135235874\" class=\"gap-element clearfix\" style=\"display:block; height:auto;\">\n\t\t\n<style>\n#gap-1135235874 {\n  padding-top: 11px;\n}\n<\/style>\n\t<\/div>\n\t\n\n\t<div id=\"text-2622162319\" class=\"text\">\n\t\t\n\n<p><font size=\"2\"><span style=\"font-weight: 400;\"><span data-sheets-root=\"1\">Busquem proporcionar coneixements sobre el TEA, entenent millor alguns comportaments i actituds que presenten. A partir d&#8217;aquest pack, volem proporcionar informaci\u00f3 positiva i recon\u00e8ixer que cada persona \u00e9s diferent i posseeix habilitats i fortaleses diferents, per tant, busquem treballar el que portem millor i pitjor.<\/span><\/span><\/font><\/p>\n\t\t\n<style>\n#text-2622162319 {\n  font-size: 0.75rem;\n  line-height: 1.25;\n  text-align: left;\n  color: rgb(129, 129, 129);\n}\n#text-2622162319 > * {\n  color: rgb(129, 129, 129);\n}\n<\/style>\n\t<\/div>\n\t\n\t<div id=\"gap-2021507686\" class=\"gap-element clearfix\" style=\"display:block; height:auto;\">\n\t\t\n<style>\n#gap-2021507686 {\n  padding-top: 25px;\n}\n<\/style>\n\t<\/div>\n\t\n\n<div class=\"row archive-meta\"  id=\"row-1161237394\">\n\n\n\t<div id=\"col-678525103\" class=\"col archive-meta-wrap medium-6 small-12 large-6\"  >\n\t\t\t\t<div class=\"col-inner\"  >\n\t\t\t\n\t\t\t\n\n\t<div id=\"text-3516193091\" class=\"text duracion\">\n\t\t\n\n<p><font size=\"4\">20 de mar\u00e7 de 2026<\/font><\/p>\n\t\t\n<style>\n#text-3516193091 {\n  font-size: 4rem;\n  text-align: left;\n  color: rgb(0,0,0);\n}\n#text-3516193091 > * {\n  color: rgb(0,0,0);\n}\n@media (min-width:550px) {\n  #text-3516193091 {\n    font-size: 4rem;\n    text-align: center;\n  }\n}\n<\/style>\n\t<\/div>\n\t\n\n\t\t<\/div>\n\t\t\t\t\t<\/div>\n\n\t\n\n<\/div>\n\n\t\t<\/div>\n\t\t\t\t\n<style>\n#col-857140218 > .col-inner {\n  padding: 0px 0px 0px 0px;\n}\n<\/style>\n\t<\/div>\n\n\t\n\n\t<div id=\"col-244242536\" class=\"col archive-col-content medium-3 small-12 large-3\"  >\n\t\t\t\t<div class=\"col-inner\"  >\n\t\t\t\n\t\t\t\n\n<div class=\"row archive-meta\"  id=\"row-1199362533\">\n\n\n\t<div id=\"col-2000986668\" class=\"col archive-meta-wrap small-12 large-12\"  >\n\t\t\t\t<div class=\"col-inner\"  >\n\t\t\t\n\t\t\t\n\n<a href=\"https:\/\/integratek.es\/plus\/recursos\/recursos-mes-del-tea\" class=\"button primary is-shade box-shadow-1 box-shadow-1-hover expand\" >\n\t\t<span>descarregar<\/span>\n\t<\/a>\n\n\n\n\t\t<\/div>\n\t\t\t\t\t<\/div>\n\n\t\n\n<\/div>\n\n\t\t<\/div>\n\t\t\t\t\n<style>\n#col-244242536 > .col-inner {\n  padding: 0px 0px 0px 0px;\n  margin: 15px 0px 0px 0px;\n}\n<\/style>\n\t<\/div>\n\n\t\n\n<\/div>\n\n\t\t\t<\/div>\n\t\t<\/div>\n\t<\/div>\n\t\n\n\t\t<\/div>\n\t\t\t\t\t<\/div>\n\n\t\n\n\t<div id=\"col-1663554346\" class=\"col medium-6 small-12 large-2\"  >\n\t\t\t\t<div class=\"col-inner\" style=\"background-color:rgb(255, 255, 255);\" >\n\t\t\t\n\t\t\t\n\n\n\n<div id=\"it-datalayer-filtro\" data-filtro=\"filter-formato-recursos-descarregables\"><\/div>\n    <div class=\"curso-has-filter\"\n        data-product-id=\"\"\n        data-filter-cat=\"\"\n        data-filter-formato=\"filter-formato-recursos-descarregables\"\n        data-filter-duracion=\"\"\n        data-filter-titulacion=\"\"\n        data-filter-homologacion=\"\" \n        data-filter-bonificable=\"\" \n        data-filter-academy=\"\" \n        data-filter-modalidad=\"\"\n        data-filter-nivel=\"\"\n        data-filter-perfil=\"\"\n        data-filter-idioma=\"\"\n        data-filter-fecha=\"20\/03\/2026\"\n    ><\/div>\n\n\t<div class=\"box has-hover   has-hover box-text-bottom\" >\n\n\t\t<div class=\"box-image\" >\n\t\t\t<a href=\"https:\/\/integratek.es\/plus\/recursos\/\" >\t\t\t<div class=\"image-cover\" style=\"padding-top:63%;\">\n\t\t\t\t<img loading=\"lazy\" decoding=\"async\" width=\"1300\" height=\"730\" src=\"https:\/\/integratek.es\/wp-content\/uploads\/2025\/10\/5-recursos-cat.jpg\" class=\"attachment- size-\" alt=\"\" srcset=\"https:\/\/integratek.es\/wp-content\/uploads\/2025\/10\/5-recursos-cat.jpg 1300w, https:\/\/integratek.es\/wp-content\/uploads\/2025\/10\/5-recursos-cat-712x400-1.jpg 712w, https:\/\/integratek.es\/wp-content\/uploads\/2025\/10\/5-recursos-cat-768x431-1.jpg 768w, https:\/\/integratek.es\/wp-content\/uploads\/2025\/10\/5-recursos-cat-510x286-1.jpg 510w\" sizes=\"auto, (max-width: 1300px) 100vw, 1300px\" \/>\t\t\t\t\t\t\t\t\t\t\t<\/div>\n\t\t\t<\/a>\t\t<\/div>\n\n\t\t<div class=\"box-text text-left\" >\n\t\t\t<div class=\"box-text-inner\">\n\t\t\t\t\n\n<div class=\"row archive-row-wrap\"  id=\"row-642929954\">\n\n\n\t<div id=\"col-815498900\" class=\"col archive-col-content medium-9 small-12 large-9\"  >\n\t\t\t\t<div class=\"col-inner\"  >\n\t\t\t\n\t\t\t\n\n\t<div id=\"text-2755324930\" class=\"text\">\n\t\t\n\n<h3 class=\"thin-font\"><a href=\"https:\/\/integratek.es\/plus\/recursos\/\"><b><font size=\"4\">Recursos descarregables gratu\u00efts<\/font><\/b><\/a><\/h3>\n\t\t\n<style>\n#text-2755324930 {\n  font-size: 0.75rem;\n}\n<\/style>\n\t<\/div>\n\t\n\t<div id=\"gap-1745854543\" class=\"gap-element clearfix\" style=\"display:block; height:auto;\">\n\t\t\n<style>\n#gap-1745854543 {\n  padding-top: 11px;\n}\n<\/style>\n\t<\/div>\n\t\n\n\t<div id=\"text-486362692\" class=\"text\">\n\t\t\n\n<p><font size=\"2\"><span style=\"font-weight: 400;\"><span data-sheets-root=\"1\">Aquests recursos ofereixen propostes variades per a estimular diferents \u00e0rees del desenvolupament infantil: des de l&#8217;atenci\u00f3 i la concepci\u00f3 espacial, fins al llenguatge en castell\u00e0 i catal\u00e0, la creativitat i la regulaci\u00f3 emocional. Cada activitat est\u00e0 pensada per a entrenar habilitats de manera l\u00fadica, pr\u00e0ctica i significativa.<\/span><\/span><\/font><\/p>\n\t\t\n<style>\n#text-486362692 {\n  font-size: 0.75rem;\n  line-height: 1.25;\n  text-align: left;\n  color: rgb(129, 129, 129);\n}\n#text-486362692 > * {\n  color: rgb(129, 129, 129);\n}\n<\/style>\n\t<\/div>\n\t\n\t<div id=\"gap-31195941\" class=\"gap-element clearfix\" style=\"display:block; height:auto;\">\n\t\t\n<style>\n#gap-31195941 {\n  padding-top: 25px;\n}\n<\/style>\n\t<\/div>\n\t\n\n<div class=\"row archive-meta\"  id=\"row-284936556\">\n\n\n\t<div id=\"col-2096163370\" class=\"col archive-meta-wrap medium-6 small-12 large-6\"  >\n\t\t\t\t<div class=\"col-inner\"  >\n\t\t\t\n\t\t\t\n\n\t<div id=\"text-2123661122\" class=\"text duracion\">\n\t\t\n\n<p><font size=\"4\">20 de mar\u00e7 de 2026<\/font><\/p>\n\t\t\n<style>\n#text-2123661122 {\n  font-size: 4rem;\n  text-align: left;\n  color: rgb(0,0,0);\n}\n#text-2123661122 > * {\n  color: rgb(0,0,0);\n}\n@media (min-width:550px) {\n  #text-2123661122 {\n    font-size: 4rem;\n    text-align: center;\n  }\n}\n<\/style>\n\t<\/div>\n\t\n\n\t\t<\/div>\n\t\t\t\t\t<\/div>\n\n\t\n\n<\/div>\n\n\t\t<\/div>\n\t\t\t\t\n<style>\n#col-815498900 > .col-inner {\n  padding: 0px 0px 0px 0px;\n}\n<\/style>\n\t<\/div>\n\n\t\n\n\t<div id=\"col-414237348\" class=\"col archive-col-content medium-3 small-12 large-3\"  >\n\t\t\t\t<div class=\"col-inner\"  >\n\t\t\t\n\t\t\t\n\n<div class=\"row archive-meta\"  id=\"row-415501802\">\n\n\n\t<div id=\"col-1588084227\" class=\"col archive-meta-wrap small-12 large-12\"  >\n\t\t\t\t<div class=\"col-inner\"  >\n\t\t\t\n\t\t\t\n\n<a href=\"https:\/\/integratek.es\/plus\/recursos\/\" class=\"button primary is-shade box-shadow-1 box-shadow-1-hover expand\" >\n\t\t<span>descarregar<\/span>\n\t<\/a>\n\n\n\n\t\t<\/div>\n\t\t\t\t\t<\/div>\n\n\t\n\n<\/div>\n\n\t\t<\/div>\n\t\t\t\t\n<style>\n#col-414237348 > .col-inner {\n  padding: 0px 0px 0px 0px;\n  margin: 15px 0px 0px 0px;\n}\n<\/style>\n\t<\/div>\n\n\t\n\n<\/div>\n\n\t\t\t<\/div>\n\t\t<\/div>\n\t<\/div>\n\t\n\n\t\t<\/div>\n\t\t\t\t\t<\/div>\n\n\t\n\n\t<div id=\"col-45177355\" class=\"col medium-6 small-12 large-2\"  >\n\t\t\t\t<div class=\"col-inner\" style=\"background-color:rgb(255, 255, 255);\" >\n\t\t\t\n\t\t\t\n\n\n\n<div id=\"it-datalayer-filtro\" data-filtro=\"filter-formato-webinars\"><\/div>\n    <div class=\"curso-has-filter\"\n        data-product-id=\"\"\n        data-filter-cat=\"\"\n        data-filter-formato=\"filter-formato-webinars\"\n        data-filter-duracion=\"\"\n        data-filter-titulacion=\"\"\n        data-filter-homologacion=\"\" \n        data-filter-bonificable=\"\" \n        data-filter-academy=\"\" \n        data-filter-modalidad=\"\"\n        data-filter-nivel=\"\"\n        data-filter-perfil=\"\"\n        data-filter-idioma=\"\"\n        data-filter-fecha=\"12\/03\/2026\"\n    ><\/div>\n\n\t<div class=\"box has-hover   has-hover box-text-bottom\" >\n\n\t\t<div class=\"box-image\" >\n\t\t\t<a href=\"https:\/\/integratek.es\/plus\/cursos\/ninas-y-mujeres-con-altas-capacidades-intelectuales\" target=\"_blank\" rel=\"noopener\" >\t\t\t<div class=\"image-cover\" style=\"padding-top:63%;\">\n\t\t\t\t<img loading=\"lazy\" decoding=\"async\" width=\"1920\" height=\"1080\" src=\"https:\/\/integratek.es\/wp-content\/uploads\/2026\/02\/260326_WEB_NIALTCAP__-Banner-web-CAT.jpg\" class=\"attachment- size-\" alt=\"\" srcset=\"https:\/\/integratek.es\/wp-content\/uploads\/2026\/02\/260326_WEB_NIALTCAP__-Banner-web-CAT.jpg 1920w, https:\/\/integratek.es\/wp-content\/uploads\/2026\/02\/260326_WEB_NIALTCAP__-Banner-web-CAT-711x400-1.jpg 711w, https:\/\/integratek.es\/wp-content\/uploads\/2026\/02\/260326_WEB_NIALTCAP__-Banner-web-CAT-1400x788-1.jpg 1400w, https:\/\/integratek.es\/wp-content\/uploads\/2026\/02\/260326_WEB_NIALTCAP__-Banner-web-CAT-768x432-1.jpg 768w, https:\/\/integratek.es\/wp-content\/uploads\/2026\/02\/260326_WEB_NIALTCAP__-Banner-web-CAT-1536x864-1.jpg 1536w, https:\/\/integratek.es\/wp-content\/uploads\/2026\/02\/260326_WEB_NIALTCAP__-Banner-web-CAT-510x287-1.jpg 510w\" sizes=\"auto, (max-width: 1920px) 100vw, 1920px\" \/>\t\t\t\t\t\t\t\t\t\t\t<\/div>\n\t\t\t<\/a>\t\t<\/div>\n\n\t\t<div class=\"box-text text-left\" >\n\t\t\t<div class=\"box-text-inner\">\n\t\t\t\t\n\n<div class=\"row archive-row-wrap\"  id=\"row-1234471109\">\n\n\n\t<div id=\"col-1415216473\" class=\"col archive-col-content medium-9 small-12 large-9\"  >\n\t\t\t\t<div class=\"col-inner\"  >\n\t\t\t\n\t\t\t\n\n\t<div id=\"text-1325608714\" class=\"text\">\n\t\t\n\n<h3 class=\"thin-font\"><a href=\"https:\/\/integratek.es\/plus\/cursos\/ninas-y-mujeres-con-altas-capacidades-intelectuales\"><b><font size=\"4\">Webinar gratu\u00eft | Nenes i dones amb Altes Capacitats Intel\u00b7lectuals<br \/><\/font><\/b><\/a><\/h3>\n\t\t\n<style>\n#text-1325608714 {\n  font-size: 0.75rem;\n}\n<\/style>\n\t<\/div>\n\t\n\t<div id=\"gap-1681057783\" class=\"gap-element clearfix\" style=\"display:block; height:auto;\">\n\t\t\n<style>\n#gap-1681057783 {\n  padding-top: 11px;\n}\n<\/style>\n\t<\/div>\n\t\n\n\t<div id=\"text-3877945640\" class=\"text\">\n\t\t\n\n<p><font size=\"2\">Durant anys, moltes nenes, joves i dones amb altes capacitats intel\u00b7lectuals han passat desapercebudes o han estat interpretades des d&#8217;etiquetes que no expliquen l&#8217;essencial: el seu perfil cognitiu, la seva manera de sentir, aprendre i relacionar-se amb l&#8217;entorn.<\/font><\/p>\n\t\t\n<style>\n#text-3877945640 {\n  font-size: 0.75rem;\n  line-height: 1.25;\n  text-align: left;\n  color: rgb(129, 129, 129);\n}\n#text-3877945640 > * {\n  color: rgb(129, 129, 129);\n}\n<\/style>\n\t<\/div>\n\t\n\t<div id=\"gap-1100221351\" class=\"gap-element clearfix\" style=\"display:block; height:auto;\">\n\t\t\n<style>\n#gap-1100221351 {\n  padding-top: 25px;\n}\n<\/style>\n\t<\/div>\n\t\n\n<div class=\"row archive-meta\"  id=\"row-2110530135\">\n\n\n\t<div id=\"col-504647352\" class=\"col archive-meta-wrap medium-6 small-12 large-6\"  >\n\t\t\t\t<div class=\"col-inner\"  >\n\t\t\t\n\t\t\t\n\n\t<div id=\"text-2621189797\" class=\"text duracion\">\n\t\t\n\n<p><font size=\"4\">26 de mar\u00e7 de 2026<\/font><\/p>\n\t\t\n<style>\n#text-2621189797 {\n  font-size: 4rem;\n  text-align: left;\n  color: rgb(0,0,0);\n}\n#text-2621189797 > * {\n  color: rgb(0,0,0);\n}\n@media (min-width:550px) {\n  #text-2621189797 {\n    font-size: 4rem;\n    text-align: center;\n  }\n}\n<\/style>\n\t<\/div>\n\t\n\n\t\t<\/div>\n\t\t\t\t\t<\/div>\n\n\t\n\n<\/div>\n\n\t\t<\/div>\n\t\t\t\t\n<style>\n#col-1415216473 > .col-inner {\n  padding: 0px 0px 0px 0px;\n}\n<\/style>\n\t<\/div>\n\n\t\n\n\t<div id=\"col-2134518896\" class=\"col archive-col-content medium-3 small-12 large-3\"  >\n\t\t\t\t<div class=\"col-inner\"  >\n\t\t\t\n\t\t\t\n\n<div class=\"row archive-meta\"  id=\"row-1415930680\">\n\n\n\t<div id=\"col-69501188\" class=\"col archive-meta-wrap small-12 large-12\"  >\n\t\t\t\t<div class=\"col-inner\"  >\n\t\t\t\n\t\t\t\n\n<a href=\"https:\/\/integratek.es\/plus\/cursos\/ninas-y-mujeres-con-altas-capacidades-intelectuales\" class=\"button primary is-shade box-shadow-1 box-shadow-1-hover expand\" >\n\t\t<span>veure diferit<\/span>\n\t<\/a>\n\n\n\n\t\t<\/div>\n\t\t\t\t\t<\/div>\n\n\t\n\n<\/div>\n\n\t\t<\/div>\n\t\t\t\t\n<style>\n#col-2134518896 > .col-inner {\n  padding: 0px 0px 0px 0px;\n  margin: 15px 0px 0px 0px;\n}\n<\/style>\n\t<\/div>\n\n\t\n\n<\/div>\n\n\t\t\t<\/div>\n\t\t<\/div>\n\t<\/div>\n\t\n\n\t\t<\/div>\n\t\t\t\t\t<\/div>\n\n\t\n\n\n<style>\n#row-1528865079 > .col > .col-inner {\n  background-color: rgba(255, 255, 255, 0);\n}\n<\/style>\n<\/div>\n\n\t\t<\/div>\n\n\t\t\n<style>\n#section_1953681309 {\n  padding-top: 50px;\n  padding-bottom: 50px;\n  background-color: rgb(240, 240, 240);\n}\n@media (min-width:550px) {\n  #section_1953681309 {\n    padding-top: 20px;\n    padding-bottom: 20px;\n  }\n}\n<\/style>\n\t<\/section>\n\t\n\n","protected":false},"excerpt":{"rendered":"","protected":false},"author":112701,"featured_media":207302,"parent":0,"menu_order":0,"comment_status":"closed","ping_status":"closed","template":"","meta":{"_acf_changed":false,"productId":0,"courseId":0,"footnotes":""},"class_list":["post-203083","page","type-page","status-publish","has-post-thumbnail","hentry"],"acf":[],"_links":{"self":[{"href":"https:\/\/integratek.es\/ca\/wp-json\/wp\/v2\/pages\/203083","targetHints":{"allow":["GET"]}}],"collection":[{"href":"https:\/\/integratek.es\/ca\/wp-json\/wp\/v2\/pages"}],"about":[{"href":"https:\/\/integratek.es\/ca\/wp-json\/wp\/v2\/types\/page"}],"author":[{"embeddable":true,"href":"https:\/\/integratek.es\/ca\/wp-json\/wp\/v2\/users\/112701"}],"replies":[{"embeddable":true,"href":"https:\/\/integratek.es\/ca\/wp-json\/wp\/v2\/comments?post=203083"}],"version-history":[{"count":0,"href":"https:\/\/integratek.es\/ca\/wp-json\/wp\/v2\/pages\/203083\/revisions"}],"wp:featuredmedia":[{"embeddable":true,"href":"https:\/\/integratek.es\/ca\/wp-json\/wp\/v2\/media\/207302"}],"wp:attachment":[{"href":"https:\/\/integratek.es\/ca\/wp-json\/wp\/v2\/media?parent=203083"}],"curies":[{"name":"wp","href":"https:\/\/api.w.org\/{rel}","templated":true}]}}