{"id":202922,"date":"2020-11-23T13:54:51","date_gmt":"2020-11-23T12:54:51","guid":{"rendered":"https:\/\/integratek.es\/integratek-inici\/"},"modified":"2026-07-26T20:54:24","modified_gmt":"2026-07-26T18:54:24","slug":"integratek-inici","status":"publish","type":"page","link":"https:\/\/integratek.es\/ca\/","title":{"rendered":"Integratek | Perqu\u00e8 no tots aprenem de la mateixa manera"},"content":{"rendered":"\n<div class=\"slider-wrapper relative nomes-catalunya\" id=\"slider-1456348528\" >\n    <div class=\"slider slider-nav-circle slider-nav-large slider-nav-light slider-style-normal\"\n        data-flickity-options='{\n            \"cellAlign\": \"center\",\n            \"imagesLoaded\": true,\n            \"lazyLoad\": 1,\n            \"freeScroll\": false,\n            \"wrapAround\": true,\n            \"autoPlay\": 3000,\n            \"pauseAutoPlayOnHover\" : true,\n            \"prevNextButtons\": true,\n            \"contain\" : true,\n            \"adaptiveHeight\" : true,\n            \"dragThreshold\" : 10,\n            \"percentPosition\": true,\n            \"pageDots\": true,\n            \"rightToLeft\": false,\n            \"draggable\": true,\n            \"selectedAttraction\": 0.1,\n            \"parallax\" : 0,\n            \"friction\": 0.6        }'\n        >\n        \n\n\n\t<section class=\"section\" id=\"section_1369890368\">\n\t\t<div class=\"section-bg fill\" >\n\t\t\t<img loading=\"lazy\" decoding=\"async\" width=\"1920\" height=\"600\" src=\"https:\/\/integratek.es\/wp-content\/uploads\/2023\/01\/banner-3.jpg\" class=\"bg attachment- size-\" alt=\"\" \/>\t\t\t\t\t\t\n\t\t\t\n\n\t\t<\/div>\n\n\t\t\n\n\t\t<div class=\"section-content relative\">\n\t\t\t\n\n<div class=\"row\" style=\"max-width:1500px\" id=\"row-1157607690\">\n\n\n\t<div id=\"col-372399135\" class=\"col medium-12 small-12 large-9\"  >\n\t\t\t\t<div class=\"col-inner text-left dark\"  >\n\t\t\t\n\t\t\t\n\n\t<div id=\"text-3095465814\" class=\"text\">\n\t\t\n\n<h1><b>Formaci\u00f3 especialitzada per a una educaci\u00f3 inclusiva i de qualitat<\/b><\/h1>\n\t\t\n<style>\n#text-3095465814 {\n  font-size: 1.1rem;\n  line-height: 0.85;\n  text-align: left;\n}\n@media (min-width:550px) {\n  #text-3095465814 {\n    font-size: 2rem;\n    line-height: 1.5;\n    text-align: left;\n  }\n}\n<\/style>\n\t<\/div>\n\t\n\t<div id=\"gap-47061925\" class=\"gap-element clearfix\" style=\"display:block; height:auto;\">\n\t\t\n<style>\n#gap-47061925 {\n  padding-top: 15px;\n}\n<\/style>\n\t<\/div>\n\t\n\n\t<div id=\"text-2004260144\" class=\"text\">\n\t\t\n\n<h2>Cursos homologats i eines innovadores per a docents i professionals de l&#8217;aprenentatge i la psicologia<\/h2>\n\t\t\n<style>\n#text-2004260144 {\n  font-size: 1.1rem;\n  line-height: 1.25;\n  text-align: left;\n}\n@media (min-width:550px) {\n  #text-2004260144 {\n    font-size: 1.2rem;\n    line-height: 1.5;\n  }\n}\n<\/style>\n\t<\/div>\n\t\n\t<div id=\"gap-156251989\" class=\"gap-element clearfix\" style=\"display:block; height:auto;\">\n\t\t\n<style>\n#gap-156251989 {\n  padding-top: 30px;\n}\n<\/style>\n\t<\/div>\n\t\n\n<a href=\"https:\/\/integratek.es\/ca\/cursos-online-homologats\/\" class=\"button primary is-shade is-large box-shadow-1 lowercase btn-full-width-mobile\" style=\"border-radius:3px;\">\n\t\t<span>Formaci\u00f3 homologada<\/span>\n\t<\/a>\n\n\n<a href=\"https:\/\/integratek.es\/plus\/\" target=\"_blank\" class=\"button white is-gloss is-large box-shadow-1 lowercase\" rel=\"noopener\" style=\"border-radius:3px;\">\n\t\t<span>Integratek Plus<\/span>\n\t<\/a>\n\n\n<a href=\"https:\/\/campusvirtual.integratek.es\/\" target=\"_blank\" class=\"button white is-gloss is-large box-shadow-1 lowercase\" rel=\"noopener\" style=\"border-radius:3px;\">\n\t\t<span>Accedeix al campus virtual<\/span>\n\t<\/a>\n\n\n\n\t\t<\/div>\n\t\t\t\t\n<style>\n#col-372399135 > .col-inner {\n  padding: 0px 0px 0px 0px;\n  margin: 0px 0px 0px 0px;\n}\n@media (min-width:550px) {\n  #col-372399135 > .col-inner {\n    padding: 0px 0px 0px 0px;\n    margin: -70px 0px -70px 40px;\n  }\n}\n<\/style>\n\t<\/div>\n\n\t\n\n\n<style>\n#row-1157607690 > .col > .col-inner {\n  padding: 30px 5px 30px 5px;\n}\n@media (min-width:550px) {\n  #row-1157607690 > .col > .col-inner {\n    padding: 70px 15px 70px 15px;\n  }\n}\n@media (min-width:850px) {\n  #row-1157607690 > .col > .col-inner {\n    padding: 70px 15px 70px 15px;\n  }\n}\n<\/style>\n<\/div>\n\n\t\t<\/div>\n\n\t\t\n<style>\n#section_1369890368 {\n  padding-top: 0px;\n  padding-bottom: 0px;\n}\n#section_1369890368 .section-bg img {\n  object-position: 63% 63%;\n}\n@media (min-width:550px) {\n  #section_1369890368 {\n    padding-top: 30px;\n    padding-bottom: 30px;\n  }\n}\n<\/style>\n\t<\/section>\n\t\n\n     <\/div>\n\n     <div class=\"loading-spin dark large centered\"><\/div>\n\n\t<\/div>\n\n\n\n\t<section class=\"section\" id=\"section_1106536228\">\n\t\t<div class=\"section-bg fill\" >\n\t\t\t\t\t\t\t\t\t<div class=\"section-bg-overlay absolute fill\"><\/div>\n\t\t\t\n\n\t\t<\/div>\n\n\t\t\n\n\t\t<div class=\"section-content relative\">\n\t\t\t\n\n<div class=\"row row-full-width align-center\"  id=\"row-536533875\">\n\n\n\t<div id=\"col-1638344724\" class=\"col medium-2 small-12 large-2\"  >\n\t\t\t\t<div class=\"col-inner text-center\"  >\n\t\t\t\n\t\t\t\n\n\t<div class=\"img has-hover x md-x lg-x y md-y lg-y\" id=\"image_1538399211\">\n\t\t<a class=\"\" href=\"https:\/\/integratek.es\/ca\/calendari-de-novetats\/\" target=\"_blank\" rel=\"noopener\" >\t\t\t\t\t\t<div class=\"img-inner box-shadow-2 dark\" >\n\t\t\t<img loading=\"lazy\" decoding=\"async\" width=\"510\" height=\"510\" src=\"https:\/\/integratek.es\/wp-content\/uploads\/2025\/09\/calendari-de-novetats-510x510-1.jpg\" class=\"attachment-large size-large\" alt=\"\" srcset=\"https:\/\/integratek.es\/wp-content\/uploads\/2025\/09\/calendari-de-novetats-510x510-1.jpg 510w, https:\/\/integratek.es\/wp-content\/uploads\/2025\/09\/calendari-de-novetats-510x510-1-400x400.jpg 400w, https:\/\/integratek.es\/wp-content\/uploads\/2025\/09\/calendari-de-novetats-510x510-1-280x280.jpg 280w, https:\/\/integratek.es\/wp-content\/uploads\/2025\/09\/calendari-de-novetats-510x510-1-100x100.jpg 100w\" sizes=\"auto, (max-width: 510px) 100vw, 510px\" \/>\t\t\t\t\t\t\n\t\t\t\t\t<\/div>\n\t\t\t\t\t\t<\/a>\t\t\n<style>\n#image_1538399211 {\n  width: 100%;\n}\n<\/style>\n\t<\/div>\n\t\n\n\n\t\t<\/div>\n\t\t\t\t\t<\/div>\n\n\t\n\n\t<div id=\"col-1189276325\" class=\"col medium-3 small-12 large-3\"  >\n\t\t\t\t<div class=\"col-inner\"  >\n\t\t\t\n\t\t\t\n\n<a href=\"https:\/\/integratek.es\/ca\/calendari-de-novetats\/\" class=\"button primary is-shade hide-for-small\" >\n\t\t<span>CALENDARI DE NOVETATS<\/span>\n\t<\/a>\n\n\n\t<div id=\"text-856665530\" class=\"text\">\n\t\t\n\n<p>Descobreix el nostre calendari de novetats perqu\u00e8 estiguis sempre al dia amb les darreres formacions, tallers i webinars.<\/p>\n<p>\ud83d\udccd<b>PR\u00d2XIMS TALLERS ONLINE<\/b><b><br \/><\/b><\/p>\n<ul>\n<li><a href=\"https:\/\/integratek.es\/ca\/botiga\/tallers\/interpretacio-del-wisc-v-taller-practic-online-18-setembre-del-2026\/\">Interpretaci\u00f3 del WISC-V<\/a>\u00a0&#8211; 18 de setembre de 2026<\/li>\n<\/ul>\n<ul>\n<li><a href=\"https:\/\/integratek.es\/ca\/botiga\/cursos-online-ca\/atencio-a-la-diversitat\/disciplina-positiva-aplicada-tnd-taller-practic-online-2-octubre-de-2016\/\">Disciplina positiva aplicada als trastorns del neurodesenvolupament<\/a>\u00a0&#8211; 2 d&#8217;octubre de 2026<\/li>\n<\/ul>\n<ul>\n<li><a href=\"https:\/\/integratek.es\/ca\/botiga\/cursos-online-ca\/atencio-a-la-diversitat\/avaluacio-llenguatge-interpretacio-de-proves-analisi-perfils-linguistics-taller-practic-online-4-juliol-2026\/\">Avaluaci\u00f3 del llenguatge: interpretaci\u00f3 de proves i an\u00e0lisis de perfils ling\u00fc\u00edstics<\/a>\u00a0&#8211; 24 d&#8217;octubre de 2026<\/li>\n<\/ul>\n\t\t\n<style>\n#text-856665530 {\n  font-size: 1.1rem;\n  line-height: 1.25;\n  text-align: left;\n}\n@media (min-width:550px) {\n  #text-856665530 {\n    font-size: 1rem;\n    line-height: 1.5;\n  }\n}\n<\/style>\n\t<\/div>\n\t\n<a href=\"https:\/\/integratek.es\/ca\/calendari-de-novetats\/\" class=\"button primary is-shade show-for-small\" >\n\t\t<span>CALENDARI DE NOVETATS<\/span>\n\t<\/a>\n\n\n\n\t\t<\/div>\n\t\t\t\t\t<\/div>\n\n\t\n\n\t<div id=\"col-1527957837\" class=\"col medium-2 small-12 large-2\"  >\n\t\t\t\t<div class=\"col-inner text-center\"  >\n\t\t\t\n\t\t\t\n\n\t<div class=\"img has-hover x md-x lg-x y md-y lg-y\" id=\"image_1494133216\">\n\t\t<a class=\"\" href=\"https:\/\/integratek.es\/ca\/botiga\/tallers\/interpretacio-del-wisc-v-taller-practic-online-18-setembre-del-2026\/\" target=\"_blank\" rel=\"noopener\" >\t\t\t\t\t\t<div class=\"img-inner box-shadow-2 dark\" >\n\t\t\t<img loading=\"lazy\" decoding=\"async\" width=\"800\" height=\"800\" src=\"https:\/\/integratek.es\/wp-content\/uploads\/2026\/07\/Maria-Garau_WISC2026_Feed_CAT-1-800x800.jpg\" class=\"attachment-large size-large\" alt=\"\" srcset=\"https:\/\/integratek.es\/wp-content\/uploads\/2026\/07\/Maria-Garau_WISC2026_Feed_CAT-1-800x800.jpg 800w, https:\/\/integratek.es\/wp-content\/uploads\/2026\/07\/Maria-Garau_WISC2026_Feed_CAT-1-400x400.jpg 400w, https:\/\/integratek.es\/wp-content\/uploads\/2026\/07\/Maria-Garau_WISC2026_Feed_CAT-1-280x280.jpg 280w, https:\/\/integratek.es\/wp-content\/uploads\/2026\/07\/Maria-Garau_WISC2026_Feed_CAT-1-768x768.jpg 768w, https:\/\/integratek.es\/wp-content\/uploads\/2026\/07\/Maria-Garau_WISC2026_Feed_CAT-1-1536x1536.jpg 1536w, https:\/\/integratek.es\/wp-content\/uploads\/2026\/07\/Maria-Garau_WISC2026_Feed_CAT-1-2048x2048.jpg 2048w, https:\/\/integratek.es\/wp-content\/uploads\/2026\/07\/Maria-Garau_WISC2026_Feed_CAT-1-510x510.jpg 510w, https:\/\/integratek.es\/wp-content\/uploads\/2026\/07\/Maria-Garau_WISC2026_Feed_CAT-1-100x100.jpg 100w\" sizes=\"auto, (max-width: 800px) 100vw, 800px\" \/>\t\t\t\t\t\t\n\t\t\t\t\t<\/div>\n\t\t\t\t\t\t<\/a>\t\t\n<style>\n#image_1494133216 {\n  width: 100%;\n}\n<\/style>\n\t<\/div>\n\t\n\n\n\t\t<\/div>\n\t\t\t\t\t<\/div>\n\n\t\n\n\t<div id=\"col-226370501\" class=\"col medium-3 small-12 large-3\"  >\n\t\t\t\t<div class=\"col-inner\"  >\n\t\t\t\n\t\t\t\n\n<a href=\"https:\/\/integratek.es\/ca\/botiga\/tallers\/interpretacio-del-wisc-v-taller-practic-online-18-setembre-del-2026\/\" class=\"button alert is-shade hide-for-small\" >\n\t\t<span>Reserva la teva pla\u00e7a<\/span>\n\t<\/a>\n\n\n\t<div id=\"text-2059911261\" class=\"text\">\n\t\t\n\n<p>TALLER D\u2019INTERPRETACI\u00d3 DEL WISC-V |<br \/>18 DE SETEMBRE<br \/><b>Interpreta el WISC-V m\u00e9s enll\u00e0 del CI total<\/b><\/p>\n<p class=\"isSelectedEnd\">Taller pr\u00e0ctic per analitzar els \u00edndexs, les subproves, les discrep\u00e0ncies i els punts forts i febles del WISC-V, relacionant els resultats amb el funcionament escolar i l\u2019orientaci\u00f3 educativa.<\/p>\n<p><i>Inscripcions obertes.<\/i><\/p>\n\t\t\n<style>\n#text-2059911261 {\n  font-size: 1.1rem;\n  line-height: 1.25;\n  text-align: left;\n}\n@media (min-width:550px) {\n  #text-2059911261 {\n    font-size: 1rem;\n    line-height: 1.6;\n  }\n}\n<\/style>\n\t<\/div>\n\t\n<a href=\"https:\/\/integratek.es\/ca\/botiga\/cursos-online-ca\/atencio-a-la-diversitat\/avaluacio-autisme-28-novembre\/\" class=\"button alert is-shade show-for-small\" >\n\t\t<span>CONSULTA FORMACI\u00d3<\/span>\n\t<\/a>\n\n\n\n\t\t<\/div>\n\t\t\t\t\t<\/div>\n\n\t\n\n\n<style>\n#row-536533875 > .col > .col-inner {\n  padding: 0px 0px 0px 0px;\n}\n@media (min-width:550px) {\n  #row-536533875 > .col > .col-inner {\n    padding: 60px 0px 30px 0px;\n  }\n}\n<\/style>\n<\/div>\n\n\t\t<\/div>\n\n\t\t\n<style>\n#section_1106536228 {\n  padding-top: 0px;\n  padding-bottom: 0px;\n  background-color: rgba(255, 255, 255, 0.965);\n}\n#section_1106536228 .section-bg-overlay {\n  background-color: rgba(190, 190, 190, 0.2);\n}\n@media (min-width:550px) {\n  #section_1106536228 {\n    padding-top: 47px;\n    padding-bottom: 47px;\n  }\n}\n@media (min-width:850px) {\n  #section_1106536228 {\n    padding-top: 0px;\n    padding-bottom: 0px;\n  }\n}\n<\/style>\n\t<\/section>\n\t\n\n\t<section class=\"section\" id=\"section_1403173325\">\n\t\t<div class=\"section-bg fill\" >\n\t\t\t\t\t\t\t\t\t\n\t\t\t\n\n\t\t<\/div>\n\n\t\t\n\n\t\t<div class=\"section-content relative\">\n\t\t\t\n\n<div class=\"row align-center\" style=\"max-width:1800px\" id=\"row-1603702986\">\n\n\n\t<div id=\"col-678763503\" class=\"col medium-10 small-12 large-10\"  >\n\t\t\t\t<div class=\"col-inner\"  >\n\t\t\t\n\t\t\t\n\n<div class=\"row row-small align-center\" style=\"max-width:1500px\" id=\"row-490170087\">\n\n\n\t<div id=\"col-884951255\" class=\"col medium-5 small-12 large-5\"  >\n\t\t\t\t<div class=\"col-inner\"  >\n\t\t\t\n\t\t\t\n\n\t<div id=\"text-2082604749\" class=\"text font-nunito\">\n\t\t\n\n<h4><b>+80.000<\/b><\/h4>\n\t\t\n<style>\n#text-2082604749 {\n  font-size: 1.7rem;\n  line-height: 1.25;\n  text-align: center;\n}\n@media (min-width:550px) {\n  #text-2082604749 {\n    font-size: 2.5rem;\n    line-height: 1.5;\n  }\n}\n<\/style>\n\t<\/div>\n\t\n\t<div id=\"text-3575053249\" class=\"text\">\n\t\t\n\n<h3>Docents, psic\u00f2legs, logopedes, pedagogs i fam\u00edlies formades<\/h3>\n\t\t\n<style>\n#text-3575053249 {\n  font-size: 1.1rem;\n  line-height: 1.25;\n  text-align: center;\n}\n@media (min-width:550px) {\n  #text-3575053249 {\n    font-size: 1.05rem;\n    line-height: 1.5;\n  }\n}\n<\/style>\n\t<\/div>\n\t\n\n\t\t<\/div>\n\t\t\t\t\t<\/div>\n\n\t\n\n\t<div id=\"col-1700363904\" class=\"col medium-3 small-12 large-3\"  >\n\t\t\t\t<div class=\"col-inner\"  >\n\t\t\t\n\t\t\t\n\n\t<div id=\"text-2637346331\" class=\"text font-nunito\">\n\t\t\n\n<h4><b>+200<\/b><\/h4>\n\t\t\n<style>\n#text-2637346331 {\n  font-size: 1.7rem;\n  line-height: 1.25;\n  text-align: center;\n}\n@media (min-width:550px) {\n  #text-2637346331 {\n    font-size: 2.5rem;\n    line-height: 1.5;\n  }\n}\n<\/style>\n\t<\/div>\n\t\n\t<div id=\"text-2181000527\" class=\"text\">\n\t\t\n\n<h3>Cursos online, masterclass i webinars<\/h3>\n\t\t\n<style>\n#text-2181000527 {\n  font-size: 1.1rem;\n  line-height: 1.25;\n  text-align: center;\n}\n@media (min-width:550px) {\n  #text-2181000527 {\n    font-size: 1.25rem;\n    line-height: 1.5;\n  }\n}\n<\/style>\n\t<\/div>\n\t\n\n\t\t<\/div>\n\t\t\t\t\t<\/div>\n\n\t\n\n\t<div id=\"col-774179990\" class=\"col medium-4 small-12 large-4\"  >\n\t\t\t\t<div class=\"col-inner\"  >\n\t\t\t\n\t\t\t\n\n\t<div id=\"text-1867233155\" class=\"text font-nunito\">\n\t\t\n\n<h4><b>100%<\/b><\/h4>\n\t\t\n<style>\n#text-1867233155 {\n  font-size: 1.7rem;\n  line-height: 1.25;\n  text-align: center;\n}\n@media (min-width:550px) {\n  #text-1867233155 {\n    font-size: 2.5rem;\n    line-height: 1.5;\n  }\n}\n<\/style>\n\t<\/div>\n\t\n\t<div id=\"text-559896054\" class=\"text\">\n\t\t\n\n<h3>bonificables per FUNDAE<\/h3>\n\t\t\n<style>\n#text-559896054 {\n  font-size: 1.1rem;\n  line-height: 1.25;\n  text-align: center;\n}\n@media (min-width:550px) {\n  #text-559896054 {\n    font-size: 1.25rem;\n    line-height: 1.5;\n  }\n}\n<\/style>\n\t<\/div>\n\t\n\n\t\t<\/div>\n\t\t\t\t\t<\/div>\n\n\t\n\n\n<style>\n#row-490170087 > .col > .col-inner {\n  padding: 0px 0px 0px 0px;\n}\n@media (min-width:550px) {\n  #row-490170087 > .col > .col-inner {\n    padding: 20px 0px 20px 0px;\n  }\n}\n<\/style>\n<\/div>\n\n\t\t<\/div>\n\t\t\t\t\n<style>\n#col-678763503 > .col-inner {\n  margin: 30px 0px 0px 0px;\n}\n@media (min-width:550px) {\n  #col-678763503 > .col-inner {\n    margin: 10px 0px -40px 0px;\n  }\n}\n<\/style>\n\t<\/div>\n\n\t\n\n<\/div>\n<div class=\"row align-center\" style=\"max-width:1800px\" id=\"row-1591902483\">\n\n\n\t<div id=\"col-495662782\" class=\"col medium-9 small-12 large-9\"  >\n\t\t\t\t<div class=\"col-inner\"  >\n\t\t\t\n\t\t\t\n\n<div class=\"row row-small align-center\" style=\"max-width:1500px\" id=\"row-1288529057\">\n\n\n\t<div id=\"col-278544799\" class=\"col medium-5 small-10 large-3\"  >\n\t\t\t\t<div class=\"col-inner text-center\"  >\n\t\t\t\n\t\t\t\n\n\t<div class=\"img has-hover x md-x lg-x y md-y lg-y\" id=\"image_1496058169\">\n\t\t\t\t\t\t\t\t<div class=\"img-inner dark\" >\n\t\t\t<img loading=\"lazy\" decoding=\"async\" width=\"768\" height=\"201\" src=\"https:\/\/integratek.es\/wp-content\/uploads\/2023\/02\/Logo-UB_2-768x201.png\" class=\"attachment-medium_large size-medium_large\" alt=\"\" srcset=\"https:\/\/integratek.es\/wp-content\/uploads\/2023\/02\/Logo-UB_2-768x201.png 768w, https:\/\/integratek.es\/wp-content\/uploads\/2023\/02\/Logo-UB_2-800x209.png 800w, https:\/\/integratek.es\/wp-content\/uploads\/2023\/02\/Logo-UB_2-510x133.png 510w, https:\/\/integratek.es\/wp-content\/uploads\/2023\/02\/Logo-UB_2.png 991w\" sizes=\"auto, (max-width: 768px) 100vw, 768px\" \/>\t\t\t\t\t\t\n\t\t\t\t\t<\/div>\n\t\t\t\t\t\t\t\t\n<style>\n#image_1496058169 {\n  width: 66%;\n}\n@media (min-width:550px) {\n  #image_1496058169 {\n    width: 100%;\n  }\n}\n<\/style>\n\t<\/div>\n\t\n\n\n\t\t<\/div>\n\t\t\t\t\n<style>\n#col-278544799 > .col-inner {\n  margin: 0px 0px 0px 0px;\n}\n@media (min-width:550px) {\n  #col-278544799 > .col-inner {\n    margin: 40px 0px 0px 0px;\n  }\n}\n<\/style>\n\t<\/div>\n\n\t\n\n\t<div id=\"col-1966412387\" class=\"col medium-4 small-9 large-2\"  >\n\t\t\t\t<div class=\"col-inner text-center\"  >\n\t\t\t\n\t\t\t\n\n\t<div class=\"img has-hover x md-x lg-x y md-y lg-y\" id=\"image_914810519\">\n\t\t\t\t\t\t\t\t<div class=\"img-inner dark\" >\n\t\t\t<img loading=\"lazy\" decoding=\"async\" width=\"768\" height=\"434\" src=\"https:\/\/integratek.es\/wp-content\/uploads\/2023\/02\/Logo-IDP-768x434.png\" class=\"attachment-medium_large size-medium_large\" alt=\"\" srcset=\"https:\/\/integratek.es\/wp-content\/uploads\/2023\/02\/Logo-IDP-768x434.png 768w, https:\/\/integratek.es\/wp-content\/uploads\/2023\/02\/Logo-IDP-709x400.png 709w, https:\/\/integratek.es\/wp-content\/uploads\/2023\/02\/Logo-IDP-510x288.png 510w, https:\/\/integratek.es\/wp-content\/uploads\/2023\/02\/Logo-IDP.png 946w\" sizes=\"auto, (max-width: 768px) 100vw, 768px\" \/>\t\t\t\t\t\t\n\t\t\t\t\t<\/div>\n\t\t\t\t\t\t\t\t\n<style>\n#image_914810519 {\n  width: 59%;\n}\n@media (min-width:550px) {\n  #image_914810519 {\n    width: 100%;\n  }\n}\n<\/style>\n\t<\/div>\n\t\n\n\n\t\t<\/div>\n\t\t\t\t\n<style>\n#col-1966412387 > .col-inner {\n  margin: 0px 0px 0px 0px;\n}\n<\/style>\n\t<\/div>\n\n\t\n\n\t<div id=\"col-976834727\" class=\"col medium-10 small-11 large-7\"  >\n\t\t\t\t<div class=\"col-inner text-center\"  >\n\t\t\t\n\t\t\t\n\n\t<div id=\"text-3563710508\" class=\"text\">\n\t\t\n\n<p align=\"left\"><b><span class=\"S1PPyQ\">Cursos online homologats per IDP-ICE Universitat de Barcelona<br><\/span> <\/b><\/p>\n<p align=\"left\"><span class=\"S1PPyQ\">Descobreix els nostres cursos homologats i baremables per a oposicions, borses de treball i formaci\u00f3 continuada a totes les CCAA d&#8217;Espanya.<\/span><\/p>\n\t\t\n<style>\n#text-3563710508 {\n  font-size: 1.1rem;\n  line-height: 1.25;\n  text-align: center;\n}\n@media (min-width:550px) {\n  #text-3563710508 {\n    font-size: 1.25rem;\n    line-height: 1.5;\n  }\n}\n<\/style>\n\t<\/div>\n\t\n<a href=\"https:\/\/integratek.es\/acreditacion-idpice-universidad-barcelona\/\" class=\"button primary is-shade box-shadow-1 lowercase btn-full-width-mobile\" style=\"border-radius:3px;\">\n\t\t<span>Veure m\u00e9s<\/span>\n\t<\/a>\n\n\n\n\t\t<\/div>\n\t\t\t\t\n<style>\n#col-976834727 > .col-inner {\n  margin: 0px 0px 0px 0px;\n}\n@media (min-width:550px) {\n  #col-976834727 > .col-inner {\n    margin: 0px 0px 0px 20px;\n  }\n}\n<\/style>\n\t<\/div>\n\n\t\n\n\n<style>\n#row-1288529057 > .col > .col-inner {\n  padding: 0px 0px 0px 0px;\n}\n@media (min-width:550px) {\n  #row-1288529057 > .col > .col-inner {\n    padding: 20px 0px 20px 0px;\n  }\n}\n<\/style>\n<\/div>\n\n\t\t<\/div>\n\t\t\t\t\n<style>\n#col-495662782 > .col-inner {\n  margin: 0px 0px 0px 0px;\n}\n@media (min-width:550px) {\n  #col-495662782 > .col-inner {\n    margin: 10px 0px -40px 0px;\n  }\n}\n<\/style>\n\t<\/div>\n\n\t\n\n<\/div>\n\n\t\t<\/div>\n\n\t\t\n<style>\n#section_1403173325 {\n  padding-top: 0px;\n  padding-bottom: 0px;\n  background-color: rgba(255, 255, 255, 0.965);\n}\n@media (min-width:550px) {\n  #section_1403173325 {\n    padding-top: 47px;\n    padding-bottom: 47px;\n  }\n}\n@media (min-width:850px) {\n  #section_1403173325 {\n    padding-top: 0px;\n    padding-bottom: 0px;\n  }\n}\n<\/style>\n\t<\/section>\n\t\n\n\t<section class=\"section\" id=\"section_1674570730\">\n\t\t<div class=\"section-bg fill\" >\n\t\t\t<img loading=\"lazy\" decoding=\"async\" width=\"2000\" height=\"440\" src=\"https:\/\/integratek.es\/wp-content\/uploads\/2025\/09\/Banners-home_web-Integratek-Plus.jpg\" class=\"bg attachment- size-\" alt=\"\" \/>\t\t\t\t\t\t\n\t\t\t\n\n\t\t<\/div>\n\n\t\t\n\n\t\t<div class=\"section-content relative\">\n\t\t\t\n\n<div class=\"row align-center\" style=\"max-width:1800px\" id=\"row-563979440\">\n\n\n\t<div id=\"col-357259524\" class=\"col medium-10 small-12 large-10\"  >\n\t\t\t\t<div class=\"col-inner\"  >\n\t\t\t\n\t\t\t\n\n<div class=\"row row-small align-center\" style=\"max-width:1500px\" id=\"row-2058388561\">\n\n\n\t<div id=\"col-522695532\" class=\"col medium-10 small-11 large-8\"  >\n\t\t\t\t<div class=\"col-inner text-center\"  >\n\t\t\t\n\t\t\t\n\n\t<div id=\"text-1543840378\" class=\"text\">\n\t\t\n\n<h2 align=\"left\"><b><span class=\"S1PPyQ\">Coneixes Integratek Plus?<\/span> <\/b><\/h2>\n\t\t\n<style>\n#text-1543840378 {\n  font-size: 1.2rem;\n  line-height: 1.25;\n  text-align: left;\n  color: rgb(255, 255, 255);\n}\n#text-1543840378 > * {\n  color: rgb(255, 255, 255);\n}\n@media (min-width:550px) {\n  #text-1543840378 {\n    font-size: 1.5rem;\n    line-height: 0.75;\n    text-align: center;\n  }\n}\n<\/style>\n\t<\/div>\n\t\n\t<div id=\"text-2801739738\" class=\"text\">\n\t\t\n\n<p align=\"left\">Explora les nostres classes, masterclasses, webinars i recursos<br>descarregables i gaudeix de la llibertat d&#8217;aprendre a trav\u00e9s de<br>el nostre format per subscripci\u00f3 a contingut exclusiu.<\/p>\n\t\t\n<style>\n#text-2801739738 {\n  font-size: 1.1rem;\n  line-height: 1.25;\n  text-align: left;\n  color: rgb(255, 255, 255);\n}\n#text-2801739738 > * {\n  color: rgb(255, 255, 255);\n}\n@media (min-width:550px) {\n  #text-2801739738 {\n    font-size: 1.3rem;\n    line-height: 1.5;\n    text-align: center;\n  }\n}\n<\/style>\n\t<\/div>\n\t\n\n\t\t<\/div>\n\t\t\t\t\n<style>\n#col-522695532 > .col-inner {\n  margin: 0px 0px 0px 0px;\n}\n@media (min-width:550px) {\n  #col-522695532 > .col-inner {\n    margin: 0px 0px 0px 20px;\n  }\n}\n<\/style>\n\t<\/div>\n\n\t\n\n\t<div id=\"col-152001611\" class=\"col medium-4 small-12 large-4\"  >\n\t\t\t\t<div class=\"col-inner text-center\"  >\n\t\t\t\n\t\t\t\n\n<a href=\"https:\/\/integratek.es\/plus\/suscripcion\/prueba\/acceso\" target=\"_blank\" class=\"button white is-shade is-large box-shadow-1 lowercase expand btn-full-width-mobile\" rel=\"noopener\" style=\"border-radius:3px;\">\n\t\t<span>Prova'l 7 d\u00edas GRATIS<\/span>\n\t<\/a>\n\n\n\n\t\t<\/div>\n\t\t\t\t\n<style>\n#col-152001611 > .col-inner {\n  margin: 0px 0px 0px 0px;\n}\n@media (min-width:550px) {\n  #col-152001611 > .col-inner {\n    margin: 70px 0px 0px 0px;\n  }\n}\n<\/style>\n\t<\/div>\n\n\t\n\n\n<style>\n#row-2058388561 > .col > .col-inner {\n  padding: 0px 0px 0px 0px;\n}\n@media (min-width:550px) {\n  #row-2058388561 > .col > .col-inner {\n    padding: 20px 0px 20px 0px;\n  }\n}\n<\/style>\n<\/div>\n\n\t\t<\/div>\n\t\t\t\t\n<style>\n#col-357259524 > .col-inner {\n  margin: 30px 0px 0px 0px;\n}\n@media (min-width:550px) {\n  #col-357259524 > .col-inner {\n    margin: 10px 0px -40px 0px;\n  }\n}\n<\/style>\n\t<\/div>\n\n\t\n\n<\/div>\n\n\t\t<\/div>\n\n\t\t\n<style>\n#section_1674570730 {\n  padding-top: 0px;\n  padding-bottom: 0px;\n  background-color: #ff9d38;\n}\n@media (min-width:550px) {\n  #section_1674570730 {\n    padding-top: 47px;\n    padding-bottom: 47px;\n  }\n}\n@media (min-width:850px) {\n  #section_1674570730 {\n    padding-top: 30px;\n    padding-bottom: 30px;\n  }\n}\n<\/style>\n\t<\/section>\n\t\n\n\t<section class=\"section\" id=\"section_1920140386\">\n\t\t<div class=\"section-bg fill\" >\n\t\t\t\t\t\t\t\t\t<div class=\"section-bg-overlay absolute fill\"><\/div>\n\t\t\t\n\n\t\t<\/div>\n\n\t\t\n\n\t\t<div class=\"section-content relative\">\n\t\t\t\n\n<div class=\"row row-collapse align-middle\" style=\"max-width:1500px\" id=\"row-1485326089\">\n\n\n\t<div id=\"col-1179020347\" class=\"col small-12 large-12\"  >\n\t\t\t\t<div class=\"col-inner text-center\"  >\n\t\t\t\n\t\t\t\n\n\t<div id=\"gap-1279727114\" class=\"gap-element clearfix\" style=\"display:block; height:auto;\">\n\t\t\n<style>\n#gap-1279727114 {\n  padding-top: 50px;\n}\n<\/style>\n\t<\/div>\n\t\n\n\t<div id=\"text-693371741\" class=\"text\">\n\t\t\n\n<h2><b>Cursos online homologats m\u00e9s destacats<\/b><\/h2>\n\t\t\n<style>\n#text-693371741 {\n  font-size: 1.2rem;\n  line-height: 1.25;\n  text-align: left;\n}\n@media (min-width:550px) {\n  #text-693371741 {\n    font-size: 1.1rem;\n    line-height: 0.75;\n  }\n}\n<\/style>\n\t<\/div>\n\t\n\t<div id=\"text-1443776609\" class=\"text\">\n\t\t\n\n<p>Uneix-te a milers d&#8217;alumnes que han triat Integratek per continuar aprenent<\/p>\n\t\t\n<style>\n#text-1443776609 {\n  font-size: 1.1rem;\n  line-height: 1.25;\n  text-align: left;\n}\n@media (min-width:550px) {\n  #text-1443776609 {\n    line-height: 0.75;\n  }\n}\n<\/style>\n\t<\/div>\n\t\n<div class=\"row row-full-width custom-carrusel-style-1\"  id=\"row-1521245381\">\n\n\n\t<div id=\"col-1325062386\" class=\"col slider-slides small-12 large-12\"  >\n\t\t\t\t<div class=\"col-inner\"  >\n\t\t\t\n\t\t\t\n\n\t<div class=\"box has-hover   has-hover box-text-bottom\" >\n\n\t\t<div class=\"box-image\" >\n\t\t\t<a href=\"https:\/\/integratek.es\/ca\/botiga\/cursos-online-ca\/atencio-a-la-diversitat\/trastorns-daprenentatge-de-la-conducta-i-dels-afectius-diagnostic-i-intervencio\/\" >\t\t\t<div class=\"\" >\n\t\t\t\t<img loading=\"lazy\" decoding=\"async\" width=\"1800\" height=\"1800\" src=\"https:\/\/integratek.es\/wp-content\/uploads\/2025\/08\/Trastornos-del-aprendizaje_home-CAT-1.png\" class=\"attachment- size-\" alt=\"\" srcset=\"https:\/\/integratek.es\/wp-content\/uploads\/2025\/08\/Trastornos-del-aprendizaje_home-CAT-1.png 1800w, https:\/\/integratek.es\/wp-content\/uploads\/2025\/08\/Trastornos-del-aprendizaje_home-CAT-1-400x400-1.jpg 400w, https:\/\/integratek.es\/wp-content\/uploads\/2025\/08\/Trastornos-del-aprendizaje_home-CAT-1-800x800-1.jpg 800w, https:\/\/integratek.es\/wp-content\/uploads\/2025\/08\/Trastornos-del-aprendizaje_home-CAT-1-280x280.png 280w, https:\/\/integratek.es\/wp-content\/uploads\/2025\/08\/Trastornos-del-aprendizaje_home-CAT-1-768x768-1.jpg 768w, https:\/\/integratek.es\/wp-content\/uploads\/2025\/08\/Trastornos-del-aprendizaje_home-CAT-1-1536x1536-1.jpg 1536w, https:\/\/integratek.es\/wp-content\/uploads\/2025\/08\/Trastornos-del-aprendizaje_home-CAT-1-510x510-1.jpg 510w, https:\/\/integratek.es\/wp-content\/uploads\/2025\/08\/Trastornos-del-aprendizaje_home-CAT-1-100x100-1.jpg 100w\" sizes=\"auto, (max-width: 1800px) 100vw, 1800px\" \/>\t\t\t\t\t\t\t\t\t\t\t<\/div>\n\t\t\t<\/a>\t\t<\/div>\n\n\t\t<div class=\"box-text text-center\" >\n\t\t\t<div class=\"box-text-inner\">\n\t\t\t\t\n\n\n\t\t\t<\/div>\n\t\t<\/div>\n\t<\/div>\n\t\n\t<div class=\"box has-hover   has-hover box-text-bottom\" >\n\n\t\t<div class=\"box-image\" >\n\t\t\t<a href=\"https:\/\/integratek.es\/ca\/trastorn-de-lespectre-de-lautisme-tea\/\" >\t\t\t<div class=\"\" >\n\t\t\t\t<img loading=\"lazy\" decoding=\"async\" width=\"1800\" height=\"1800\" src=\"https:\/\/integratek.es\/wp-content\/uploads\/2025\/08\/TEA_home-CAT.png\" class=\"attachment- size-\" alt=\"\" srcset=\"https:\/\/integratek.es\/wp-content\/uploads\/2025\/08\/TEA_home-CAT.png 1800w, https:\/\/integratek.es\/wp-content\/uploads\/2025\/08\/TEA_home-CAT-400x400.png 400w, https:\/\/integratek.es\/wp-content\/uploads\/2025\/08\/TEA_home-CAT-800x800.png 800w, https:\/\/integratek.es\/wp-content\/uploads\/2025\/08\/TEA_home-CAT-280x280.png 280w, https:\/\/integratek.es\/wp-content\/uploads\/2025\/08\/TEA_home-CAT-768x768.png 768w, https:\/\/integratek.es\/wp-content\/uploads\/2025\/08\/TEA_home-CAT-1536x1536.png 1536w, https:\/\/integratek.es\/wp-content\/uploads\/2025\/08\/TEA_home-CAT-510x510.png 510w, https:\/\/integratek.es\/wp-content\/uploads\/2025\/08\/TEA_home-CAT-100x100.png 100w\" sizes=\"auto, (max-width: 1800px) 100vw, 1800px\" \/>\t\t\t\t\t\t\t\t\t\t\t<\/div>\n\t\t\t<\/a>\t\t<\/div>\n\n\t\t<div class=\"box-text text-center\" >\n\t\t\t<div class=\"box-text-inner\">\n\t\t\t\t\n\n\n\t\t\t<\/div>\n\t\t<\/div>\n\t<\/div>\n\t\n\t<div class=\"box has-hover   has-hover box-text-bottom\" >\n\n\t\t<div class=\"box-image\" >\n\t\t\t<a href=\"https:\/\/integratek.es\/ca\/trastorn-del-desenvolupament-del-llenguatge-tdl\/\" >\t\t\t<div class=\"\" >\n\t\t\t\t<img loading=\"lazy\" decoding=\"async\" width=\"1800\" height=\"1800\" src=\"https:\/\/integratek.es\/wp-content\/uploads\/2025\/08\/TDL_home-CAT.png\" class=\"attachment- size-\" alt=\"\" srcset=\"https:\/\/integratek.es\/wp-content\/uploads\/2025\/08\/TDL_home-CAT.png 1800w, https:\/\/integratek.es\/wp-content\/uploads\/2025\/08\/TDL_home-CAT-400x400.png 400w, https:\/\/integratek.es\/wp-content\/uploads\/2025\/08\/TDL_home-CAT-800x800.png 800w, https:\/\/integratek.es\/wp-content\/uploads\/2025\/08\/TDL_home-CAT-280x280.png 280w, https:\/\/integratek.es\/wp-content\/uploads\/2025\/08\/TDL_home-CAT-768x768.png 768w, https:\/\/integratek.es\/wp-content\/uploads\/2025\/08\/TDL_home-CAT-1536x1536.png 1536w, https:\/\/integratek.es\/wp-content\/uploads\/2025\/08\/TDL_home-CAT-510x510.png 510w, https:\/\/integratek.es\/wp-content\/uploads\/2025\/08\/TDL_home-CAT-100x100.png 100w\" sizes=\"auto, (max-width: 1800px) 100vw, 1800px\" \/>\t\t\t\t\t\t\t\t\t\t\t<\/div>\n\t\t\t<\/a>\t\t<\/div>\n\n\t\t<div class=\"box-text text-center\" >\n\t\t\t<div class=\"box-text-inner\">\n\t\t\t\t\n\n\n\t\t\t<\/div>\n\t\t<\/div>\n\t<\/div>\n\t\n\t<div class=\"box has-hover   has-hover box-text-bottom\" >\n\n\t\t<div class=\"box-image\" >\n\t\t\t<a href=\"https:\/\/integratek.es\/ca\/trastorn-per-deficit-datencio-amb-hiperactivitat-tdah\/\" >\t\t\t<div class=\"\" >\n\t\t\t\t<img loading=\"lazy\" decoding=\"async\" width=\"1800\" height=\"1800\" src=\"https:\/\/integratek.es\/wp-content\/uploads\/2023\/07\/TDAH_home.png\" class=\"attachment- size-\" alt=\"\" srcset=\"https:\/\/integratek.es\/wp-content\/uploads\/2023\/07\/TDAH_home.png 1800w, https:\/\/integratek.es\/wp-content\/uploads\/2023\/07\/TDAH_home-400x400.png 400w, https:\/\/integratek.es\/wp-content\/uploads\/2023\/07\/TDAH_home-800x800.png 800w, https:\/\/integratek.es\/wp-content\/uploads\/2023\/07\/TDAH_home-280x280.png 280w, https:\/\/integratek.es\/wp-content\/uploads\/2023\/07\/TDAH_home-768x768.png 768w, https:\/\/integratek.es\/wp-content\/uploads\/2023\/07\/TDAH_home-1536x1536.png 1536w, https:\/\/integratek.es\/wp-content\/uploads\/2023\/07\/TDAH_home-510x510.png 510w, https:\/\/integratek.es\/wp-content\/uploads\/2023\/07\/TDAH_home-100x100.png 100w\" sizes=\"auto, (max-width: 1800px) 100vw, 1800px\" \/>\t\t\t\t\t\t\t\t\t\t\t<\/div>\n\t\t\t<\/a>\t\t<\/div>\n\n\t\t<div class=\"box-text text-center\" >\n\t\t\t<div class=\"box-text-inner\">\n\t\t\t\t\n\n\n\t\t\t<\/div>\n\t\t<\/div>\n\t<\/div>\n\t\n\t<div class=\"box has-hover   has-hover box-text-bottom\" >\n\n\t\t<div class=\"box-image\" >\n\t\t\t<a href=\"https:\/\/integratek.es\/ca\/altes-capacitats-intellectuals\/\" >\t\t\t<div class=\"\" >\n\t\t\t\t<img loading=\"lazy\" decoding=\"async\" width=\"1800\" height=\"1800\" src=\"https:\/\/integratek.es\/wp-content\/uploads\/2023\/01\/ACAP.png\" class=\"attachment- size-\" alt=\"\" srcset=\"https:\/\/integratek.es\/wp-content\/uploads\/2023\/01\/ACAP.png 1800w, https:\/\/integratek.es\/wp-content\/uploads\/2023\/01\/ACAP-400x400.png 400w, https:\/\/integratek.es\/wp-content\/uploads\/2023\/01\/ACAP-800x800.png 800w, https:\/\/integratek.es\/wp-content\/uploads\/2023\/01\/ACAP-280x280.png 280w, https:\/\/integratek.es\/wp-content\/uploads\/2023\/01\/ACAP-768x768.png 768w, https:\/\/integratek.es\/wp-content\/uploads\/2023\/01\/ACAP-1536x1536.png 1536w, https:\/\/integratek.es\/wp-content\/uploads\/2023\/01\/ACAP-510x510.png 510w, https:\/\/integratek.es\/wp-content\/uploads\/2023\/01\/ACAP-100x100.png 100w, https:\/\/integratek.es\/wp-content\/uploads\/2023\/01\/ACAP-300x300.png 300w\" sizes=\"auto, (max-width: 1800px) 100vw, 1800px\" \/>\t\t\t\t\t\t\t\t\t\t\t<\/div>\n\t\t\t<\/a>\t\t<\/div>\n\n\t\t<div class=\"box-text text-center\" >\n\t\t\t<div class=\"box-text-inner\">\n\t\t\t\t\n\n\n\t\t\t<\/div>\n\t\t<\/div>\n\t<\/div>\n\t\n\t<div class=\"box has-hover   has-hover box-text-bottom\" >\n\n\t\t<div class=\"box-image\" >\n\t\t\t<a href=\"https:\/\/integratek.es\/ca\/intervencio-emocional-i-de-conducta-en-nens-i-adolescents\/\" >\t\t\t<div class=\"\" >\n\t\t\t\t<img loading=\"lazy\" decoding=\"async\" width=\"1800\" height=\"1800\" src=\"https:\/\/integratek.es\/wp-content\/uploads\/2023\/01\/Emocon.png\" class=\"attachment- size-\" alt=\"\" srcset=\"https:\/\/integratek.es\/wp-content\/uploads\/2023\/01\/Emocon.png 1800w, https:\/\/integratek.es\/wp-content\/uploads\/2023\/01\/Emocon-400x400.png 400w, https:\/\/integratek.es\/wp-content\/uploads\/2023\/01\/Emocon-800x800.png 800w, https:\/\/integratek.es\/wp-content\/uploads\/2023\/01\/Emocon-280x280.png 280w, https:\/\/integratek.es\/wp-content\/uploads\/2023\/01\/Emocon-768x768.png 768w, https:\/\/integratek.es\/wp-content\/uploads\/2023\/01\/Emocon-1536x1536.png 1536w, https:\/\/integratek.es\/wp-content\/uploads\/2023\/01\/Emocon-510x510.png 510w, https:\/\/integratek.es\/wp-content\/uploads\/2023\/01\/Emocon-100x100.png 100w, https:\/\/integratek.es\/wp-content\/uploads\/2023\/01\/Emocon-300x300.png 300w\" sizes=\"auto, (max-width: 1800px) 100vw, 1800px\" \/>\t\t\t\t\t\t\t\t\t\t\t<\/div>\n\t\t\t<\/a>\t\t<\/div>\n\n\t\t<div class=\"box-text text-center\" >\n\t\t\t<div class=\"box-text-inner\">\n\t\t\t\t\n\n\n\t\t\t<\/div>\n\t\t<\/div>\n\t<\/div>\n\t\n\t<div class=\"box has-hover   has-hover box-text-bottom\" >\n\n\t\t<div class=\"box-image\" >\n\t\t\t<a href=\"https:\/\/integratek.es\/ca\/dislexia-diagnostic-i-intervencio\/\" >\t\t\t<div class=\"\" >\n\t\t\t\t<img loading=\"lazy\" decoding=\"async\" width=\"1800\" height=\"1800\" src=\"https:\/\/integratek.es\/wp-content\/uploads\/2023\/07\/Dislexia_home.png\" class=\"attachment- size-\" alt=\"\" srcset=\"https:\/\/integratek.es\/wp-content\/uploads\/2023\/07\/Dislexia_home.png 1800w, https:\/\/integratek.es\/wp-content\/uploads\/2023\/07\/Dislexia_home-400x400.png 400w, https:\/\/integratek.es\/wp-content\/uploads\/2023\/07\/Dislexia_home-800x800.png 800w, https:\/\/integratek.es\/wp-content\/uploads\/2023\/07\/Dislexia_home-280x280.png 280w, https:\/\/integratek.es\/wp-content\/uploads\/2023\/07\/Dislexia_home-768x768.png 768w, https:\/\/integratek.es\/wp-content\/uploads\/2023\/07\/Dislexia_home-1536x1536.png 1536w, https:\/\/integratek.es\/wp-content\/uploads\/2023\/07\/Dislexia_home-510x510.png 510w, https:\/\/integratek.es\/wp-content\/uploads\/2023\/07\/Dislexia_home-100x100.png 100w\" sizes=\"auto, (max-width: 1800px) 100vw, 1800px\" \/>\t\t\t\t\t\t\t\t\t\t\t<\/div>\n\t\t\t<\/a>\t\t<\/div>\n\n\t\t<div class=\"box-text text-center\" >\n\t\t\t<div class=\"box-text-inner\">\n\t\t\t\t\n\n\n\t\t\t<\/div>\n\t\t<\/div>\n\t<\/div>\n\t\n\n\t\t<\/div>\n\t\t\t\t\t<\/div>\n\n\t\n\n\t<div id=\"col-1593191208\" class=\"col custom-carrusel-style-1-controls small-12 large-12\"  >\n\t\t\t\t<div class=\"col-inner\"  >\n\t\t\t\n\t\t\t\n\n\n\n<div class=\"bx-controls bx-has-controls-direction\">\n\n<div class=\"bx-controls-direction\">\n\n<a class=\"btn-prev invisible\"><span class=\"carrusel-arrow\"><\/span><\/a>\n\n<a class=\"btn-next\"><span class=\"carrusel-arrow\"><\/span><\/a>\n\n<\/div>\n\n<\/div>\n\n\n\t\t<\/div>\n\t\t\t\t\t<\/div>\n\n\t\n\n<\/div>\n<a href=\"https:\/\/integratek.es\/ca\/cursos-online-homologats\/\" class=\"button primary is-shade box-shadow-1 lowercase btn-full-width-mobile\" style=\"border-radius:3px;\">\n\t\t<span>Veure cursos homologats<\/span>\n\t<\/a>\n\n\n\n\t\t<\/div>\n\t\t\t\t\t<\/div>\n\n\t\n\n\n<style>\n#row-1485326089 > .col > .col-inner {\n  padding: 0px 20px 20px 20px;\n}\n@media (min-width:550px) {\n  #row-1485326089 > .col > .col-inner {\n    padding: 0px 30px 30px 30px;\n  }\n}\n@media (min-width:850px) {\n  #row-1485326089 > .col > .col-inner {\n    padding: 0px 65px 30px 65px;\n  }\n}\n<\/style>\n<\/div>\n\n\t\t<\/div>\n\n\t\t\n<style>\n#section_1920140386 {\n  padding-top: 0px;\n  padding-bottom: 0px;\n  background-color: rgb(255, 255, 255);\n}\n#section_1920140386 .section-bg-overlay {\n  background-color: rgba(190, 190, 190, 0.2);\n}\n@media (min-width:850px) {\n  #section_1920140386 {\n    padding-top: 0px;\n    padding-bottom: 0px;\n  }\n}\n<\/style>\n\t<\/section>\n\t\n\n\n\n\t<section class=\"section\" id=\"section_727565786\">\n\t\t<div class=\"section-bg fill\" >\n\t\t\t\t\t\t\t\t\t\n\t\t\t\n\n\t\t<\/div>\n\n\t\t\n\n\t\t<div class=\"section-content relative\">\n\t\t\t\n\n<div class=\"row\"  id=\"row-1156483071\">\n\n\n\t<div id=\"col-895192621\" class=\"col small-12 large-12\"  >\n\t\t\t\t<div class=\"col-inner\"  >\n\t\t\t\n\t\t\t\n\n\t<div id=\"gap-505148328\" class=\"gap-element clearfix hide-for-small\" style=\"display:block; height:auto;\">\n\t\t\n<style>\n#gap-505148328 {\n  padding-top: 50px;\n}\n<\/style>\n\t<\/div>\n\t\n\n\t<div id=\"text-467953403\" class=\"text\">\n\t\t\n\n<h2><b>Com s\u00f3n els nostres cursos online<\/b><\/h2>\n\t\t\n<style>\n#text-467953403 {\n  font-size: 1.2rem;\n  text-align: left;\n}\n@media (min-width:550px) {\n  #text-467953403 {\n    font-size: 1.15rem;\n    text-align: center;\n  }\n}\n<\/style>\n\t<\/div>\n\t\n\t<div id=\"gap-255297063\" class=\"gap-element clearfix\" style=\"display:block; height:auto;\">\n\t\t\n<style>\n#gap-255297063 {\n  padding-top: 10px;\n}\n<\/style>\n\t<\/div>\n\t\n\n<div class=\"row\"  id=\"row-412064616\">\n\n\n\t<div id=\"col-288796735\" class=\"col medium-6 small-12 large-6\"  >\n\t\t\t\t<div class=\"col-inner\"  >\n\t\t\t\n\t\t\t\n\n\n\t\t<div class=\"icon-box featured-box icon-box-left text-left\"  >\n\t\t\t\t\t<div class=\"icon-box-img\" style=\"width: 40px\">\n\t\t\t\t<div class=\"icon\">\n\t\t\t\t\t<div class=\"icon-inner\" style=\"color:rgb(255, 156, 25);\">\n\t\t\t\t\t\t<?xml version=\"1.0\" encoding=\"utf-8\"?>\n<!-- Generator: Adobe Illustrator 24.1.0, SVG Export Plug-In . SVG Version: 6.00 Build 0)  -->\n<svg version=\"1.1\" id=\"Capa_1\" xmlns=\"http:\/\/www.w3.org\/2000\/svg\" xmlns:xlink=\"http:\/\/www.w3.org\/1999\/xlink\" x=\"0px\" y=\"0px\"\n\t viewBox=\"0 0 458.7 463.5\" style=\"enable-background:new 0 0 458.7 463.5;\" xml:space=\"preserve\">\n<g>\n\t<path d=\"M448.5,321.9l-94-31.4V134.4l49.8-23.2v59.4l-9.6,9.1c-8.5,8.1-13.4,19.5-13.4,31.2v34c0,3.6,2.9,6.5,6.5,6.5h45.9\n\t\tc3.6,0,6.5-2.9,6.5-6.5v-34c0-11.7-4.9-23.1-13.4-31.2l-9.6-9.1V101c0-0.3,0-0.6-0.1-0.8c0-0.1,0-0.1,0-0.2c0-0.2-0.1-0.5-0.2-0.7\n\t\tc0,0,0-0.1,0-0.1c-0.1-0.3-0.2-0.5-0.3-0.8c0-0.1,0-0.1-0.1-0.1c-0.1-0.2-0.2-0.4-0.3-0.6c0,0-0.1-0.1-0.1-0.1\n\t\tc-0.1-0.2-0.3-0.4-0.5-0.6c0,0-0.1-0.1-0.1-0.1c-0.2-0.2-0.3-0.3-0.5-0.5c0,0-0.1-0.1-0.1-0.1c-0.2-0.2-0.4-0.4-0.7-0.5\n\t\tc0,0,0,0,0,0c-0.2-0.2-0.5-0.3-0.7-0.4c0,0,0,0,0,0L213.4,3.4c-1.7-0.8-3.7-0.8-5.5,0L9.9,98.2c-2.3,1.1-3.7,3.4-3.7,5.9\n\t\tc0,2.5,1.5,4.8,3.7,5.9l59,27.5v165.3c0,2.6,1.5,4.9,3.8,5.9l1.3,0.6c43.1,19.2,93.6,25.8,139.8,25.8c22.8,0,45.6-2.4,68.1-7\n\t\tl35.7,123.5c0.9,2.5,3.2,4.2,5.9,4.3c0.1,0,0.2,0,0.2,0c2.6,0,4.9-1.5,5.9-3.9l29.1-49.9l56.8,56.8c2.5,2.5,6.6,2.5,9.2,0\n\t\tl26.4-26.4c2.5-2.5,2.5-6.6,0-9.2l-56.8-59.8l54.7-29.4c2.4-1.1,4-3.5,3.9-6.1C452.7,325.1,451,322.8,448.5,321.9z M427.2,211v27.5\n\t\th-32.9V211c0-8.2,3.4-16.2,9.4-21.8l7.1-6.8l7.1,6.8C423.8,194.8,427.2,202.8,427.2,211z M210.6,16.4l170.9,78.1H210.6\n\t\tc-3.6,0-6.5,2.9-6.5,6.5c0,3.6,2.9,6.5,6.5,6.5h170.9l-170.9,78.1L27.9,104L210.6,16.4z M81.8,298.4V143.4l126.1,55.2\n\t\tc0.9,0.4,1.8,0.6,2.7,0.6s1.9-0.2,2.7-0.6l128.2-58.2v145.4l-73.2-26.4c-2.4-0.9-5-0.3-6.8,1.5c-1.8,1.8-2.4,4.4-1.5,6.8l17.3,47.9\n\t\tC213.6,328.5,142.4,324.8,81.8,298.4z M380.4,355.3c-2,0.9-3.4,2.6-3.8,4.7c-0.4,2.1,0.3,4.3,1.8,5.8l58.9,61.9l-17.3,17.3\n\t\tL361.2,386c-1.5-1.5-3.6-2.2-5.8-1.8c-2.1,0.4-3.9,1.8-4.7,3.8l-26.4,43.8L277,276.2l151.9,52.4L380.4,355.3z\"\/>\n\t<path d=\"M323.7,457.8c-0.1,0-0.2,0-0.4,0c-3.5-0.1-6.5-2.3-7.7-5.7l-35.1-121.8c-22,4.5-44.4,6.7-66.7,6.7\n\t\tc-47.4,0-97.5-6.7-140.7-25.9l-1.3-0.6c-3.1-1.4-5.1-4.5-5.1-7.9V138.7L9,111.8c-3-1.4-5-4.5-5-7.8c0-3.3,2-6.4,5-7.8L207,1.5\n\t\tc2.3-1.1,5-1.1,7.3,0l200.3,91.8c0.3,0.2,0.6,0.3,0.9,0.5c0.4,0.2,0.6,0.5,0.9,0.7l0.2,0.1c0.2,0.2,0.5,0.4,0.7,0.7l0.1,0.1\n\t\tc0.2,0.3,0.4,0.6,0.6,0.9l0.1,0.2c0.2,0.3,0.3,0.6,0.5,0.8l0.1,0.2c0.1,0.3,0.3,0.7,0.4,1l0,0.2c0.1,0.3,0.1,0.6,0.2,0.9l0,0.3\n\t\tc0,0.4,0.1,0.7,0.1,1.1v68.7l8.9,8.5c8.9,8.5,14,20.4,14,32.8v34c0,4.7-3.9,8.6-8.6,8.6h-45.9c-4.7,0-8.6-3.9-8.6-8.6v-34\n\t\tc0-12.3,5.1-24.3,14-32.8l8.9-8.5v-55.2l-45.5,21.2V289l92.6,30.9c3.3,1.2,5.6,4.3,5.7,7.8c0.1,3.5-1.9,6.7-5.1,8.2L398,364\n\t\tl54.6,57.6c1.6,1.6,2.5,3.8,2.5,6.1c0,2.3-0.9,4.5-2.5,6.1l-26.4,26.4c-3.4,3.4-8.8,3.4-12.2,0l-54.6-54.6l-27.8,47.1\n\t\tC330.2,455.8,327.1,457.8,323.7,457.8z M283.3,325.4l36.3,125.2c0.6,1.7,2.2,2.8,3.9,2.9l0.1,0c1.7,0,3.3-1,4-2.6l30.3-52.8l59,59\n\t\tc1.7,1.7,4.5,1.7,6.2,0l26.4-26.4c0.8-0.8,1.3-1.9,1.3-3.1c0-1.2-0.5-2.3-1.3-3.1l-59-62l57.5-30.6c1.6-0.7,2.7-2.3,2.6-4.1\n\t\tc-0.1-1.8-1.2-3.3-2.9-3.9L352.4,292V133l54-25.2v63.7l-10.2,9.8c-8.1,7.7-12.7,18.5-12.7,29.7v34c0,2.4,2,4.3,4.3,4.3h45.9\n\t\tc2.4,0,4.3-2,4.3-4.3v-34c0-11.2-4.6-22-12.7-29.7l-10.2-9.8V101c0-0.2,0-0.4,0-0.6l0-0.2c0-0.1-0.1-0.3-0.1-0.4l0-0.1\n\t\tc0-0.1-0.1-0.3-0.2-0.5l1.9-1l-1.9,0.9c-0.1-0.1-0.1-0.3-0.2-0.4l1.7-1.2l-1.8,1.1c-0.1-0.1-0.2-0.3-0.3-0.4\n\t\tc-0.2-0.2-0.3-0.3-0.4-0.4l-0.1-0.1c-0.1-0.1-0.3-0.2-0.4-0.3c-0.2-0.1-0.4-0.2-0.5-0.3l-0.1-0.1L212.5,5.3c-1.2-0.5-2.5-0.5-3.7,0\n\t\tl-198,94.7c-1.5,0.7-2.5,2.3-2.5,3.9c0,1.7,1,3.2,2.5,3.9L71,136v166.7c0,1.7,1,3.3,2.6,4l1.3,0.6c42.6,19,92.2,25.6,138.9,25.6\n\t\tc22.6,0,45.3-2.4,67.6-7L283.3,325.4z M324.1,437.5l-50.6-164.8l161.2,55.7l-53.4,28.8c-1.3,0.6-2.3,1.8-2.5,3.2\n\t\tc-0.3,1.4,0.2,2.9,1.2,3.9l60.4,63.4l-20.3,20.3l-60.4-60.4c-1-1-2.4-1.5-3.9-1.2c-1.4,0.3-2.6,1.2-3.2,2.5L324.1,437.5z\n\t\t M280.5,279.8L324.5,426l24.2-38.9c1.1-2.6,3.5-4.5,6.3-5c2.8-0.5,5.7,0.4,7.7,2.4l57.4,57.4l14.3-14.3l-57.4-60.4\n\t\tc-2-2-2.9-4.9-2.4-7.7s2.4-5.1,5-6.3l43.6-24.5L280.5,279.8z M213.4,324.2c-43.9,0-91.6-6-132.5-23.8l-1.3-0.6V140.1l129.1,56.7\n\t\tc1.2,0.5,2.5,0.5,3.7,0l131.3-59.7v151.8l-76-27.5c-1.6-0.6-3.4-0.2-4.6,1c-1.2,1.2-1.6,3-1,4.6l18.2,50.3l-2.4,0.5\n\t\tC256.5,322,234.9,324.2,213.4,324.2z M83.9,297c58.9,25.3,127.5,29.2,190.7,16.9l-16.5-45.6c-1.1-3.1-0.3-6.7,2-9\n\t\tc2.4-2.3,5.9-3.1,9-2l70.3,25.4v-139l-125.2,56.8c-2.3,1.1-5,1.1-7.3,0L83.9,146.7V297z M429.4,240.6h-37.2V211\n\t\tc0-8.8,3.6-17.3,10-23.4l8.6-8.2l8.6,8.2c6.4,6.1,10,14.6,10,23.4V240.6z M396.5,236.3h28.7V211c0-7.6-3.2-15-8.7-20.3l-5.6-5.4\n\t\tl-5.6,5.4c-5.5,5.3-8.7,12.7-8.7,20.3V236.3z M210.6,188L22.9,104l187.7-89.9l0.9,0.4l179.6,82.2H210.6c-2.4,0-4.3,2-4.3,4.3\n\t\tc0,2.4,2,4.3,4.3,4.3h180.5L210.6,188z M33,104l177.6,79.2l161.3-73.6H210.6c-4.7,0-8.6-3.9-8.6-8.6s3.9-8.6,8.6-8.6h161.3\n\t\tL210.6,18.8L33,104z\"\/>\n<\/g>\n<\/svg>\n\t\t\t\t\t<\/div>\n\t\t\t\t<\/div>\n\t\t\t<\/div>\n\t\t\t\t<div class=\"icon-box-text last-reset\">\n\t\t\t\t\t\t\t\t\t\n\n\t<div id=\"text-2342168359\" class=\"text\">\n\t\t\n\n<h3><b>Formaci\u00f3 especialitzada<\/b><\/h3>\n<p>Desenvolupa els teus coneixements i porta&#8217;ls a terme amb una formaci\u00f3 integral, professional, actualitzada i adequada a les teves necessitats.  <\/p>\n\t\t\n<style>\n#text-2342168359 {\n  font-size: 1.1rem;\n}\n<\/style>\n\t<\/div>\n\t\n\n\t\t<\/div>\n\t<\/div>\n\t\n\t\n\n\t\t<\/div>\n\t\t\t\t\t<\/div>\n\n\t\n\n\t<div id=\"col-1101185008\" class=\"col medium-6 small-12 large-6\"  >\n\t\t\t\t<div class=\"col-inner\"  >\n\t\t\t\n\t\t\t\n\n\n\t\t<div class=\"icon-box featured-box icon-box-left text-left\"  >\n\t\t\t\t\t<div class=\"icon-box-img\" style=\"width: 40px\">\n\t\t\t\t<div class=\"icon\">\n\t\t\t\t\t<div class=\"icon-inner\" style=\"color:rgb(255, 156, 25);\">\n\t\t\t\t\t\t<?xml version=\"1.0\" encoding=\"utf-8\"?>\n<!-- Generator: Adobe Illustrator 24.1.0, SVG Export Plug-In . SVG Version: 6.00 Build 0)  -->\n<svg version=\"1.1\" id=\"Capa_1\" xmlns=\"http:\/\/www.w3.org\/2000\/svg\" xmlns:xlink=\"http:\/\/www.w3.org\/1999\/xlink\" x=\"0px\" y=\"0px\"\n\t viewBox=\"0 0 512 512\" style=\"enable-background:new 0 0 512 512;\" xml:space=\"preserve\">\n<g>\n\t<g>\n\t\t<path d=\"M437,75C388.7,26.6,324.4,0,256,0S123.3,26.6,75,75S0,187.6,0,256s26.6,132.7,75,181s112.6,75,181,75s132.7-26.6,181-75\n\t\t\ts75-112.6,75-181S485.4,123.3,437,75z M256,494.3C124.6,494.3,17.7,387.4,17.7,256S124.6,17.7,256,17.7S494.3,124.6,494.3,256\n\t\t\tS387.4,494.3,256,494.3z\"\/>\n\t<\/g>\n<\/g>\n<g>\n\t<g>\n\t\t<path d=\"M256,59.6c-0.5,0-1.1,0-1.6,0c-0.1,0-0.3,0-0.4,0c-0.2,0-0.4,0-0.7,0C146.6,61.1,60.1,148.1,59.7,255.1c0,0.1,0,0.1,0,0.2\n\t\t\tc0,0,0,0.1,0,0.1c0,0.2,0,0.4,0,0.5c0,108.3,88.1,196.4,196.4,196.4S452.4,364.3,452.4,256S364.3,59.6,256,59.6z M271.1,430.8\n\t\t\tv-19.2c0-8.4-6.8-15.1-15.1-15.1s-15.1,6.8-15.1,15.1v19.2c-84.9-7.3-152.7-75.3-159.7-160.3h16.5c8.4,0,15.1-6.8,15.1-15.1\n\t\t\tc0-8.4-6.8-15.1-15.1-15.1H81.3c7.5-83.7,74-150.6,157.5-158.8v15.5c0,8.4,6.8,15.1,15.1,15.1c8.4,0,15.1-6.8,15.1-15.1V81\n\t\t\tc84.7,6.3,152.9,73,161.5,157h-18.3c-8.4,0-15.1,6.8-15.1,15.1c0,8.4,6.8,15.1,15.1,15.1H431C425,354.3,356.8,423.4,271.1,430.8z\"\n\t\t\t\/>\n\t<\/g>\n<\/g>\n<g>\n\t<g>\n\t\t<path d=\"M317.3,194.7c-5.9-5.9-15.5-5.9-21.4,0L256,234.6l-77.4-77.4c-5.9-5.9-15.5-5.9-21.4,0s-5.9,15.5,0,21.4l88.1,88.1\n\t\t\tc2.8,2.8,6.7,4.4,10.7,4.4c4,0,7.9-1.6,10.7-4.4l50.6-50.6C323.2,210.2,323.2,200.6,317.3,194.7z\"\/>\n\t<\/g>\n<\/g>\n<\/svg>\n\t\t\t\t\t<\/div>\n\t\t\t\t<\/div>\n\t\t\t<\/div>\n\t\t\t\t<div class=\"icon-box-text last-reset\">\n\t\t\t\t\t\t\t\t\t\n\n\t<div id=\"text-2018763145\" class=\"text\">\n\t\t\n\n<h3><b>Apr\u00e8n al teu ritme<\/b><\/h3>\n<p>Decideix amb quina formaci\u00f3 vols desenvolupar les teves habilitats. Des de casa, al teu ritme, sense horaris ni calendari.   <\/p>\n\t\t\n<style>\n#text-2018763145 {\n  font-size: 1.1rem;\n}\n<\/style>\n\t<\/div>\n\t\n\n\t\t<\/div>\n\t<\/div>\n\t\n\t\n\n\t\t<\/div>\n\t\t\t\t\t<\/div>\n\n\t\n\n\t<div id=\"col-671540511\" class=\"col medium-6 small-12 large-6\"  >\n\t\t\t\t<div class=\"col-inner\"  >\n\t\t\t\n\t\t\t\n\n\n\t\t<div class=\"icon-box featured-box icon-box-left text-left\"  >\n\t\t\t\t\t<div class=\"icon-box-img\" style=\"width: 40px\">\n\t\t\t\t<div class=\"icon\">\n\t\t\t\t\t<div class=\"icon-inner\" style=\"color:rgb(255, 156, 25);\">\n\t\t\t\t\t\t<?xml version=\"1.0\" encoding=\"utf-8\"?>\n<!-- Generator: Adobe Illustrator 24.1.0, SVG Export Plug-In . SVG Version: 6.00 Build 0)  -->\n<svg version=\"1.1\" id=\"Capa_1\" xmlns=\"http:\/\/www.w3.org\/2000\/svg\" xmlns:xlink=\"http:\/\/www.w3.org\/1999\/xlink\" x=\"0px\" y=\"0px\"\n\t viewBox=\"0 0 512 512\" style=\"enable-background:new 0 0 512 512;\" xml:space=\"preserve\">\n<g>\n\t<path d=\"M504.5,120.5c-4.1,0-7.5,3.4-7.5,7.5v265.2H307.6l-3.1-5.3c4.1-4.2,7.7-8.9,10.6-14h120.7c4.1,0,7.5-3.4,7.5-7.5v-10.1\n\t\tc0-9.2,7.5-16.7,16.7-16.7h10.1c4.1,0,7.5-3.4,7.5-7.5V119.8c0-4.1-3.4-7.5-7.5-7.5h-10.1c-9.2,0-16.7-7.5-16.7-16.7V85.5\n\t\tc0-4.1-3.4-7.5-7.5-7.5H158.5c-4.1,0-7.5,3.4-7.5,7.5s3.4,7.5,7.5,7.5h269.8v2.6c0,17.5,14.2,31.7,31.7,31.7h2.6v197.1h-2.6\n\t\tc-17.5,0-31.7,14.2-31.7,31.7v2.6H321.5c1.7-6,2.6-12.3,2.6-18.8c0-37.6-30.6-68.1-68.1-68.1s-68.1,30.6-68.1,68.1\n\t\tc0,6.5,0.9,12.8,2.6,18.8H83.7v-2.6c0-17.5-14.2-31.7-31.7-31.7h-2.6V127.3h2.6c17.5,0,31.7-14.2,31.7-31.7V93h39.8\n\t\tc4.1,0,7.5-3.4,7.5-7.5s-3.4-7.5-7.5-7.5H76.2c-4.1,0-7.5,3.4-7.5,7.5v10.1c0,9.2-7.5,16.7-16.7,16.7H41.8c-4.1,0-7.5,3.4-7.5,7.5\n\t\tV332c0,4.1,3.4,7.5,7.5,7.5h10.1c9.2,0,16.7,7.5,16.7,16.7v10.1c0,4.1,3.4,7.5,7.5,7.5h120.7c2.9,5.1,6.5,9.8,10.6,14l-3.1,5.3H15\n\t\tv-60.5c0-4.1-3.4-7.5-7.5-7.5S0,328.5,0,332.7v68c0,4.1,3.4,7.5,7.5,7.5h188.3l-16.6,28.8c-1,1.7-1.3,3.8-0.8,5.7\n\t\tc0.5,1.9,1.8,3.6,3.5,4.6l35,20.2c1.2,0.7,2.5,1,3.7,1c2.6,0,5.1-1.3,6.5-3.8l28.9-50l28.9,50c1,1.7,2.6,3,4.6,3.5\n\t\tc0.6,0.2,1.3,0.3,1.9,0.3c1.3,0,2.6-0.3,3.8-1l35-20.2c3.6-2.1,4.8-6.7,2.7-10.2l-16.6-28.8h188.3c4.1,0,7.5-3.4,7.5-7.5V128\n\t\tC512,123.8,508.6,120.5,504.5,120.5L504.5,120.5z M256,286.9c29.3,0,53.1,23.8,53.1,53.1s-23.8,53.1-53.1,53.1\n\t\tc-29.3,0-53.1-23.8-53.1-53.1S226.7,286.9,256,286.9L256,286.9z M217.9,450.6l-22-12.7l23.4-40.5c7.1,4.6,15.2,7.9,23.8,9.5\n\t\tL217.9,450.6z M294.1,450.6l-25.2-43.7c8.6-1.7,16.7-4.9,23.8-9.5l23.4,40.5L294.1,450.6z\"\/>\n\t<path d=\"M504.5,43.6H7.5C3.4,43.6,0,47,0,51.1v246.5c0,4.1,3.4,7.5,7.5,7.5s7.5-3.4,7.5-7.5v-239h482v34.3c0,4.1,3.4,7.5,7.5,7.5\n\t\ts7.5-3.4,7.5-7.5V51.1C512,47,508.6,43.6,504.5,43.6z\"\/>\n\t<path d=\"M256,373.8c18.6,0,33.8-15.1,33.8-33.8s-15.1-33.8-33.8-33.8s-33.8,15.1-33.8,33.8S237.4,373.8,256,373.8L256,373.8z\n\t\t M256,321.3c10.3,0,18.8,8.4,18.8,18.8s-8.4,18.8-18.8,18.8s-18.8-8.4-18.8-18.8S245.7,321.3,256,321.3z\"\/>\n\t<path d=\"M316.6,172.6c4.1,0,7.5-3.4,7.5-7.5v-32.3c0-4.1-3.4-7.5-7.5-7.5H195.4c-4.1,0-7.5,3.4-7.5,7.5v32.3c0,4.1,3.4,7.5,7.5,7.5\n\t\tH316.6z M202.9,140.3h106.2v17.3H202.9V140.3z\"\/>\n\t<path d=\"M107.1,232.4c0,4.1,3.4,7.5,7.5,7.5h282.8c4.1,0,7.5-3.4,7.5-7.5s-3.4-7.5-7.5-7.5H114.6\n\t\tC110.4,224.9,107.1,228.3,107.1,232.4z\"\/>\n\t<path d=\"M147.5,196.1c0,4.1,3.4,7.5,7.5,7.5h202c4.1,0,7.5-3.4,7.5-7.5s-3.4-7.5-7.5-7.5H155C150.8,188.6,147.5,192,147.5,196.1z\"\n\t\t\/>\n\t<path d=\"M149.6,302.7c4.4,1.8,9.4,0.7,12.6-2.7l2.5-2.6c0.6,3.5,3.7,6.1,7.4,6.1c4.1,0,7.5-3.4,7.5-7.5v-7.1\n\t\tc0-4.7-2.8-8.9-7.2-10.7c-4.4-1.8-9.4-0.7-12.6,2.7l-2.4,2.5v-1.9c0-4.7-2.8-8.9-7.1-10.7c-4.3-1.8-9.3-0.8-12.6,2.5l-28.4,28.4\n\t\tc-2.9,2.9-2.9,7.7,0,10.6c1.5,1.5,3.4,2.2,5.3,2.2s3.8-0.7,5.3-2.2l22.5-22.5v2.1C142.4,296.7,145.2,300.9,149.6,302.7L149.6,302.7\n\t\tz\"\/>\n\t<path d=\"M374.9,302.7c4.4,1.8,9.4,0.7,12.6-2.7l2.5-2.6c0.6,3.5,3.7,6.1,7.4,6.1c4.1,0,7.5-3.4,7.5-7.5v-7.1\n\t\tc0-4.7-2.8-8.9-7.2-10.7s-9.4-0.7-12.6,2.7l-2.4,2.5v-1.9c0-4.7-2.8-8.9-7.1-10.7c-4.3-1.8-9.3-0.8-12.6,2.5l-28.4,28.4\n\t\tc-2.9,2.9-2.9,7.7,0,10.6c1.5,1.5,3.4,2.2,5.3,2.2s3.8-0.7,5.3-2.2l22.5-22.5v2.1C367.7,296.7,370.5,300.9,374.9,302.7L374.9,302.7\n\t\tz\"\/>\n<\/g>\n<\/svg>\n\t\t\t\t\t<\/div>\n\t\t\t\t<\/div>\n\t\t\t<\/div>\n\t\t\t\t<div class=\"icon-box-text last-reset\">\n\t\t\t\t\t\t\t\t\t\n\n\t<div id=\"text-2954965467\" class=\"text\">\n\t\t\n\n<h3><b>Formadors experts<\/b><\/h3>\n<p>Forma&#8217;t amb els millors experts de cada sector i gaudeix de la seva \u00e0mplia experi\u00e8ncia a la feina cl\u00ednica.<\/p>\n\t\t\n<style>\n#text-2954965467 {\n  font-size: 1.1rem;\n}\n<\/style>\n\t<\/div>\n\t\n\n\t\t<\/div>\n\t<\/div>\n\t\n\t\n\n\t\t<\/div>\n\t\t\t\t\t<\/div>\n\n\t\n\n\t<div id=\"col-1040582210\" class=\"col medium-6 small-12 large-6\"  >\n\t\t\t\t<div class=\"col-inner\"  >\n\t\t\t\n\t\t\t\n\n\n\t\t<div class=\"icon-box featured-box icon-box-left text-left\"  >\n\t\t\t\t\t<div class=\"icon-box-img\" style=\"width: 40px\">\n\t\t\t\t<div class=\"icon\">\n\t\t\t\t\t<div class=\"icon-inner\" style=\"color:rgb(255, 156, 25);\">\n\t\t\t\t\t\t<?xml version=\"1.0\" encoding=\"utf-8\"?>\n<!-- Generator: Adobe Illustrator 24.1.0, SVG Export Plug-In . SVG Version: 6.00 Build 0)  -->\n<svg version=\"1.1\" id=\"Capa_1\" xmlns=\"http:\/\/www.w3.org\/2000\/svg\" xmlns:xlink=\"http:\/\/www.w3.org\/1999\/xlink\" x=\"0px\" y=\"0px\"\n\t viewBox=\"0 0 364.7 364.7\" style=\"enable-background:new 0 0 364.7 364.7;\" xml:space=\"preserve\">\n<style type=\"text\/css\">\n\t.st0{fill:#1C1C1C;}\n<\/style>\n<g>\n\t<path class=\"st0\" d=\"M182,0.1c-69.2,0-125.4,56.3-125.4,125.4c0,24.8,7.4,49,21.4,69.8c13.8,20.5,33,36.3,55.5,45.8v13.6h-1.1\n\t\tc-10.3,0-18.7,8.4-18.7,18.7s8.4,18.7,18.7,18.7h1.2v3.5h-1.2c-10.3,0-18.7,8.4-18.7,18.7s8.4,18.7,18.7,18.7h4.4\n\t\tc7.1,18.6,25.1,31.1,45.1,31.1c20,0,38-12.4,45.1-31.1h8.1c10.3,0,18.7-8.4,18.7-18.7s-8.4-18.7-18.7-18.7h-4.9v-3.5h4.9\n\t\tc10.3,0,18.7-8.4,18.7-18.7s-8.4-18.7-18.7-18.7h-4.9v-13.6c22.6-9.5,41.8-25.3,55.6-45.8c14-20.8,21.4-45,21.4-69.8\n\t\tC307.4,56.3,251.2,0.1,182,0.1z M212.1,333.3c-6.2,10.7-17.8,17.4-30.1,17.4c-12.4,0-24-6.8-30.1-17.4H212.1z M235.3,319.7H132.4\n\t\tc-2.8,0-5.1-2.3-5.1-5.1c0-2.8,2.3-5.1,5.1-5.1h103c2.7,0,5,2.3,5,5.1C240.4,317.4,238.1,319.7,235.3,319.7z M147.4,295.9v-3.5\n\t\th69.4v3.5H147.4z M235.3,278.6H132.4c-2.8,0-5.1-2.3-5.1-5.1c0-2.8,2.3-5.1,5.1-5.1h103c2.8,0,5,2.3,5,5.1\n\t\tC240.4,276.3,238.1,278.6,235.3,278.6z M221.1,230.2c-24.9,9.3-53.5,9.3-78.4,0c-43.3-16.3-72.5-58.4-72.5-104.7\n\t\tc0-61.6,50.1-111.7,111.7-111.7s111.7,50.1,111.7,111.7C293.7,171.8,264.5,213.9,221.1,230.2z M147.2,245.9\n\t\tc5.3,1.6,10.5,2.7,15.8,3.5l0.2,0c0,0,0,0,0,0c0.1,0,0.3,0.1,0.5,0.1c2.9,0.4,5.8,0.7,8.7,0.9l0.6,0c3,0.2,6,0.3,8.9,0.3\n\t\tc3,0,6-0.1,8.9-0.3l0.6,0c2.9-0.2,5.8-0.5,8.7-0.9c0.2,0,0.4-0.1,0.6-0.1l0.1,0c5.3-0.8,10.6-2,15.8-3.5v8.7h-69.5V245.9z\"\/>\n\t<path class=\"st0\" d=\"M242.2,109.5h-34.3l15.3-47.9c0.9-2.9-0.2-6.1-2.8-7.8c-2.5-1.7-6-1.5-8.2,0.5l-96.3,84.1\n\t\tc-2.2,1.9-2.9,4.9-1.9,7.6c1.1,2.7,3.6,4.5,6.5,4.5h34.9L138.8,199c-1,2.9,0.1,6.2,2.6,8c1.2,0.8,2.5,1.2,3.8,1.2h0.1l0.1,0\n\t\tc1-0.1,2.9-0.5,4.3-1.8l97.1-84.8c2.2-1.9,2.9-4.9,1.9-7.6C247.6,111.3,245,109.5,242.2,109.5z M171.4,145.8L171.4,145.8\n\t\tc0.7-2.2,0.3-4.4-0.9-6.2c-1.3-1.8-3.3-2.9-5.6-2.9h-26.2l64.1-55.9l-10.7,33.5c-0.7,2.1-0.3,4.4,1.1,6.1c1.3,1.8,3.4,2.8,5.5,2.8\n\t\th25.3l-64.2,56.1L171.4,145.8z\"\/>\n<\/g>\n<\/svg>\n\t\t\t\t\t<\/div>\n\t\t\t\t<\/div>\n\t\t\t<\/div>\n\t\t\t\t<div class=\"icon-box-text last-reset\">\n\t\t\t\t\t\t\t\t\t\n\n\t<div id=\"text-2415139729\" class=\"text\">\n\t\t\n\n<h3><b>Innovaci\u00f3 i renovaci\u00f3<\/b><\/h3>\n<p>Converteix-te en un professional m\u00e9s complet i especialitzat, amb els coneixements m\u00e9s capdavanters, efica\u00e7os i innovadors.  <\/p>\n\t\t\n<style>\n#text-2415139729 {\n  font-size: 1.1rem;\n}\n<\/style>\n\t<\/div>\n\t\n\n\t\t<\/div>\n\t<\/div>\n\t\n\t\n\n\t\t<\/div>\n\t\t\t\t\t<\/div>\n\n\t\n\n\t<div id=\"col-1986963219\" class=\"col medium-6 small-12 large-6\"  >\n\t\t\t\t<div class=\"col-inner\"  >\n\t\t\t\n\t\t\t\n\n\n\t\t<div class=\"icon-box featured-box icon-box-left text-left\"  >\n\t\t\t\t\t<div class=\"icon-box-img\" style=\"width: 40px\">\n\t\t\t\t<div class=\"icon\">\n\t\t\t\t\t<div class=\"icon-inner\" style=\"color:rgb(255, 156, 25);\">\n\t\t\t\t\t\t<?xml version=\"1.0\" encoding=\"utf-8\"?>\n<!-- Generator: Adobe Illustrator 24.1.0, SVG Export Plug-In . SVG Version: 6.00 Build 0)  -->\n<svg version=\"1.1\" id=\"Capa_1\" xmlns=\"http:\/\/www.w3.org\/2000\/svg\" xmlns:xlink=\"http:\/\/www.w3.org\/1999\/xlink\" x=\"0px\" y=\"0px\"\n\t viewBox=\"0 0 512 512\" style=\"enable-background:new 0 0 512 512;\" xml:space=\"preserve\">\n<g>\n\t<path d=\"M346.2,316.7c-6,0-10.9,4.9-10.9,10.9v68.5c0,26.8-21.8,48.6-48.6,48.6H179.5c-6,0-10.9,4.9-10.9,10.9l0,17.3l-21.9-21.9\n\t\tc-1.8-3.9-5.7-6.4-9.9-6.4H72.2c-26.8,0-48.6-21.8-48.6-48.6V243.2c0-26.8,21.8-48.6,48.6-48.6h100.3c6,0,10.9-4.9,10.9-10.9\n\t\tc0-6-4.9-10.9-10.9-10.9H72.2c-38.9,0-70.5,31.6-70.5,70.5v152.9c0,38.9,31.6,70.5,70.5,70.5h59l40.5,40.5c2.1,2.1,4.8,3.2,7.7,3.2\n\t\tc1.4,0,2.8-0.3,4.2-0.8c4.1-1.7,6.7-5.7,6.7-10.1l0-32.8h96.3c38.9,0,70.5-31.6,70.5-70.5v-68.5\n\t\tC357.1,321.6,352.2,316.7,346.2,316.7z\"\/>\n\t<path d=\"M366.7,0h-25.1c-80.1,0-145.3,65.2-145.3,145.3c0,80.1,65.2,145.3,145.3,145.3h25.1c12.3,0,24.5-1.5,36.3-4.6l36.7,36.7\n\t\tc2.1,2.1,4.8,3.2,7.7,3.2c1.4,0,2.8-0.3,4.2-0.8c4.1-1.7,6.7-5.7,6.7-10.1v-57c15.6-12.7,28.7-28.9,37.8-46.8\n\t\tc10.5-20.5,15.8-42.7,15.8-65.9C512,65.2,446.8,0,366.7,0z M490.2,145.3c0,39.1-18,75.1-49.3,98.7c-2.7,2.1-4.3,5.3-4.3,8.7v35.9\n\t\tL414,266c-2.1-2.1-4.8-3.2-7.7-3.2c-1.1,0-2.2,0.2-3.2,0.5c-11.7,3.6-23.9,5.4-36.3,5.4h-25.1c-68.1,0-123.4-55.4-123.4-123.4\n\t\tS273.5,21.8,341.6,21.8h25.1C434.8,21.8,490.2,77.2,490.2,145.3z\"\/>\n<\/g>\n<g>\n\t<path d=\"M275.7,308.2H66.3c-5.7,0-10.4,4.7-10.4,10.4s4.7,10.4,10.4,10.4h209.5c5.7,0,10.4-4.7,10.4-10.4S281.5,308.2,275.7,308.2z\n\t\t\"\/>\n\t<path d=\"M236.7,363.8H66.3c-5.7,0-10.4,4.7-10.4,10.4s4.7,10.4,10.4,10.4h170.4c5.7,0,10.4-4.7,10.4-10.4S242.4,363.8,236.7,363.8z\n\t\t\"\/>\n\t<path d=\"M66.3,273.5h144.9c5.7,0,10.4-4.7,10.4-10.4c0-5.7-4.7-10.4-10.4-10.4H66.3c-5.7,0-10.4,4.7-10.4,10.4\n\t\tC55.9,268.8,60.5,273.5,66.3,273.5z\"\/>\n\t<path d=\"M281.7,106.7h144.9c5.7,0,10.4-4.7,10.4-10.4s-4.7-10.4-10.4-10.4H281.7c-5.7,0-10.4,4.7-10.4,10.4\n\t\tS275.9,106.7,281.7,106.7z\"\/>\n\t<path d=\"M426.6,145.5H318.4c-5.7,0-10.4,4.7-10.4,10.4s4.7,10.4,10.4,10.4h108.2c5.7,0,10.4-4.7,10.4-10.4S432.4,145.5,426.6,145.5\n\t\tz\"\/>\n<\/g>\n<\/svg>\n\t\t\t\t\t<\/div>\n\t\t\t\t<\/div>\n\t\t\t<\/div>\n\t\t\t\t<div class=\"icon-box-text last-reset\">\n\t\t\t\t\t\t\t\t\t\n\n\t<div id=\"text-3582053799\" class=\"text\">\n\t\t\n\n<h3><b>Coneixements i idees<\/b><\/h3>\n<p>Pregunta i comparteix experi\u00e8ncies amb altres estudiants i professionals de la comunitat educativa. <\/p>\n\t\t\n<style>\n#text-3582053799 {\n  font-size: 1.1rem;\n}\n<\/style>\n\t<\/div>\n\t\n\n\t\t<\/div>\n\t<\/div>\n\t\n\t\n\n\t\t<\/div>\n\t\t\t\t\t<\/div>\n\n\t\n\n\t<div id=\"col-1320801486\" class=\"col medium-6 small-12 large-6\"  >\n\t\t\t\t<div class=\"col-inner\"  >\n\t\t\t\n\t\t\t\n\n\n\t\t<div class=\"icon-box featured-box icon-box-left text-left\"  >\n\t\t\t\t\t<div class=\"icon-box-img\" style=\"width: 40px\">\n\t\t\t\t<div class=\"icon\">\n\t\t\t\t\t<div class=\"icon-inner\" style=\"color:rgb(255, 156, 25);\">\n\t\t\t\t\t\t<?xml version=\"1.0\" encoding=\"utf-8\"?>\n<!-- Generator: Adobe Illustrator 24.1.0, SVG Export Plug-In . SVG Version: 6.00 Build 0)  -->\n<svg version=\"1.1\" id=\"Capa_1\" xmlns=\"http:\/\/www.w3.org\/2000\/svg\" xmlns:xlink=\"http:\/\/www.w3.org\/1999\/xlink\" x=\"0px\" y=\"0px\"\n\t viewBox=\"0 0 512 512\" style=\"enable-background:new 0 0 512 512;\" xml:space=\"preserve\">\n<g>\n\t<g>\n\t\t<g>\n\t\t\t<path d=\"M509.5,373.7c-1.6-1.6-3.8-2.5-6-2.5h-34.1v-256c0-14.1-11.5-25.6-25.6-25.6H68.3c-14.1,0-25.6,11.5-25.6,25.6v256H8.5\n\t\t\t\tc-2.3,0-4.4,0.9-6,2.5c-1.6,1.6-2.5,3.8-2.5,6v13.6c0,8.6,4.3,16.6,11.4,21.3l5.2,3.4c4.2,2.8,9.1,4.3,14.2,4.3h450.5\n\t\t\t\tc5.1,0,10-1.5,14.2-4.3l5.2-3.4c7.1-4.7,11.4-12.7,11.4-21.3v-13.6C512,377.5,511.1,375.3,509.5,373.7z M59.7,115.2\n\t\t\t\tc0-4.7,3.8-8.5,8.5-8.5h375.5c4.7,0,8.5,3.8,8.5,8.5v256H59.7V115.2z M30.8,405.3c-1.7,0-3.3-0.5-4.7-1.4l-5.2-3.5\n\t\t\t\tc-2.4-1.6-3.8-4.2-3.8-7.1v-5.1h170.7l12.8,17.1L30.8,405.3L30.8,405.3z M290.1,405.3h-68.3l-12.8-17.1h93.9L290.1,405.3z\n\t\t\t\t M494.9,393.4c0,2.9-1.4,5.5-3.8,7.1l-5.2,3.5c-1.4,0.9-3,1.4-4.7,1.4H311.5l12.8-17.1h170.7L494.9,393.4L494.9,393.4z\"\/>\n\t\t\t<path d=\"M426.7,123.7H85.3c-2.3,0-4.4,0.9-6,2.5c-1.6,1.6-2.5,3.8-2.5,6v213.3c0,2.3,0.9,4.4,2.5,6c1.6,1.6,3.8,2.5,6,2.5h341.3\n\t\t\t\tc2.3,0,4.4-0.9,6-2.5c1.6-1.6,2.5-3.8,2.5-6V132.3c0-2.3-0.9-4.4-2.5-6C431.1,124.6,428.9,123.7,426.7,123.7z M418.1,337.1H93.9\n\t\t\t\tV140.8h324.3L418.1,337.1L418.1,337.1z\"\/>\n\t\t<\/g>\n\t<\/g>\n<\/g>\n<\/svg>\n\t\t\t\t\t<\/div>\n\t\t\t\t<\/div>\n\t\t\t<\/div>\n\t\t\t\t<div class=\"icon-box-text last-reset\">\n\t\t\t\t\t\t\t\t\t\n\n\t<div id=\"text-953954559\" class=\"text\">\n\t\t\n\n<h3><b>Sessions produ\u00efdes professionalment<\/b><\/h3>\n<p>Gaudeix d\u00b4una experi\u00e8ncia formativa \u00f2ptima, pr\u00e0ctica i experiencial amb la millor qualitat, edici\u00f3 i producci\u00f3 de continguts.  <\/p>\n\t\t\n<style>\n#text-953954559 {\n  font-size: 1.1rem;\n}\n<\/style>\n\t<\/div>\n\t\n\n\t\t<\/div>\n\t<\/div>\n\t\n\t\n\n\t\t<\/div>\n\t\t\t\t\t<\/div>\n\n\t\n\n<\/div>\n\n\t\t<\/div>\n\t\t\t\t\n<style>\n#col-895192621 > .col-inner {\n  margin: 30px 0px 0px 0px;\n}\n<\/style>\n\t<\/div>\n\n\t\n\n<\/div>\n\n\t\t<\/div>\n\n\t\t\n<style>\n#section_727565786 {\n  padding-top: 0px;\n  padding-bottom: 0px;\n  background-color: rgba(255, 255, 255, 0.965);\n}\n@media (min-width:550px) {\n  #section_727565786 {\n    padding-top: 47px;\n    padding-bottom: 47px;\n  }\n}\n@media (min-width:850px) {\n  #section_727565786 {\n    padding-top: 0px;\n    padding-bottom: 0px;\n  }\n}\n<\/style>\n\t<\/section>\n\t\n\n\t<section class=\"section\" id=\"section_1635433782\">\n\t\t<div class=\"section-bg fill\" >\n\t\t\t\t\t\t\t\t\t<div class=\"section-bg-overlay absolute fill\"><\/div>\n\t\t\t\n\n\t\t<\/div>\n\n\t\t\n\n\t\t<div class=\"section-content relative\">\n\t\t\t\n\n<div class=\"row align-center\" style=\"max-width:1500px\" id=\"row-1328856747\">\n\n\n\t<div id=\"col-122629015\" class=\"col small-12 large-12\"  >\n\t\t\t\t<div class=\"col-inner text-center\"  >\n\t\t\t\n\t\t\t\n\n\t<div id=\"gap-565245324\" class=\"gap-element clearfix hide-for-small\" style=\"display:block; height:auto;\">\n\t\t\n<style>\n#gap-565245324 {\n  padding-top: 50px;\n}\n<\/style>\n\t<\/div>\n\t\n\n\t<div id=\"text-3624356238\" class=\"text\">\n\t\t\n\n<h2><b>Formadors destacats d&#8217;Integratek<\/b><\/h2>\n\t\t\n<style>\n#text-3624356238 {\n  font-size: 1.2rem;\n  text-align: left;\n}\n@media (min-width:550px) {\n  #text-3624356238 {\n    font-size: 1.1rem;\n  }\n}\n<\/style>\n\t<\/div>\n\t\n\t<div id=\"text-2262167225\" class=\"text\">\n\t\t\n\n<p>Apr\u00e8n de la m\u00e0 dels millors experts al sector de l&#8217;educaci\u00f3<\/p>\n\t\t\n<style>\n#text-2262167225 {\n  font-size: 1.1rem;\n  text-align: left;\n}\n<\/style>\n\t<\/div>\n\t\n<div class=\"row row-small row-full-width align-equal align-center custom-slider-mobile\"  id=\"row-601865431\">\n\n\n\t<div id=\"col-1636056634\" class=\"col small-12 large-12\"  >\n\t\t\t\t<div class=\"col-inner\"  >\n\t\t\t\n\t\t\t\n\n<div class=\"row row-small row-full-width align-equal custom-slider-mobile-wrap\"  id=\"row-1381500793\">\n\n\n\t<div id=\"col-491499083\" class=\"col medium-3 small-12 large-3\"  >\n\t\t\t\t<div class=\"col-inner\"  >\n\t\t\t\n\t\t\t\n\n\t<div class=\"box has-hover   has-hover box-shadow-1 box-bounce box-text-bottom\" >\n\n\t\t<div class=\"box-image\" >\n\t\t\t\t\t\t<div class=\"image-cover\" style=\"padding-top:65%;\">\n\t\t\t\t<img loading=\"lazy\" decoding=\"async\" width=\"1024\" height=\"768\" src=\"https:\/\/integratek.es\/wp-content\/uploads\/2024\/08\/HOME-ITK_Rafa.png\" class=\"attachment- size-\" alt=\"Rafa Guerrero\" srcset=\"https:\/\/integratek.es\/wp-content\/uploads\/2024\/08\/HOME-ITK_Rafa.png 1024w, https:\/\/integratek.es\/wp-content\/uploads\/2024\/08\/HOME-ITK_Rafa-533x400.png 533w, https:\/\/integratek.es\/wp-content\/uploads\/2024\/08\/HOME-ITK_Rafa-768x576.png 768w, https:\/\/integratek.es\/wp-content\/uploads\/2024\/08\/HOME-ITK_Rafa-510x383.png 510w\" sizes=\"auto, (max-width: 1024px) 100vw, 1024px\" \/>\t\t\t\t\t\t\t\t\t\t\t<\/div>\n\t\t\t\t\t<\/div>\n\n\t\t<div class=\"box-text text-left\" style=\"background-color:rgb(255, 255, 255);padding:10px 15px 10px 15px;\">\n\t\t\t<div class=\"box-text-inner\">\n\t\t\t\t\n\n\t<div id=\"text-804870740\" class=\"text\">\n\t\t\n\n<h3><b>Rafa Guerrero<\/b><\/h3>\n\t\t\n<style>\n#text-804870740 {\n  font-size: 1.1rem;\n  text-align: center;\n}\n<\/style>\n\t<\/div>\n\t\n\t<div id=\"text-3279393921\" class=\"text\">\n\t\t\n\n<p align=\"center\">Psic\u00f2leg cl\u00ednic i de la salut. Doctor en educaci\u00f3. Expert en Psicologia Educativa i TDAH, trastorns de l&#8217;aprenentatge i problemes de conducta.  <\/p>\n\t\t\n<style>\n#text-3279393921 {\n  font-size: 1rem;\n}\n<\/style>\n\t<\/div>\n\t\n\n\t\t\t<\/div>\n\t\t<\/div>\n\t<\/div>\n\t\n\n\t\t<\/div>\n\t\t\t\t\t<\/div>\n\n\t\n\n\t<div id=\"col-1377884303\" class=\"col medium-3 small-12 large-3\"  >\n\t\t\t\t<div class=\"col-inner\"  >\n\t\t\t\n\t\t\t\n\n\t<div class=\"box has-hover   has-hover box-shadow-1 box-bounce box-text-bottom\" >\n\n\t\t<div class=\"box-image\" >\n\t\t\t\t\t\t<div class=\"image-cover\" style=\"padding-top:65%;\">\n\t\t\t\t<img loading=\"lazy\" decoding=\"async\" width=\"1024\" height=\"768\" src=\"https:\/\/integratek.es\/wp-content\/uploads\/2023\/01\/garau_formador.png\" class=\"attachment- size-\" alt=\"\" srcset=\"https:\/\/integratek.es\/wp-content\/uploads\/2023\/01\/garau_formador.png 1024w, https:\/\/integratek.es\/wp-content\/uploads\/2023\/01\/garau_formador-533x400.png 533w, https:\/\/integratek.es\/wp-content\/uploads\/2023\/01\/garau_formador-768x576.png 768w, https:\/\/integratek.es\/wp-content\/uploads\/2023\/01\/garau_formador-510x383.png 510w\" sizes=\"auto, (max-width: 1024px) 100vw, 1024px\" \/>\t\t\t\t\t\t\t\t\t\t\t<\/div>\n\t\t\t\t\t<\/div>\n\n\t\t<div class=\"box-text text-left\" style=\"background-color:rgb(255, 255, 255);padding:10px 10px 10px 10px;\">\n\t\t\t<div class=\"box-text-inner\">\n\t\t\t\t\n\n\t<div id=\"text-2179349548\" class=\"text\">\n\t\t\n\n<h3><b>Maria Garau<\/b><\/h3>\n\t\t\n<style>\n#text-2179349548 {\n  font-size: 1.1rem;\n  text-align: center;\n}\n<\/style>\n\t<\/div>\n\t\n\t<div id=\"text-2446699605\" class=\"text\">\n\t\t\n\n<p align=\"center\">Neuropsic\u00f2loga especialitzada en el diagn\u00f2stic i l&#8217;abordatge dels trastorns de l&#8217;aprenentatge escolar a l&#8217;UTAE de l&#8217;Hospital Sant Joan de D\u00e9u de Barcelona.<\/p>\n\t\t\n<style>\n#text-2446699605 {\n  font-size: 1rem;\n}\n<\/style>\n\t<\/div>\n\t\n\n\t\t\t<\/div>\n\t\t<\/div>\n\t<\/div>\n\t\n\n\t\t<\/div>\n\t\t\t\t\t<\/div>\n\n\t\n\n\t<div id=\"col-1645179822\" class=\"col medium-3 small-12 large-3\"  >\n\t\t\t\t<div class=\"col-inner\"  >\n\t\t\t\n\t\t\t\n\n\t<div class=\"box has-hover   has-hover box-shadow-1 box-bounce box-text-bottom\" >\n\n\t\t<div class=\"box-image\" >\n\t\t\t\t\t\t<div class=\"image-cover\" style=\"padding-top:65%;\">\n\t\t\t\t<img loading=\"lazy\" decoding=\"async\" width=\"1024\" height=\"768\" src=\"https:\/\/integratek.es\/wp-content\/uploads\/2023\/01\/alvarado_formador.png\" class=\"attachment- size-\" alt=\"\" srcset=\"https:\/\/integratek.es\/wp-content\/uploads\/2023\/01\/alvarado_formador.png 1024w, https:\/\/integratek.es\/wp-content\/uploads\/2023\/01\/alvarado_formador-533x400.png 533w, https:\/\/integratek.es\/wp-content\/uploads\/2023\/01\/alvarado_formador-768x576.png 768w, https:\/\/integratek.es\/wp-content\/uploads\/2023\/01\/alvarado_formador-510x383.png 510w\" sizes=\"auto, (max-width: 1024px) 100vw, 1024px\" \/>\t\t\t\t\t\t\t\t\t\t\t<\/div>\n\t\t\t\t\t<\/div>\n\n\t\t<div class=\"box-text text-left\" style=\"background-color:rgb(255, 255, 255);padding:10px 10px 10px 10px;\">\n\t\t\t<div class=\"box-text-inner\">\n\t\t\t\t\n\n\t<div id=\"text-1635215561\" class=\"text\">\n\t\t\n\n<h3><b>Helena Alvarado<\/b><\/h3>\n\t\t\n<style>\n#text-1635215561 {\n  font-size: 1.1rem;\n  text-align: center;\n}\n<\/style>\n\t<\/div>\n\t\n\t<div id=\"text-311153703\" class=\"text\">\n\t\t\n\n<p align=\"center\">Psic\u00f2loga, pedagoga terapeuta i logopeda habilitada. Especialista en ter\u00e0pia estrat\u00e8gica, en trastorns del desenvolupament i dificultats d&#8217;aprenentatge. <\/p>\n\t\t\n<style>\n#text-311153703 {\n  font-size: 1rem;\n}\n<\/style>\n\t<\/div>\n\t\n\n\t\t\t<\/div>\n\t\t<\/div>\n\t<\/div>\n\t\n\n\t\t<\/div>\n\t\t\t\t\t<\/div>\n\n\t\n\n\t<div id=\"col-953456653\" class=\"col medium-3 small-12 large-3\"  >\n\t\t\t\t<div class=\"col-inner\"  >\n\t\t\t\n\t\t\t\n\n\t<div class=\"box has-hover   has-hover box-shadow-1 box-bounce box-text-bottom\" >\n\n\t\t<div class=\"box-image\" >\n\t\t\t\t\t\t<div class=\"image-cover\" style=\"padding-top:65%;\">\n\t\t\t\t<img loading=\"lazy\" decoding=\"async\" width=\"1024\" height=\"768\" src=\"https:\/\/integratek.es\/wp-content\/uploads\/2024\/08\/HOME-ITK_Cris-Garcia.png\" class=\"attachment- size-\" alt=\"Cristina Garc\u00eda\" srcset=\"https:\/\/integratek.es\/wp-content\/uploads\/2024\/08\/HOME-ITK_Cris-Garcia.png 1024w, https:\/\/integratek.es\/wp-content\/uploads\/2024\/08\/HOME-ITK_Cris-Garcia-533x400.png 533w, https:\/\/integratek.es\/wp-content\/uploads\/2024\/08\/HOME-ITK_Cris-Garcia-768x576.png 768w, https:\/\/integratek.es\/wp-content\/uploads\/2024\/08\/HOME-ITK_Cris-Garcia-510x383.png 510w\" sizes=\"auto, (max-width: 1024px) 100vw, 1024px\" \/>\t\t\t\t\t\t\t\t\t\t\t<\/div>\n\t\t\t\t\t<\/div>\n\n\t\t<div class=\"box-text text-left\" style=\"background-color:rgb(255, 255, 255);padding:10px 10px 10px 10px;\">\n\t\t\t<div class=\"box-text-inner\">\n\t\t\t\t\n\n\t<div id=\"text-3896600943\" class=\"text\">\n\t\t\n\n<h3><b>Cristina Garc\u00eda<\/b><\/h3>\n\t\t\n<style>\n#text-3896600943 {\n  font-size: 1.1rem;\n  text-align: center;\n}\n<\/style>\n\t<\/div>\n\t\n\t<div id=\"text-2501689619\" class=\"text\">\n\t\t\n\n<p align=\"center\">Psic\u00f2loga cl\u00ednica experta en diagn\u00f2stic i tractament de nens\/es amb trastorns del neurodesenvolupament a UTAE de l&#8217;Hospital Sant Joan de D\u00e9u de Barcelona.<\/p>\n\t\t\n<style>\n#text-2501689619 {\n  font-size: 1rem;\n}\n<\/style>\n\t<\/div>\n\t\n\n\t\t\t<\/div>\n\t\t<\/div>\n\t<\/div>\n\t\n\n\t\t<\/div>\n\t\t\t\t\t<\/div>\n\n\t\n\n<\/div>\n\t\t<div class=\"custom-slider-mobile-controls\">\n\t\t\t\t\n\n<div class=\"bx-controls bx-has-controls-direction\">\n\n<div class=\"bx-controls-direction\">\n\n<a class=\"btn-prev invisible\"><span class=\"carrusel-arrow\"><\/span><\/a>\n\n<a class=\"btn-next\"><span class=\"carrusel-arrow\"><\/span><\/a>\n\n<\/div>\n\n<\/div>\n\t\t<\/div>\n\t\n\n\t\t<\/div>\n\t\t\t\t\n<style>\n#col-1636056634 > .col-inner {\n  padding: 0px 0px 0px 0px;\n}\n<\/style>\n\t<\/div>\n\n\t\n\n\n<style>\n#row-601865431 > .col > .col-inner {\n  padding: 0px 0px 0px 0px;\n}\n<\/style>\n<\/div>\n<a href=\"https:\/\/integratek.es\/plus\/formadores\" target=\"_blank\" class=\"button primary is-shade box-shadow-1 lowercase btn-full-width-mobile\" rel=\"noopener\" style=\"border-radius:3px;\">\n\t\t<span>Veure m\u00e9s formadors<\/span>\n\t<\/a>\n\n\n\n\t\t<\/div>\n\t\t\t\t\n<style>\n#col-122629015 > .col-inner {\n  padding: 0px 0px 0px 0px;\n  margin: 30px 0px 0px 0px;\n}\n<\/style>\n\t<\/div>\n\n\t\n\n\n<style>\n#row-1328856747 > .col > .col-inner {\n  padding: 0px 5px 0px 5px;\n}\n@media (min-width:550px) {\n  #row-1328856747 > .col > .col-inner {\n    padding: 0px 30px 0px 30px;\n  }\n}\n@media (min-width:850px) {\n  #row-1328856747 > .col > .col-inner {\n    padding: 0px 65px 0px 65px;\n  }\n}\n<\/style>\n<\/div>\n\n\t\t<\/div>\n\n\t\t\n<style>\n#section_1635433782 {\n  padding-top: 0px;\n  padding-bottom: 0px;\n  background-color: rgb(255, 255, 255);\n}\n#section_1635433782 .section-bg-overlay {\n  background-color: rgba(190, 190, 190, 0.2);\n}\n@media (min-width:850px) {\n  #section_1635433782 {\n    padding-top: 0px;\n    padding-bottom: 0px;\n  }\n}\n<\/style>\n\t<\/section>\n\t\n\n\t<section class=\"section\" id=\"section_1553490707\">\n\t\t<div class=\"section-bg fill\" >\n\t\t\t\t\t\t\t\t\t\n\t\t\t\n\n\t\t<\/div>\n\n\t\t\n\n\t\t<div class=\"section-content relative\">\n\t\t\t\n\n<div class=\"row row-large align-center\" style=\"max-width:1500px\" id=\"row-345663994\">\n\n\n\t<div id=\"col-534855145\" class=\"col medium-5 small-12 large-5\"  >\n\t\t\t\t<div class=\"col-inner text-center\"  >\n\t\t\t\n\t\t\t\n\n\t<div id=\"gap-1920683020\" class=\"gap-element clearfix\" style=\"display:block; height:auto;\">\n\t\t\n<style>\n#gap-1920683020 {\n  padding-top: 20px;\n}\n@media (min-width:550px) {\n  #gap-1920683020 {\n    padding-top: 100px;\n  }\n}\n<\/style>\n\t<\/div>\n\t\n\n\t<div id=\"text-264207646\" class=\"text\">\n\t\t\n\n<h2><b>Qui es forma a Integratek?<\/b><\/h2>\n<ul>\n<li>Integratek \u00e9s la comunitat de professionals de l&#8217;educaci\u00f3 i les fam\u00edlies que comparteixen la seva inquietud per proporcionar una educaci\u00f3 m\u00e9s integradora i innovadora.<\/li>\n<li>Els nostres programes de formaci\u00f3 han estat elegits per docents, psic\u00f2legs, logopedes, pedagogs i fam\u00edlies de m\u00e9s de 20 pa\u00efsos a Espanya i Llatinoam\u00e8rica, tant en modalitat presencial com en l\u00ednia.<\/li>\n<\/ul>\n\t\t\n<style>\n#text-264207646 {\n  font-size: 1.1rem;\n  text-align: left;\n}\n<\/style>\n\t<\/div>\n\t\n\n\t\t<\/div>\n\t\t\t\t\t<\/div>\n\n\t\n\n\t<div id=\"col-1865026260\" class=\"col medium-6 small-12 large-6\"  >\n\t\t\t\t<div class=\"col-inner\"  >\n\t\t\t\n\t\t\t\n\n\t<div id=\"gap-1387135468\" class=\"gap-element clearfix\" style=\"display:block; height:auto;\">\n\t\t\n<style>\n#gap-1387135468 {\n  padding-top: 30px;\n}\n<\/style>\n\t<\/div>\n\t\n\n\t<div class=\"img has-hover x md-x lg-x y md-y lg-y\" id=\"image_1805454733\">\n\t\t\t\t\t\t\t\t<div class=\"img-inner dark\" >\n\t\t\t<img loading=\"lazy\" decoding=\"async\" width=\"585\" height=\"400\" src=\"https:\/\/integratek.es\/wp-content\/uploads\/2023\/01\/ESP-LATAM_ITK-585x400.png\" class=\"attachment-medium size-medium\" alt=\"\" srcset=\"https:\/\/integratek.es\/wp-content\/uploads\/2023\/01\/ESP-LATAM_ITK-585x400.png 585w, https:\/\/integratek.es\/wp-content\/uploads\/2023\/01\/ESP-LATAM_ITK-1171x800.png 1171w, https:\/\/integratek.es\/wp-content\/uploads\/2023\/01\/ESP-LATAM_ITK-768x525.png 768w, https:\/\/integratek.es\/wp-content\/uploads\/2023\/01\/ESP-LATAM_ITK-1536x1049.png 1536w, https:\/\/integratek.es\/wp-content\/uploads\/2023\/01\/ESP-LATAM_ITK-510x348.png 510w, https:\/\/integratek.es\/wp-content\/uploads\/2023\/01\/ESP-LATAM_ITK.png 1553w\" sizes=\"auto, (max-width: 585px) 100vw, 585px\" \/>\t\t\t\t\t\t\n\t\t\t\t\t<\/div>\n\t\t\t\t\t\t\t\t\n<style>\n#image_1805454733 {\n  width: 100%;\n}\n<\/style>\n\t<\/div>\n\t\n\n\n\t\t<\/div>\n\t\t\t\t\t<\/div>\n\n\t\n\n<\/div>\n\n\t\t<\/div>\n\n\t\t\n<style>\n#section_1553490707 {\n  padding-top: 0px;\n  padding-bottom: 0px;\n  background-color: #ffffff;\n}\n<\/style>\n\t<\/section>\n\t\n\n\t<section class=\"section\" id=\"section_925839889\">\n\t\t<div class=\"section-bg fill\" >\n\t\t\t\t\t\t\t\t\t\n\t\t\t\n\n\t\t<\/div>\n\n\t\t\n\n\t\t<div class=\"section-content relative\">\n\t\t\t\n\n<div class=\"row row-large row-full-width align-middle align-center\"  id=\"row-361630615\">\n\n\n\t<div id=\"col-938742127\" class=\"col medium-4 small-12 large-4\"  >\n\t\t\t\t<div class=\"col-inner\"  >\n\t\t\t\n\t\t\t\n\n\t<div id=\"text-3669085264\" class=\"text\">\n\t\t\n\n<h4><b>No et perdis res:<\/b><br>\n  <b>Subscriu-te!<\/b>\n<\/h4>\n\t\t\n<style>\n#text-3669085264 {\n  font-size: 1.2rem;\n  line-height: 1.35;\n}\n@media (min-width:550px) {\n  #text-3669085264 {\n    font-size: 1.5rem;\n  }\n}\n<\/style>\n\t<\/div>\n\t\n\n\t\t<\/div>\n\t\t\t\t\n<style>\n#col-938742127 > .col-inner {\n  padding: 0px 0px 0px 0px;\n  margin: 30px 0px 0px 0px;\n}\n@media (min-width:550px) {\n  #col-938742127 > .col-inner {\n    margin: -130px 0px 0px 0px;\n  }\n}\n<\/style>\n\t<\/div>\n\n\t\n\n\t<div id=\"col-736353662\" class=\"col medium-7 small-12 large-7\"  >\n\t\t\t\t<div class=\"col-inner\"  >\n\t\t\t\n\t\t\t\n\n\n<div class=\"wpcf7 no-js\" id=\"wpcf7-f208762-o1\" lang=\"es-ES\" dir=\"ltr\" data-wpcf7-id=\"208762\">\n<div class=\"screen-reader-response\"><p role=\"status\" aria-live=\"polite\" aria-atomic=\"true\"><\/p> <ul><\/ul><\/div>\n<form action=\"\/ca\/wp-json\/wp\/v2\/pages\/202922#wpcf7-f208762-o1\" method=\"post\" class=\"wpcf7-form init 91f6112870ed cmatic-conn cmatic-aud-3 cmatic-mapd0-0 cmatic-098109 cmatic-sent-0 cmatic-total-388 wpcf7-acceptance-as-validation\" aria-label=\"Formulario de contacto\" novalidate=\"novalidate\" data-status=\"init\">\n<fieldset class=\"hidden-fields-container\"><input type=\"hidden\" name=\"_wpcf7\" value=\"208762\" \/><input type=\"hidden\" name=\"_wpcf7_version\" value=\"6.1.7\" \/><input type=\"hidden\" name=\"_wpcf7_locale\" value=\"es_ES\" \/><input type=\"hidden\" name=\"_wpcf7_unit_tag\" value=\"wpcf7-f208762-o1\" \/><input type=\"hidden\" name=\"_wpcf7_container_post\" value=\"0\" \/><input type=\"hidden\" name=\"_wpcf7_posted_data_hash\" value=\"\" \/><input type=\"hidden\" name=\"_wpcf7_recaptcha_response\" value=\"\" \/>\n<\/fieldset>\n<div id=\"formulario-webinar\" class=\"form-btn-light\">\n\t<p><span class=\"wpcf7-form-control-wrap\" data-name=\"nombre\"><input size=\"40\" maxlength=\"400\" class=\"wpcf7-form-control wpcf7-text Nombre\" aria-invalid=\"false\" placeholder=\"Nombre\" value=\"\" type=\"text\" name=\"nombre\" \/><\/span><br \/>\n<span class=\"wpcf7-form-control-wrap\" data-name=\"your-email-2\"><input size=\"40\" maxlength=\"400\" class=\"wpcf7-form-control wpcf7-email wpcf7-validates-as-required wpcf7-text wpcf7-validates-as-email\" aria-required=\"true\" aria-invalid=\"false\" placeholder=\"Correo electr\u00f3nico\" value=\"\" type=\"email\" name=\"your-email-2\" \/><\/span>\n\t<\/p>\n<input class=\"wpcf7-form-control wpcf7-hidden\" value=\"es\" type=\"hidden\" name=\"idioma\" \/>\n\t<p><span class=\"wpcf7-form-control-wrap\" data-name=\"acceptance-583\"><span class=\"wpcf7-form-control wpcf7-acceptance\"><span class=\"wpcf7-list-item\"><label><input type=\"checkbox\" name=\"acceptance-583\" value=\"1\" aria-invalid=\"false\" \/><span class=\"wpcf7-list-item-label\">He le\u00eddo y acepto la Pol\u00edtica de Privacidad<\/span><\/label><\/span><\/span><\/span><br \/>\n<span class=\"wpcf7-form-control-wrap\" data-name=\"acceptance-437\"><span class=\"wpcf7-form-control wpcf7-acceptance\"><span class=\"wpcf7-list-item\"><label><input type=\"checkbox\" name=\"acceptance-437\" value=\"1\" aria-invalid=\"false\" \/><span class=\"wpcf7-list-item-label\">He le\u00eddo y acepto el env\u00edo de comunicaciones comerciales por correo electr\u00f3nico (o Newsletter).<\/span><\/label><\/span><\/span><\/span>\n\t<\/p>\n\t<left>\n\t\t<p><input class=\"wpcf7-form-control wpcf7-submit has-spinner\" type=\"submit\" value=\"Quiero apuntarme\" \/>\n\t\t<\/p>\n\t<\/left>\n<\/div><input type='hidden' class='wpcf7-pum' value='{\"closepopup\":false,\"closedelay\":0,\"openpopup\":false,\"openpopup_id\":0}' \/><div class=\"wpcf7-response-output\" aria-hidden=\"true\"><\/div>\n<\/form>\n<\/div>\n\n\n\n\t\t<\/div>\n\t\t\t\t\n<style>\n#col-736353662 > .col-inner {\n  padding: 30px 0px 0px 0px;\n}\n<\/style>\n\t<\/div>\n\n\t\n\n<\/div>\n\n\t\t<\/div>\n\n\t\t\n<style>\n#section_925839889 {\n  padding-top: 0px;\n  padding-bottom: 0px;\n  background-color: #ff9d39;\n}\n<\/style>\n\t<\/section>\n\t\n\n\t<section class=\"section\" id=\"section_41738974\">\n\t\t<div class=\"section-bg fill\" >\n\t\t\t\t\t\t\t\t\t<div class=\"section-bg-overlay absolute fill\"><\/div>\n\t\t\t\n\n\t\t<\/div>\n\n\t\t\n\n\t\t<div class=\"section-content relative\">\n\t\t\t\n\n<div class=\"row\" style=\"max-width:1500px\" id=\"row-1204624527\">\n\n\n\t<div id=\"col-1077624892\" class=\"col small-12 large-12\"  >\n\t\t\t\t<div class=\"col-inner\"  >\n\t\t\t\n\t\t\t\n\n\t<div id=\"gap-1408789543\" class=\"gap-element clearfix\" style=\"display:block; height:auto;\">\n\t\t\n<style>\n#gap-1408789543 {\n  padding-top: 50px;\n}\n<\/style>\n\t<\/div>\n\t\n\n\t<div id=\"text-217876167\" class=\"text\">\n\t\t\n\n<h2><b>Tenim alguna cosa per explicar-te&#8230;<\/b><\/h2>\n<p>Segueix els nostres tipus, tend\u00e8ncies i \u00faltimes not\u00edcies sobre educaci\u00f3, psicologia i molt m\u00e9s.&nbsp;<\/p>\n\t\t\n<style>\n#text-217876167 {\n  font-size: 1.1rem;\n  text-align: left;\n}\n<\/style>\n\t<\/div>\n\t\n\n  \n    <div class=\"row large-columns-4 medium-columns-3 small-columns-1 row-full-width has-shadow row-box-shadow-1 row-box-shadow-3-hover slider row-slider slider-nav-circle slider-nav-outside slider-nav-push\"  data-flickity-options='{&quot;imagesLoaded&quot;: true, &quot;groupCells&quot;: &quot;100%&quot;, &quot;dragThreshold&quot; : 5, &quot;cellAlign&quot;: &quot;left&quot;,&quot;wrapAround&quot;: true,&quot;prevNextButtons&quot;: true,&quot;percentPosition&quot;: true,&quot;pageDots&quot;: true, &quot;rightToLeft&quot;: false, &quot;autoPlay&quot; : false}' >\n\n  <div class=\"col post-item\" >\n\t\t\t<div class=\"col-inner\">\n\t\t\t\t<div class=\"box box-bounce box-text-bottom box-blog-post has-hover\">\n            \t\t\t\t\t<div class=\"box-image\" >\n  \t\t\t\t\t\t<div class=\"image-cover\" style=\"padding-top:75%;\">\n\t\t\t\t\t\t\t<a href=\"https:\/\/integratek.es\/ca\/2026\/08\/21\/com-interpretar-el-wisc-v-3-casos-practics-mes-enlla-del-quocient-intel%c2%b7lectual\/\" class=\"plain\" aria-label=\"Com interpretar el WISC-V: 3 casos pr\u00e0ctics m\u00e9s enll\u00e0 del quocient intel\u00b7lectual\">\n\t\t\t\t\t\t\t\t<img loading=\"lazy\" decoding=\"async\" width=\"606\" height=\"400\" src=\"https:\/\/integratek.es\/wp-content\/uploads\/2026\/08\/Articulo-WISC-INTEGRATEK-606x400.png\" class=\"attachment-medium size-medium wp-post-image\" alt=\"\" srcset=\"https:\/\/integratek.es\/wp-content\/uploads\/2026\/08\/Articulo-WISC-INTEGRATEK-606x400.png 606w, https:\/\/integratek.es\/wp-content\/uploads\/2026\/08\/Articulo-WISC-INTEGRATEK-768x507.png 768w, https:\/\/integratek.es\/wp-content\/uploads\/2026\/08\/Articulo-WISC-INTEGRATEK-510x337.png 510w, https:\/\/integratek.es\/wp-content\/uploads\/2026\/08\/Articulo-WISC-INTEGRATEK.png 912w\" sizes=\"auto, (max-width: 606px) 100vw, 606px\" \/>\t\t\t\t\t\t\t<\/a>\n  \t\t\t\t\t\t\t  \t\t\t\t\t\t\t  \t\t\t\t\t\t<\/div>\n  \t\t\t\t\t\t  \t\t\t\t\t<\/div>\n          \t\t\t\t\t<div class=\"box-text text-center\" >\n\t\t\t\t\t<div class=\"box-text-inner blog-post-inner\">\n\n\t\t\t\t\t\n\t\t\t\t\t\t\t\t\t\t<h5 class=\"post-title is-large \">\n\t\t\t\t\t\t<a href=\"https:\/\/integratek.es\/ca\/2026\/08\/21\/com-interpretar-el-wisc-v-3-casos-practics-mes-enlla-del-quocient-intel%c2%b7lectual\/\" class=\"plain\">Com interpretar el WISC-V: 3 casos pr\u00e0ctics m\u00e9s enll\u00e0 del quocient intel\u00b7lectual<\/a>\n\t\t\t\t\t<\/h5>\n\t\t\t\t\t\t\t\t\t\t<div class=\"is-divider\"><\/div>\n\t\t\t\t\t\t\t\t\t\t<p class=\"from_the_blog_excerpt \">\n\t\t\t\t\t\tUn QI de 101 pot amagar perfils completament diferents. T'ho mostrem amb tres casos reals.\t\t\t\t\t<\/p>\n\t\t\t\t\t                    \n\t\t\t\t\t\n\t\t\t\t\t\n\t\t\t\t\t<\/div>\n\t\t\t\t\t<\/div>\n\t\t\t\t\t\t\t\t\t\t\t\t\t\t\t\t<div class=\"badge absolute top post-date badge-square\">\n\t\t\t\t\t\t\t<div class=\"badge-inner\">\n\t\t\t\t\t\t\t\t<span class=\"post-date-day\">21<\/span><br>\n\t\t\t\t\t\t\t\t<span class=\"post-date-month is-xsmall\">ag.<\/span>\n\t\t\t\t\t\t\t<\/div>\n\t\t\t\t\t\t<\/div>\n\t\t\t\t\t\t\t\t\t<\/div>\n\t\t\t<\/div>\n\t\t<\/div><div class=\"col post-item\" >\n\t\t\t<div class=\"col-inner\">\n\t\t\t\t<div class=\"box box-bounce box-text-bottom box-blog-post has-hover\">\n            \t\t\t\t\t<div class=\"box-image\" >\n  \t\t\t\t\t\t<div class=\"image-cover\" style=\"padding-top:75%;\">\n\t\t\t\t\t\t\t<a href=\"https:\/\/integratek.es\/ca\/2026\/08\/13\/que-hi-ha-darrere-duna-conducta-disciplina-positiva-i-neurodivergencia\/\" class=\"plain\" aria-label=\"Qu\u00e8 hi ha darrere d&#8217;una conducta? Disciplina positiva i neurodiverg\u00e8ncia\">\n\t\t\t\t\t\t\t\t<img loading=\"lazy\" decoding=\"async\" width=\"605\" height=\"400\" src=\"https:\/\/integratek.es\/wp-content\/uploads\/2026\/08\/DisciplinaPositiva_INTEGRATEK-605x400.png\" class=\"attachment-medium size-medium wp-post-image\" alt=\"\" srcset=\"https:\/\/integratek.es\/wp-content\/uploads\/2026\/08\/DisciplinaPositiva_INTEGRATEK-605x400.png 605w, https:\/\/integratek.es\/wp-content\/uploads\/2026\/08\/DisciplinaPositiva_INTEGRATEK-768x508.png 768w, https:\/\/integratek.es\/wp-content\/uploads\/2026\/08\/DisciplinaPositiva_INTEGRATEK-510x337.png 510w, https:\/\/integratek.es\/wp-content\/uploads\/2026\/08\/DisciplinaPositiva_INTEGRATEK.png 910w\" sizes=\"auto, (max-width: 605px) 100vw, 605px\" \/>\t\t\t\t\t\t\t<\/a>\n  \t\t\t\t\t\t\t  \t\t\t\t\t\t\t  \t\t\t\t\t\t<\/div>\n  \t\t\t\t\t\t  \t\t\t\t\t<\/div>\n          \t\t\t\t\t<div class=\"box-text text-center\" >\n\t\t\t\t\t<div class=\"box-text-inner blog-post-inner\">\n\n\t\t\t\t\t\n\t\t\t\t\t\t\t\t\t\t<h5 class=\"post-title is-large \">\n\t\t\t\t\t\t<a href=\"https:\/\/integratek.es\/ca\/2026\/08\/13\/que-hi-ha-darrere-duna-conducta-disciplina-positiva-i-neurodivergencia\/\" class=\"plain\">Qu\u00e8 hi ha darrere d&#8217;una conducta? Disciplina positiva i neurodiverg\u00e8ncia<\/a>\n\t\t\t\t\t<\/h5>\n\t\t\t\t\t\t\t\t\t\t<div class=\"is-divider\"><\/div>\n\t\t\t\t\t\t\t\t\t\t<p class=\"from_the_blog_excerpt \">\n\t\t\t\t\t\tDescobreix com aplicar la disciplina positiva en TEA, TDAH i TDL i coneix eines pr\u00e0ctiques [...]\t\t\t\t\t<\/p>\n\t\t\t\t\t                    \n\t\t\t\t\t\n\t\t\t\t\t\n\t\t\t\t\t<\/div>\n\t\t\t\t\t<\/div>\n\t\t\t\t\t\t\t\t\t\t\t\t\t\t\t\t<div class=\"badge absolute top post-date badge-square\">\n\t\t\t\t\t\t\t<div class=\"badge-inner\">\n\t\t\t\t\t\t\t\t<span class=\"post-date-day\">13<\/span><br>\n\t\t\t\t\t\t\t\t<span class=\"post-date-month is-xsmall\">ag.<\/span>\n\t\t\t\t\t\t\t<\/div>\n\t\t\t\t\t\t<\/div>\n\t\t\t\t\t\t\t\t\t<\/div>\n\t\t\t<\/div>\n\t\t<\/div><div class=\"col post-item\" >\n\t\t\t<div class=\"col-inner\">\n\t\t\t\t<div class=\"box box-bounce box-text-bottom box-blog-post has-hover\">\n            \t\t\t\t\t<div class=\"box-image\" >\n  \t\t\t\t\t\t<div class=\"image-cover\" style=\"padding-top:75%;\">\n\t\t\t\t\t\t\t<a href=\"https:\/\/integratek.es\/ca\/2026\/07\/09\/recursos-tdah-families-docents-professionals\/\" class=\"plain\" aria-label=\"Recursos sobre TDAH per a fam\u00edlies, docents i professionals\">\n\t\t\t\t\t\t\t\t<img loading=\"lazy\" decoding=\"async\" width=\"400\" height=\"400\" src=\"https:\/\/integratek.es\/wp-content\/uploads\/2026\/07\/RECURSOS-TDAH-INTEGRATEK-BLOG-400x400.png\" class=\"attachment-medium size-medium wp-post-image\" alt=\"\" srcset=\"https:\/\/integratek.es\/wp-content\/uploads\/2026\/07\/RECURSOS-TDAH-INTEGRATEK-BLOG-400x400.png 400w, https:\/\/integratek.es\/wp-content\/uploads\/2026\/07\/RECURSOS-TDAH-INTEGRATEK-BLOG-800x800.png 800w, https:\/\/integratek.es\/wp-content\/uploads\/2026\/07\/RECURSOS-TDAH-INTEGRATEK-BLOG-280x280.png 280w, https:\/\/integratek.es\/wp-content\/uploads\/2026\/07\/RECURSOS-TDAH-INTEGRATEK-BLOG-768x768.png 768w, https:\/\/integratek.es\/wp-content\/uploads\/2026\/07\/RECURSOS-TDAH-INTEGRATEK-BLOG-510x510.png 510w, https:\/\/integratek.es\/wp-content\/uploads\/2026\/07\/RECURSOS-TDAH-INTEGRATEK-BLOG-100x100.png 100w, https:\/\/integratek.es\/wp-content\/uploads\/2026\/07\/RECURSOS-TDAH-INTEGRATEK-BLOG.png 1080w\" sizes=\"auto, (max-width: 400px) 100vw, 400px\" \/>\t\t\t\t\t\t\t<\/a>\n  \t\t\t\t\t\t\t  \t\t\t\t\t\t\t  \t\t\t\t\t\t<\/div>\n  \t\t\t\t\t\t  \t\t\t\t\t<\/div>\n          \t\t\t\t\t<div class=\"box-text text-center\" >\n\t\t\t\t\t<div class=\"box-text-inner blog-post-inner\">\n\n\t\t\t\t\t\n\t\t\t\t\t\t\t\t\t\t<h5 class=\"post-title is-large \">\n\t\t\t\t\t\t<a href=\"https:\/\/integratek.es\/ca\/2026\/07\/09\/recursos-tdah-families-docents-professionals\/\" class=\"plain\">Recursos sobre TDAH per a fam\u00edlies, docents i professionals<\/a>\n\t\t\t\t\t<\/h5>\n\t\t\t\t\t\t\t\t\t\t<div class=\"is-divider\"><\/div>\n\t\t\t\t\t\t\t\t\t\t<p class=\"from_the_blog_excerpt \">\n\t\t\t\t\t\tSelecci\u00f3 de guies, llibres, articles i recursos sobre TDAH en inf\u00e0ncia, adolesc\u00e8ncia i edat adulta [...]\t\t\t\t\t<\/p>\n\t\t\t\t\t                    \n\t\t\t\t\t\n\t\t\t\t\t\n\t\t\t\t\t<\/div>\n\t\t\t\t\t<\/div>\n\t\t\t\t\t\t\t\t\t\t\t\t\t\t\t\t<div class=\"badge absolute top post-date badge-square\">\n\t\t\t\t\t\t\t<div class=\"badge-inner\">\n\t\t\t\t\t\t\t\t<span class=\"post-date-day\">09<\/span><br>\n\t\t\t\t\t\t\t\t<span class=\"post-date-month is-xsmall\">jul.<\/span>\n\t\t\t\t\t\t\t<\/div>\n\t\t\t\t\t\t<\/div>\n\t\t\t\t\t\t\t\t\t<\/div>\n\t\t\t<\/div>\n\t\t<\/div><div class=\"col post-item\" >\n\t\t\t<div class=\"col-inner\">\n\t\t\t\t<div class=\"box box-bounce box-text-bottom box-blog-post has-hover\">\n            \t\t\t\t\t<div class=\"box-image\" >\n  \t\t\t\t\t\t<div class=\"image-cover\" style=\"padding-top:75%;\">\n\t\t\t\t\t\t\t<a href=\"https:\/\/integratek.es\/ca\/2026\/05\/18\/escola-destiu-per-a-docents\/\" class=\"plain\" aria-label=\"El cansament docent que no sempre es veu\">\n\t\t\t\t\t\t\t\t<img loading=\"lazy\" decoding=\"async\" width=\"599\" height=\"400\" src=\"https:\/\/integratek.es\/wp-content\/uploads\/2026\/05\/teacher-her-aspiring-pupils-599x400.jpg\" class=\"attachment-medium size-medium wp-post-image\" alt=\"\" srcset=\"https:\/\/integratek.es\/wp-content\/uploads\/2026\/05\/teacher-her-aspiring-pupils-599x400.jpg 599w, https:\/\/integratek.es\/wp-content\/uploads\/2026\/05\/teacher-her-aspiring-pupils-1199x800.jpg 1199w, https:\/\/integratek.es\/wp-content\/uploads\/2026\/05\/teacher-her-aspiring-pupils-768x513.jpg 768w, https:\/\/integratek.es\/wp-content\/uploads\/2026\/05\/teacher-her-aspiring-pupils-1536x1025.jpg 1536w, https:\/\/integratek.es\/wp-content\/uploads\/2026\/05\/teacher-her-aspiring-pupils-2048x1367.jpg 2048w, https:\/\/integratek.es\/wp-content\/uploads\/2026\/05\/teacher-her-aspiring-pupils-510x340.jpg 510w\" sizes=\"auto, (max-width: 599px) 100vw, 599px\" \/>\t\t\t\t\t\t\t<\/a>\n  \t\t\t\t\t\t\t  \t\t\t\t\t\t\t  \t\t\t\t\t\t<\/div>\n  \t\t\t\t\t\t  \t\t\t\t\t<\/div>\n          \t\t\t\t\t<div class=\"box-text text-center\" >\n\t\t\t\t\t<div class=\"box-text-inner blog-post-inner\">\n\n\t\t\t\t\t\n\t\t\t\t\t\t\t\t\t\t<h5 class=\"post-title is-large \">\n\t\t\t\t\t\t<a href=\"https:\/\/integratek.es\/ca\/2026\/05\/18\/escola-destiu-per-a-docents\/\" class=\"plain\">El cansament docent que no sempre es veu<\/a>\n\t\t\t\t\t<\/h5>\n\t\t\t\t\t\t\t\t\t\t<div class=\"is-divider\"><\/div>\n\t\t\t\t\t\t\t\t\t\t<p class=\"from_the_blog_excerpt \">\n\t\t\t\t\t\tEl cansament docent no sempre es veu, per\u00f2 impacta a l'aula i al benestar emocional. [...]\t\t\t\t\t<\/p>\n\t\t\t\t\t                    \n\t\t\t\t\t\n\t\t\t\t\t\n\t\t\t\t\t<\/div>\n\t\t\t\t\t<\/div>\n\t\t\t\t\t\t\t\t\t\t\t\t\t\t\t\t<div class=\"badge absolute top post-date badge-square\">\n\t\t\t\t\t\t\t<div class=\"badge-inner\">\n\t\t\t\t\t\t\t\t<span class=\"post-date-day\">18<\/span><br>\n\t\t\t\t\t\t\t\t<span class=\"post-date-month is-xsmall\">maig<\/span>\n\t\t\t\t\t\t\t<\/div>\n\t\t\t\t\t\t<\/div>\n\t\t\t\t\t\t\t\t\t<\/div>\n\t\t\t<\/div>\n\t\t<\/div><div class=\"col post-item\" >\n\t\t\t<div class=\"col-inner\">\n\t\t\t\t<div class=\"box box-bounce box-text-bottom box-blog-post has-hover\">\n            \t\t\t\t\t<div class=\"box-image\" >\n  \t\t\t\t\t\t<div class=\"image-cover\" style=\"padding-top:75%;\">\n\t\t\t\t\t\t\t<a href=\"https:\/\/integratek.es\/ca\/2026\/05\/11\/escola-estiu-per-a-docents\/\" class=\"plain\" aria-label=\"Escola d&#8217;estiu per a docents\">\n\t\t\t\t\t\t\t\t<img loading=\"lazy\" decoding=\"async\" width=\"800\" height=\"176\" src=\"https:\/\/integratek.es\/wp-content\/uploads\/2026\/05\/ESCUELA-de-VERANO_Web-CAT-800x176-1.jpg\" class=\"attachment-medium size-medium wp-post-image\" alt=\"\" srcset=\"https:\/\/integratek.es\/wp-content\/uploads\/2026\/05\/ESCUELA-de-VERANO_Web-CAT-800x176-1.jpg 800w, https:\/\/integratek.es\/wp-content\/uploads\/2026\/05\/ESCUELA-de-VERANO_Web-CAT-1400x308-1.jpg 1400w, https:\/\/integratek.es\/wp-content\/uploads\/2026\/05\/ESCUELA-de-VERANO_Web-CAT-768x169-1.jpg 768w, https:\/\/integratek.es\/wp-content\/uploads\/2026\/05\/ESCUELA-de-VERANO_Web-CAT-1536x338-1.jpg 1536w, https:\/\/integratek.es\/wp-content\/uploads\/2026\/05\/ESCUELA-de-VERANO_Web-CAT-510x112-1.jpg 510w, https:\/\/integratek.es\/wp-content\/uploads\/2026\/05\/ESCUELA-de-VERANO_Web-CAT.jpg 2000w\" sizes=\"auto, (max-width: 800px) 100vw, 800px\" \/>\t\t\t\t\t\t\t<\/a>\n  \t\t\t\t\t\t\t  \t\t\t\t\t\t\t  \t\t\t\t\t\t<\/div>\n  \t\t\t\t\t\t  \t\t\t\t\t<\/div>\n          \t\t\t\t\t<div class=\"box-text text-center\" >\n\t\t\t\t\t<div class=\"box-text-inner blog-post-inner\">\n\n\t\t\t\t\t\n\t\t\t\t\t\t\t\t\t\t<h5 class=\"post-title is-large \">\n\t\t\t\t\t\t<a href=\"https:\/\/integratek.es\/ca\/2026\/05\/11\/escola-estiu-per-a-docents\/\" class=\"plain\">Escola d&#8217;estiu per a docents<\/a>\n\t\t\t\t\t<\/h5>\n\t\t\t\t\t\t\t\t\t\t<div class=\"is-divider\"><\/div>\n\t\t\t\t\t\t\t\t\t\t<p class=\"from_the_blog_excerpt \">\n\t\t\t\t\t\tEscola d'estiu per a docents: com triar formaci\u00f3 homologada que puguis aplicar realment a l'aula. [...]\t\t\t\t\t<\/p>\n\t\t\t\t\t                    \n\t\t\t\t\t\n\t\t\t\t\t\n\t\t\t\t\t<\/div>\n\t\t\t\t\t<\/div>\n\t\t\t\t\t\t\t\t\t\t\t\t\t\t\t\t<div class=\"badge absolute top post-date badge-square\">\n\t\t\t\t\t\t\t<div class=\"badge-inner\">\n\t\t\t\t\t\t\t\t<span class=\"post-date-day\">11<\/span><br>\n\t\t\t\t\t\t\t\t<span class=\"post-date-month is-xsmall\">maig<\/span>\n\t\t\t\t\t\t\t<\/div>\n\t\t\t\t\t\t<\/div>\n\t\t\t\t\t\t\t\t\t<\/div>\n\t\t\t<\/div>\n\t\t<\/div><div class=\"col post-item\" >\n\t\t\t<div class=\"col-inner\">\n\t\t\t\t<div class=\"box box-bounce box-text-bottom box-blog-post has-hover\">\n            \t\t\t\t\t<div class=\"box-image\" >\n  \t\t\t\t\t\t<div class=\"image-cover\" style=\"padding-top:75%;\">\n\t\t\t\t\t\t\t<a href=\"https:\/\/integratek.es\/ca\/2026\/04\/27\/alumne-no-rendeix\/\" class=\"plain\" aria-label=\"Quan un alumne ent\u00e9n per\u00f2 no rendeix: Qu\u00e8 est\u00e0 passant a l&#8217;aprenentatge (i com intervenir a l&#8217;aula)\">\n\t\t\t\t\t\t\t\t<img loading=\"lazy\" decoding=\"async\" width=\"654\" height=\"400\" src=\"https:\/\/integratek.es\/wp-content\/uploads\/2026\/04\/Captura-de-pantalla-2026-04-27-125337-654x400.png\" class=\"attachment-medium size-medium wp-post-image\" alt=\"\" srcset=\"https:\/\/integratek.es\/wp-content\/uploads\/2026\/04\/Captura-de-pantalla-2026-04-27-125337-654x400.png 654w, https:\/\/integratek.es\/wp-content\/uploads\/2026\/04\/Captura-de-pantalla-2026-04-27-125337-768x470.png 768w, https:\/\/integratek.es\/wp-content\/uploads\/2026\/04\/Captura-de-pantalla-2026-04-27-125337-510x312.png 510w, https:\/\/integratek.es\/wp-content\/uploads\/2026\/04\/Captura-de-pantalla-2026-04-27-125337.png 988w\" sizes=\"auto, (max-width: 654px) 100vw, 654px\" \/>\t\t\t\t\t\t\t<\/a>\n  \t\t\t\t\t\t\t  \t\t\t\t\t\t\t  \t\t\t\t\t\t<\/div>\n  \t\t\t\t\t\t  \t\t\t\t\t<\/div>\n          \t\t\t\t\t<div class=\"box-text text-center\" >\n\t\t\t\t\t<div class=\"box-text-inner blog-post-inner\">\n\n\t\t\t\t\t\n\t\t\t\t\t\t\t\t\t\t<h5 class=\"post-title is-large \">\n\t\t\t\t\t\t<a href=\"https:\/\/integratek.es\/ca\/2026\/04\/27\/alumne-no-rendeix\/\" class=\"plain\">Quan un alumne ent\u00e9n per\u00f2 no rendeix: Qu\u00e8 est\u00e0 passant a l&#8217;aprenentatge (i com intervenir a l&#8217;aula)<\/a>\n\t\t\t\t\t<\/h5>\n\t\t\t\t\t\t\t\t\t\t<div class=\"is-divider\"><\/div>\n\t\t\t\t\t\t\t\t\t\t<p class=\"from_the_blog_excerpt \">\n\t\t\t\t\t\tLa gamificaci\u00f3 a l'aula millora la motivaci\u00f3 i l'aprenentatge significatiu. Claus pr\u00e0ctiques per dissenyar experi\u00e8ncies [...]\t\t\t\t\t<\/p>\n\t\t\t\t\t                    \n\t\t\t\t\t\n\t\t\t\t\t\n\t\t\t\t\t<\/div>\n\t\t\t\t\t<\/div>\n\t\t\t\t\t\t\t\t\t\t\t\t\t\t\t\t<div class=\"badge absolute top post-date badge-square\">\n\t\t\t\t\t\t\t<div class=\"badge-inner\">\n\t\t\t\t\t\t\t\t<span class=\"post-date-day\">27<\/span><br>\n\t\t\t\t\t\t\t\t<span class=\"post-date-month is-xsmall\">abr.<\/span>\n\t\t\t\t\t\t\t<\/div>\n\t\t\t\t\t\t<\/div>\n\t\t\t\t\t\t\t\t\t<\/div>\n\t\t\t<\/div>\n\t\t<\/div><div class=\"col post-item\" >\n\t\t\t<div class=\"col-inner\">\n\t\t\t\t<div class=\"box box-bounce box-text-bottom box-blog-post has-hover\">\n            \t\t\t\t\t<div class=\"box-image\" >\n  \t\t\t\t\t\t<div class=\"image-cover\" style=\"padding-top:75%;\">\n\t\t\t\t\t\t\t<a href=\"https:\/\/integratek.es\/ca\/2026\/04\/20\/5-oportunitats-a-laula-per-a-alumnes-amb-tdah\/\" class=\"plain\" aria-label=\"5 oportunitats a l&#8217;aula per a alumnes amb TDAH\">\n\t\t\t\t\t\t\t\t<img loading=\"lazy\" decoding=\"async\" width=\"611\" height=\"400\" src=\"https:\/\/integratek.es\/wp-content\/uploads\/2026\/04\/Captura-de-pantalla-2026-04-20-120006-611x400.png\" class=\"attachment-medium size-medium wp-post-image\" alt=\"5 oportunidades en el aula para alumnos con TDAH\" srcset=\"https:\/\/integratek.es\/wp-content\/uploads\/2026\/04\/Captura-de-pantalla-2026-04-20-120006-611x400.png 611w, https:\/\/integratek.es\/wp-content\/uploads\/2026\/04\/Captura-de-pantalla-2026-04-20-120006-768x502.png 768w, https:\/\/integratek.es\/wp-content\/uploads\/2026\/04\/Captura-de-pantalla-2026-04-20-120006-510x334.png 510w, https:\/\/integratek.es\/wp-content\/uploads\/2026\/04\/Captura-de-pantalla-2026-04-20-120006.png 937w\" sizes=\"auto, (max-width: 611px) 100vw, 611px\" \/>\t\t\t\t\t\t\t<\/a>\n  \t\t\t\t\t\t\t  \t\t\t\t\t\t\t  \t\t\t\t\t\t<\/div>\n  \t\t\t\t\t\t  \t\t\t\t\t<\/div>\n          \t\t\t\t\t<div class=\"box-text text-center\" >\n\t\t\t\t\t<div class=\"box-text-inner blog-post-inner\">\n\n\t\t\t\t\t\n\t\t\t\t\t\t\t\t\t\t<h5 class=\"post-title is-large \">\n\t\t\t\t\t\t<a href=\"https:\/\/integratek.es\/ca\/2026\/04\/20\/5-oportunitats-a-laula-per-a-alumnes-amb-tdah\/\" class=\"plain\">5 oportunitats a l&#8217;aula per a alumnes amb TDAH<\/a>\n\t\t\t\t\t<\/h5>\n\t\t\t\t\t\t\t\t\t\t<div class=\"is-divider\"><\/div>\n\t\t\t\t\t\t\t\t\t\t<p class=\"from_the_blog_excerpt \">\n\t\t\t\t\t\tLa gamificaci\u00f3 a l'aula millora la motivaci\u00f3 i l'aprenentatge significatiu. Claus pr\u00e0ctiques per dissenyar experi\u00e8ncies [...]\t\t\t\t\t<\/p>\n\t\t\t\t\t                    \n\t\t\t\t\t\n\t\t\t\t\t\n\t\t\t\t\t<\/div>\n\t\t\t\t\t<\/div>\n\t\t\t\t\t\t\t\t\t\t\t\t\t\t\t\t<div class=\"badge absolute top post-date badge-square\">\n\t\t\t\t\t\t\t<div class=\"badge-inner\">\n\t\t\t\t\t\t\t\t<span class=\"post-date-day\">20<\/span><br>\n\t\t\t\t\t\t\t\t<span class=\"post-date-month is-xsmall\">abr.<\/span>\n\t\t\t\t\t\t\t<\/div>\n\t\t\t\t\t\t<\/div>\n\t\t\t\t\t\t\t\t\t<\/div>\n\t\t\t<\/div>\n\t\t<\/div><div class=\"col post-item\" >\n\t\t\t<div class=\"col-inner\">\n\t\t\t\t<div class=\"box box-bounce box-text-bottom box-blog-post has-hover\">\n            \t\t\t\t\t<div class=\"box-image\" >\n  \t\t\t\t\t\t<div class=\"image-cover\" style=\"padding-top:75%;\">\n\t\t\t\t\t\t\t<a href=\"https:\/\/integratek.es\/ca\/2026\/04\/13\/ajustaments-aula-dificultats-aprenentatge\/\" class=\"plain\" aria-label=\"7 ajustaments a l&#8217;aula que poden marcar la difer\u00e8ncia en alumnes amb dificultats d&#8217;aprenentatge\">\n\t\t\t\t\t\t\t\t<img loading=\"lazy\" decoding=\"async\" width=\"599\" height=\"400\" src=\"https:\/\/integratek.es\/wp-content\/uploads\/2026\/04\/ajustes-aula-dificultades-aprendizaje-blog-inegratek-599x400.jpg\" class=\"attachment-medium size-medium wp-post-image\" alt=\"\/ajustes-aula-dificultades-aprendizaje\" srcset=\"https:\/\/integratek.es\/wp-content\/uploads\/2026\/04\/ajustes-aula-dificultades-aprendizaje-blog-inegratek-599x400.jpg 599w, https:\/\/integratek.es\/wp-content\/uploads\/2026\/04\/ajustes-aula-dificultades-aprendizaje-blog-inegratek-1199x800.jpg 1199w, https:\/\/integratek.es\/wp-content\/uploads\/2026\/04\/ajustes-aula-dificultades-aprendizaje-blog-inegratek-768x513.jpg 768w, https:\/\/integratek.es\/wp-content\/uploads\/2026\/04\/ajustes-aula-dificultades-aprendizaje-blog-inegratek-1536x1025.jpg 1536w, https:\/\/integratek.es\/wp-content\/uploads\/2026\/04\/ajustes-aula-dificultades-aprendizaje-blog-inegratek-scaled.jpg 2048w, https:\/\/integratek.es\/wp-content\/uploads\/2026\/04\/ajustes-aula-dificultades-aprendizaje-blog-inegratek-510x340.jpg 510w\" sizes=\"auto, (max-width: 599px) 100vw, 599px\" \/>\t\t\t\t\t\t\t<\/a>\n  \t\t\t\t\t\t\t  \t\t\t\t\t\t\t  \t\t\t\t\t\t<\/div>\n  \t\t\t\t\t\t  \t\t\t\t\t<\/div>\n          \t\t\t\t\t<div class=\"box-text text-center\" >\n\t\t\t\t\t<div class=\"box-text-inner blog-post-inner\">\n\n\t\t\t\t\t\n\t\t\t\t\t\t\t\t\t\t<h5 class=\"post-title is-large \">\n\t\t\t\t\t\t<a href=\"https:\/\/integratek.es\/ca\/2026\/04\/13\/ajustaments-aula-dificultats-aprenentatge\/\" class=\"plain\">7 ajustaments a l&#8217;aula que poden marcar la difer\u00e8ncia en alumnes amb dificultats d&#8217;aprenentatge<\/a>\n\t\t\t\t\t<\/h5>\n\t\t\t\t\t\t\t\t\t\t<div class=\"is-divider\"><\/div>\n\t\t\t\t\t\t\t\t\t\t<p class=\"from_the_blog_excerpt \">\n\t\t\t\t\t\t7 ajustaments pr\u00e0ctics per acompanyar alumnes amb dificultats d'aprenentatge a l'aula. Estrat\u00e8gies clares per millorar [...]\t\t\t\t\t<\/p>\n\t\t\t\t\t                    \n\t\t\t\t\t\n\t\t\t\t\t\n\t\t\t\t\t<\/div>\n\t\t\t\t\t<\/div>\n\t\t\t\t\t\t\t\t\t\t\t\t\t\t\t\t<div class=\"badge absolute top post-date badge-square\">\n\t\t\t\t\t\t\t<div class=\"badge-inner\">\n\t\t\t\t\t\t\t\t<span class=\"post-date-day\">13<\/span><br>\n\t\t\t\t\t\t\t\t<span class=\"post-date-month is-xsmall\">abr.<\/span>\n\t\t\t\t\t\t\t<\/div>\n\t\t\t\t\t\t<\/div>\n\t\t\t\t\t\t\t\t\t<\/div>\n\t\t\t<\/div>\n\t\t<\/div><div class=\"col post-item\" >\n\t\t\t<div class=\"col-inner\">\n\t\t\t\t<div class=\"box box-bounce box-text-bottom box-blog-post has-hover\">\n            \t\t\t\t\t<div class=\"box-image\" >\n  \t\t\t\t\t\t<div class=\"image-cover\" style=\"padding-top:75%;\">\n\t\t\t\t\t\t\t<a href=\"https:\/\/integratek.es\/ca\/2026\/04\/06\/quan-aprendre-implica-crear-i-no-nomes-recordar\/\" class=\"plain\" aria-label=\"Gamificaci\u00f3 a l&#8217;aula per motivar l&#8217;aprenentatge\">\n\t\t\t\t\t\t\t\t<img loading=\"lazy\" decoding=\"async\" width=\"600\" height=\"400\" src=\"https:\/\/integratek.es\/wp-content\/uploads\/2026\/03\/gamificacion-aula-motivar-aprendizaje-blog-integratek-600x400-1.jpg\" class=\"attachment-medium size-medium wp-post-image\" alt=\"Gamificaci\u00f3n en el aula para motivar el aprendizaje\" srcset=\"https:\/\/integratek.es\/wp-content\/uploads\/2026\/03\/gamificacion-aula-motivar-aprendizaje-blog-integratek-600x400-1.jpg 600w, https:\/\/integratek.es\/wp-content\/uploads\/2026\/03\/gamificacion-aula-motivar-aprendizaje-blog-integratek-768x512-1.jpg 768w, https:\/\/integratek.es\/wp-content\/uploads\/2026\/03\/gamificacion-aula-motivar-aprendizaje-blog-integratek-510x340-1.jpg 510w, https:\/\/integratek.es\/wp-content\/uploads\/2026\/03\/gamificacion-aula-motivar-aprendizaje-blog-integratek.jpg 1000w\" sizes=\"auto, (max-width: 600px) 100vw, 600px\" \/>\t\t\t\t\t\t\t<\/a>\n  \t\t\t\t\t\t\t  \t\t\t\t\t\t\t  \t\t\t\t\t\t<\/div>\n  \t\t\t\t\t\t  \t\t\t\t\t<\/div>\n          \t\t\t\t\t<div class=\"box-text text-center\" >\n\t\t\t\t\t<div class=\"box-text-inner blog-post-inner\">\n\n\t\t\t\t\t\n\t\t\t\t\t\t\t\t\t\t<h5 class=\"post-title is-large \">\n\t\t\t\t\t\t<a href=\"https:\/\/integratek.es\/ca\/2026\/04\/06\/quan-aprendre-implica-crear-i-no-nomes-recordar\/\" class=\"plain\">Gamificaci\u00f3 a l&#8217;aula per motivar l&#8217;aprenentatge<\/a>\n\t\t\t\t\t<\/h5>\n\t\t\t\t\t\t\t\t\t\t<div class=\"is-divider\"><\/div>\n\t\t\t\t\t\t\t\t\t\t<p class=\"from_the_blog_excerpt \">\n\t\t\t\t\t\tLa gamificaci\u00f3 a l'aula millora la motivaci\u00f3 i l'aprenentatge significatiu. Claus pr\u00e0ctiques per dissenyar experi\u00e8ncies [...]\t\t\t\t\t<\/p>\n\t\t\t\t\t                    \n\t\t\t\t\t\n\t\t\t\t\t\n\t\t\t\t\t<\/div>\n\t\t\t\t\t<\/div>\n\t\t\t\t\t\t\t\t\t\t\t\t\t\t\t\t<div class=\"badge absolute top post-date badge-square\">\n\t\t\t\t\t\t\t<div class=\"badge-inner\">\n\t\t\t\t\t\t\t\t<span class=\"post-date-day\">06<\/span><br>\n\t\t\t\t\t\t\t\t<span class=\"post-date-month is-xsmall\">abr.<\/span>\n\t\t\t\t\t\t\t<\/div>\n\t\t\t\t\t\t<\/div>\n\t\t\t\t\t\t\t\t\t<\/div>\n\t\t\t<\/div>\n\t\t<\/div><div class=\"col post-item\" >\n\t\t\t<div class=\"col-inner\">\n\t\t\t\t<div class=\"box box-bounce box-text-bottom box-blog-post has-hover\">\n            \t\t\t\t\t<div class=\"box-image\" >\n  \t\t\t\t\t\t<div class=\"image-cover\" style=\"padding-top:75%;\">\n\t\t\t\t\t\t\t<a href=\"https:\/\/integratek.es\/ca\/2026\/03\/30\/creativitat-aprenentatge-recordar\/\" class=\"plain\" aria-label=\"Quan aprendre implica crear, i no nom\u00e9s recordar\">\n\t\t\t\t\t\t\t\t<img loading=\"lazy\" decoding=\"async\" width=\"484\" height=\"400\" src=\"https:\/\/integratek.es\/wp-content\/uploads\/2026\/03\/creatividad-aprendizaje-no-solo-recordar-blog-Integratek-484x400-1.jpg\" class=\"attachment-medium size-medium wp-post-image\" alt=\"Cuando aprender implica crear, y no solo recordar\" srcset=\"https:\/\/integratek.es\/wp-content\/uploads\/2026\/03\/creatividad-aprendizaje-no-solo-recordar-blog-Integratek-484x400-1.jpg 484w, https:\/\/integratek.es\/wp-content\/uploads\/2026\/03\/creatividad-aprendizaje-no-solo-recordar-blog-Integratek-967x800-1.jpg 967w, https:\/\/integratek.es\/wp-content\/uploads\/2026\/03\/creatividad-aprendizaje-no-solo-recordar-blog-Integratek-768x635-1.jpg 768w, https:\/\/integratek.es\/wp-content\/uploads\/2026\/03\/creatividad-aprendizaje-no-solo-recordar-blog-Integratek-510x422-1.jpg 510w, https:\/\/integratek.es\/wp-content\/uploads\/2026\/03\/creatividad-aprendizaje-no-solo-recordar-blog-Integratek.jpg 1000w\" sizes=\"auto, (max-width: 484px) 100vw, 484px\" \/>\t\t\t\t\t\t\t<\/a>\n  \t\t\t\t\t\t\t  \t\t\t\t\t\t\t  \t\t\t\t\t\t<\/div>\n  \t\t\t\t\t\t  \t\t\t\t\t<\/div>\n          \t\t\t\t\t<div class=\"box-text text-center\" >\n\t\t\t\t\t<div class=\"box-text-inner blog-post-inner\">\n\n\t\t\t\t\t\n\t\t\t\t\t\t\t\t\t\t<h5 class=\"post-title is-large \">\n\t\t\t\t\t\t<a href=\"https:\/\/integratek.es\/ca\/2026\/03\/30\/creativitat-aprenentatge-recordar\/\" class=\"plain\">Quan aprendre implica crear, i no nom\u00e9s recordar<\/a>\n\t\t\t\t\t<\/h5>\n\t\t\t\t\t\t\t\t\t\t<div class=\"is-divider\"><\/div>\n\t\t\t\t\t\t\t\t\t\t<p class=\"from_the_blog_excerpt \">\n\t\t\t\t\t\tAprendre no nom\u00e9s \u00e9s recordar. Descobreix com la creativitat i el joc transformen l'aprenentatge i [...]\t\t\t\t\t<\/p>\n\t\t\t\t\t                    \n\t\t\t\t\t\n\t\t\t\t\t\n\t\t\t\t\t<\/div>\n\t\t\t\t\t<\/div>\n\t\t\t\t\t\t\t\t\t\t\t\t\t\t\t\t<div class=\"badge absolute top post-date badge-square\">\n\t\t\t\t\t\t\t<div class=\"badge-inner\">\n\t\t\t\t\t\t\t\t<span class=\"post-date-day\">30<\/span><br>\n\t\t\t\t\t\t\t\t<span class=\"post-date-month is-xsmall\">mar\u00e7<\/span>\n\t\t\t\t\t\t\t<\/div>\n\t\t\t\t\t\t<\/div>\n\t\t\t\t\t\t\t\t\t<\/div>\n\t\t\t<\/div>\n\t\t<\/div><div class=\"col post-item\" >\n\t\t\t<div class=\"col-inner\">\n\t\t\t\t<div class=\"box box-bounce box-text-bottom box-blog-post has-hover\">\n            \t\t\t\t\t<div class=\"box-image\" >\n  \t\t\t\t\t\t<div class=\"image-cover\" style=\"padding-top:75%;\">\n\t\t\t\t\t\t\t<a href=\"https:\/\/integratek.es\/ca\/2026\/03\/23\/3-canvis-aprenentatge-alumnes\/\" class=\"plain\" aria-label=\"3 coses que estan canviant en com aprenen els alumnes (i que no podem ignorar)\">\n\t\t\t\t\t\t\t\t<img loading=\"lazy\" decoding=\"async\" width=\"600\" height=\"400\" src=\"https:\/\/integratek.es\/wp-content\/uploads\/2026\/03\/3-cambios-aprendizaje-alumnos-hoy-blog-Integratek-600x400-1.jpg\" class=\"attachment-medium size-medium wp-post-image\" alt=\"3 cosas que est\u00e1n cambiando en c\u00f3mo aprenden los alumnos (y que no podemos ignorar)\" srcset=\"https:\/\/integratek.es\/wp-content\/uploads\/2026\/03\/3-cambios-aprendizaje-alumnos-hoy-blog-Integratek-600x400-1.jpg 600w, https:\/\/integratek.es\/wp-content\/uploads\/2026\/03\/3-cambios-aprendizaje-alumnos-hoy-blog-Integratek-1200x800-1.jpg 1200w, https:\/\/integratek.es\/wp-content\/uploads\/2026\/03\/3-cambios-aprendizaje-alumnos-hoy-blog-Integratek-768x512-1.jpg 768w, https:\/\/integratek.es\/wp-content\/uploads\/2026\/03\/3-cambios-aprendizaje-alumnos-hoy-blog-Integratek-510x340-1.jpg 510w, https:\/\/integratek.es\/wp-content\/uploads\/2026\/03\/3-cambios-aprendizaje-alumnos-hoy-blog-Integratek.jpg 1248w\" sizes=\"auto, (max-width: 600px) 100vw, 600px\" \/>\t\t\t\t\t\t\t<\/a>\n  \t\t\t\t\t\t\t  \t\t\t\t\t\t\t  \t\t\t\t\t\t<\/div>\n  \t\t\t\t\t\t  \t\t\t\t\t<\/div>\n          \t\t\t\t\t<div class=\"box-text text-center\" >\n\t\t\t\t\t<div class=\"box-text-inner blog-post-inner\">\n\n\t\t\t\t\t\n\t\t\t\t\t\t\t\t\t\t<h5 class=\"post-title is-large \">\n\t\t\t\t\t\t<a href=\"https:\/\/integratek.es\/ca\/2026\/03\/23\/3-canvis-aprenentatge-alumnes\/\" class=\"plain\">3 coses que estan canviant en com aprenen els alumnes (i que no podem ignorar)<\/a>\n\t\t\t\t\t<\/h5>\n\t\t\t\t\t\t\t\t\t\t<div class=\"is-divider\"><\/div>\n\t\t\t\t\t\t\t\t\t\t<p class=\"from_the_blog_excerpt \">\n\t\t\t\t\t\tLa manera d'aprendre ha canviat. Descobreix 3 claus que tot docent hauria d'entendre avui per [...]\t\t\t\t\t<\/p>\n\t\t\t\t\t                    \n\t\t\t\t\t\n\t\t\t\t\t\n\t\t\t\t\t<\/div>\n\t\t\t\t\t<\/div>\n\t\t\t\t\t\t\t\t\t\t\t\t\t\t\t\t<div class=\"badge absolute top post-date badge-square\">\n\t\t\t\t\t\t\t<div class=\"badge-inner\">\n\t\t\t\t\t\t\t\t<span class=\"post-date-day\">23<\/span><br>\n\t\t\t\t\t\t\t\t<span class=\"post-date-month is-xsmall\">mar\u00e7<\/span>\n\t\t\t\t\t\t\t<\/div>\n\t\t\t\t\t\t<\/div>\n\t\t\t\t\t\t\t\t\t<\/div>\n\t\t\t<\/div>\n\t\t<\/div><div class=\"col post-item\" >\n\t\t\t<div class=\"col-inner\">\n\t\t\t\t<div class=\"box box-bounce box-text-bottom box-blog-post has-hover\">\n            \t\t\t\t\t<div class=\"box-image\" >\n  \t\t\t\t\t\t<div class=\"image-cover\" style=\"padding-top:75%;\">\n\t\t\t\t\t\t\t<a href=\"https:\/\/integratek.es\/ca\/2026\/03\/16\/claus-entorn-emocionalment-escola\/\" class=\"plain\" aria-label=\"5 claus per crear un entorn emocionalment segur a l&#8217;escola\">\n\t\t\t\t\t\t\t\t<img loading=\"lazy\" decoding=\"async\" width=\"571\" height=\"400\" src=\"https:\/\/integratek.es\/wp-content\/uploads\/2026\/03\/entorn-emocional-escola-blog-integratek-571x400-1.jpg\" class=\"attachment-medium size-medium wp-post-image\" alt=\"5 claves para crear un entorno emocionalmente seguro en la escuela\" srcset=\"https:\/\/integratek.es\/wp-content\/uploads\/2026\/03\/entorn-emocional-escola-blog-integratek-571x400-1.jpg 571w, https:\/\/integratek.es\/wp-content\/uploads\/2026\/03\/entorn-emocional-escola-blog-integratek-768x538-1.jpg 768w, https:\/\/integratek.es\/wp-content\/uploads\/2026\/03\/entorn-emocional-escola-blog-integratek-510x358-1.jpg 510w, https:\/\/integratek.es\/wp-content\/uploads\/2026\/03\/entorn-emocional-escola-blog-integratek.jpg 1000w\" sizes=\"auto, (max-width: 571px) 100vw, 571px\" \/>\t\t\t\t\t\t\t<\/a>\n  \t\t\t\t\t\t\t  \t\t\t\t\t\t\t  \t\t\t\t\t\t<\/div>\n  \t\t\t\t\t\t  \t\t\t\t\t<\/div>\n          \t\t\t\t\t<div class=\"box-text text-center\" >\n\t\t\t\t\t<div class=\"box-text-inner blog-post-inner\">\n\n\t\t\t\t\t\n\t\t\t\t\t\t\t\t\t\t<h5 class=\"post-title is-large \">\n\t\t\t\t\t\t<a href=\"https:\/\/integratek.es\/ca\/2026\/03\/16\/claus-entorn-emocionalment-escola\/\" class=\"plain\">5 claus per crear un entorn emocionalment segur a l&#8217;escola<\/a>\n\t\t\t\t\t<\/h5>\n\t\t\t\t\t\t\t\t\t\t<div class=\"is-divider\"><\/div>\n\t\t\t\t\t\t\t\t\t\t<p class=\"from_the_blog_excerpt \">\n\t\t\t\t\t\tDescobreix 5 claus pr\u00e0ctiques per crear un entorn emocionalment segur a l'escola i afavorir el [...]\t\t\t\t\t<\/p>\n\t\t\t\t\t                    \n\t\t\t\t\t\n\t\t\t\t\t\n\t\t\t\t\t<\/div>\n\t\t\t\t\t<\/div>\n\t\t\t\t\t\t\t\t\t\t\t\t\t\t\t\t<div class=\"badge absolute top post-date badge-square\">\n\t\t\t\t\t\t\t<div class=\"badge-inner\">\n\t\t\t\t\t\t\t\t<span class=\"post-date-day\">16<\/span><br>\n\t\t\t\t\t\t\t\t<span class=\"post-date-month is-xsmall\">mar\u00e7<\/span>\n\t\t\t\t\t\t\t<\/div>\n\t\t\t\t\t\t<\/div>\n\t\t\t\t\t\t\t\t\t<\/div>\n\t\t\t<\/div>\n\t\t<\/div><\/div>\n\n\n\t\t<\/div>\n\t\t\t\t\t<\/div>\n\n\t\n\n<\/div>\n\n\t\t<\/div>\n\n\t\t\n<style>\n#section_41738974 {\n  padding-top: 0px;\n  padding-bottom: 0px;\n  background-color: rgb(255, 255, 255);\n}\n#section_41738974 .section-bg-overlay {\n  background-color: rgba(190, 190, 190, 0.2);\n}\n@media (min-width:850px) {\n  #section_41738974 {\n    padding-top: 0px;\n    padding-bottom: 0px;\n  }\n}\n<\/style>\n\t<\/section>\n\t\n\n","protected":false},"excerpt":{"rendered":"","protected":false},"author":5845,"featured_media":202923,"parent":0,"menu_order":0,"comment_status":"closed","ping_status":"closed","template":"","meta":{"_acf_changed":false,"productId":0,"courseId":0,"footnotes":""},"class_list":["post-202922","page","type-page","status-publish","has-post-thumbnail","hentry"],"acf":[],"_links":{"self":[{"href":"https:\/\/integratek.es\/ca\/wp-json\/wp\/v2\/pages\/202922","targetHints":{"allow":["GET"]}}],"collection":[{"href":"https:\/\/integratek.es\/ca\/wp-json\/wp\/v2\/pages"}],"about":[{"href":"https:\/\/integratek.es\/ca\/wp-json\/wp\/v2\/types\/page"}],"author":[{"embeddable":true,"href":"https:\/\/integratek.es\/ca\/wp-json\/wp\/v2\/users\/5845"}],"replies":[{"embeddable":true,"href":"https:\/\/integratek.es\/ca\/wp-json\/wp\/v2\/comments?post=202922"}],"version-history":[{"count":5,"href":"https:\/\/integratek.es\/ca\/wp-json\/wp\/v2\/pages\/202922\/revisions"}],"predecessor-version":[{"id":216449,"href":"https:\/\/integratek.es\/ca\/wp-json\/wp\/v2\/pages\/202922\/revisions\/216449"}],"wp:featuredmedia":[{"embeddable":true,"href":"https:\/\/integratek.es\/ca\/wp-json\/wp\/v2\/media\/202923"}],"wp:attachment":[{"href":"https:\/\/integratek.es\/ca\/wp-json\/wp\/v2\/media?parent=202922"}],"curies":[{"name":"wp","href":"https:\/\/api.w.org\/{rel}","templated":true}]}}